{"id":18712,"date":"2023-03-17T11:33:14","date_gmt":"2023-03-17T10:33:14","guid":{"rendered":"https:\/\/test.sollux-lighting.com\/nasza-oferta\/bez-kategorii\/plafon-vega-60-bialy\/"},"modified":"2023-03-17T11:33:36","modified_gmt":"2023-03-17T10:33:36","slug":"plafon-vega-60-bialy","status":"publish","type":"product","link":"https:\/\/sollux-lighting.com\/pl\/nasza-oferta\/plafony\/plafon-vega-60-bialy\/","title":{"rendered":"Plafon VEGA 60 bia\u0142y"},"content":{"rendered":"<p>Plafony serii VEGA doskonale zaprezentuj\u0105 si\u0119 w ka\u017cdym pomieszczeniu. Charakteryzuj\u0105 si\u0119 ciekawym uniwersalnym, kszta\u0142tem. To \u015bwietnej jako\u015bci plafony, kt\u00f3re s\u0105 nie tylko \u017ar\u00f3d\u0142em \u015bwiat\u0142a, ale r\u00f3wnie\u017c stanowi\u0105 ciekawy element aran\u017cacyjny pomieszcze\u0144. Dzi\u0119ki temu ciesz\u0105 si\u0119 doskona\u0142ymi opiniami. Plafony serii VEGA szczeg\u00f3lnie dobrze zaprezentuj\u0105 si\u0119 w takich pomieszczeniach jak kuchnia, czy \u0142azienka, ale mo\u017cna je z powodzeniem stosowa\u0107 r\u00f3wnie\u017c na przedpokoju, w korytarzu, w sypialni, czy w pokojach dzieci\u0119cym i m\u0142odzie\u017cowym.<\/p>\n","protected":false},"excerpt":{"rendered":"<p>\u0179r\u00f3d\u0142o \u015bwiat\u0142a: E27, 5x60W, 5x15W LED, 50-60Hz, ~220-230V, IP20, klasa ochronno\u015bci I<br \/>\n\u0179r\u00f3d\u0142o \u015bwiat\u0142a nie jest w komplecie.<br \/>\nWymiary: 60\/60\/25 cm<br \/>\nMateria\u0142: tkanina, szk\u0142o, stal<br \/>\nKolor: bia\u0142y<\/p>\n","protected":false},"featured_media":18713,"template":"","meta":{"_acf_changed":false},"product_brand":[],"product_cat":[25],"product_tag":[],"class_list":{"0":"post-18712","1":"product","2":"type-product","3":"status-publish","4":"has-post-thumbnail","6":"product_cat-plafony","8":"first","9":"instock","10":"product-type-simple"},"acf":[],"yoast_head":"<!-- This site is optimized with the Yoast SEO plugin v25.4 - https:\/\/yoast.com\/wordpress\/plugins\/seo\/ -->\n<title>Plafon VEGA 60 bia\u0142y - Sollux Lighting<\/title>\n<meta name=\"robots\" content=\"index, follow, max-snippet:-1, max-image-preview:large, max-video-preview:-1\" \/>\n<link rel=\"canonical\" href=\"https:\/\/sollux-lighting.com\/pl\/nasza-oferta\/plafony\/plafon-vega-60-bialy\/\" \/>\n<meta property=\"og:locale\" content=\"pl_PL\" \/>\n<meta property=\"og:type\" content=\"article\" \/>\n<meta property=\"og:title\" content=\"Plafon VEGA 60 bia\u0142y - Sollux Lighting\" \/>\n<meta property=\"og:description\" content=\"\u0179r\u00f3d\u0142o \u015bwiat\u0142a: E27, 5x60W, 5x15W LED, 50-60Hz, ~220-230V, IP20, klasa ochronno\u015bci I \u0179r\u00f3d\u0142o \u015bwiat\u0142a nie jest w komplecie. Wymiary: 60\/60\/25 cm Materia\u0142: tkanina, szk\u0142o, stal Kolor: bia\u0142y\" \/>\n<meta property=\"og:url\" content=\"https:\/\/sollux-lighting.com\/pl\/nasza-oferta\/plafony\/plafon-vega-60-bialy\/\" \/>\n<meta property=\"og:site_name\" content=\"Sollux Lighting\" \/>\n<meta property=\"article:modified_time\" content=\"2023-03-17T10:33:36+00:00\" \/>\n<meta property=\"og:image\" content=\"https:\/\/sollux-lighting.com\/wp-content\/uploads\/2023\/03\/0767-1-k.jpg\" \/>\n\t<meta property=\"og:image:width\" content=\"750\" \/>\n\t<meta property=\"og:image:height\" content=\"750\" \/>\n\t<meta property=\"og:image:type\" content=\"image\/jpeg\" \/>\n<meta name=\"twitter:card\" content=\"summary_large_image\" \/>\n<script type=\"application\/ld+json\" class=\"yoast-schema-graph\">{\"@context\":\"https:\/\/schema.org\",\"@graph\":[{\"@type\":\"WebPage\",\"@id\":\"https:\/\/sollux-lighting.com\/pl\/nasza-oferta\/plafony\/plafon-vega-60-bialy\/\",\"url\":\"https:\/\/sollux-lighting.com\/pl\/nasza-oferta\/plafony\/plafon-vega-60-bialy\/\",\"name\":\"Plafon VEGA 60 bia\u0142y - Sollux Lighting\",\"isPartOf\":{\"@id\":\"https:\/\/sollux-lighting.com\/pl\/#website\"},\"primaryImageOfPage\":{\"@id\":\"https:\/\/sollux-lighting.com\/pl\/nasza-oferta\/plafony\/plafon-vega-60-bialy\/#primaryimage\"},\"image\":{\"@id\":\"https:\/\/sollux-lighting.com\/pl\/nasza-oferta\/plafony\/plafon-vega-60-bialy\/#primaryimage\"},\"thumbnailUrl\":\"https:\/\/sollux-lighting.com\/wp-content\/uploads\/2023\/03\/0767-1-k.jpg\",\"datePublished\":\"2023-03-17T10:33:14+00:00\",\"dateModified\":\"2023-03-17T10:33:36+00:00\",\"breadcrumb\":{\"@id\":\"https:\/\/sollux-lighting.com\/pl\/nasza-oferta\/plafony\/plafon-vega-60-bialy\/#breadcrumb\"},\"inLanguage\":\"pl-PL\",\"potentialAction\":[{\"@type\":\"ReadAction\",\"target\":[\"https:\/\/sollux-lighting.com\/pl\/nasza-oferta\/plafony\/plafon-vega-60-bialy\/\"]}]},{\"@type\":\"ImageObject\",\"inLanguage\":\"pl-PL\",\"@id\":\"https:\/\/sollux-lighting.com\/pl\/nasza-oferta\/plafony\/plafon-vega-60-bialy\/#primaryimage\",\"url\":\"https:\/\/sollux-lighting.com\/wp-content\/uploads\/2023\/03\/0767-1-k.jpg\",\"contentUrl\":\"https:\/\/sollux-lighting.com\/wp-content\/uploads\/2023\/03\/0767-1-k.jpg\",\"width\":750,\"height\":750},{\"@type\":\"BreadcrumbList\",\"@id\":\"https:\/\/sollux-lighting.com\/pl\/nasza-oferta\/plafony\/plafon-vega-60-bialy\/#breadcrumb\",\"itemListElement\":[{\"@type\":\"ListItem\",\"position\":1,\"name\":\"Strona g\u0142\u00f3wna\",\"item\":\"https:\/\/sollux-lighting.com\/pl\/\"},{\"@type\":\"ListItem\",\"position\":2,\"name\":\"Nasza oferta\",\"item\":\"https:\/\/sollux-lighting.com\/pl\/nasza-oferta\/\"},{\"@type\":\"ListItem\",\"position\":3,\"name\":\"Plafon VEGA 60 bia\u0142y\"}]},{\"@type\":\"WebSite\",\"@id\":\"https:\/\/sollux-lighting.com\/pl\/#website\",\"url\":\"https:\/\/sollux-lighting.com\/pl\/\",\"name\":\"Sollux Lighting\",\"description\":\"Brighten up your business\",\"publisher\":{\"@id\":\"https:\/\/sollux-lighting.com\/pl\/#organization\"},\"potentialAction\":[{\"@type\":\"SearchAction\",\"target\":{\"@type\":\"EntryPoint\",\"urlTemplate\":\"https:\/\/sollux-lighting.com\/pl\/?s={search_term_string}\"},\"query-input\":{\"@type\":\"PropertyValueSpecification\",\"valueRequired\":true,\"valueName\":\"search_term_string\"}}],\"inLanguage\":\"pl-PL\"},{\"@type\":\"Organization\",\"@id\":\"https:\/\/sollux-lighting.com\/pl\/#organization\",\"name\":\"Sollux Lighting\",\"url\":\"https:\/\/sollux-lighting.com\/pl\/\",\"logo\":{\"@type\":\"ImageObject\",\"inLanguage\":\"pl-PL\",\"@id\":\"https:\/\/sollux-lighting.com\/pl\/#\/schema\/logo\/image\/\",\"url\":\"https:\/\/sollux-lighting.com\/wp-content\/uploads\/2023\/02\/LOGO.svg\",\"contentUrl\":\"https:\/\/sollux-lighting.com\/wp-content\/uploads\/2023\/02\/LOGO.svg\",\"width\":160,\"height\":46,\"caption\":\"Sollux Lighting\"},\"image\":{\"@id\":\"https:\/\/sollux-lighting.com\/pl\/#\/schema\/logo\/image\/\"}}]}<\/script>\n<!-- \/ Yoast SEO plugin. -->","yoast_head_json":{"title":"Plafon VEGA 60 bia\u0142y - Sollux Lighting","robots":{"index":"index","follow":"follow","max-snippet":"max-snippet:-1","max-image-preview":"max-image-preview:large","max-video-preview":"max-video-preview:-1"},"canonical":"https:\/\/sollux-lighting.com\/pl\/nasza-oferta\/plafony\/plafon-vega-60-bialy\/","og_locale":"pl_PL","og_type":"article","og_title":"Plafon VEGA 60 bia\u0142y - Sollux Lighting","og_description":"\u0179r\u00f3d\u0142o \u015bwiat\u0142a: E27, 5x60W, 5x15W LED, 50-60Hz, ~220-230V, IP20, klasa ochronno\u015bci I \u0179r\u00f3d\u0142o \u015bwiat\u0142a nie jest w komplecie. Wymiary: 60\/60\/25 cm Materia\u0142: tkanina, szk\u0142o, stal Kolor: bia\u0142y","og_url":"https:\/\/sollux-lighting.com\/pl\/nasza-oferta\/plafony\/plafon-vega-60-bialy\/","og_site_name":"Sollux Lighting","article_modified_time":"2023-03-17T10:33:36+00:00","og_image":[{"width":750,"height":750,"url":"https:\/\/sollux-lighting.com\/wp-content\/uploads\/2023\/03\/0767-1-k.jpg","type":"image\/jpeg"}],"twitter_card":"summary_large_image","schema":{"@context":"https:\/\/schema.org","@graph":[{"@type":"WebPage","@id":"https:\/\/sollux-lighting.com\/pl\/nasza-oferta\/plafony\/plafon-vega-60-bialy\/","url":"https:\/\/sollux-lighting.com\/pl\/nasza-oferta\/plafony\/plafon-vega-60-bialy\/","name":"Plafon VEGA 60 bia\u0142y - Sollux Lighting","isPartOf":{"@id":"https:\/\/sollux-lighting.com\/pl\/#website"},"primaryImageOfPage":{"@id":"https:\/\/sollux-lighting.com\/pl\/nasza-oferta\/plafony\/plafon-vega-60-bialy\/#primaryimage"},"image":{"@id":"https:\/\/sollux-lighting.com\/pl\/nasza-oferta\/plafony\/plafon-vega-60-bialy\/#primaryimage"},"thumbnailUrl":"https:\/\/sollux-lighting.com\/wp-content\/uploads\/2023\/03\/0767-1-k.jpg","datePublished":"2023-03-17T10:33:14+00:00","dateModified":"2023-03-17T10:33:36+00:00","breadcrumb":{"@id":"https:\/\/sollux-lighting.com\/pl\/nasza-oferta\/plafony\/plafon-vega-60-bialy\/#breadcrumb"},"inLanguage":"pl-PL","potentialAction":[{"@type":"ReadAction","target":["https:\/\/sollux-lighting.com\/pl\/nasza-oferta\/plafony\/plafon-vega-60-bialy\/"]}]},{"@type":"ImageObject","inLanguage":"pl-PL","@id":"https:\/\/sollux-lighting.com\/pl\/nasza-oferta\/plafony\/plafon-vega-60-bialy\/#primaryimage","url":"https:\/\/sollux-lighting.com\/wp-content\/uploads\/2023\/03\/0767-1-k.jpg","contentUrl":"https:\/\/sollux-lighting.com\/wp-content\/uploads\/2023\/03\/0767-1-k.jpg","width":750,"height":750},{"@type":"BreadcrumbList","@id":"https:\/\/sollux-lighting.com\/pl\/nasza-oferta\/plafony\/plafon-vega-60-bialy\/#breadcrumb","itemListElement":[{"@type":"ListItem","position":1,"name":"Strona g\u0142\u00f3wna","item":"https:\/\/sollux-lighting.com\/pl\/"},{"@type":"ListItem","position":2,"name":"Nasza oferta","item":"https:\/\/sollux-lighting.com\/pl\/nasza-oferta\/"},{"@type":"ListItem","position":3,"name":"Plafon VEGA 60 bia\u0142y"}]},{"@type":"WebSite","@id":"https:\/\/sollux-lighting.com\/pl\/#website","url":"https:\/\/sollux-lighting.com\/pl\/","name":"Sollux Lighting","description":"Brighten up your business","publisher":{"@id":"https:\/\/sollux-lighting.com\/pl\/#organization"},"potentialAction":[{"@type":"SearchAction","target":{"@type":"EntryPoint","urlTemplate":"https:\/\/sollux-lighting.com\/pl\/?s={search_term_string}"},"query-input":{"@type":"PropertyValueSpecification","valueRequired":true,"valueName":"search_term_string"}}],"inLanguage":"pl-PL"},{"@type":"Organization","@id":"https:\/\/sollux-lighting.com\/pl\/#organization","name":"Sollux Lighting","url":"https:\/\/sollux-lighting.com\/pl\/","logo":{"@type":"ImageObject","inLanguage":"pl-PL","@id":"https:\/\/sollux-lighting.com\/pl\/#\/schema\/logo\/image\/","url":"https:\/\/sollux-lighting.com\/wp-content\/uploads\/2023\/02\/LOGO.svg","contentUrl":"https:\/\/sollux-lighting.com\/wp-content\/uploads\/2023\/02\/LOGO.svg","width":160,"height":46,"caption":"Sollux Lighting"},"image":{"@id":"https:\/\/sollux-lighting.com\/pl\/#\/schema\/logo\/image\/"}}]}},"_links":{"self":[{"href":"https:\/\/sollux-lighting.com\/pl\/wp-json\/wp\/v2\/product\/18712","targetHints":{"allow":["GET"]}}],"collection":[{"href":"https:\/\/sollux-lighting.com\/pl\/wp-json\/wp\/v2\/product"}],"about":[{"href":"https:\/\/sollux-lighting.com\/pl\/wp-json\/wp\/v2\/types\/product"}],"wp:featuredmedia":[{"embeddable":true,"href":"https:\/\/sollux-lighting.com\/pl\/wp-json\/wp\/v2\/media\/18713"}],"wp:attachment":[{"href":"https:\/\/sollux-lighting.com\/pl\/wp-json\/wp\/v2\/media?parent=18712"}],"wp:term":[{"taxonomy":"product_brand","embeddable":true,"href":"https:\/\/sollux-lighting.com\/pl\/wp-json\/wp\/v2\/product_brand?post=18712"},{"taxonomy":"product_cat","embeddable":true,"href":"https:\/\/sollux-lighting.com\/pl\/wp-json\/wp\/v2\/product_cat?post=18712"},{"taxonomy":"product_tag","embeddable":true,"href":"https:\/\/sollux-lighting.com\/pl\/wp-json\/wp\/v2\/product_tag?post=18712"}],"curies":[{"name":"wp","href":"https:\/\/api.w.org\/{rel}","templated":true}]}}