{"id":3319,"date":"2023-02-23T19:26:45","date_gmt":"2023-02-23T18:26:45","guid":{"rendered":"https:\/\/test.sollux-lighting.com\/?page_id=3319"},"modified":"2023-11-28T21:20:34","modified_gmt":"2023-11-28T20:20:34","slug":"ezio-pescatori","status":"publish","type":"page","link":"https:\/\/sollux-lighting.com\/pl\/produkty\/ezio-pescatori\/","title":{"rendered":"Ezio Pescatori"},"content":{"rendered":"\t\t<div data-elementor-type=\"wp-page\" data-elementor-id=\"3319\" class=\"elementor elementor-3319\" data-elementor-post-type=\"page\">\n\t\t\t\t<div class=\"elementor-element elementor-element-416a08f e-flex e-con-boxed e-con e-parent\" data-id=\"416a08f\" data-element_type=\"container\" data-settings=\"{&quot;background_background&quot;:&quot;classic&quot;,&quot;jet_parallax_layout_list&quot;:[]}\">\n\t\t\t\t\t<div class=\"e-con-inner\">\n\t\t<div class=\"elementor-element elementor-element-14f46f5 e-flex e-con-boxed e-con e-child\" data-id=\"14f46f5\" data-element_type=\"container\" data-settings=\"{&quot;jet_parallax_layout_list&quot;:[]}\">\n\t\t\t\t\t<div class=\"e-con-inner\">\n\t\t\t\t<div class=\"elementor-element elementor-element-9eece19 elementor-widget elementor-widget-heading\" data-id=\"9eece19\" data-element_type=\"widget\" data-widget_type=\"heading.default\">\n\t\t\t\t<div class=\"elementor-widget-container\">\n\t\t\t\t\t<h2 class=\"elementor-heading-title elementor-size-default\">Poza schematami<\/h2>\t\t\t\t<\/div>\n\t\t\t\t<\/div>\n\t\t\t\t<div class=\"elementor-element elementor-element-fb1896e elementor-widget elementor-widget-heading\" data-id=\"fb1896e\" data-element_type=\"widget\" data-widget_type=\"heading.default\">\n\t\t\t\t<div class=\"elementor-widget-container\">\n\t\t\t\t\t<h2 class=\"elementor-heading-title elementor-size-default\">EZIO PESCATORI<\/h2>\t\t\t\t<\/div>\n\t\t\t\t<\/div>\n\t\t\t\t<div class=\"elementor-element elementor-element-2847ca9 elementor-widget elementor-widget-text-editor\" data-id=\"2847ca9\" data-element_type=\"widget\" data-widget_type=\"text-editor.default\">\n\t\t\t\t<div class=\"elementor-widget-container\">\n\t\t\t\t\t\t\t\t\t<p>Awangardowa kolekcja lamp w\u0142oskiego projektanta z 20-letnim do\u015bwiadczeniem. Ezio Pescatori bawi si\u0119 form\u0105, odwa\u017cnie i z ol\u015bniewaj\u0105cym skutkiem tworz\u0105c o\u015bwietlenie w oryginalnych stylach. Wymyka si\u0119 schematom, a jego projekty przykuwaj\u0105 wzrok niebanalnym kszta\u0142tem.<\/p>\t\t\t\t\t\t\t\t<\/div>\n\t\t\t\t<\/div>\n\t\t\t\t\t<\/div>\n\t\t\t\t<\/div>\n\t\t<div class=\"elementor-element elementor-element-574298c e-flex e-con-boxed e-con e-child\" data-id=\"574298c\" data-element_type=\"container\" data-settings=\"{&quot;jet_parallax_layout_list&quot;:[]}\">\n\t\t\t\t\t<div class=\"e-con-inner\">\n\t\t\t\t<div class=\"elementor-element elementor-element-0253369 elementor-widget elementor-widget-image\" data-id=\"0253369\" data-element_type=\"widget\" data-widget_type=\"image.default\">\n\t\t\t\t<div class=\"elementor-widget-container\">\n\t\t\t\t\t\t\t\t\t\t\t\t\t\t\t<img fetchpriority=\"high\" decoding=\"async\" width=\"585\" height=\"390\" src=\"https:\/\/sollux-lighting.com\/wp-content\/uploads\/2023\/02\/ezio.jpg\" class=\"attachment-large size-large wp-image-822\" alt=\"\" srcset=\"https:\/\/sollux-lighting.com\/wp-content\/uploads\/2023\/02\/ezio.jpg 585w, https:\/\/sollux-lighting.com\/wp-content\/uploads\/2023\/02\/ezio-300x200.jpg 300w\" sizes=\"(max-width: 585px) 100vw, 585px\" \/>\t\t\t\t\t\t\t\t\t\t\t\t\t\t\t<\/div>\n\t\t\t\t<\/div>\n\t\t\t\t\t<\/div>\n\t\t\t\t<\/div>\n\t\t\t\t\t<\/div>\n\t\t\t\t<\/div>\n\t\t<div class=\"elementor-element elementor-element-7adf5e8 e-flex e-con-boxed e-con e-parent\" data-id=\"7adf5e8\" data-element_type=\"container\" data-settings=\"{&quot;jet_parallax_layout_list&quot;:[]}\">\n\t\t\t\t\t<div class=\"e-con-inner\">\n\t\t\t\t<div class=\"elementor-element elementor-element-8feb1f1 elementor-widget elementor-widget-jet-listing-grid\" data-id=\"8feb1f1\" data-element_type=\"widget\" id=\"seria\" data-settings=\"{&quot;columns&quot;:&quot;4&quot;}\" data-widget_type=\"jet-listing-grid.default\">\n\t\t\t\t<div class=\"elementor-widget-container\">\n\t\t\t\t\t<div class=\"jet-listing-grid jet-listing\"><div class=\"jet-listing-grid__items grid-col-desk-4 grid-col-tablet-4 grid-col-mobile-4 jet-listing-grid--1560 woocommerce\" data-queried-id=\"3319|WP_Post\" data-nav=\"{&quot;enabled&quot;:false,&quot;type&quot;:null,&quot;more_el&quot;:null,&quot;query&quot;:[],&quot;widget_settings&quot;:{&quot;lisitng_id&quot;:1560,&quot;posts_num&quot;:120,&quot;columns&quot;:4,&quot;columns_tablet&quot;:4,&quot;columns_mobile&quot;:4,&quot;column_min_width&quot;:240,&quot;column_min_width_tablet&quot;:240,&quot;column_min_width_mobile&quot;:240,&quot;inline_columns_css&quot;:false,&quot;is_archive_template&quot;:&quot;&quot;,&quot;post_status&quot;:[&quot;publish&quot;],&quot;use_random_posts_num&quot;:&quot;&quot;,&quot;max_posts_num&quot;:9,&quot;not_found_message&quot;:&quot;Nie znaleziono produkt\\u00f3w&quot;,&quot;is_masonry&quot;:false,&quot;equal_columns_height&quot;:&quot;&quot;,&quot;use_load_more&quot;:&quot;&quot;,&quot;load_more_id&quot;:&quot;&quot;,&quot;load_more_type&quot;:&quot;click&quot;,&quot;load_more_offset&quot;:{&quot;unit&quot;:&quot;px&quot;,&quot;size&quot;:0,&quot;sizes&quot;:[]},&quot;use_custom_post_types&quot;:&quot;&quot;,&quot;custom_post_types&quot;:[],&quot;hide_widget_if&quot;:&quot;&quot;,&quot;carousel_enabled&quot;:&quot;&quot;,&quot;slides_to_scroll&quot;:&quot;1&quot;,&quot;arrows&quot;:&quot;true&quot;,&quot;arrow_icon&quot;:&quot;fa fa-angle-left&quot;,&quot;dots&quot;:&quot;&quot;,&quot;autoplay&quot;:&quot;true&quot;,&quot;pause_on_hover&quot;:&quot;true&quot;,&quot;autoplay_speed&quot;:5000,&quot;infinite&quot;:&quot;true&quot;,&quot;center_mode&quot;:&quot;&quot;,&quot;effect&quot;:&quot;slide&quot;,&quot;speed&quot;:500,&quot;inject_alternative_items&quot;:&quot;&quot;,&quot;injection_items&quot;:[],&quot;scroll_slider_enabled&quot;:&quot;&quot;,&quot;scroll_slider_on&quot;:[&quot;desktop&quot;,&quot;tablet&quot;,&quot;mobile&quot;],&quot;custom_query&quot;:false,&quot;custom_query_id&quot;:&quot;&quot;,&quot;_element_id&quot;:&quot;seria&quot;,&quot;collapse_first_last_gap&quot;:false,&quot;list_tag_selection&quot;:&quot;&quot;,&quot;list_items_wrapper_tag&quot;:&quot;div&quot;,&quot;list_item_tag&quot;:&quot;div&quot;,&quot;empty_items_wrapper_tag&quot;:&quot;div&quot;}}\" data-page=\"1\" data-pages=\"1\" data-listing-source=\"posts\" data-listing-id=\"1560\" data-query-id=\"\"><div class=\"jet-listing-grid__item jet-listing-dynamic-post-22192\" data-post-id=\"22192\"  >\t\t<div data-elementor-type=\"jet-listing-items\" data-elementor-id=\"1560\" class=\"elementor elementor-1560\" data-elementor-post-type=\"jet-engine\">\n\t\t\t\t<div class=\"elementor-element elementor-element-81809e2 e-flex e-con-boxed e-con e-parent\" data-id=\"81809e2\" data-element_type=\"container\" data-settings=\"{&quot;jet_parallax_layout_list&quot;:[]}\">\n\t\t\t\t\t<div class=\"e-con-inner\">\n\t\t\t\t<div class=\"elementor-element elementor-element-5a9dd49 elementor-widget elementor-widget-image\" data-id=\"5a9dd49\" data-element_type=\"widget\" data-widget_type=\"image.default\">\n\t\t\t\t<div class=\"elementor-widget-container\">\n\t\t\t\t\t\t\t\t\t\t\t\t\t\t\t\t<a href=\"https:\/\/sollux-lighting.com\/pl\/nasza-oferta\/lampy-wiszace\/lampa-wiszaca-tres-biala\/\">\n\t\t\t\t\t\t\t<img decoding=\"async\" width=\"750\" height=\"750\" src=\"https:\/\/sollux-lighting.com\/wp-content\/uploads\/2023\/03\/0929-1-k.jpg\" class=\"attachment-large size-large wp-image-22193\" alt=\"\" srcset=\"https:\/\/sollux-lighting.com\/wp-content\/uploads\/2023\/03\/0929-1-k.jpg 750w, https:\/\/sollux-lighting.com\/wp-content\/uploads\/2023\/03\/0929-1-k-300x300.jpg 300w, https:\/\/sollux-lighting.com\/wp-content\/uploads\/2023\/03\/0929-1-k-150x150.jpg 150w, https:\/\/sollux-lighting.com\/wp-content\/uploads\/2023\/03\/0929-1-k-600x600.jpg 600w, https:\/\/sollux-lighting.com\/wp-content\/uploads\/2023\/03\/0929-1-k-100x100.jpg 100w\" sizes=\"(max-width: 750px) 100vw, 750px\" \/>\t\t\t\t\t\t\t\t<\/a>\n\t\t\t\t\t\t\t\t\t\t\t\t\t\t\t<\/div>\n\t\t\t\t<\/div>\n\t\t\t\t<div class=\"elementor-element elementor-element-7bade7f elementor-widget elementor-widget-heading\" data-id=\"7bade7f\" data-element_type=\"widget\" data-widget_type=\"heading.default\">\n\t\t\t\t<div class=\"elementor-widget-container\">\n\t\t\t\t\t<h2 class=\"elementor-heading-title elementor-size-default\"><a href=\"https:\/\/sollux-lighting.com\/pl\/nasza-oferta\/lampy-wiszace\/lampa-wiszaca-tres-biala\/\">Lampa wisz\u0105ca TRES bia\u0142a<\/a><\/h2>\t\t\t\t<\/div>\n\t\t\t\t<\/div>\n\t\t\t\t\t<\/div>\n\t\t\t\t<\/div>\n\t\t\t\t<\/div>\n\t\t<\/div><div class=\"jet-listing-grid__item jet-listing-dynamic-post-22217\" data-post-id=\"22217\"  >\t\t<div data-elementor-type=\"jet-listing-items\" data-elementor-id=\"1560\" class=\"elementor elementor-1560\" data-elementor-post-type=\"jet-engine\">\n\t\t\t\t<div class=\"elementor-element elementor-element-81809e2 e-flex e-con-boxed e-con e-parent\" data-id=\"81809e2\" data-element_type=\"container\" data-settings=\"{&quot;jet_parallax_layout_list&quot;:[]}\">\n\t\t\t\t\t<div class=\"e-con-inner\">\n\t\t\t\t<div class=\"elementor-element elementor-element-5a9dd49 elementor-widget elementor-widget-image\" data-id=\"5a9dd49\" data-element_type=\"widget\" data-widget_type=\"image.default\">\n\t\t\t\t<div class=\"elementor-widget-container\">\n\t\t\t\t\t\t\t\t\t\t\t\t\t\t\t\t<a href=\"https:\/\/sollux-lighting.com\/pl\/nasza-oferta\/lampy-wiszace\/lampa-wiszaca-tres-czarna\/\">\n\t\t\t\t\t\t\t<img decoding=\"async\" width=\"750\" height=\"750\" src=\"https:\/\/sollux-lighting.com\/wp-content\/uploads\/2023\/03\/0930-1-k.jpg\" class=\"attachment-large size-large wp-image-22218\" alt=\"\" srcset=\"https:\/\/sollux-lighting.com\/wp-content\/uploads\/2023\/03\/0930-1-k.jpg 750w, https:\/\/sollux-lighting.com\/wp-content\/uploads\/2023\/03\/0930-1-k-300x300.jpg 300w, https:\/\/sollux-lighting.com\/wp-content\/uploads\/2023\/03\/0930-1-k-150x150.jpg 150w, https:\/\/sollux-lighting.com\/wp-content\/uploads\/2023\/03\/0930-1-k-600x600.jpg 600w, https:\/\/sollux-lighting.com\/wp-content\/uploads\/2023\/03\/0930-1-k-100x100.jpg 100w\" sizes=\"(max-width: 750px) 100vw, 750px\" \/>\t\t\t\t\t\t\t\t<\/a>\n\t\t\t\t\t\t\t\t\t\t\t\t\t\t\t<\/div>\n\t\t\t\t<\/div>\n\t\t\t\t<div class=\"elementor-element elementor-element-7bade7f elementor-widget elementor-widget-heading\" data-id=\"7bade7f\" data-element_type=\"widget\" data-widget_type=\"heading.default\">\n\t\t\t\t<div class=\"elementor-widget-container\">\n\t\t\t\t\t<h2 class=\"elementor-heading-title elementor-size-default\"><a href=\"https:\/\/sollux-lighting.com\/pl\/nasza-oferta\/lampy-wiszace\/lampa-wiszaca-tres-czarna\/\">Lampa wisz\u0105ca TRES czarna<\/a><\/h2>\t\t\t\t<\/div>\n\t\t\t\t<\/div>\n\t\t\t\t\t<\/div>\n\t\t\t\t<\/div>\n\t\t\t\t<\/div>\n\t\t<\/div><div class=\"jet-listing-grid__item jet-listing-dynamic-post-21214\" data-post-id=\"21214\"  >\t\t<div data-elementor-type=\"jet-listing-items\" data-elementor-id=\"1560\" class=\"elementor elementor-1560\" data-elementor-post-type=\"jet-engine\">\n\t\t\t\t<div class=\"elementor-element elementor-element-81809e2 e-flex e-con-boxed e-con e-parent\" data-id=\"81809e2\" data-element_type=\"container\" data-settings=\"{&quot;jet_parallax_layout_list&quot;:[]}\">\n\t\t\t\t\t<div class=\"e-con-inner\">\n\t\t\t\t<div class=\"elementor-element elementor-element-5a9dd49 elementor-widget elementor-widget-image\" data-id=\"5a9dd49\" data-element_type=\"widget\" data-widget_type=\"image.default\">\n\t\t\t\t<div class=\"elementor-widget-container\">\n\t\t\t\t\t\t\t\t\t\t\t\t\t\t\t\t<a href=\"https:\/\/sollux-lighting.com\/pl\/nasza-oferta\/lampy-biurkowe\/lampa-biurkowa-arby-biala\/\">\n\t\t\t\t\t\t\t<img loading=\"lazy\" decoding=\"async\" width=\"750\" height=\"750\" src=\"https:\/\/sollux-lighting.com\/wp-content\/uploads\/2023\/03\/0879-1-k.jpg\" class=\"attachment-large size-large wp-image-21215\" alt=\"\" srcset=\"https:\/\/sollux-lighting.com\/wp-content\/uploads\/2023\/03\/0879-1-k.jpg 750w, https:\/\/sollux-lighting.com\/wp-content\/uploads\/2023\/03\/0879-1-k-300x300.jpg 300w, https:\/\/sollux-lighting.com\/wp-content\/uploads\/2023\/03\/0879-1-k-150x150.jpg 150w, https:\/\/sollux-lighting.com\/wp-content\/uploads\/2023\/03\/0879-1-k-600x600.jpg 600w, https:\/\/sollux-lighting.com\/wp-content\/uploads\/2023\/03\/0879-1-k-100x100.jpg 100w\" sizes=\"(max-width: 750px) 100vw, 750px\" \/>\t\t\t\t\t\t\t\t<\/a>\n\t\t\t\t\t\t\t\t\t\t\t\t\t\t\t<\/div>\n\t\t\t\t<\/div>\n\t\t\t\t<div class=\"elementor-element elementor-element-7bade7f elementor-widget elementor-widget-heading\" data-id=\"7bade7f\" data-element_type=\"widget\" data-widget_type=\"heading.default\">\n\t\t\t\t<div class=\"elementor-widget-container\">\n\t\t\t\t\t<h2 class=\"elementor-heading-title elementor-size-default\"><a href=\"https:\/\/sollux-lighting.com\/pl\/nasza-oferta\/lampy-biurkowe\/lampa-biurkowa-arby-biala\/\">Lampa biurkowa ARBY bia\u0142a<\/a><\/h2>\t\t\t\t<\/div>\n\t\t\t\t<\/div>\n\t\t\t\t\t<\/div>\n\t\t\t\t<\/div>\n\t\t\t\t<\/div>\n\t\t<\/div><div class=\"jet-listing-grid__item jet-listing-dynamic-post-21239\" data-post-id=\"21239\"  >\t\t<div data-elementor-type=\"jet-listing-items\" data-elementor-id=\"1560\" class=\"elementor elementor-1560\" data-elementor-post-type=\"jet-engine\">\n\t\t\t\t<div class=\"elementor-element elementor-element-81809e2 e-flex e-con-boxed e-con e-parent\" data-id=\"81809e2\" data-element_type=\"container\" data-settings=\"{&quot;jet_parallax_layout_list&quot;:[]}\">\n\t\t\t\t\t<div class=\"e-con-inner\">\n\t\t\t\t<div class=\"elementor-element elementor-element-5a9dd49 elementor-widget elementor-widget-image\" data-id=\"5a9dd49\" data-element_type=\"widget\" data-widget_type=\"image.default\">\n\t\t\t\t<div class=\"elementor-widget-container\">\n\t\t\t\t\t\t\t\t\t\t\t\t\t\t\t\t<a href=\"https:\/\/sollux-lighting.com\/pl\/nasza-oferta\/lampy-biurkowe\/lampa-biurkowa-arby-czarna\/\">\n\t\t\t\t\t\t\t<img loading=\"lazy\" decoding=\"async\" width=\"750\" height=\"750\" src=\"https:\/\/sollux-lighting.com\/wp-content\/uploads\/2023\/03\/0880-1-k.jpg\" class=\"attachment-large size-large wp-image-21240\" alt=\"\" srcset=\"https:\/\/sollux-lighting.com\/wp-content\/uploads\/2023\/03\/0880-1-k.jpg 750w, https:\/\/sollux-lighting.com\/wp-content\/uploads\/2023\/03\/0880-1-k-300x300.jpg 300w, https:\/\/sollux-lighting.com\/wp-content\/uploads\/2023\/03\/0880-1-k-150x150.jpg 150w, https:\/\/sollux-lighting.com\/wp-content\/uploads\/2023\/03\/0880-1-k-600x600.jpg 600w, https:\/\/sollux-lighting.com\/wp-content\/uploads\/2023\/03\/0880-1-k-100x100.jpg 100w\" sizes=\"(max-width: 750px) 100vw, 750px\" \/>\t\t\t\t\t\t\t\t<\/a>\n\t\t\t\t\t\t\t\t\t\t\t\t\t\t\t<\/div>\n\t\t\t\t<\/div>\n\t\t\t\t<div class=\"elementor-element elementor-element-7bade7f elementor-widget elementor-widget-heading\" data-id=\"7bade7f\" data-element_type=\"widget\" data-widget_type=\"heading.default\">\n\t\t\t\t<div class=\"elementor-widget-container\">\n\t\t\t\t\t<h2 class=\"elementor-heading-title elementor-size-default\"><a href=\"https:\/\/sollux-lighting.com\/pl\/nasza-oferta\/lampy-biurkowe\/lampa-biurkowa-arby-czarna\/\">Lampa biurkowa ARBY czarna<\/a><\/h2>\t\t\t\t<\/div>\n\t\t\t\t<\/div>\n\t\t\t\t\t<\/div>\n\t\t\t\t<\/div>\n\t\t\t\t<\/div>\n\t\t<\/div><div class=\"jet-listing-grid__item jet-listing-dynamic-post-16788\" data-post-id=\"16788\"  >\t\t<div data-elementor-type=\"jet-listing-items\" data-elementor-id=\"1560\" class=\"elementor elementor-1560\" data-elementor-post-type=\"jet-engine\">\n\t\t\t\t<div class=\"elementor-element elementor-element-81809e2 e-flex e-con-boxed e-con e-parent\" data-id=\"81809e2\" data-element_type=\"container\" data-settings=\"{&quot;jet_parallax_layout_list&quot;:[]}\">\n\t\t\t\t\t<div class=\"e-con-inner\">\n\t\t\t\t<div class=\"elementor-element elementor-element-5a9dd49 elementor-widget elementor-widget-image\" data-id=\"5a9dd49\" data-element_type=\"widget\" data-widget_type=\"image.default\">\n\t\t\t\t<div class=\"elementor-widget-container\">\n\t\t\t\t\t\t\t\t\t\t\t\t\t\t\t\t<a href=\"https:\/\/sollux-lighting.com\/pl\/nasza-oferta\/lampy-wiszace\/lampa-wiszaca-tulip-bialy\/\">\n\t\t\t\t\t\t\t<img loading=\"lazy\" decoding=\"async\" width=\"750\" height=\"750\" src=\"https:\/\/sollux-lighting.com\/wp-content\/uploads\/2023\/03\/0666-1-k.jpg\" class=\"attachment-large size-large wp-image-16789\" alt=\"\" srcset=\"https:\/\/sollux-lighting.com\/wp-content\/uploads\/2023\/03\/0666-1-k.jpg 750w, https:\/\/sollux-lighting.com\/wp-content\/uploads\/2023\/03\/0666-1-k-300x300.jpg 300w, https:\/\/sollux-lighting.com\/wp-content\/uploads\/2023\/03\/0666-1-k-150x150.jpg 150w, https:\/\/sollux-lighting.com\/wp-content\/uploads\/2023\/03\/0666-1-k-600x600.jpg 600w, https:\/\/sollux-lighting.com\/wp-content\/uploads\/2023\/03\/0666-1-k-100x100.jpg 100w\" sizes=\"(max-width: 750px) 100vw, 750px\" \/>\t\t\t\t\t\t\t\t<\/a>\n\t\t\t\t\t\t\t\t\t\t\t\t\t\t\t<\/div>\n\t\t\t\t<\/div>\n\t\t\t\t<div class=\"elementor-element elementor-element-7bade7f elementor-widget elementor-widget-heading\" data-id=\"7bade7f\" data-element_type=\"widget\" data-widget_type=\"heading.default\">\n\t\t\t\t<div class=\"elementor-widget-container\">\n\t\t\t\t\t<h2 class=\"elementor-heading-title elementor-size-default\"><a href=\"https:\/\/sollux-lighting.com\/pl\/nasza-oferta\/lampy-wiszace\/lampa-wiszaca-tulip-bialy\/\">Lampa wisz\u0105ca TULIP bia\u0142y<\/a><\/h2>\t\t\t\t<\/div>\n\t\t\t\t<\/div>\n\t\t\t\t\t<\/div>\n\t\t\t\t<\/div>\n\t\t\t\t<\/div>\n\t\t<\/div><div class=\"jet-listing-grid__item jet-listing-dynamic-post-16813\" data-post-id=\"16813\"  >\t\t<div data-elementor-type=\"jet-listing-items\" data-elementor-id=\"1560\" class=\"elementor elementor-1560\" data-elementor-post-type=\"jet-engine\">\n\t\t\t\t<div class=\"elementor-element elementor-element-81809e2 e-flex e-con-boxed e-con e-parent\" data-id=\"81809e2\" data-element_type=\"container\" data-settings=\"{&quot;jet_parallax_layout_list&quot;:[]}\">\n\t\t\t\t\t<div class=\"e-con-inner\">\n\t\t\t\t<div class=\"elementor-element elementor-element-5a9dd49 elementor-widget elementor-widget-image\" data-id=\"5a9dd49\" data-element_type=\"widget\" data-widget_type=\"image.default\">\n\t\t\t\t<div class=\"elementor-widget-container\">\n\t\t\t\t\t\t\t\t\t\t\t\t\t\t\t\t<a href=\"https:\/\/sollux-lighting.com\/pl\/nasza-oferta\/lampy-wiszace\/lampa-wiszaca-tulip-czarny\/\">\n\t\t\t\t\t\t\t<img loading=\"lazy\" decoding=\"async\" width=\"750\" height=\"750\" src=\"https:\/\/sollux-lighting.com\/wp-content\/uploads\/2023\/03\/0667-1-k.jpg\" class=\"attachment-large size-large wp-image-16814\" alt=\"\" srcset=\"https:\/\/sollux-lighting.com\/wp-content\/uploads\/2023\/03\/0667-1-k.jpg 750w, https:\/\/sollux-lighting.com\/wp-content\/uploads\/2023\/03\/0667-1-k-300x300.jpg 300w, https:\/\/sollux-lighting.com\/wp-content\/uploads\/2023\/03\/0667-1-k-150x150.jpg 150w, https:\/\/sollux-lighting.com\/wp-content\/uploads\/2023\/03\/0667-1-k-600x600.jpg 600w, https:\/\/sollux-lighting.com\/wp-content\/uploads\/2023\/03\/0667-1-k-100x100.jpg 100w\" sizes=\"(max-width: 750px) 100vw, 750px\" \/>\t\t\t\t\t\t\t\t<\/a>\n\t\t\t\t\t\t\t\t\t\t\t\t\t\t\t<\/div>\n\t\t\t\t<\/div>\n\t\t\t\t<div class=\"elementor-element elementor-element-7bade7f elementor-widget elementor-widget-heading\" data-id=\"7bade7f\" data-element_type=\"widget\" data-widget_type=\"heading.default\">\n\t\t\t\t<div class=\"elementor-widget-container\">\n\t\t\t\t\t<h2 class=\"elementor-heading-title elementor-size-default\"><a href=\"https:\/\/sollux-lighting.com\/pl\/nasza-oferta\/lampy-wiszace\/lampa-wiszaca-tulip-czarny\/\">Lampa wisz\u0105ca TULIP czarny<\/a><\/h2>\t\t\t\t<\/div>\n\t\t\t\t<\/div>\n\t\t\t\t\t<\/div>\n\t\t\t\t<\/div>\n\t\t\t\t<\/div>\n\t\t<\/div><div class=\"jet-listing-grid__item jet-listing-dynamic-post-16838\" data-post-id=\"16838\"  >\t\t<div data-elementor-type=\"jet-listing-items\" data-elementor-id=\"1560\" class=\"elementor elementor-1560\" data-elementor-post-type=\"jet-engine\">\n\t\t\t\t<div class=\"elementor-element elementor-element-81809e2 e-flex e-con-boxed e-con e-parent\" data-id=\"81809e2\" data-element_type=\"container\" data-settings=\"{&quot;jet_parallax_layout_list&quot;:[]}\">\n\t\t\t\t\t<div class=\"e-con-inner\">\n\t\t\t\t<div class=\"elementor-element elementor-element-5a9dd49 elementor-widget elementor-widget-image\" data-id=\"5a9dd49\" data-element_type=\"widget\" data-widget_type=\"image.default\">\n\t\t\t\t<div class=\"elementor-widget-container\">\n\t\t\t\t\t\t\t\t\t\t\t\t\t\t\t\t<a href=\"https:\/\/sollux-lighting.com\/pl\/nasza-oferta\/lampy-biurkowe\/lampa-biurkowa-incline-biala\/\">\n\t\t\t\t\t\t\t<img loading=\"lazy\" decoding=\"async\" width=\"750\" height=\"750\" src=\"https:\/\/sollux-lighting.com\/wp-content\/uploads\/2023\/03\/0668-1-k.jpg\" class=\"attachment-large size-large wp-image-16839\" alt=\"\" srcset=\"https:\/\/sollux-lighting.com\/wp-content\/uploads\/2023\/03\/0668-1-k.jpg 750w, https:\/\/sollux-lighting.com\/wp-content\/uploads\/2023\/03\/0668-1-k-300x300.jpg 300w, https:\/\/sollux-lighting.com\/wp-content\/uploads\/2023\/03\/0668-1-k-150x150.jpg 150w, https:\/\/sollux-lighting.com\/wp-content\/uploads\/2023\/03\/0668-1-k-600x600.jpg 600w, https:\/\/sollux-lighting.com\/wp-content\/uploads\/2023\/03\/0668-1-k-100x100.jpg 100w\" sizes=\"(max-width: 750px) 100vw, 750px\" \/>\t\t\t\t\t\t\t\t<\/a>\n\t\t\t\t\t\t\t\t\t\t\t\t\t\t\t<\/div>\n\t\t\t\t<\/div>\n\t\t\t\t<div class=\"elementor-element elementor-element-7bade7f elementor-widget elementor-widget-heading\" data-id=\"7bade7f\" data-element_type=\"widget\" data-widget_type=\"heading.default\">\n\t\t\t\t<div class=\"elementor-widget-container\">\n\t\t\t\t\t<h2 class=\"elementor-heading-title elementor-size-default\"><a href=\"https:\/\/sollux-lighting.com\/pl\/nasza-oferta\/lampy-biurkowe\/lampa-biurkowa-incline-biala\/\">Lampa biurkowa INCLINE bia\u0142a<\/a><\/h2>\t\t\t\t<\/div>\n\t\t\t\t<\/div>\n\t\t\t\t\t<\/div>\n\t\t\t\t<\/div>\n\t\t\t\t<\/div>\n\t\t<\/div><div class=\"jet-listing-grid__item jet-listing-dynamic-post-16863\" data-post-id=\"16863\"  >\t\t<div data-elementor-type=\"jet-listing-items\" data-elementor-id=\"1560\" class=\"elementor elementor-1560\" data-elementor-post-type=\"jet-engine\">\n\t\t\t\t<div class=\"elementor-element elementor-element-81809e2 e-flex e-con-boxed e-con e-parent\" data-id=\"81809e2\" data-element_type=\"container\" data-settings=\"{&quot;jet_parallax_layout_list&quot;:[]}\">\n\t\t\t\t\t<div class=\"e-con-inner\">\n\t\t\t\t<div class=\"elementor-element elementor-element-5a9dd49 elementor-widget elementor-widget-image\" data-id=\"5a9dd49\" data-element_type=\"widget\" data-widget_type=\"image.default\">\n\t\t\t\t<div class=\"elementor-widget-container\">\n\t\t\t\t\t\t\t\t\t\t\t\t\t\t\t\t<a href=\"https:\/\/sollux-lighting.com\/pl\/nasza-oferta\/lampy-biurkowe\/lampa-biurkowa-incline-czarna\/\">\n\t\t\t\t\t\t\t<img loading=\"lazy\" decoding=\"async\" width=\"750\" height=\"750\" src=\"https:\/\/sollux-lighting.com\/wp-content\/uploads\/2023\/03\/0669-1-k.jpg\" class=\"attachment-large size-large wp-image-16864\" alt=\"\" srcset=\"https:\/\/sollux-lighting.com\/wp-content\/uploads\/2023\/03\/0669-1-k.jpg 750w, https:\/\/sollux-lighting.com\/wp-content\/uploads\/2023\/03\/0669-1-k-300x300.jpg 300w, https:\/\/sollux-lighting.com\/wp-content\/uploads\/2023\/03\/0669-1-k-150x150.jpg 150w, https:\/\/sollux-lighting.com\/wp-content\/uploads\/2023\/03\/0669-1-k-600x600.jpg 600w, https:\/\/sollux-lighting.com\/wp-content\/uploads\/2023\/03\/0669-1-k-100x100.jpg 100w\" sizes=\"(max-width: 750px) 100vw, 750px\" \/>\t\t\t\t\t\t\t\t<\/a>\n\t\t\t\t\t\t\t\t\t\t\t\t\t\t\t<\/div>\n\t\t\t\t<\/div>\n\t\t\t\t<div class=\"elementor-element elementor-element-7bade7f elementor-widget elementor-widget-heading\" data-id=\"7bade7f\" data-element_type=\"widget\" data-widget_type=\"heading.default\">\n\t\t\t\t<div class=\"elementor-widget-container\">\n\t\t\t\t\t<h2 class=\"elementor-heading-title elementor-size-default\"><a href=\"https:\/\/sollux-lighting.com\/pl\/nasza-oferta\/lampy-biurkowe\/lampa-biurkowa-incline-czarna\/\">Lampa biurkowa INCLINE czarna<\/a><\/h2>\t\t\t\t<\/div>\n\t\t\t\t<\/div>\n\t\t\t\t\t<\/div>\n\t\t\t\t<\/div>\n\t\t\t\t<\/div>\n\t\t<\/div><div class=\"jet-listing-grid__item jet-listing-dynamic-post-16688\" data-post-id=\"16688\"  >\t\t<div data-elementor-type=\"jet-listing-items\" data-elementor-id=\"1560\" class=\"elementor elementor-1560\" data-elementor-post-type=\"jet-engine\">\n\t\t\t\t<div class=\"elementor-element elementor-element-81809e2 e-flex e-con-boxed e-con e-parent\" data-id=\"81809e2\" data-element_type=\"container\" data-settings=\"{&quot;jet_parallax_layout_list&quot;:[]}\">\n\t\t\t\t\t<div class=\"e-con-inner\">\n\t\t\t\t<div class=\"elementor-element elementor-element-5a9dd49 elementor-widget elementor-widget-image\" data-id=\"5a9dd49\" data-element_type=\"widget\" data-widget_type=\"image.default\">\n\t\t\t\t<div class=\"elementor-widget-container\">\n\t\t\t\t\t\t\t\t\t\t\t\t\t\t\t\t<a href=\"https:\/\/sollux-lighting.com\/pl\/nasza-oferta\/lampy-wiszace\/lampa-wiszaca-gate-bialy\/\">\n\t\t\t\t\t\t\t<img loading=\"lazy\" decoding=\"async\" width=\"750\" height=\"750\" src=\"https:\/\/sollux-lighting.com\/wp-content\/uploads\/2023\/03\/0662-1-k.jpg\" class=\"attachment-large size-large wp-image-16689\" alt=\"\" srcset=\"https:\/\/sollux-lighting.com\/wp-content\/uploads\/2023\/03\/0662-1-k.jpg 750w, https:\/\/sollux-lighting.com\/wp-content\/uploads\/2023\/03\/0662-1-k-300x300.jpg 300w, https:\/\/sollux-lighting.com\/wp-content\/uploads\/2023\/03\/0662-1-k-150x150.jpg 150w, https:\/\/sollux-lighting.com\/wp-content\/uploads\/2023\/03\/0662-1-k-600x600.jpg 600w, https:\/\/sollux-lighting.com\/wp-content\/uploads\/2023\/03\/0662-1-k-100x100.jpg 100w\" sizes=\"(max-width: 750px) 100vw, 750px\" \/>\t\t\t\t\t\t\t\t<\/a>\n\t\t\t\t\t\t\t\t\t\t\t\t\t\t\t<\/div>\n\t\t\t\t<\/div>\n\t\t\t\t<div class=\"elementor-element elementor-element-7bade7f elementor-widget elementor-widget-heading\" data-id=\"7bade7f\" data-element_type=\"widget\" data-widget_type=\"heading.default\">\n\t\t\t\t<div class=\"elementor-widget-container\">\n\t\t\t\t\t<h2 class=\"elementor-heading-title elementor-size-default\"><a href=\"https:\/\/sollux-lighting.com\/pl\/nasza-oferta\/lampy-wiszace\/lampa-wiszaca-gate-bialy\/\">Lampa wisz\u0105ca GATE bia\u0142y<\/a><\/h2>\t\t\t\t<\/div>\n\t\t\t\t<\/div>\n\t\t\t\t\t<\/div>\n\t\t\t\t<\/div>\n\t\t\t\t<\/div>\n\t\t<\/div><div class=\"jet-listing-grid__item jet-listing-dynamic-post-16713\" data-post-id=\"16713\"  >\t\t<div data-elementor-type=\"jet-listing-items\" data-elementor-id=\"1560\" class=\"elementor elementor-1560\" data-elementor-post-type=\"jet-engine\">\n\t\t\t\t<div class=\"elementor-element elementor-element-81809e2 e-flex e-con-boxed e-con e-parent\" data-id=\"81809e2\" data-element_type=\"container\" data-settings=\"{&quot;jet_parallax_layout_list&quot;:[]}\">\n\t\t\t\t\t<div class=\"e-con-inner\">\n\t\t\t\t<div class=\"elementor-element elementor-element-5a9dd49 elementor-widget elementor-widget-image\" data-id=\"5a9dd49\" data-element_type=\"widget\" data-widget_type=\"image.default\">\n\t\t\t\t<div class=\"elementor-widget-container\">\n\t\t\t\t\t\t\t\t\t\t\t\t\t\t\t\t<a href=\"https:\/\/sollux-lighting.com\/pl\/nasza-oferta\/lampy-wiszace\/lampa-wiszaca-gate-czarny\/\">\n\t\t\t\t\t\t\t<img loading=\"lazy\" decoding=\"async\" width=\"750\" height=\"750\" src=\"https:\/\/sollux-lighting.com\/wp-content\/uploads\/2023\/03\/0663-1-k.jpg\" class=\"attachment-large size-large wp-image-16714\" alt=\"\" srcset=\"https:\/\/sollux-lighting.com\/wp-content\/uploads\/2023\/03\/0663-1-k.jpg 750w, https:\/\/sollux-lighting.com\/wp-content\/uploads\/2023\/03\/0663-1-k-300x300.jpg 300w, https:\/\/sollux-lighting.com\/wp-content\/uploads\/2023\/03\/0663-1-k-150x150.jpg 150w, https:\/\/sollux-lighting.com\/wp-content\/uploads\/2023\/03\/0663-1-k-600x600.jpg 600w, https:\/\/sollux-lighting.com\/wp-content\/uploads\/2023\/03\/0663-1-k-100x100.jpg 100w\" sizes=\"(max-width: 750px) 100vw, 750px\" \/>\t\t\t\t\t\t\t\t<\/a>\n\t\t\t\t\t\t\t\t\t\t\t\t\t\t\t<\/div>\n\t\t\t\t<\/div>\n\t\t\t\t<div class=\"elementor-element elementor-element-7bade7f elementor-widget elementor-widget-heading\" data-id=\"7bade7f\" data-element_type=\"widget\" data-widget_type=\"heading.default\">\n\t\t\t\t<div class=\"elementor-widget-container\">\n\t\t\t\t\t<h2 class=\"elementor-heading-title elementor-size-default\"><a href=\"https:\/\/sollux-lighting.com\/pl\/nasza-oferta\/lampy-wiszace\/lampa-wiszaca-gate-czarny\/\">Lampa wisz\u0105ca GATE czarny<\/a><\/h2>\t\t\t\t<\/div>\n\t\t\t\t<\/div>\n\t\t\t\t\t<\/div>\n\t\t\t\t<\/div>\n\t\t\t\t<\/div>\n\t\t<\/div><div class=\"jet-listing-grid__item jet-listing-dynamic-post-16738\" data-post-id=\"16738\"  >\t\t<div data-elementor-type=\"jet-listing-items\" data-elementor-id=\"1560\" class=\"elementor elementor-1560\" data-elementor-post-type=\"jet-engine\">\n\t\t\t\t<div class=\"elementor-element elementor-element-81809e2 e-flex e-con-boxed e-con e-parent\" data-id=\"81809e2\" data-element_type=\"container\" data-settings=\"{&quot;jet_parallax_layout_list&quot;:[]}\">\n\t\t\t\t\t<div class=\"e-con-inner\">\n\t\t\t\t<div class=\"elementor-element elementor-element-5a9dd49 elementor-widget elementor-widget-image\" data-id=\"5a9dd49\" data-element_type=\"widget\" data-widget_type=\"image.default\">\n\t\t\t\t<div class=\"elementor-widget-container\">\n\t\t\t\t\t\t\t\t\t\t\t\t\t\t\t\t<a href=\"https:\/\/sollux-lighting.com\/pl\/nasza-oferta\/lampy-wiszace\/lampa-wiszaca-umb-bialy\/\">\n\t\t\t\t\t\t\t<img loading=\"lazy\" decoding=\"async\" width=\"750\" height=\"750\" src=\"https:\/\/sollux-lighting.com\/wp-content\/uploads\/2023\/03\/0664-1-k.jpg\" class=\"attachment-large size-large wp-image-16739\" alt=\"\" srcset=\"https:\/\/sollux-lighting.com\/wp-content\/uploads\/2023\/03\/0664-1-k.jpg 750w, https:\/\/sollux-lighting.com\/wp-content\/uploads\/2023\/03\/0664-1-k-300x300.jpg 300w, https:\/\/sollux-lighting.com\/wp-content\/uploads\/2023\/03\/0664-1-k-150x150.jpg 150w, https:\/\/sollux-lighting.com\/wp-content\/uploads\/2023\/03\/0664-1-k-600x600.jpg 600w, https:\/\/sollux-lighting.com\/wp-content\/uploads\/2023\/03\/0664-1-k-100x100.jpg 100w\" sizes=\"(max-width: 750px) 100vw, 750px\" \/>\t\t\t\t\t\t\t\t<\/a>\n\t\t\t\t\t\t\t\t\t\t\t\t\t\t\t<\/div>\n\t\t\t\t<\/div>\n\t\t\t\t<div class=\"elementor-element elementor-element-7bade7f elementor-widget elementor-widget-heading\" data-id=\"7bade7f\" data-element_type=\"widget\" data-widget_type=\"heading.default\">\n\t\t\t\t<div class=\"elementor-widget-container\">\n\t\t\t\t\t<h2 class=\"elementor-heading-title elementor-size-default\"><a href=\"https:\/\/sollux-lighting.com\/pl\/nasza-oferta\/lampy-wiszace\/lampa-wiszaca-umb-bialy\/\">Lampa wisz\u0105ca UMB bia\u0142y<\/a><\/h2>\t\t\t\t<\/div>\n\t\t\t\t<\/div>\n\t\t\t\t\t<\/div>\n\t\t\t\t<\/div>\n\t\t\t\t<\/div>\n\t\t<\/div><div class=\"jet-listing-grid__item jet-listing-dynamic-post-16763\" data-post-id=\"16763\"  >\t\t<div data-elementor-type=\"jet-listing-items\" data-elementor-id=\"1560\" class=\"elementor elementor-1560\" data-elementor-post-type=\"jet-engine\">\n\t\t\t\t<div class=\"elementor-element elementor-element-81809e2 e-flex e-con-boxed e-con e-parent\" data-id=\"81809e2\" data-element_type=\"container\" data-settings=\"{&quot;jet_parallax_layout_list&quot;:[]}\">\n\t\t\t\t\t<div class=\"e-con-inner\">\n\t\t\t\t<div class=\"elementor-element elementor-element-5a9dd49 elementor-widget elementor-widget-image\" data-id=\"5a9dd49\" data-element_type=\"widget\" data-widget_type=\"image.default\">\n\t\t\t\t<div class=\"elementor-widget-container\">\n\t\t\t\t\t\t\t\t\t\t\t\t\t\t\t\t<a href=\"https:\/\/sollux-lighting.com\/pl\/nasza-oferta\/lampy-wiszace\/lampa-wiszaca-umb-czarny\/\">\n\t\t\t\t\t\t\t<img loading=\"lazy\" decoding=\"async\" width=\"750\" height=\"750\" src=\"https:\/\/sollux-lighting.com\/wp-content\/uploads\/2023\/03\/0665-1-k.jpg\" class=\"attachment-large size-large wp-image-16764\" alt=\"\" srcset=\"https:\/\/sollux-lighting.com\/wp-content\/uploads\/2023\/03\/0665-1-k.jpg 750w, https:\/\/sollux-lighting.com\/wp-content\/uploads\/2023\/03\/0665-1-k-300x300.jpg 300w, https:\/\/sollux-lighting.com\/wp-content\/uploads\/2023\/03\/0665-1-k-150x150.jpg 150w, https:\/\/sollux-lighting.com\/wp-content\/uploads\/2023\/03\/0665-1-k-600x600.jpg 600w, https:\/\/sollux-lighting.com\/wp-content\/uploads\/2023\/03\/0665-1-k-100x100.jpg 100w\" sizes=\"(max-width: 750px) 100vw, 750px\" \/>\t\t\t\t\t\t\t\t<\/a>\n\t\t\t\t\t\t\t\t\t\t\t\t\t\t\t<\/div>\n\t\t\t\t<\/div>\n\t\t\t\t<div class=\"elementor-element elementor-element-7bade7f elementor-widget elementor-widget-heading\" data-id=\"7bade7f\" data-element_type=\"widget\" data-widget_type=\"heading.default\">\n\t\t\t\t<div class=\"elementor-widget-container\">\n\t\t\t\t\t<h2 class=\"elementor-heading-title elementor-size-default\"><a href=\"https:\/\/sollux-lighting.com\/pl\/nasza-oferta\/lampy-wiszace\/lampa-wiszaca-umb-czarny\/\">Lampa wisz\u0105ca UMB czarny<\/a><\/h2>\t\t\t\t<\/div>\n\t\t\t\t<\/div>\n\t\t\t\t\t<\/div>\n\t\t\t\t<\/div>\n\t\t\t\t<\/div>\n\t\t<\/div><\/div><\/div>\t\t\t\t<\/div>\n\t\t\t\t<\/div>\n\t\t\t\t<div class=\"elementor-element elementor-element-3516a58 elementor-widget elementor-widget-jet-smart-filters-pagination\" data-id=\"3516a58\" data-element_type=\"widget\" data-widget_type=\"jet-smart-filters-pagination.default\">\n\t\t\t\t<div class=\"elementor-widget-container\">\n\t\t\t\t\t<div\n\t\t\t\tclass=\"jet-smart-filters-pagination jet-filter\"\n\t\t\t\tdata-apply-provider=\"jet-engine\"\n\t\t\t\tdata-content-provider=\"jet-engine\"\n\t\t\t\tdata-query-id=\"seria\"\n\t\t\t\tdata-controls=\"{&quot;items_enabled&quot;:true,&quot;pages_mid_size&quot;:0,&quot;pages_end_size&quot;:0,&quot;nav_enabled&quot;:false,&quot;load_more_enabled&quot;:false,&quot;provider_top_offset&quot;:0}\"\n\t\t\t\tdata-apply-type=\"ajax\"\n\t\t\t><\/div>\t\t\t\t<\/div>\n\t\t\t\t<\/div>\n\t\t\t\t\t<\/div>\n\t\t\t\t<\/div>\n\t\t\t\t<\/div>\n\t\t","protected":false},"excerpt":{"rendered":"<p>Poza schematami EZIO PESCATORI Awangardowa kolekcja lamp w\u0142oskiego projektanta z 20-letnim do\u015bwiadczeniem. Ezio Pescatori bawi si\u0119 form\u0105, odwa\u017cnie i z ol\u015bniewaj\u0105cym skutkiem tworz\u0105c o\u015bwietlenie w oryginalnych stylach. Wymyka si\u0119 schematom, a jego projekty przykuwaj\u0105 wzrok niebanalnym kszta\u0142tem.<\/p>\n","protected":false},"author":3,"featured_media":0,"parent":221,"menu_order":0,"comment_status":"closed","ping_status":"closed","template":"elementor_header_footer","meta":{"_acf_changed":false,"footnotes":""},"class_list":["post-3319","page","type-page","status-publish","hentry"],"acf":[],"yoast_head":"<!-- This site is optimized with the Yoast SEO plugin v25.4 - https:\/\/yoast.com\/wordpress\/plugins\/seo\/ -->\n<title>Ezio Pescatori - Sollux Lighting<\/title>\n<meta name=\"robots\" content=\"index, follow, max-snippet:-1, max-image-preview:large, max-video-preview:-1\" \/>\n<link rel=\"canonical\" href=\"https:\/\/sollux-lighting.com\/pl\/produkty\/ezio-pescatori\/\" \/>\n<meta property=\"og:locale\" content=\"pl_PL\" \/>\n<meta property=\"og:type\" content=\"article\" \/>\n<meta property=\"og:title\" content=\"Ezio Pescatori - Sollux Lighting\" \/>\n<meta property=\"og:description\" content=\"Poza schematami EZIO PESCATORI Awangardowa kolekcja lamp w\u0142oskiego projektanta z 20-letnim do\u015bwiadczeniem. Ezio Pescatori bawi si\u0119 form\u0105, odwa\u017cnie i z ol\u015bniewaj\u0105cym skutkiem tworz\u0105c o\u015bwietlenie w oryginalnych stylach. Wymyka si\u0119 schematom, a jego projekty przykuwaj\u0105 wzrok niebanalnym kszta\u0142tem.\" \/>\n<meta property=\"og:url\" content=\"https:\/\/sollux-lighting.com\/pl\/produkty\/ezio-pescatori\/\" \/>\n<meta property=\"og:site_name\" content=\"Sollux Lighting\" \/>\n<meta property=\"article:modified_time\" content=\"2023-11-28T20:20:34+00:00\" \/>\n<meta property=\"og:image\" content=\"https:\/\/test.sollux-lighting.com\/wp-content\/uploads\/2023\/02\/ezio.jpg\" \/>\n<meta name=\"twitter:card\" content=\"summary_large_image\" \/>\n<meta name=\"twitter:label1\" content=\"Szacowany czas czytania\" \/>\n\t<meta name=\"twitter:data1\" content=\"1 minuta\" \/>\n<script type=\"application\/ld+json\" class=\"yoast-schema-graph\">{\"@context\":\"https:\/\/schema.org\",\"@graph\":[{\"@type\":\"WebPage\",\"@id\":\"https:\/\/sollux-lighting.com\/pl\/produkty\/ezio-pescatori\/\",\"url\":\"https:\/\/sollux-lighting.com\/pl\/produkty\/ezio-pescatori\/\",\"name\":\"Ezio Pescatori - Sollux Lighting\",\"isPartOf\":{\"@id\":\"https:\/\/sollux-lighting.com\/pl\/#website\"},\"primaryImageOfPage\":{\"@id\":\"https:\/\/sollux-lighting.com\/pl\/produkty\/ezio-pescatori\/#primaryimage\"},\"image\":{\"@id\":\"https:\/\/sollux-lighting.com\/pl\/produkty\/ezio-pescatori\/#primaryimage\"},\"thumbnailUrl\":\"https:\/\/test.sollux-lighting.com\/wp-content\/uploads\/2023\/02\/ezio.jpg\",\"datePublished\":\"2023-02-23T18:26:45+00:00\",\"dateModified\":\"2023-11-28T20:20:34+00:00\",\"breadcrumb\":{\"@id\":\"https:\/\/sollux-lighting.com\/pl\/produkty\/ezio-pescatori\/#breadcrumb\"},\"inLanguage\":\"pl-PL\",\"potentialAction\":[{\"@type\":\"ReadAction\",\"target\":[\"https:\/\/sollux-lighting.com\/pl\/produkty\/ezio-pescatori\/\"]}]},{\"@type\":\"ImageObject\",\"inLanguage\":\"pl-PL\",\"@id\":\"https:\/\/sollux-lighting.com\/pl\/produkty\/ezio-pescatori\/#primaryimage\",\"url\":\"https:\/\/test.sollux-lighting.com\/wp-content\/uploads\/2023\/02\/ezio.jpg\",\"contentUrl\":\"https:\/\/test.sollux-lighting.com\/wp-content\/uploads\/2023\/02\/ezio.jpg\"},{\"@type\":\"BreadcrumbList\",\"@id\":\"https:\/\/sollux-lighting.com\/pl\/produkty\/ezio-pescatori\/#breadcrumb\",\"itemListElement\":[{\"@type\":\"ListItem\",\"position\":1,\"name\":\"Strona g\u0142\u00f3wna\",\"item\":\"https:\/\/sollux-lighting.com\/pl\/\"},{\"@type\":\"ListItem\",\"position\":2,\"name\":\"Produkty\",\"item\":\"https:\/\/sollux-lighting.com\/pl\/produkty\/\"},{\"@type\":\"ListItem\",\"position\":3,\"name\":\"Ezio Pescatori\"}]},{\"@type\":\"WebSite\",\"@id\":\"https:\/\/sollux-lighting.com\/pl\/#website\",\"url\":\"https:\/\/sollux-lighting.com\/pl\/\",\"name\":\"Sollux Lighting\",\"description\":\"Brighten up your business\",\"publisher\":{\"@id\":\"https:\/\/sollux-lighting.com\/pl\/#organization\"},\"potentialAction\":[{\"@type\":\"SearchAction\",\"target\":{\"@type\":\"EntryPoint\",\"urlTemplate\":\"https:\/\/sollux-lighting.com\/pl\/?s={search_term_string}\"},\"query-input\":{\"@type\":\"PropertyValueSpecification\",\"valueRequired\":true,\"valueName\":\"search_term_string\"}}],\"inLanguage\":\"pl-PL\"},{\"@type\":\"Organization\",\"@id\":\"https:\/\/sollux-lighting.com\/pl\/#organization\",\"name\":\"Sollux Lighting\",\"url\":\"https:\/\/sollux-lighting.com\/pl\/\",\"logo\":{\"@type\":\"ImageObject\",\"inLanguage\":\"pl-PL\",\"@id\":\"https:\/\/sollux-lighting.com\/pl\/#\/schema\/logo\/image\/\",\"url\":\"https:\/\/sollux-lighting.com\/wp-content\/uploads\/2023\/02\/LOGO.svg\",\"contentUrl\":\"https:\/\/sollux-lighting.com\/wp-content\/uploads\/2023\/02\/LOGO.svg\",\"width\":160,\"height\":46,\"caption\":\"Sollux Lighting\"},\"image\":{\"@id\":\"https:\/\/sollux-lighting.com\/pl\/#\/schema\/logo\/image\/\"}}]}<\/script>\n<!-- \/ Yoast SEO plugin. -->","yoast_head_json":{"title":"Ezio Pescatori - Sollux Lighting","robots":{"index":"index","follow":"follow","max-snippet":"max-snippet:-1","max-image-preview":"max-image-preview:large","max-video-preview":"max-video-preview:-1"},"canonical":"https:\/\/sollux-lighting.com\/pl\/produkty\/ezio-pescatori\/","og_locale":"pl_PL","og_type":"article","og_title":"Ezio Pescatori - Sollux Lighting","og_description":"Poza schematami EZIO PESCATORI Awangardowa kolekcja lamp w\u0142oskiego projektanta z 20-letnim do\u015bwiadczeniem. Ezio Pescatori bawi si\u0119 form\u0105, odwa\u017cnie i z ol\u015bniewaj\u0105cym skutkiem tworz\u0105c o\u015bwietlenie w oryginalnych stylach. Wymyka si\u0119 schematom, a jego projekty przykuwaj\u0105 wzrok niebanalnym kszta\u0142tem.","og_url":"https:\/\/sollux-lighting.com\/pl\/produkty\/ezio-pescatori\/","og_site_name":"Sollux Lighting","article_modified_time":"2023-11-28T20:20:34+00:00","og_image":[{"url":"https:\/\/test.sollux-lighting.com\/wp-content\/uploads\/2023\/02\/ezio.jpg","type":"","width":"","height":""}],"twitter_card":"summary_large_image","twitter_misc":{"Szacowany czas czytania":"1 minuta"},"schema":{"@context":"https:\/\/schema.org","@graph":[{"@type":"WebPage","@id":"https:\/\/sollux-lighting.com\/pl\/produkty\/ezio-pescatori\/","url":"https:\/\/sollux-lighting.com\/pl\/produkty\/ezio-pescatori\/","name":"Ezio Pescatori - Sollux Lighting","isPartOf":{"@id":"https:\/\/sollux-lighting.com\/pl\/#website"},"primaryImageOfPage":{"@id":"https:\/\/sollux-lighting.com\/pl\/produkty\/ezio-pescatori\/#primaryimage"},"image":{"@id":"https:\/\/sollux-lighting.com\/pl\/produkty\/ezio-pescatori\/#primaryimage"},"thumbnailUrl":"https:\/\/test.sollux-lighting.com\/wp-content\/uploads\/2023\/02\/ezio.jpg","datePublished":"2023-02-23T18:26:45+00:00","dateModified":"2023-11-28T20:20:34+00:00","breadcrumb":{"@id":"https:\/\/sollux-lighting.com\/pl\/produkty\/ezio-pescatori\/#breadcrumb"},"inLanguage":"pl-PL","potentialAction":[{"@type":"ReadAction","target":["https:\/\/sollux-lighting.com\/pl\/produkty\/ezio-pescatori\/"]}]},{"@type":"ImageObject","inLanguage":"pl-PL","@id":"https:\/\/sollux-lighting.com\/pl\/produkty\/ezio-pescatori\/#primaryimage","url":"https:\/\/test.sollux-lighting.com\/wp-content\/uploads\/2023\/02\/ezio.jpg","contentUrl":"https:\/\/test.sollux-lighting.com\/wp-content\/uploads\/2023\/02\/ezio.jpg"},{"@type":"BreadcrumbList","@id":"https:\/\/sollux-lighting.com\/pl\/produkty\/ezio-pescatori\/#breadcrumb","itemListElement":[{"@type":"ListItem","position":1,"name":"Strona g\u0142\u00f3wna","item":"https:\/\/sollux-lighting.com\/pl\/"},{"@type":"ListItem","position":2,"name":"Produkty","item":"https:\/\/sollux-lighting.com\/pl\/produkty\/"},{"@type":"ListItem","position":3,"name":"Ezio Pescatori"}]},{"@type":"WebSite","@id":"https:\/\/sollux-lighting.com\/pl\/#website","url":"https:\/\/sollux-lighting.com\/pl\/","name":"Sollux Lighting","description":"Brighten up your business","publisher":{"@id":"https:\/\/sollux-lighting.com\/pl\/#organization"},"potentialAction":[{"@type":"SearchAction","target":{"@type":"EntryPoint","urlTemplate":"https:\/\/sollux-lighting.com\/pl\/?s={search_term_string}"},"query-input":{"@type":"PropertyValueSpecification","valueRequired":true,"valueName":"search_term_string"}}],"inLanguage":"pl-PL"},{"@type":"Organization","@id":"https:\/\/sollux-lighting.com\/pl\/#organization","name":"Sollux Lighting","url":"https:\/\/sollux-lighting.com\/pl\/","logo":{"@type":"ImageObject","inLanguage":"pl-PL","@id":"https:\/\/sollux-lighting.com\/pl\/#\/schema\/logo\/image\/","url":"https:\/\/sollux-lighting.com\/wp-content\/uploads\/2023\/02\/LOGO.svg","contentUrl":"https:\/\/sollux-lighting.com\/wp-content\/uploads\/2023\/02\/LOGO.svg","width":160,"height":46,"caption":"Sollux Lighting"},"image":{"@id":"https:\/\/sollux-lighting.com\/pl\/#\/schema\/logo\/image\/"}}]}},"_links":{"self":[{"href":"https:\/\/sollux-lighting.com\/pl\/wp-json\/wp\/v2\/pages\/3319","targetHints":{"allow":["GET"]}}],"collection":[{"href":"https:\/\/sollux-lighting.com\/pl\/wp-json\/wp\/v2\/pages"}],"about":[{"href":"https:\/\/sollux-lighting.com\/pl\/wp-json\/wp\/v2\/types\/page"}],"author":[{"embeddable":true,"href":"https:\/\/sollux-lighting.com\/pl\/wp-json\/wp\/v2\/users\/3"}],"replies":[{"embeddable":true,"href":"https:\/\/sollux-lighting.com\/pl\/wp-json\/wp\/v2\/comments?post=3319"}],"version-history":[{"count":0,"href":"https:\/\/sollux-lighting.com\/pl\/wp-json\/wp\/v2\/pages\/3319\/revisions"}],"up":[{"embeddable":true,"href":"https:\/\/sollux-lighting.com\/pl\/wp-json\/wp\/v2\/pages\/221"}],"wp:attachment":[{"href":"https:\/\/sollux-lighting.com\/pl\/wp-json\/wp\/v2\/media?parent=3319"}],"curies":[{"name":"wp","href":"https:\/\/api.w.org\/{rel}","templated":true}]}}