{"id":3294,"date":"2023-02-23T19:19:01","date_gmt":"2023-02-23T18:19:01","guid":{"rendered":"https:\/\/test.sollux-lighting.com\/?page_id=3294"},"modified":"2023-11-28T21:34:49","modified_gmt":"2023-11-28T20:34:49","slug":"2bm","status":"publish","type":"page","link":"https:\/\/sollux-lighting.com\/pl\/produkty\/2bm\/","title":{"rendered":"2BM"},"content":{"rendered":"\t\t<div data-elementor-type=\"wp-page\" data-elementor-id=\"3294\" class=\"elementor elementor-3294\" data-elementor-post-type=\"page\">\n\t\t\t\t<div class=\"elementor-element elementor-element-bdbfb22 e-flex e-con-boxed e-con e-parent\" data-id=\"bdbfb22\" data-element_type=\"container\" data-settings=\"{&quot;background_background&quot;:&quot;classic&quot;,&quot;jet_parallax_layout_list&quot;:[]}\">\n\t\t\t\t\t<div class=\"e-con-inner\">\n\t\t<div class=\"elementor-element elementor-element-ef57ec1 e-flex e-con-boxed e-con e-child\" data-id=\"ef57ec1\" data-element_type=\"container\" data-settings=\"{&quot;jet_parallax_layout_list&quot;:[]}\">\n\t\t\t\t\t<div class=\"e-con-inner\">\n\t\t\t\t<div class=\"elementor-element elementor-element-07fa9ea elementor-widget elementor-widget-heading\" data-id=\"07fa9ea\" data-element_type=\"widget\" data-widget_type=\"heading.default\">\n\t\t\t\t<div class=\"elementor-widget-container\">\n\t\t\t\t\t<h2 class=\"elementor-heading-title elementor-size-default\">Geometria stylu<\/h2>\t\t\t\t<\/div>\n\t\t\t\t<\/div>\n\t\t\t\t<div class=\"elementor-element elementor-element-c39e025 elementor-widget elementor-widget-heading\" data-id=\"c39e025\" data-element_type=\"widget\" data-widget_type=\"heading.default\">\n\t\t\t\t<div class=\"elementor-widget-container\">\n\t\t\t\t\t<h2 class=\"elementor-heading-title elementor-size-default\">2BM<\/h2>\t\t\t\t<\/div>\n\t\t\t\t<\/div>\n\t\t\t\t<div class=\"elementor-element elementor-element-f656ec6 elementor-widget elementor-widget-text-editor\" data-id=\"f656ec6\" data-element_type=\"widget\" data-widget_type=\"text-editor.default\">\n\t\t\t\t<div class=\"elementor-widget-container\">\n\t\t\t\t\t\t\t\t\t<p>Niestarzej\u0105ca si\u0119 klasyka, czyli aba\u017cury w geometrycznych kszta\u0142tach to temat przewodni dzia\u0142u 2BM. Znajdziesz tu uniwersalne lampy i \u017cyrandole, kt\u00f3re dobrze zaprezentuj\u0105 si\u0119 zar\u00f3wno w nowoczesnych, minimalistycznych wn\u0119trzach, jaki i przestrzeniach o tradycyjnym wystroju.<\/p>\t\t\t\t\t\t\t\t<\/div>\n\t\t\t\t<\/div>\n\t\t\t\t\t<\/div>\n\t\t\t\t<\/div>\n\t\t<div class=\"elementor-element elementor-element-6aca60e e-flex e-con-boxed e-con e-child\" data-id=\"6aca60e\" data-element_type=\"container\" data-settings=\"{&quot;jet_parallax_layout_list&quot;:[]}\">\n\t\t\t\t\t<div class=\"e-con-inner\">\n\t\t\t\t<div class=\"elementor-element elementor-element-ec239ad elementor-widget elementor-widget-image\" data-id=\"ec239ad\" data-element_type=\"widget\" data-widget_type=\"image.default\">\n\t\t\t\t<div class=\"elementor-widget-container\">\n\t\t\t\t\t\t\t\t\t\t\t\t\t\t\t<img fetchpriority=\"high\" decoding=\"async\" width=\"585\" height=\"390\" src=\"https:\/\/sollux-lighting.com\/wp-content\/uploads\/2023\/02\/2bm-saturno.jpg\" class=\"attachment-large size-large wp-image-796\" alt=\"\" srcset=\"https:\/\/sollux-lighting.com\/wp-content\/uploads\/2023\/02\/2bm-saturno.jpg 585w, https:\/\/sollux-lighting.com\/wp-content\/uploads\/2023\/02\/2bm-saturno-300x200.jpg 300w\" sizes=\"(max-width: 585px) 100vw, 585px\" \/>\t\t\t\t\t\t\t\t\t\t\t\t\t\t\t<\/div>\n\t\t\t\t<\/div>\n\t\t\t\t\t<\/div>\n\t\t\t\t<\/div>\n\t\t\t\t\t<\/div>\n\t\t\t\t<\/div>\n\t\t<div class=\"elementor-element elementor-element-0ef2a7f e-flex e-con-boxed e-con e-parent\" data-id=\"0ef2a7f\" data-element_type=\"container\" data-settings=\"{&quot;jet_parallax_layout_list&quot;:[]}\">\n\t\t\t\t\t<div class=\"e-con-inner\">\n\t\t\t\t<div class=\"elementor-element elementor-element-65b25a2 elementor-widget elementor-widget-jet-listing-grid\" data-id=\"65b25a2\" data-element_type=\"widget\" id=\"seria\" data-settings=\"{&quot;columns&quot;:&quot;4&quot;}\" data-widget_type=\"jet-listing-grid.default\">\n\t\t\t\t<div class=\"elementor-widget-container\">\n\t\t\t\t\t<div class=\"jet-listing-grid jet-listing\"><div class=\"jet-listing-grid__items grid-col-desk-4 grid-col-tablet-4 grid-col-mobile-4 jet-listing-grid--1560 woocommerce\" data-queried-id=\"3294|WP_Post\" data-nav=\"{&quot;enabled&quot;:false,&quot;type&quot;:null,&quot;more_el&quot;:null,&quot;query&quot;:[],&quot;widget_settings&quot;:{&quot;lisitng_id&quot;:1560,&quot;posts_num&quot;:120,&quot;columns&quot;:4,&quot;columns_tablet&quot;:4,&quot;columns_mobile&quot;:4,&quot;column_min_width&quot;:240,&quot;column_min_width_tablet&quot;:240,&quot;column_min_width_mobile&quot;:240,&quot;inline_columns_css&quot;:false,&quot;is_archive_template&quot;:&quot;&quot;,&quot;post_status&quot;:[&quot;publish&quot;],&quot;use_random_posts_num&quot;:&quot;&quot;,&quot;max_posts_num&quot;:9,&quot;not_found_message&quot;:&quot;Nie znaleziono produkt\\u00f3w&quot;,&quot;is_masonry&quot;:false,&quot;equal_columns_height&quot;:&quot;&quot;,&quot;use_load_more&quot;:&quot;&quot;,&quot;load_more_id&quot;:&quot;&quot;,&quot;load_more_type&quot;:&quot;click&quot;,&quot;load_more_offset&quot;:{&quot;unit&quot;:&quot;px&quot;,&quot;size&quot;:0,&quot;sizes&quot;:[]},&quot;use_custom_post_types&quot;:&quot;&quot;,&quot;custom_post_types&quot;:[],&quot;hide_widget_if&quot;:&quot;&quot;,&quot;carousel_enabled&quot;:&quot;&quot;,&quot;slides_to_scroll&quot;:&quot;1&quot;,&quot;arrows&quot;:&quot;true&quot;,&quot;arrow_icon&quot;:&quot;fa fa-angle-left&quot;,&quot;dots&quot;:&quot;&quot;,&quot;autoplay&quot;:&quot;true&quot;,&quot;pause_on_hover&quot;:&quot;true&quot;,&quot;autoplay_speed&quot;:5000,&quot;infinite&quot;:&quot;true&quot;,&quot;center_mode&quot;:&quot;&quot;,&quot;effect&quot;:&quot;slide&quot;,&quot;speed&quot;:500,&quot;inject_alternative_items&quot;:&quot;&quot;,&quot;injection_items&quot;:[],&quot;scroll_slider_enabled&quot;:&quot;&quot;,&quot;scroll_slider_on&quot;:[&quot;desktop&quot;,&quot;tablet&quot;,&quot;mobile&quot;],&quot;custom_query&quot;:false,&quot;custom_query_id&quot;:&quot;&quot;,&quot;_element_id&quot;:&quot;seria&quot;,&quot;collapse_first_last_gap&quot;:false,&quot;list_tag_selection&quot;:&quot;&quot;,&quot;list_items_wrapper_tag&quot;:&quot;div&quot;,&quot;list_item_tag&quot;:&quot;div&quot;,&quot;empty_items_wrapper_tag&quot;:&quot;div&quot;}}\" data-page=\"1\" data-pages=\"1\" data-listing-source=\"posts\" data-listing-id=\"1560\" data-query-id=\"\"><div class=\"jet-listing-grid__item jet-listing-dynamic-post-20037\" data-post-id=\"20037\"  >\t\t<div data-elementor-type=\"jet-listing-items\" data-elementor-id=\"1560\" class=\"elementor elementor-1560\" data-elementor-post-type=\"jet-engine\">\n\t\t\t\t<div class=\"elementor-element elementor-element-81809e2 e-flex e-con-boxed e-con e-parent\" data-id=\"81809e2\" data-element_type=\"container\" data-settings=\"{&quot;jet_parallax_layout_list&quot;:[]}\">\n\t\t\t\t\t<div class=\"e-con-inner\">\n\t\t\t\t<div class=\"elementor-element elementor-element-5a9dd49 elementor-widget elementor-widget-image\" data-id=\"5a9dd49\" data-element_type=\"widget\" data-widget_type=\"image.default\">\n\t\t\t\t<div class=\"elementor-widget-container\">\n\t\t\t\t\t\t\t\t\t\t\t\t\t\t\t\t<a href=\"https:\/\/sollux-lighting.com\/pl\/nasza-oferta\/plafony\/plafon-vega-70-czarny\/\">\n\t\t\t\t\t\t\t<img decoding=\"async\" width=\"750\" height=\"750\" src=\"https:\/\/sollux-lighting.com\/wp-content\/uploads\/2023\/03\/0822-1-k.jpg\" class=\"attachment-large size-large wp-image-20038\" alt=\"\" srcset=\"https:\/\/sollux-lighting.com\/wp-content\/uploads\/2023\/03\/0822-1-k.jpg 750w, https:\/\/sollux-lighting.com\/wp-content\/uploads\/2023\/03\/0822-1-k-300x300.jpg 300w, https:\/\/sollux-lighting.com\/wp-content\/uploads\/2023\/03\/0822-1-k-150x150.jpg 150w, https:\/\/sollux-lighting.com\/wp-content\/uploads\/2023\/03\/0822-1-k-600x600.jpg 600w, https:\/\/sollux-lighting.com\/wp-content\/uploads\/2023\/03\/0822-1-k-100x100.jpg 100w\" sizes=\"(max-width: 750px) 100vw, 750px\" \/>\t\t\t\t\t\t\t\t<\/a>\n\t\t\t\t\t\t\t\t\t\t\t\t\t\t\t<\/div>\n\t\t\t\t<\/div>\n\t\t\t\t<div class=\"elementor-element elementor-element-7bade7f elementor-widget elementor-widget-heading\" data-id=\"7bade7f\" data-element_type=\"widget\" data-widget_type=\"heading.default\">\n\t\t\t\t<div class=\"elementor-widget-container\">\n\t\t\t\t\t<h2 class=\"elementor-heading-title elementor-size-default\"><a href=\"https:\/\/sollux-lighting.com\/pl\/nasza-oferta\/plafony\/plafon-vega-70-czarny\/\">Plafon VEGA 70 czarny<\/a><\/h2>\t\t\t\t<\/div>\n\t\t\t\t<\/div>\n\t\t\t\t\t<\/div>\n\t\t\t\t<\/div>\n\t\t\t\t<\/div>\n\t\t<\/div><div class=\"jet-listing-grid__item jet-listing-dynamic-post-20062\" data-post-id=\"20062\"  >\t\t<div data-elementor-type=\"jet-listing-items\" data-elementor-id=\"1560\" class=\"elementor elementor-1560\" data-elementor-post-type=\"jet-engine\">\n\t\t\t\t<div class=\"elementor-element elementor-element-81809e2 e-flex e-con-boxed e-con e-parent\" data-id=\"81809e2\" data-element_type=\"container\" data-settings=\"{&quot;jet_parallax_layout_list&quot;:[]}\">\n\t\t\t\t\t<div class=\"e-con-inner\">\n\t\t\t\t<div class=\"elementor-element elementor-element-5a9dd49 elementor-widget elementor-widget-image\" data-id=\"5a9dd49\" data-element_type=\"widget\" data-widget_type=\"image.default\">\n\t\t\t\t<div class=\"elementor-widget-container\">\n\t\t\t\t\t\t\t\t\t\t\t\t\t\t\t\t<a href=\"https:\/\/sollux-lighting.com\/pl\/nasza-oferta\/zyrandole\/zyrandol-lokko-55-bialy\/\">\n\t\t\t\t\t\t\t<img decoding=\"async\" width=\"750\" height=\"750\" src=\"https:\/\/sollux-lighting.com\/wp-content\/uploads\/2023\/03\/0823-1-k.jpg\" class=\"attachment-large size-large wp-image-20063\" alt=\"\" srcset=\"https:\/\/sollux-lighting.com\/wp-content\/uploads\/2023\/03\/0823-1-k.jpg 750w, https:\/\/sollux-lighting.com\/wp-content\/uploads\/2023\/03\/0823-1-k-300x300.jpg 300w, https:\/\/sollux-lighting.com\/wp-content\/uploads\/2023\/03\/0823-1-k-150x150.jpg 150w, https:\/\/sollux-lighting.com\/wp-content\/uploads\/2023\/03\/0823-1-k-600x600.jpg 600w, https:\/\/sollux-lighting.com\/wp-content\/uploads\/2023\/03\/0823-1-k-100x100.jpg 100w\" sizes=\"(max-width: 750px) 100vw, 750px\" \/>\t\t\t\t\t\t\t\t<\/a>\n\t\t\t\t\t\t\t\t\t\t\t\t\t\t\t<\/div>\n\t\t\t\t<\/div>\n\t\t\t\t<div class=\"elementor-element elementor-element-7bade7f elementor-widget elementor-widget-heading\" data-id=\"7bade7f\" data-element_type=\"widget\" data-widget_type=\"heading.default\">\n\t\t\t\t<div class=\"elementor-widget-container\">\n\t\t\t\t\t<h2 class=\"elementor-heading-title elementor-size-default\"><a href=\"https:\/\/sollux-lighting.com\/pl\/nasza-oferta\/zyrandole\/zyrandol-lokko-55-bialy\/\">\u017byrandol LOKKO 55 bia\u0142y<\/a><\/h2>\t\t\t\t<\/div>\n\t\t\t\t<\/div>\n\t\t\t\t\t<\/div>\n\t\t\t\t<\/div>\n\t\t\t\t<\/div>\n\t\t<\/div><div class=\"jet-listing-grid__item jet-listing-dynamic-post-20087\" data-post-id=\"20087\"  >\t\t<div data-elementor-type=\"jet-listing-items\" data-elementor-id=\"1560\" class=\"elementor elementor-1560\" data-elementor-post-type=\"jet-engine\">\n\t\t\t\t<div class=\"elementor-element elementor-element-81809e2 e-flex e-con-boxed e-con e-parent\" data-id=\"81809e2\" data-element_type=\"container\" data-settings=\"{&quot;jet_parallax_layout_list&quot;:[]}\">\n\t\t\t\t\t<div class=\"e-con-inner\">\n\t\t\t\t<div class=\"elementor-element elementor-element-5a9dd49 elementor-widget elementor-widget-image\" data-id=\"5a9dd49\" data-element_type=\"widget\" data-widget_type=\"image.default\">\n\t\t\t\t<div class=\"elementor-widget-container\">\n\t\t\t\t\t\t\t\t\t\t\t\t\t\t\t\t<a href=\"https:\/\/sollux-lighting.com\/pl\/nasza-oferta\/zyrandole\/zyrandol-lokko-55-czarny\/\">\n\t\t\t\t\t\t\t<img loading=\"lazy\" decoding=\"async\" width=\"750\" height=\"750\" src=\"https:\/\/sollux-lighting.com\/wp-content\/uploads\/2023\/03\/0824-1-k.jpg\" class=\"attachment-large size-large wp-image-20088\" alt=\"\" srcset=\"https:\/\/sollux-lighting.com\/wp-content\/uploads\/2023\/03\/0824-1-k.jpg 750w, https:\/\/sollux-lighting.com\/wp-content\/uploads\/2023\/03\/0824-1-k-300x300.jpg 300w, https:\/\/sollux-lighting.com\/wp-content\/uploads\/2023\/03\/0824-1-k-150x150.jpg 150w, https:\/\/sollux-lighting.com\/wp-content\/uploads\/2023\/03\/0824-1-k-600x600.jpg 600w, https:\/\/sollux-lighting.com\/wp-content\/uploads\/2023\/03\/0824-1-k-100x100.jpg 100w\" sizes=\"(max-width: 750px) 100vw, 750px\" \/>\t\t\t\t\t\t\t\t<\/a>\n\t\t\t\t\t\t\t\t\t\t\t\t\t\t\t<\/div>\n\t\t\t\t<\/div>\n\t\t\t\t<div class=\"elementor-element elementor-element-7bade7f elementor-widget elementor-widget-heading\" data-id=\"7bade7f\" data-element_type=\"widget\" data-widget_type=\"heading.default\">\n\t\t\t\t<div class=\"elementor-widget-container\">\n\t\t\t\t\t<h2 class=\"elementor-heading-title elementor-size-default\"><a href=\"https:\/\/sollux-lighting.com\/pl\/nasza-oferta\/zyrandole\/zyrandol-lokko-55-czarny\/\">\u017byrandol LOKKO 55 czarny<\/a><\/h2>\t\t\t\t<\/div>\n\t\t\t\t<\/div>\n\t\t\t\t\t<\/div>\n\t\t\t\t<\/div>\n\t\t\t\t<\/div>\n\t\t<\/div><div class=\"jet-listing-grid__item jet-listing-dynamic-post-20112\" data-post-id=\"20112\"  >\t\t<div data-elementor-type=\"jet-listing-items\" data-elementor-id=\"1560\" class=\"elementor elementor-1560\" data-elementor-post-type=\"jet-engine\">\n\t\t\t\t<div class=\"elementor-element elementor-element-81809e2 e-flex e-con-boxed e-con e-parent\" data-id=\"81809e2\" data-element_type=\"container\" data-settings=\"{&quot;jet_parallax_layout_list&quot;:[]}\">\n\t\t\t\t\t<div class=\"e-con-inner\">\n\t\t\t\t<div class=\"elementor-element elementor-element-5a9dd49 elementor-widget elementor-widget-image\" data-id=\"5a9dd49\" data-element_type=\"widget\" data-widget_type=\"image.default\">\n\t\t\t\t<div class=\"elementor-widget-container\">\n\t\t\t\t\t\t\t\t\t\t\t\t\t\t\t\t<a href=\"https:\/\/sollux-lighting.com\/pl\/nasza-oferta\/plafony\/plafon-lokko-55-bialy\/\">\n\t\t\t\t\t\t\t<img loading=\"lazy\" decoding=\"async\" width=\"750\" height=\"750\" src=\"https:\/\/sollux-lighting.com\/wp-content\/uploads\/2023\/03\/0825-1-k.jpg\" class=\"attachment-large size-large wp-image-20113\" alt=\"\" srcset=\"https:\/\/sollux-lighting.com\/wp-content\/uploads\/2023\/03\/0825-1-k.jpg 750w, https:\/\/sollux-lighting.com\/wp-content\/uploads\/2023\/03\/0825-1-k-300x300.jpg 300w, https:\/\/sollux-lighting.com\/wp-content\/uploads\/2023\/03\/0825-1-k-150x150.jpg 150w, https:\/\/sollux-lighting.com\/wp-content\/uploads\/2023\/03\/0825-1-k-600x600.jpg 600w, https:\/\/sollux-lighting.com\/wp-content\/uploads\/2023\/03\/0825-1-k-100x100.jpg 100w\" sizes=\"(max-width: 750px) 100vw, 750px\" \/>\t\t\t\t\t\t\t\t<\/a>\n\t\t\t\t\t\t\t\t\t\t\t\t\t\t\t<\/div>\n\t\t\t\t<\/div>\n\t\t\t\t<div class=\"elementor-element elementor-element-7bade7f elementor-widget elementor-widget-heading\" data-id=\"7bade7f\" data-element_type=\"widget\" data-widget_type=\"heading.default\">\n\t\t\t\t<div class=\"elementor-widget-container\">\n\t\t\t\t\t<h2 class=\"elementor-heading-title elementor-size-default\"><a href=\"https:\/\/sollux-lighting.com\/pl\/nasza-oferta\/plafony\/plafon-lokko-55-bialy\/\">Plafon LOKKO 55 bia\u0142y<\/a><\/h2>\t\t\t\t<\/div>\n\t\t\t\t<\/div>\n\t\t\t\t\t<\/div>\n\t\t\t\t<\/div>\n\t\t\t\t<\/div>\n\t\t<\/div><div class=\"jet-listing-grid__item jet-listing-dynamic-post-20137\" data-post-id=\"20137\"  >\t\t<div data-elementor-type=\"jet-listing-items\" data-elementor-id=\"1560\" class=\"elementor elementor-1560\" data-elementor-post-type=\"jet-engine\">\n\t\t\t\t<div class=\"elementor-element elementor-element-81809e2 e-flex e-con-boxed e-con e-parent\" data-id=\"81809e2\" data-element_type=\"container\" data-settings=\"{&quot;jet_parallax_layout_list&quot;:[]}\">\n\t\t\t\t\t<div class=\"e-con-inner\">\n\t\t\t\t<div class=\"elementor-element elementor-element-5a9dd49 elementor-widget elementor-widget-image\" data-id=\"5a9dd49\" data-element_type=\"widget\" data-widget_type=\"image.default\">\n\t\t\t\t<div class=\"elementor-widget-container\">\n\t\t\t\t\t\t\t\t\t\t\t\t\t\t\t\t<a href=\"https:\/\/sollux-lighting.com\/pl\/nasza-oferta\/plafony\/plafon-lokko-55-czarny\/\">\n\t\t\t\t\t\t\t<img loading=\"lazy\" decoding=\"async\" width=\"750\" height=\"750\" src=\"https:\/\/sollux-lighting.com\/wp-content\/uploads\/2023\/03\/0826-1-k.jpg\" class=\"attachment-large size-large wp-image-20138\" alt=\"\" srcset=\"https:\/\/sollux-lighting.com\/wp-content\/uploads\/2023\/03\/0826-1-k.jpg 750w, https:\/\/sollux-lighting.com\/wp-content\/uploads\/2023\/03\/0826-1-k-300x300.jpg 300w, https:\/\/sollux-lighting.com\/wp-content\/uploads\/2023\/03\/0826-1-k-150x150.jpg 150w, https:\/\/sollux-lighting.com\/wp-content\/uploads\/2023\/03\/0826-1-k-600x600.jpg 600w, https:\/\/sollux-lighting.com\/wp-content\/uploads\/2023\/03\/0826-1-k-100x100.jpg 100w\" sizes=\"(max-width: 750px) 100vw, 750px\" \/>\t\t\t\t\t\t\t\t<\/a>\n\t\t\t\t\t\t\t\t\t\t\t\t\t\t\t<\/div>\n\t\t\t\t<\/div>\n\t\t\t\t<div class=\"elementor-element elementor-element-7bade7f elementor-widget elementor-widget-heading\" data-id=\"7bade7f\" data-element_type=\"widget\" data-widget_type=\"heading.default\">\n\t\t\t\t<div class=\"elementor-widget-container\">\n\t\t\t\t\t<h2 class=\"elementor-heading-title elementor-size-default\"><a href=\"https:\/\/sollux-lighting.com\/pl\/nasza-oferta\/plafony\/plafon-lokko-55-czarny\/\">Plafon LOKKO 55 czarny<\/a><\/h2>\t\t\t\t<\/div>\n\t\t\t\t<\/div>\n\t\t\t\t\t<\/div>\n\t\t\t\t<\/div>\n\t\t\t\t<\/div>\n\t\t<\/div><div class=\"jet-listing-grid__item jet-listing-dynamic-post-20162\" data-post-id=\"20162\"  >\t\t<div data-elementor-type=\"jet-listing-items\" data-elementor-id=\"1560\" class=\"elementor elementor-1560\" data-elementor-post-type=\"jet-engine\">\n\t\t\t\t<div class=\"elementor-element elementor-element-81809e2 e-flex e-con-boxed e-con e-parent\" data-id=\"81809e2\" data-element_type=\"container\" data-settings=\"{&quot;jet_parallax_layout_list&quot;:[]}\">\n\t\t\t\t\t<div class=\"e-con-inner\">\n\t\t\t\t<div class=\"elementor-element elementor-element-5a9dd49 elementor-widget elementor-widget-image\" data-id=\"5a9dd49\" data-element_type=\"widget\" data-widget_type=\"image.default\">\n\t\t\t\t<div class=\"elementor-widget-container\">\n\t\t\t\t\t\t\t\t\t\t\t\t\t\t\t\t<a href=\"https:\/\/sollux-lighting.com\/pl\/nasza-oferta\/zyrandole\/zyrandol-urano-80-bialy\/\">\n\t\t\t\t\t\t\t<img loading=\"lazy\" decoding=\"async\" width=\"750\" height=\"750\" src=\"https:\/\/sollux-lighting.com\/wp-content\/uploads\/2023\/03\/0827-1-k.jpg\" class=\"attachment-large size-large wp-image-20163\" alt=\"\" srcset=\"https:\/\/sollux-lighting.com\/wp-content\/uploads\/2023\/03\/0827-1-k.jpg 750w, https:\/\/sollux-lighting.com\/wp-content\/uploads\/2023\/03\/0827-1-k-300x300.jpg 300w, https:\/\/sollux-lighting.com\/wp-content\/uploads\/2023\/03\/0827-1-k-150x150.jpg 150w, https:\/\/sollux-lighting.com\/wp-content\/uploads\/2023\/03\/0827-1-k-600x600.jpg 600w, https:\/\/sollux-lighting.com\/wp-content\/uploads\/2023\/03\/0827-1-k-100x100.jpg 100w\" sizes=\"(max-width: 750px) 100vw, 750px\" \/>\t\t\t\t\t\t\t\t<\/a>\n\t\t\t\t\t\t\t\t\t\t\t\t\t\t\t<\/div>\n\t\t\t\t<\/div>\n\t\t\t\t<div class=\"elementor-element elementor-element-7bade7f elementor-widget elementor-widget-heading\" data-id=\"7bade7f\" data-element_type=\"widget\" data-widget_type=\"heading.default\">\n\t\t\t\t<div class=\"elementor-widget-container\">\n\t\t\t\t\t<h2 class=\"elementor-heading-title elementor-size-default\"><a href=\"https:\/\/sollux-lighting.com\/pl\/nasza-oferta\/zyrandole\/zyrandol-urano-80-bialy\/\">\u017byrandol URANO 80 bia\u0142y<\/a><\/h2>\t\t\t\t<\/div>\n\t\t\t\t<\/div>\n\t\t\t\t\t<\/div>\n\t\t\t\t<\/div>\n\t\t\t\t<\/div>\n\t\t<\/div><div class=\"jet-listing-grid__item jet-listing-dynamic-post-20187\" data-post-id=\"20187\"  >\t\t<div data-elementor-type=\"jet-listing-items\" data-elementor-id=\"1560\" class=\"elementor elementor-1560\" data-elementor-post-type=\"jet-engine\">\n\t\t\t\t<div class=\"elementor-element elementor-element-81809e2 e-flex e-con-boxed e-con e-parent\" data-id=\"81809e2\" data-element_type=\"container\" data-settings=\"{&quot;jet_parallax_layout_list&quot;:[]}\">\n\t\t\t\t\t<div class=\"e-con-inner\">\n\t\t\t\t<div class=\"elementor-element elementor-element-5a9dd49 elementor-widget elementor-widget-image\" data-id=\"5a9dd49\" data-element_type=\"widget\" data-widget_type=\"image.default\">\n\t\t\t\t<div class=\"elementor-widget-container\">\n\t\t\t\t\t\t\t\t\t\t\t\t\t\t\t\t<a href=\"https:\/\/sollux-lighting.com\/pl\/nasza-oferta\/zyrandole\/zyrandol-urano-80-czarny\/\">\n\t\t\t\t\t\t\t<img loading=\"lazy\" decoding=\"async\" width=\"750\" height=\"750\" src=\"https:\/\/sollux-lighting.com\/wp-content\/uploads\/2023\/03\/0828-1-k.jpg\" class=\"attachment-large size-large wp-image-20188\" alt=\"\" srcset=\"https:\/\/sollux-lighting.com\/wp-content\/uploads\/2023\/03\/0828-1-k.jpg 750w, https:\/\/sollux-lighting.com\/wp-content\/uploads\/2023\/03\/0828-1-k-300x300.jpg 300w, https:\/\/sollux-lighting.com\/wp-content\/uploads\/2023\/03\/0828-1-k-150x150.jpg 150w, https:\/\/sollux-lighting.com\/wp-content\/uploads\/2023\/03\/0828-1-k-600x600.jpg 600w, https:\/\/sollux-lighting.com\/wp-content\/uploads\/2023\/03\/0828-1-k-100x100.jpg 100w\" sizes=\"(max-width: 750px) 100vw, 750px\" \/>\t\t\t\t\t\t\t\t<\/a>\n\t\t\t\t\t\t\t\t\t\t\t\t\t\t\t<\/div>\n\t\t\t\t<\/div>\n\t\t\t\t<div class=\"elementor-element elementor-element-7bade7f elementor-widget elementor-widget-heading\" data-id=\"7bade7f\" data-element_type=\"widget\" data-widget_type=\"heading.default\">\n\t\t\t\t<div class=\"elementor-widget-container\">\n\t\t\t\t\t<h2 class=\"elementor-heading-title elementor-size-default\"><a href=\"https:\/\/sollux-lighting.com\/pl\/nasza-oferta\/zyrandole\/zyrandol-urano-80-czarny\/\">\u017byrandol URANO 80 czarny<\/a><\/h2>\t\t\t\t<\/div>\n\t\t\t\t<\/div>\n\t\t\t\t\t<\/div>\n\t\t\t\t<\/div>\n\t\t\t\t<\/div>\n\t\t<\/div><div class=\"jet-listing-grid__item jet-listing-dynamic-post-20212\" data-post-id=\"20212\"  >\t\t<div data-elementor-type=\"jet-listing-items\" data-elementor-id=\"1560\" class=\"elementor elementor-1560\" data-elementor-post-type=\"jet-engine\">\n\t\t\t\t<div class=\"elementor-element elementor-element-81809e2 e-flex e-con-boxed e-con e-parent\" data-id=\"81809e2\" data-element_type=\"container\" data-settings=\"{&quot;jet_parallax_layout_list&quot;:[]}\">\n\t\t\t\t\t<div class=\"e-con-inner\">\n\t\t\t\t<div class=\"elementor-element elementor-element-5a9dd49 elementor-widget elementor-widget-image\" data-id=\"5a9dd49\" data-element_type=\"widget\" data-widget_type=\"image.default\">\n\t\t\t\t<div class=\"elementor-widget-container\">\n\t\t\t\t\t\t\t\t\t\t\t\t\t\t\t\t<a href=\"https:\/\/sollux-lighting.com\/pl\/nasza-oferta\/zyrandole\/zyrandol-cono-45\/\">\n\t\t\t\t\t\t\t<img loading=\"lazy\" decoding=\"async\" width=\"750\" height=\"750\" src=\"https:\/\/sollux-lighting.com\/wp-content\/uploads\/2023\/03\/0829-1-k.jpg\" class=\"attachment-large size-large wp-image-20213\" alt=\"\" srcset=\"https:\/\/sollux-lighting.com\/wp-content\/uploads\/2023\/03\/0829-1-k.jpg 750w, https:\/\/sollux-lighting.com\/wp-content\/uploads\/2023\/03\/0829-1-k-300x300.jpg 300w, https:\/\/sollux-lighting.com\/wp-content\/uploads\/2023\/03\/0829-1-k-150x150.jpg 150w, https:\/\/sollux-lighting.com\/wp-content\/uploads\/2023\/03\/0829-1-k-600x600.jpg 600w, https:\/\/sollux-lighting.com\/wp-content\/uploads\/2023\/03\/0829-1-k-100x100.jpg 100w\" sizes=\"(max-width: 750px) 100vw, 750px\" \/>\t\t\t\t\t\t\t\t<\/a>\n\t\t\t\t\t\t\t\t\t\t\t\t\t\t\t<\/div>\n\t\t\t\t<\/div>\n\t\t\t\t<div class=\"elementor-element elementor-element-7bade7f elementor-widget elementor-widget-heading\" data-id=\"7bade7f\" data-element_type=\"widget\" data-widget_type=\"heading.default\">\n\t\t\t\t<div class=\"elementor-widget-container\">\n\t\t\t\t\t<h2 class=\"elementor-heading-title elementor-size-default\"><a href=\"https:\/\/sollux-lighting.com\/pl\/nasza-oferta\/zyrandole\/zyrandol-cono-45\/\">\u017byrandol CONO 45<\/a><\/h2>\t\t\t\t<\/div>\n\t\t\t\t<\/div>\n\t\t\t\t\t<\/div>\n\t\t\t\t<\/div>\n\t\t\t\t<\/div>\n\t\t<\/div><div class=\"jet-listing-grid__item jet-listing-dynamic-post-20237\" data-post-id=\"20237\"  >\t\t<div data-elementor-type=\"jet-listing-items\" data-elementor-id=\"1560\" class=\"elementor elementor-1560\" data-elementor-post-type=\"jet-engine\">\n\t\t\t\t<div class=\"elementor-element elementor-element-81809e2 e-flex e-con-boxed e-con e-parent\" data-id=\"81809e2\" data-element_type=\"container\" data-settings=\"{&quot;jet_parallax_layout_list&quot;:[]}\">\n\t\t\t\t\t<div class=\"e-con-inner\">\n\t\t\t\t<div class=\"elementor-element elementor-element-5a9dd49 elementor-widget elementor-widget-image\" data-id=\"5a9dd49\" data-element_type=\"widget\" data-widget_type=\"image.default\">\n\t\t\t\t<div class=\"elementor-widget-container\">\n\t\t\t\t\t\t\t\t\t\t\t\t\t\t\t\t<a href=\"https:\/\/sollux-lighting.com\/pl\/nasza-oferta\/zyrandole\/zyrandol-rollo-45\/\">\n\t\t\t\t\t\t\t<img loading=\"lazy\" decoding=\"async\" width=\"750\" height=\"750\" src=\"https:\/\/sollux-lighting.com\/wp-content\/uploads\/2023\/03\/0830-1-k.jpg\" class=\"attachment-large size-large wp-image-20238\" alt=\"\" srcset=\"https:\/\/sollux-lighting.com\/wp-content\/uploads\/2023\/03\/0830-1-k.jpg 750w, https:\/\/sollux-lighting.com\/wp-content\/uploads\/2023\/03\/0830-1-k-300x300.jpg 300w, https:\/\/sollux-lighting.com\/wp-content\/uploads\/2023\/03\/0830-1-k-150x150.jpg 150w, https:\/\/sollux-lighting.com\/wp-content\/uploads\/2023\/03\/0830-1-k-600x600.jpg 600w, https:\/\/sollux-lighting.com\/wp-content\/uploads\/2023\/03\/0830-1-k-100x100.jpg 100w\" sizes=\"(max-width: 750px) 100vw, 750px\" \/>\t\t\t\t\t\t\t\t<\/a>\n\t\t\t\t\t\t\t\t\t\t\t\t\t\t\t<\/div>\n\t\t\t\t<\/div>\n\t\t\t\t<div class=\"elementor-element elementor-element-7bade7f elementor-widget elementor-widget-heading\" data-id=\"7bade7f\" data-element_type=\"widget\" data-widget_type=\"heading.default\">\n\t\t\t\t<div class=\"elementor-widget-container\">\n\t\t\t\t\t<h2 class=\"elementor-heading-title elementor-size-default\"><a href=\"https:\/\/sollux-lighting.com\/pl\/nasza-oferta\/zyrandole\/zyrandol-rollo-45\/\">\u017byrandol ROLLO 45<\/a><\/h2>\t\t\t\t<\/div>\n\t\t\t\t<\/div>\n\t\t\t\t\t<\/div>\n\t\t\t\t<\/div>\n\t\t\t\t<\/div>\n\t\t<\/div><div class=\"jet-listing-grid__item jet-listing-dynamic-post-20262\" data-post-id=\"20262\"  >\t\t<div data-elementor-type=\"jet-listing-items\" data-elementor-id=\"1560\" class=\"elementor elementor-1560\" data-elementor-post-type=\"jet-engine\">\n\t\t\t\t<div class=\"elementor-element elementor-element-81809e2 e-flex e-con-boxed e-con e-parent\" data-id=\"81809e2\" data-element_type=\"container\" data-settings=\"{&quot;jet_parallax_layout_list&quot;:[]}\">\n\t\t\t\t\t<div class=\"e-con-inner\">\n\t\t\t\t<div class=\"elementor-element elementor-element-5a9dd49 elementor-widget elementor-widget-image\" data-id=\"5a9dd49\" data-element_type=\"widget\" data-widget_type=\"image.default\">\n\t\t\t\t<div class=\"elementor-widget-container\">\n\t\t\t\t\t\t\t\t\t\t\t\t\t\t\t\t<a href=\"https:\/\/sollux-lighting.com\/pl\/nasza-oferta\/zyrandole\/zyrandol-reflexion-50-bialy\/\">\n\t\t\t\t\t\t\t<img loading=\"lazy\" decoding=\"async\" width=\"750\" height=\"750\" src=\"https:\/\/sollux-lighting.com\/wp-content\/uploads\/2023\/03\/0831-1-k.jpg\" class=\"attachment-large size-large wp-image-20263\" alt=\"\" srcset=\"https:\/\/sollux-lighting.com\/wp-content\/uploads\/2023\/03\/0831-1-k.jpg 750w, https:\/\/sollux-lighting.com\/wp-content\/uploads\/2023\/03\/0831-1-k-300x300.jpg 300w, https:\/\/sollux-lighting.com\/wp-content\/uploads\/2023\/03\/0831-1-k-150x150.jpg 150w, https:\/\/sollux-lighting.com\/wp-content\/uploads\/2023\/03\/0831-1-k-600x600.jpg 600w, https:\/\/sollux-lighting.com\/wp-content\/uploads\/2023\/03\/0831-1-k-100x100.jpg 100w\" sizes=\"(max-width: 750px) 100vw, 750px\" \/>\t\t\t\t\t\t\t\t<\/a>\n\t\t\t\t\t\t\t\t\t\t\t\t\t\t\t<\/div>\n\t\t\t\t<\/div>\n\t\t\t\t<div class=\"elementor-element elementor-element-7bade7f elementor-widget elementor-widget-heading\" data-id=\"7bade7f\" data-element_type=\"widget\" data-widget_type=\"heading.default\">\n\t\t\t\t<div class=\"elementor-widget-container\">\n\t\t\t\t\t<h2 class=\"elementor-heading-title elementor-size-default\"><a href=\"https:\/\/sollux-lighting.com\/pl\/nasza-oferta\/zyrandole\/zyrandol-reflexion-50-bialy\/\">\u017byrandol REFLEXION 50 bia\u0142y<\/a><\/h2>\t\t\t\t<\/div>\n\t\t\t\t<\/div>\n\t\t\t\t\t<\/div>\n\t\t\t\t<\/div>\n\t\t\t\t<\/div>\n\t\t<\/div><div class=\"jet-listing-grid__item jet-listing-dynamic-post-20287\" data-post-id=\"20287\"  >\t\t<div data-elementor-type=\"jet-listing-items\" data-elementor-id=\"1560\" class=\"elementor elementor-1560\" data-elementor-post-type=\"jet-engine\">\n\t\t\t\t<div class=\"elementor-element elementor-element-81809e2 e-flex e-con-boxed e-con e-parent\" data-id=\"81809e2\" data-element_type=\"container\" data-settings=\"{&quot;jet_parallax_layout_list&quot;:[]}\">\n\t\t\t\t\t<div class=\"e-con-inner\">\n\t\t\t\t<div class=\"elementor-element elementor-element-5a9dd49 elementor-widget elementor-widget-image\" data-id=\"5a9dd49\" data-element_type=\"widget\" data-widget_type=\"image.default\">\n\t\t\t\t<div class=\"elementor-widget-container\">\n\t\t\t\t\t\t\t\t\t\t\t\t\t\t\t\t<a href=\"https:\/\/sollux-lighting.com\/pl\/nasza-oferta\/zyrandole\/zyrandol-reflexion-80-bialy\/\">\n\t\t\t\t\t\t\t<img loading=\"lazy\" decoding=\"async\" width=\"750\" height=\"750\" src=\"https:\/\/sollux-lighting.com\/wp-content\/uploads\/2023\/03\/0832-1-k.jpg\" class=\"attachment-large size-large wp-image-20288\" alt=\"\" srcset=\"https:\/\/sollux-lighting.com\/wp-content\/uploads\/2023\/03\/0832-1-k.jpg 750w, https:\/\/sollux-lighting.com\/wp-content\/uploads\/2023\/03\/0832-1-k-300x300.jpg 300w, https:\/\/sollux-lighting.com\/wp-content\/uploads\/2023\/03\/0832-1-k-150x150.jpg 150w, https:\/\/sollux-lighting.com\/wp-content\/uploads\/2023\/03\/0832-1-k-600x600.jpg 600w, https:\/\/sollux-lighting.com\/wp-content\/uploads\/2023\/03\/0832-1-k-100x100.jpg 100w\" sizes=\"(max-width: 750px) 100vw, 750px\" \/>\t\t\t\t\t\t\t\t<\/a>\n\t\t\t\t\t\t\t\t\t\t\t\t\t\t\t<\/div>\n\t\t\t\t<\/div>\n\t\t\t\t<div class=\"elementor-element elementor-element-7bade7f elementor-widget elementor-widget-heading\" data-id=\"7bade7f\" data-element_type=\"widget\" data-widget_type=\"heading.default\">\n\t\t\t\t<div class=\"elementor-widget-container\">\n\t\t\t\t\t<h2 class=\"elementor-heading-title elementor-size-default\"><a href=\"https:\/\/sollux-lighting.com\/pl\/nasza-oferta\/zyrandole\/zyrandol-reflexion-80-bialy\/\">\u017byrandol REFLEXION 80 bia\u0142y<\/a><\/h2>\t\t\t\t<\/div>\n\t\t\t\t<\/div>\n\t\t\t\t\t<\/div>\n\t\t\t\t<\/div>\n\t\t\t\t<\/div>\n\t\t<\/div><div class=\"jet-listing-grid__item jet-listing-dynamic-post-19612\" data-post-id=\"19612\"  >\t\t<div data-elementor-type=\"jet-listing-items\" data-elementor-id=\"1560\" class=\"elementor elementor-1560\" data-elementor-post-type=\"jet-engine\">\n\t\t\t\t<div class=\"elementor-element elementor-element-81809e2 e-flex e-con-boxed e-con e-parent\" data-id=\"81809e2\" data-element_type=\"container\" data-settings=\"{&quot;jet_parallax_layout_list&quot;:[]}\">\n\t\t\t\t\t<div class=\"e-con-inner\">\n\t\t\t\t<div class=\"elementor-element elementor-element-5a9dd49 elementor-widget elementor-widget-image\" data-id=\"5a9dd49\" data-element_type=\"widget\" data-widget_type=\"image.default\">\n\t\t\t\t<div class=\"elementor-widget-container\">\n\t\t\t\t\t\t\t\t\t\t\t\t\t\t\t\t<a href=\"https:\/\/sollux-lighting.com\/pl\/nasza-oferta\/zyrandole\/zyrandol-skala-90-bialy\/\">\n\t\t\t\t\t\t\t<img loading=\"lazy\" decoding=\"async\" width=\"750\" height=\"750\" src=\"https:\/\/sollux-lighting.com\/wp-content\/uploads\/2023\/03\/0805-1-k.jpg\" class=\"attachment-large size-large wp-image-19613\" alt=\"\" srcset=\"https:\/\/sollux-lighting.com\/wp-content\/uploads\/2023\/03\/0805-1-k.jpg 750w, https:\/\/sollux-lighting.com\/wp-content\/uploads\/2023\/03\/0805-1-k-300x300.jpg 300w, https:\/\/sollux-lighting.com\/wp-content\/uploads\/2023\/03\/0805-1-k-150x150.jpg 150w, https:\/\/sollux-lighting.com\/wp-content\/uploads\/2023\/03\/0805-1-k-600x600.jpg 600w, https:\/\/sollux-lighting.com\/wp-content\/uploads\/2023\/03\/0805-1-k-100x100.jpg 100w\" sizes=\"(max-width: 750px) 100vw, 750px\" \/>\t\t\t\t\t\t\t\t<\/a>\n\t\t\t\t\t\t\t\t\t\t\t\t\t\t\t<\/div>\n\t\t\t\t<\/div>\n\t\t\t\t<div class=\"elementor-element elementor-element-7bade7f elementor-widget elementor-widget-heading\" data-id=\"7bade7f\" data-element_type=\"widget\" data-widget_type=\"heading.default\">\n\t\t\t\t<div class=\"elementor-widget-container\">\n\t\t\t\t\t<h2 class=\"elementor-heading-title elementor-size-default\"><a href=\"https:\/\/sollux-lighting.com\/pl\/nasza-oferta\/zyrandole\/zyrandol-skala-90-bialy\/\">\u017byrandol SKALA 90 bia\u0142y<\/a><\/h2>\t\t\t\t<\/div>\n\t\t\t\t<\/div>\n\t\t\t\t\t<\/div>\n\t\t\t\t<\/div>\n\t\t\t\t<\/div>\n\t\t<\/div><div class=\"jet-listing-grid__item jet-listing-dynamic-post-20012\" data-post-id=\"20012\"  >\t\t<div data-elementor-type=\"jet-listing-items\" data-elementor-id=\"1560\" class=\"elementor elementor-1560\" data-elementor-post-type=\"jet-engine\">\n\t\t\t\t<div class=\"elementor-element elementor-element-81809e2 e-flex e-con-boxed e-con e-parent\" data-id=\"81809e2\" data-element_type=\"container\" data-settings=\"{&quot;jet_parallax_layout_list&quot;:[]}\">\n\t\t\t\t\t<div class=\"e-con-inner\">\n\t\t\t\t<div class=\"elementor-element elementor-element-5a9dd49 elementor-widget elementor-widget-image\" data-id=\"5a9dd49\" data-element_type=\"widget\" data-widget_type=\"image.default\">\n\t\t\t\t<div class=\"elementor-widget-container\">\n\t\t\t\t\t\t\t\t\t\t\t\t\t\t\t\t<a href=\"https:\/\/sollux-lighting.com\/pl\/nasza-oferta\/plafony\/plafon-vega-70-bialy\/\">\n\t\t\t\t\t\t\t<img loading=\"lazy\" decoding=\"async\" width=\"750\" height=\"750\" src=\"https:\/\/sollux-lighting.com\/wp-content\/uploads\/2023\/03\/0821-1-k.jpg\" class=\"attachment-large size-large wp-image-20013\" alt=\"\" srcset=\"https:\/\/sollux-lighting.com\/wp-content\/uploads\/2023\/03\/0821-1-k.jpg 750w, https:\/\/sollux-lighting.com\/wp-content\/uploads\/2023\/03\/0821-1-k-300x300.jpg 300w, https:\/\/sollux-lighting.com\/wp-content\/uploads\/2023\/03\/0821-1-k-150x150.jpg 150w, https:\/\/sollux-lighting.com\/wp-content\/uploads\/2023\/03\/0821-1-k-600x600.jpg 600w, https:\/\/sollux-lighting.com\/wp-content\/uploads\/2023\/03\/0821-1-k-100x100.jpg 100w\" sizes=\"(max-width: 750px) 100vw, 750px\" \/>\t\t\t\t\t\t\t\t<\/a>\n\t\t\t\t\t\t\t\t\t\t\t\t\t\t\t<\/div>\n\t\t\t\t<\/div>\n\t\t\t\t<div class=\"elementor-element elementor-element-7bade7f elementor-widget elementor-widget-heading\" data-id=\"7bade7f\" data-element_type=\"widget\" data-widget_type=\"heading.default\">\n\t\t\t\t<div class=\"elementor-widget-container\">\n\t\t\t\t\t<h2 class=\"elementor-heading-title elementor-size-default\"><a href=\"https:\/\/sollux-lighting.com\/pl\/nasza-oferta\/plafony\/plafon-vega-70-bialy\/\">Plafon VEGA 70 bia\u0142y<\/a><\/h2>\t\t\t\t<\/div>\n\t\t\t\t<\/div>\n\t\t\t\t\t<\/div>\n\t\t\t\t<\/div>\n\t\t\t\t<\/div>\n\t\t<\/div><div class=\"jet-listing-grid__item jet-listing-dynamic-post-19637\" data-post-id=\"19637\"  >\t\t<div data-elementor-type=\"jet-listing-items\" data-elementor-id=\"1560\" class=\"elementor elementor-1560\" data-elementor-post-type=\"jet-engine\">\n\t\t\t\t<div class=\"elementor-element elementor-element-81809e2 e-flex e-con-boxed e-con e-parent\" data-id=\"81809e2\" data-element_type=\"container\" data-settings=\"{&quot;jet_parallax_layout_list&quot;:[]}\">\n\t\t\t\t\t<div class=\"e-con-inner\">\n\t\t\t\t<div class=\"elementor-element elementor-element-5a9dd49 elementor-widget elementor-widget-image\" data-id=\"5a9dd49\" data-element_type=\"widget\" data-widget_type=\"image.default\">\n\t\t\t\t<div class=\"elementor-widget-container\">\n\t\t\t\t\t\t\t\t\t\t\t\t\t\t\t\t<a href=\"https:\/\/sollux-lighting.com\/pl\/nasza-oferta\/zyrandole\/zyrandol-skala-90-czarny\/\">\n\t\t\t\t\t\t\t<img loading=\"lazy\" decoding=\"async\" width=\"750\" height=\"750\" src=\"https:\/\/sollux-lighting.com\/wp-content\/uploads\/2023\/03\/0806-1-k.jpg\" class=\"attachment-large size-large wp-image-19638\" alt=\"\" srcset=\"https:\/\/sollux-lighting.com\/wp-content\/uploads\/2023\/03\/0806-1-k.jpg 750w, https:\/\/sollux-lighting.com\/wp-content\/uploads\/2023\/03\/0806-1-k-300x300.jpg 300w, https:\/\/sollux-lighting.com\/wp-content\/uploads\/2023\/03\/0806-1-k-150x150.jpg 150w, https:\/\/sollux-lighting.com\/wp-content\/uploads\/2023\/03\/0806-1-k-600x600.jpg 600w, https:\/\/sollux-lighting.com\/wp-content\/uploads\/2023\/03\/0806-1-k-100x100.jpg 100w\" sizes=\"(max-width: 750px) 100vw, 750px\" \/>\t\t\t\t\t\t\t\t<\/a>\n\t\t\t\t\t\t\t\t\t\t\t\t\t\t\t<\/div>\n\t\t\t\t<\/div>\n\t\t\t\t<div class=\"elementor-element elementor-element-7bade7f elementor-widget elementor-widget-heading\" data-id=\"7bade7f\" data-element_type=\"widget\" data-widget_type=\"heading.default\">\n\t\t\t\t<div class=\"elementor-widget-container\">\n\t\t\t\t\t<h2 class=\"elementor-heading-title elementor-size-default\"><a href=\"https:\/\/sollux-lighting.com\/pl\/nasza-oferta\/zyrandole\/zyrandol-skala-90-czarny\/\">\u017byrandol SKALA 90 czarny<\/a><\/h2>\t\t\t\t<\/div>\n\t\t\t\t<\/div>\n\t\t\t\t\t<\/div>\n\t\t\t\t<\/div>\n\t\t\t\t<\/div>\n\t\t<\/div><div class=\"jet-listing-grid__item jet-listing-dynamic-post-19662\" data-post-id=\"19662\"  >\t\t<div data-elementor-type=\"jet-listing-items\" data-elementor-id=\"1560\" class=\"elementor elementor-1560\" data-elementor-post-type=\"jet-engine\">\n\t\t\t\t<div class=\"elementor-element elementor-element-81809e2 e-flex e-con-boxed e-con e-parent\" data-id=\"81809e2\" data-element_type=\"container\" data-settings=\"{&quot;jet_parallax_layout_list&quot;:[]}\">\n\t\t\t\t\t<div class=\"e-con-inner\">\n\t\t\t\t<div class=\"elementor-element elementor-element-5a9dd49 elementor-widget elementor-widget-image\" data-id=\"5a9dd49\" data-element_type=\"widget\" data-widget_type=\"image.default\">\n\t\t\t\t<div class=\"elementor-widget-container\">\n\t\t\t\t\t\t\t\t\t\t\t\t\t\t\t\t<a href=\"https:\/\/sollux-lighting.com\/pl\/nasza-oferta\/zyrandole\/zyrandol-skala-100-bialy\/\">\n\t\t\t\t\t\t\t<img loading=\"lazy\" decoding=\"async\" width=\"750\" height=\"750\" src=\"https:\/\/sollux-lighting.com\/wp-content\/uploads\/2023\/03\/0807-1-k.jpg\" class=\"attachment-large size-large wp-image-19663\" alt=\"\" srcset=\"https:\/\/sollux-lighting.com\/wp-content\/uploads\/2023\/03\/0807-1-k.jpg 750w, https:\/\/sollux-lighting.com\/wp-content\/uploads\/2023\/03\/0807-1-k-300x300.jpg 300w, https:\/\/sollux-lighting.com\/wp-content\/uploads\/2023\/03\/0807-1-k-150x150.jpg 150w, https:\/\/sollux-lighting.com\/wp-content\/uploads\/2023\/03\/0807-1-k-600x600.jpg 600w, https:\/\/sollux-lighting.com\/wp-content\/uploads\/2023\/03\/0807-1-k-100x100.jpg 100w\" sizes=\"(max-width: 750px) 100vw, 750px\" \/>\t\t\t\t\t\t\t\t<\/a>\n\t\t\t\t\t\t\t\t\t\t\t\t\t\t\t<\/div>\n\t\t\t\t<\/div>\n\t\t\t\t<div class=\"elementor-element elementor-element-7bade7f elementor-widget elementor-widget-heading\" data-id=\"7bade7f\" data-element_type=\"widget\" data-widget_type=\"heading.default\">\n\t\t\t\t<div class=\"elementor-widget-container\">\n\t\t\t\t\t<h2 class=\"elementor-heading-title elementor-size-default\"><a href=\"https:\/\/sollux-lighting.com\/pl\/nasza-oferta\/zyrandole\/zyrandol-skala-100-bialy\/\">\u017byrandol SKALA 100 bia\u0142y<\/a><\/h2>\t\t\t\t<\/div>\n\t\t\t\t<\/div>\n\t\t\t\t\t<\/div>\n\t\t\t\t<\/div>\n\t\t\t\t<\/div>\n\t\t<\/div><div class=\"jet-listing-grid__item jet-listing-dynamic-post-19687\" data-post-id=\"19687\"  >\t\t<div data-elementor-type=\"jet-listing-items\" data-elementor-id=\"1560\" class=\"elementor elementor-1560\" data-elementor-post-type=\"jet-engine\">\n\t\t\t\t<div class=\"elementor-element elementor-element-81809e2 e-flex e-con-boxed e-con e-parent\" data-id=\"81809e2\" data-element_type=\"container\" data-settings=\"{&quot;jet_parallax_layout_list&quot;:[]}\">\n\t\t\t\t\t<div class=\"e-con-inner\">\n\t\t\t\t<div class=\"elementor-element elementor-element-5a9dd49 elementor-widget elementor-widget-image\" data-id=\"5a9dd49\" data-element_type=\"widget\" data-widget_type=\"image.default\">\n\t\t\t\t<div class=\"elementor-widget-container\">\n\t\t\t\t\t\t\t\t\t\t\t\t\t\t\t\t<a href=\"https:\/\/sollux-lighting.com\/pl\/nasza-oferta\/zyrandole\/zyrandol-skala-100-czarny\/\">\n\t\t\t\t\t\t\t<img loading=\"lazy\" decoding=\"async\" width=\"750\" height=\"750\" src=\"https:\/\/sollux-lighting.com\/wp-content\/uploads\/2023\/03\/0808-1-k.jpg\" class=\"attachment-large size-large wp-image-19688\" alt=\"\" srcset=\"https:\/\/sollux-lighting.com\/wp-content\/uploads\/2023\/03\/0808-1-k.jpg 750w, https:\/\/sollux-lighting.com\/wp-content\/uploads\/2023\/03\/0808-1-k-300x300.jpg 300w, https:\/\/sollux-lighting.com\/wp-content\/uploads\/2023\/03\/0808-1-k-150x150.jpg 150w, https:\/\/sollux-lighting.com\/wp-content\/uploads\/2023\/03\/0808-1-k-600x600.jpg 600w, https:\/\/sollux-lighting.com\/wp-content\/uploads\/2023\/03\/0808-1-k-100x100.jpg 100w\" sizes=\"(max-width: 750px) 100vw, 750px\" \/>\t\t\t\t\t\t\t\t<\/a>\n\t\t\t\t\t\t\t\t\t\t\t\t\t\t\t<\/div>\n\t\t\t\t<\/div>\n\t\t\t\t<div class=\"elementor-element elementor-element-7bade7f elementor-widget elementor-widget-heading\" data-id=\"7bade7f\" data-element_type=\"widget\" data-widget_type=\"heading.default\">\n\t\t\t\t<div class=\"elementor-widget-container\">\n\t\t\t\t\t<h2 class=\"elementor-heading-title elementor-size-default\"><a href=\"https:\/\/sollux-lighting.com\/pl\/nasza-oferta\/zyrandole\/zyrandol-skala-100-czarny\/\">\u017byrandol SKALA 100 czarny<\/a><\/h2>\t\t\t\t<\/div>\n\t\t\t\t<\/div>\n\t\t\t\t\t<\/div>\n\t\t\t\t<\/div>\n\t\t\t\t<\/div>\n\t\t<\/div><div class=\"jet-listing-grid__item jet-listing-dynamic-post-19712\" data-post-id=\"19712\"  >\t\t<div data-elementor-type=\"jet-listing-items\" data-elementor-id=\"1560\" class=\"elementor elementor-1560\" data-elementor-post-type=\"jet-engine\">\n\t\t\t\t<div class=\"elementor-element elementor-element-81809e2 e-flex e-con-boxed e-con e-parent\" data-id=\"81809e2\" data-element_type=\"container\" data-settings=\"{&quot;jet_parallax_layout_list&quot;:[]}\">\n\t\t\t\t\t<div class=\"e-con-inner\">\n\t\t\t\t<div class=\"elementor-element elementor-element-5a9dd49 elementor-widget elementor-widget-image\" data-id=\"5a9dd49\" data-element_type=\"widget\" data-widget_type=\"image.default\">\n\t\t\t\t<div class=\"elementor-widget-container\">\n\t\t\t\t\t\t\t\t\t\t\t\t\t\t\t\t<a href=\"https:\/\/sollux-lighting.com\/pl\/nasza-oferta\/plafony\/plafon-skala-60-bialy\/\">\n\t\t\t\t\t\t\t<img loading=\"lazy\" decoding=\"async\" width=\"750\" height=\"750\" src=\"https:\/\/sollux-lighting.com\/wp-content\/uploads\/2023\/03\/0809-1-k.jpg\" class=\"attachment-large size-large wp-image-19713\" alt=\"\" srcset=\"https:\/\/sollux-lighting.com\/wp-content\/uploads\/2023\/03\/0809-1-k.jpg 750w, https:\/\/sollux-lighting.com\/wp-content\/uploads\/2023\/03\/0809-1-k-300x300.jpg 300w, https:\/\/sollux-lighting.com\/wp-content\/uploads\/2023\/03\/0809-1-k-150x150.jpg 150w, https:\/\/sollux-lighting.com\/wp-content\/uploads\/2023\/03\/0809-1-k-600x600.jpg 600w, https:\/\/sollux-lighting.com\/wp-content\/uploads\/2023\/03\/0809-1-k-100x100.jpg 100w\" sizes=\"(max-width: 750px) 100vw, 750px\" \/>\t\t\t\t\t\t\t\t<\/a>\n\t\t\t\t\t\t\t\t\t\t\t\t\t\t\t<\/div>\n\t\t\t\t<\/div>\n\t\t\t\t<div class=\"elementor-element elementor-element-7bade7f elementor-widget elementor-widget-heading\" data-id=\"7bade7f\" data-element_type=\"widget\" data-widget_type=\"heading.default\">\n\t\t\t\t<div class=\"elementor-widget-container\">\n\t\t\t\t\t<h2 class=\"elementor-heading-title elementor-size-default\"><a href=\"https:\/\/sollux-lighting.com\/pl\/nasza-oferta\/plafony\/plafon-skala-60-bialy\/\">Plafon SKALA 60 bia\u0142y<\/a><\/h2>\t\t\t\t<\/div>\n\t\t\t\t<\/div>\n\t\t\t\t\t<\/div>\n\t\t\t\t<\/div>\n\t\t\t\t<\/div>\n\t\t<\/div><div class=\"jet-listing-grid__item jet-listing-dynamic-post-19737\" data-post-id=\"19737\"  >\t\t<div data-elementor-type=\"jet-listing-items\" data-elementor-id=\"1560\" class=\"elementor elementor-1560\" data-elementor-post-type=\"jet-engine\">\n\t\t\t\t<div class=\"elementor-element elementor-element-81809e2 e-flex e-con-boxed e-con e-parent\" data-id=\"81809e2\" data-element_type=\"container\" data-settings=\"{&quot;jet_parallax_layout_list&quot;:[]}\">\n\t\t\t\t\t<div class=\"e-con-inner\">\n\t\t\t\t<div class=\"elementor-element elementor-element-5a9dd49 elementor-widget elementor-widget-image\" data-id=\"5a9dd49\" data-element_type=\"widget\" data-widget_type=\"image.default\">\n\t\t\t\t<div class=\"elementor-widget-container\">\n\t\t\t\t\t\t\t\t\t\t\t\t\t\t\t\t<a href=\"https:\/\/sollux-lighting.com\/pl\/nasza-oferta\/plafony\/plafon-skala-60-czarny\/\">\n\t\t\t\t\t\t\t<img loading=\"lazy\" decoding=\"async\" width=\"750\" height=\"750\" src=\"https:\/\/sollux-lighting.com\/wp-content\/uploads\/2023\/03\/0810-1-k.jpg\" class=\"attachment-large size-large wp-image-19738\" alt=\"\" srcset=\"https:\/\/sollux-lighting.com\/wp-content\/uploads\/2023\/03\/0810-1-k.jpg 750w, https:\/\/sollux-lighting.com\/wp-content\/uploads\/2023\/03\/0810-1-k-300x300.jpg 300w, https:\/\/sollux-lighting.com\/wp-content\/uploads\/2023\/03\/0810-1-k-150x150.jpg 150w, https:\/\/sollux-lighting.com\/wp-content\/uploads\/2023\/03\/0810-1-k-600x600.jpg 600w, https:\/\/sollux-lighting.com\/wp-content\/uploads\/2023\/03\/0810-1-k-100x100.jpg 100w\" sizes=\"(max-width: 750px) 100vw, 750px\" \/>\t\t\t\t\t\t\t\t<\/a>\n\t\t\t\t\t\t\t\t\t\t\t\t\t\t\t<\/div>\n\t\t\t\t<\/div>\n\t\t\t\t<div class=\"elementor-element elementor-element-7bade7f elementor-widget elementor-widget-heading\" data-id=\"7bade7f\" data-element_type=\"widget\" data-widget_type=\"heading.default\">\n\t\t\t\t<div class=\"elementor-widget-container\">\n\t\t\t\t\t<h2 class=\"elementor-heading-title elementor-size-default\"><a href=\"https:\/\/sollux-lighting.com\/pl\/nasza-oferta\/plafony\/plafon-skala-60-czarny\/\">Plafon SKALA 60 czarny<\/a><\/h2>\t\t\t\t<\/div>\n\t\t\t\t<\/div>\n\t\t\t\t\t<\/div>\n\t\t\t\t<\/div>\n\t\t\t\t<\/div>\n\t\t<\/div><div class=\"jet-listing-grid__item jet-listing-dynamic-post-19762\" data-post-id=\"19762\"  >\t\t<div data-elementor-type=\"jet-listing-items\" data-elementor-id=\"1560\" class=\"elementor elementor-1560\" data-elementor-post-type=\"jet-engine\">\n\t\t\t\t<div class=\"elementor-element elementor-element-81809e2 e-flex e-con-boxed e-con e-parent\" data-id=\"81809e2\" data-element_type=\"container\" data-settings=\"{&quot;jet_parallax_layout_list&quot;:[]}\">\n\t\t\t\t\t<div class=\"e-con-inner\">\n\t\t\t\t<div class=\"elementor-element elementor-element-5a9dd49 elementor-widget elementor-widget-image\" data-id=\"5a9dd49\" data-element_type=\"widget\" data-widget_type=\"image.default\">\n\t\t\t\t<div class=\"elementor-widget-container\">\n\t\t\t\t\t\t\t\t\t\t\t\t\t\t\t\t<a href=\"https:\/\/sollux-lighting.com\/pl\/nasza-oferta\/plafony\/plafon-skala-70-bialy\/\">\n\t\t\t\t\t\t\t<img loading=\"lazy\" decoding=\"async\" width=\"750\" height=\"750\" src=\"https:\/\/sollux-lighting.com\/wp-content\/uploads\/2023\/03\/0811-1-k.jpg\" class=\"attachment-large size-large wp-image-19763\" alt=\"\" srcset=\"https:\/\/sollux-lighting.com\/wp-content\/uploads\/2023\/03\/0811-1-k.jpg 750w, https:\/\/sollux-lighting.com\/wp-content\/uploads\/2023\/03\/0811-1-k-300x300.jpg 300w, https:\/\/sollux-lighting.com\/wp-content\/uploads\/2023\/03\/0811-1-k-150x150.jpg 150w, https:\/\/sollux-lighting.com\/wp-content\/uploads\/2023\/03\/0811-1-k-600x600.jpg 600w, https:\/\/sollux-lighting.com\/wp-content\/uploads\/2023\/03\/0811-1-k-100x100.jpg 100w\" sizes=\"(max-width: 750px) 100vw, 750px\" \/>\t\t\t\t\t\t\t\t<\/a>\n\t\t\t\t\t\t\t\t\t\t\t\t\t\t\t<\/div>\n\t\t\t\t<\/div>\n\t\t\t\t<div class=\"elementor-element elementor-element-7bade7f elementor-widget elementor-widget-heading\" data-id=\"7bade7f\" data-element_type=\"widget\" data-widget_type=\"heading.default\">\n\t\t\t\t<div class=\"elementor-widget-container\">\n\t\t\t\t\t<h2 class=\"elementor-heading-title elementor-size-default\"><a href=\"https:\/\/sollux-lighting.com\/pl\/nasza-oferta\/plafony\/plafon-skala-70-bialy\/\">Plafon SKALA 70 bia\u0142y<\/a><\/h2>\t\t\t\t<\/div>\n\t\t\t\t<\/div>\n\t\t\t\t\t<\/div>\n\t\t\t\t<\/div>\n\t\t\t\t<\/div>\n\t\t<\/div><div class=\"jet-listing-grid__item jet-listing-dynamic-post-19787\" data-post-id=\"19787\"  >\t\t<div data-elementor-type=\"jet-listing-items\" data-elementor-id=\"1560\" class=\"elementor elementor-1560\" data-elementor-post-type=\"jet-engine\">\n\t\t\t\t<div class=\"elementor-element elementor-element-81809e2 e-flex e-con-boxed e-con e-parent\" data-id=\"81809e2\" data-element_type=\"container\" data-settings=\"{&quot;jet_parallax_layout_list&quot;:[]}\">\n\t\t\t\t\t<div class=\"e-con-inner\">\n\t\t\t\t<div class=\"elementor-element elementor-element-5a9dd49 elementor-widget elementor-widget-image\" data-id=\"5a9dd49\" data-element_type=\"widget\" data-widget_type=\"image.default\">\n\t\t\t\t<div class=\"elementor-widget-container\">\n\t\t\t\t\t\t\t\t\t\t\t\t\t\t\t\t<a href=\"https:\/\/sollux-lighting.com\/pl\/nasza-oferta\/plafony\/plafon-skala-70-czarny\/\">\n\t\t\t\t\t\t\t<img loading=\"lazy\" decoding=\"async\" width=\"750\" height=\"750\" src=\"https:\/\/sollux-lighting.com\/wp-content\/uploads\/2023\/03\/0812-1-k.jpg\" class=\"attachment-large size-large wp-image-19788\" alt=\"\" srcset=\"https:\/\/sollux-lighting.com\/wp-content\/uploads\/2023\/03\/0812-1-k.jpg 750w, https:\/\/sollux-lighting.com\/wp-content\/uploads\/2023\/03\/0812-1-k-300x300.jpg 300w, https:\/\/sollux-lighting.com\/wp-content\/uploads\/2023\/03\/0812-1-k-150x150.jpg 150w, https:\/\/sollux-lighting.com\/wp-content\/uploads\/2023\/03\/0812-1-k-600x600.jpg 600w, https:\/\/sollux-lighting.com\/wp-content\/uploads\/2023\/03\/0812-1-k-100x100.jpg 100w\" sizes=\"(max-width: 750px) 100vw, 750px\" \/>\t\t\t\t\t\t\t\t<\/a>\n\t\t\t\t\t\t\t\t\t\t\t\t\t\t\t<\/div>\n\t\t\t\t<\/div>\n\t\t\t\t<div class=\"elementor-element elementor-element-7bade7f elementor-widget elementor-widget-heading\" data-id=\"7bade7f\" data-element_type=\"widget\" data-widget_type=\"heading.default\">\n\t\t\t\t<div class=\"elementor-widget-container\">\n\t\t\t\t\t<h2 class=\"elementor-heading-title elementor-size-default\"><a href=\"https:\/\/sollux-lighting.com\/pl\/nasza-oferta\/plafony\/plafon-skala-70-czarny\/\">Plafon SKALA 70 czarny<\/a><\/h2>\t\t\t\t<\/div>\n\t\t\t\t<\/div>\n\t\t\t\t\t<\/div>\n\t\t\t\t<\/div>\n\t\t\t\t<\/div>\n\t\t<\/div><div class=\"jet-listing-grid__item jet-listing-dynamic-post-19812\" data-post-id=\"19812\"  >\t\t<div data-elementor-type=\"jet-listing-items\" data-elementor-id=\"1560\" class=\"elementor elementor-1560\" data-elementor-post-type=\"jet-engine\">\n\t\t\t\t<div class=\"elementor-element elementor-element-81809e2 e-flex e-con-boxed e-con e-parent\" data-id=\"81809e2\" data-element_type=\"container\" data-settings=\"{&quot;jet_parallax_layout_list&quot;:[]}\">\n\t\t\t\t\t<div class=\"e-con-inner\">\n\t\t\t\t<div class=\"elementor-element elementor-element-5a9dd49 elementor-widget elementor-widget-image\" data-id=\"5a9dd49\" data-element_type=\"widget\" data-widget_type=\"image.default\">\n\t\t\t\t<div class=\"elementor-widget-container\">\n\t\t\t\t\t\t\t\t\t\t\t\t\t\t\t\t<a href=\"https:\/\/sollux-lighting.com\/pl\/nasza-oferta\/plafony\/plafon-skala-80-bialy\/\">\n\t\t\t\t\t\t\t<img loading=\"lazy\" decoding=\"async\" width=\"750\" height=\"750\" src=\"https:\/\/sollux-lighting.com\/wp-content\/uploads\/2023\/03\/0813-1-k.jpg\" class=\"attachment-large size-large wp-image-19813\" alt=\"\" srcset=\"https:\/\/sollux-lighting.com\/wp-content\/uploads\/2023\/03\/0813-1-k.jpg 750w, https:\/\/sollux-lighting.com\/wp-content\/uploads\/2023\/03\/0813-1-k-300x300.jpg 300w, https:\/\/sollux-lighting.com\/wp-content\/uploads\/2023\/03\/0813-1-k-150x150.jpg 150w, https:\/\/sollux-lighting.com\/wp-content\/uploads\/2023\/03\/0813-1-k-600x600.jpg 600w, https:\/\/sollux-lighting.com\/wp-content\/uploads\/2023\/03\/0813-1-k-100x100.jpg 100w\" sizes=\"(max-width: 750px) 100vw, 750px\" \/>\t\t\t\t\t\t\t\t<\/a>\n\t\t\t\t\t\t\t\t\t\t\t\t\t\t\t<\/div>\n\t\t\t\t<\/div>\n\t\t\t\t<div class=\"elementor-element elementor-element-7bade7f elementor-widget elementor-widget-heading\" data-id=\"7bade7f\" data-element_type=\"widget\" data-widget_type=\"heading.default\">\n\t\t\t\t<div class=\"elementor-widget-container\">\n\t\t\t\t\t<h2 class=\"elementor-heading-title elementor-size-default\"><a href=\"https:\/\/sollux-lighting.com\/pl\/nasza-oferta\/plafony\/plafon-skala-80-bialy\/\">Plafon SKALA 80 bia\u0142y<\/a><\/h2>\t\t\t\t<\/div>\n\t\t\t\t<\/div>\n\t\t\t\t\t<\/div>\n\t\t\t\t<\/div>\n\t\t\t\t<\/div>\n\t\t<\/div><div class=\"jet-listing-grid__item jet-listing-dynamic-post-19837\" data-post-id=\"19837\"  >\t\t<div data-elementor-type=\"jet-listing-items\" data-elementor-id=\"1560\" class=\"elementor elementor-1560\" data-elementor-post-type=\"jet-engine\">\n\t\t\t\t<div class=\"elementor-element elementor-element-81809e2 e-flex e-con-boxed e-con e-parent\" data-id=\"81809e2\" data-element_type=\"container\" data-settings=\"{&quot;jet_parallax_layout_list&quot;:[]}\">\n\t\t\t\t\t<div class=\"e-con-inner\">\n\t\t\t\t<div class=\"elementor-element elementor-element-5a9dd49 elementor-widget elementor-widget-image\" data-id=\"5a9dd49\" data-element_type=\"widget\" data-widget_type=\"image.default\">\n\t\t\t\t<div class=\"elementor-widget-container\">\n\t\t\t\t\t\t\t\t\t\t\t\t\t\t\t\t<a href=\"https:\/\/sollux-lighting.com\/pl\/nasza-oferta\/plafony\/plafon-skala-80-czarny\/\">\n\t\t\t\t\t\t\t<img loading=\"lazy\" decoding=\"async\" width=\"750\" height=\"750\" src=\"https:\/\/sollux-lighting.com\/wp-content\/uploads\/2023\/03\/0814-1-k.jpg\" class=\"attachment-large size-large wp-image-19838\" alt=\"\" srcset=\"https:\/\/sollux-lighting.com\/wp-content\/uploads\/2023\/03\/0814-1-k.jpg 750w, https:\/\/sollux-lighting.com\/wp-content\/uploads\/2023\/03\/0814-1-k-300x300.jpg 300w, https:\/\/sollux-lighting.com\/wp-content\/uploads\/2023\/03\/0814-1-k-150x150.jpg 150w, https:\/\/sollux-lighting.com\/wp-content\/uploads\/2023\/03\/0814-1-k-600x600.jpg 600w, https:\/\/sollux-lighting.com\/wp-content\/uploads\/2023\/03\/0814-1-k-100x100.jpg 100w\" sizes=\"(max-width: 750px) 100vw, 750px\" \/>\t\t\t\t\t\t\t\t<\/a>\n\t\t\t\t\t\t\t\t\t\t\t\t\t\t\t<\/div>\n\t\t\t\t<\/div>\n\t\t\t\t<div class=\"elementor-element elementor-element-7bade7f elementor-widget elementor-widget-heading\" data-id=\"7bade7f\" data-element_type=\"widget\" data-widget_type=\"heading.default\">\n\t\t\t\t<div class=\"elementor-widget-container\">\n\t\t\t\t\t<h2 class=\"elementor-heading-title elementor-size-default\"><a href=\"https:\/\/sollux-lighting.com\/pl\/nasza-oferta\/plafony\/plafon-skala-80-czarny\/\">Plafon SKALA 80 czarny<\/a><\/h2>\t\t\t\t<\/div>\n\t\t\t\t<\/div>\n\t\t\t\t\t<\/div>\n\t\t\t\t<\/div>\n\t\t\t\t<\/div>\n\t\t<\/div><div class=\"jet-listing-grid__item jet-listing-dynamic-post-19862\" data-post-id=\"19862\"  >\t\t<div data-elementor-type=\"jet-listing-items\" data-elementor-id=\"1560\" class=\"elementor elementor-1560\" data-elementor-post-type=\"jet-engine\">\n\t\t\t\t<div class=\"elementor-element elementor-element-81809e2 e-flex e-con-boxed e-con e-parent\" data-id=\"81809e2\" data-element_type=\"container\" data-settings=\"{&quot;jet_parallax_layout_list&quot;:[]}\">\n\t\t\t\t\t<div class=\"e-con-inner\">\n\t\t\t\t<div class=\"elementor-element elementor-element-5a9dd49 elementor-widget elementor-widget-image\" data-id=\"5a9dd49\" data-element_type=\"widget\" data-widget_type=\"image.default\">\n\t\t\t\t<div class=\"elementor-widget-container\">\n\t\t\t\t\t\t\t\t\t\t\t\t\t\t\t\t<a href=\"https:\/\/sollux-lighting.com\/pl\/nasza-oferta\/plafony\/plafon-skala-90-bialy\/\">\n\t\t\t\t\t\t\t<img loading=\"lazy\" decoding=\"async\" width=\"750\" height=\"750\" src=\"https:\/\/sollux-lighting.com\/wp-content\/uploads\/2023\/03\/0815-1-k.jpg\" class=\"attachment-large size-large wp-image-19863\" alt=\"\" srcset=\"https:\/\/sollux-lighting.com\/wp-content\/uploads\/2023\/03\/0815-1-k.jpg 750w, https:\/\/sollux-lighting.com\/wp-content\/uploads\/2023\/03\/0815-1-k-300x300.jpg 300w, https:\/\/sollux-lighting.com\/wp-content\/uploads\/2023\/03\/0815-1-k-150x150.jpg 150w, https:\/\/sollux-lighting.com\/wp-content\/uploads\/2023\/03\/0815-1-k-600x600.jpg 600w, https:\/\/sollux-lighting.com\/wp-content\/uploads\/2023\/03\/0815-1-k-100x100.jpg 100w\" sizes=\"(max-width: 750px) 100vw, 750px\" \/>\t\t\t\t\t\t\t\t<\/a>\n\t\t\t\t\t\t\t\t\t\t\t\t\t\t\t<\/div>\n\t\t\t\t<\/div>\n\t\t\t\t<div class=\"elementor-element elementor-element-7bade7f elementor-widget elementor-widget-heading\" data-id=\"7bade7f\" data-element_type=\"widget\" data-widget_type=\"heading.default\">\n\t\t\t\t<div class=\"elementor-widget-container\">\n\t\t\t\t\t<h2 class=\"elementor-heading-title elementor-size-default\"><a href=\"https:\/\/sollux-lighting.com\/pl\/nasza-oferta\/plafony\/plafon-skala-90-bialy\/\">Plafon SKALA 90 bia\u0142y<\/a><\/h2>\t\t\t\t<\/div>\n\t\t\t\t<\/div>\n\t\t\t\t\t<\/div>\n\t\t\t\t<\/div>\n\t\t\t\t<\/div>\n\t\t<\/div><div class=\"jet-listing-grid__item jet-listing-dynamic-post-19887\" data-post-id=\"19887\"  >\t\t<div data-elementor-type=\"jet-listing-items\" data-elementor-id=\"1560\" class=\"elementor elementor-1560\" data-elementor-post-type=\"jet-engine\">\n\t\t\t\t<div class=\"elementor-element elementor-element-81809e2 e-flex e-con-boxed e-con e-parent\" data-id=\"81809e2\" data-element_type=\"container\" data-settings=\"{&quot;jet_parallax_layout_list&quot;:[]}\">\n\t\t\t\t\t<div class=\"e-con-inner\">\n\t\t\t\t<div class=\"elementor-element elementor-element-5a9dd49 elementor-widget elementor-widget-image\" data-id=\"5a9dd49\" data-element_type=\"widget\" data-widget_type=\"image.default\">\n\t\t\t\t<div class=\"elementor-widget-container\">\n\t\t\t\t\t\t\t\t\t\t\t\t\t\t\t\t<a href=\"https:\/\/sollux-lighting.com\/pl\/nasza-oferta\/plafony\/plafon-skala-90-czarny\/\">\n\t\t\t\t\t\t\t<img loading=\"lazy\" decoding=\"async\" width=\"750\" height=\"750\" src=\"https:\/\/sollux-lighting.com\/wp-content\/uploads\/2023\/03\/0816-1-k.jpg\" class=\"attachment-large size-large wp-image-19888\" alt=\"\" srcset=\"https:\/\/sollux-lighting.com\/wp-content\/uploads\/2023\/03\/0816-1-k.jpg 750w, https:\/\/sollux-lighting.com\/wp-content\/uploads\/2023\/03\/0816-1-k-300x300.jpg 300w, https:\/\/sollux-lighting.com\/wp-content\/uploads\/2023\/03\/0816-1-k-150x150.jpg 150w, https:\/\/sollux-lighting.com\/wp-content\/uploads\/2023\/03\/0816-1-k-600x600.jpg 600w, https:\/\/sollux-lighting.com\/wp-content\/uploads\/2023\/03\/0816-1-k-100x100.jpg 100w\" sizes=\"(max-width: 750px) 100vw, 750px\" \/>\t\t\t\t\t\t\t\t<\/a>\n\t\t\t\t\t\t\t\t\t\t\t\t\t\t\t<\/div>\n\t\t\t\t<\/div>\n\t\t\t\t<div class=\"elementor-element elementor-element-7bade7f elementor-widget elementor-widget-heading\" data-id=\"7bade7f\" data-element_type=\"widget\" data-widget_type=\"heading.default\">\n\t\t\t\t<div class=\"elementor-widget-container\">\n\t\t\t\t\t<h2 class=\"elementor-heading-title elementor-size-default\"><a href=\"https:\/\/sollux-lighting.com\/pl\/nasza-oferta\/plafony\/plafon-skala-90-czarny\/\">Plafon SKALA 90 czarny<\/a><\/h2>\t\t\t\t<\/div>\n\t\t\t\t<\/div>\n\t\t\t\t\t<\/div>\n\t\t\t\t<\/div>\n\t\t\t\t<\/div>\n\t\t<\/div><div class=\"jet-listing-grid__item jet-listing-dynamic-post-19912\" data-post-id=\"19912\"  >\t\t<div data-elementor-type=\"jet-listing-items\" data-elementor-id=\"1560\" class=\"elementor elementor-1560\" data-elementor-post-type=\"jet-engine\">\n\t\t\t\t<div class=\"elementor-element elementor-element-81809e2 e-flex e-con-boxed e-con e-parent\" data-id=\"81809e2\" data-element_type=\"container\" data-settings=\"{&quot;jet_parallax_layout_list&quot;:[]}\">\n\t\t\t\t\t<div class=\"e-con-inner\">\n\t\t\t\t<div class=\"elementor-element elementor-element-5a9dd49 elementor-widget elementor-widget-image\" data-id=\"5a9dd49\" data-element_type=\"widget\" data-widget_type=\"image.default\">\n\t\t\t\t<div class=\"elementor-widget-container\">\n\t\t\t\t\t\t\t\t\t\t\t\t\t\t\t\t<a href=\"https:\/\/sollux-lighting.com\/pl\/nasza-oferta\/plafony\/plafon-skala-100-bialy\/\">\n\t\t\t\t\t\t\t<img loading=\"lazy\" decoding=\"async\" width=\"750\" height=\"750\" src=\"https:\/\/sollux-lighting.com\/wp-content\/uploads\/2023\/03\/0817-1-k.jpg\" class=\"attachment-large size-large wp-image-19913\" alt=\"\" srcset=\"https:\/\/sollux-lighting.com\/wp-content\/uploads\/2023\/03\/0817-1-k.jpg 750w, https:\/\/sollux-lighting.com\/wp-content\/uploads\/2023\/03\/0817-1-k-300x300.jpg 300w, https:\/\/sollux-lighting.com\/wp-content\/uploads\/2023\/03\/0817-1-k-150x150.jpg 150w, https:\/\/sollux-lighting.com\/wp-content\/uploads\/2023\/03\/0817-1-k-600x600.jpg 600w, https:\/\/sollux-lighting.com\/wp-content\/uploads\/2023\/03\/0817-1-k-100x100.jpg 100w\" sizes=\"(max-width: 750px) 100vw, 750px\" \/>\t\t\t\t\t\t\t\t<\/a>\n\t\t\t\t\t\t\t\t\t\t\t\t\t\t\t<\/div>\n\t\t\t\t<\/div>\n\t\t\t\t<div class=\"elementor-element elementor-element-7bade7f elementor-widget elementor-widget-heading\" data-id=\"7bade7f\" data-element_type=\"widget\" data-widget_type=\"heading.default\">\n\t\t\t\t<div class=\"elementor-widget-container\">\n\t\t\t\t\t<h2 class=\"elementor-heading-title elementor-size-default\"><a href=\"https:\/\/sollux-lighting.com\/pl\/nasza-oferta\/plafony\/plafon-skala-100-bialy\/\">Plafon SKALA 100 bia\u0142y<\/a><\/h2>\t\t\t\t<\/div>\n\t\t\t\t<\/div>\n\t\t\t\t\t<\/div>\n\t\t\t\t<\/div>\n\t\t\t\t<\/div>\n\t\t<\/div><div class=\"jet-listing-grid__item jet-listing-dynamic-post-19537\" data-post-id=\"19537\"  >\t\t<div data-elementor-type=\"jet-listing-items\" data-elementor-id=\"1560\" class=\"elementor elementor-1560\" data-elementor-post-type=\"jet-engine\">\n\t\t\t\t<div class=\"elementor-element elementor-element-81809e2 e-flex e-con-boxed e-con e-parent\" data-id=\"81809e2\" data-element_type=\"container\" data-settings=\"{&quot;jet_parallax_layout_list&quot;:[]}\">\n\t\t\t\t\t<div class=\"e-con-inner\">\n\t\t\t\t<div class=\"elementor-element elementor-element-5a9dd49 elementor-widget elementor-widget-image\" data-id=\"5a9dd49\" data-element_type=\"widget\" data-widget_type=\"image.default\">\n\t\t\t\t<div class=\"elementor-widget-container\">\n\t\t\t\t\t\t\t\t\t\t\t\t\t\t\t\t<a href=\"https:\/\/sollux-lighting.com\/pl\/nasza-oferta\/zyrandole\/zyrandol-skala-70-czarny\/\">\n\t\t\t\t\t\t\t<img loading=\"lazy\" decoding=\"async\" width=\"750\" height=\"750\" src=\"https:\/\/sollux-lighting.com\/wp-content\/uploads\/2023\/03\/0802-1-k.jpg\" class=\"attachment-large size-large wp-image-19538\" alt=\"\" srcset=\"https:\/\/sollux-lighting.com\/wp-content\/uploads\/2023\/03\/0802-1-k.jpg 750w, https:\/\/sollux-lighting.com\/wp-content\/uploads\/2023\/03\/0802-1-k-300x300.jpg 300w, https:\/\/sollux-lighting.com\/wp-content\/uploads\/2023\/03\/0802-1-k-150x150.jpg 150w, https:\/\/sollux-lighting.com\/wp-content\/uploads\/2023\/03\/0802-1-k-600x600.jpg 600w, https:\/\/sollux-lighting.com\/wp-content\/uploads\/2023\/03\/0802-1-k-100x100.jpg 100w\" sizes=\"(max-width: 750px) 100vw, 750px\" \/>\t\t\t\t\t\t\t\t<\/a>\n\t\t\t\t\t\t\t\t\t\t\t\t\t\t\t<\/div>\n\t\t\t\t<\/div>\n\t\t\t\t<div class=\"elementor-element elementor-element-7bade7f elementor-widget elementor-widget-heading\" data-id=\"7bade7f\" data-element_type=\"widget\" data-widget_type=\"heading.default\">\n\t\t\t\t<div class=\"elementor-widget-container\">\n\t\t\t\t\t<h2 class=\"elementor-heading-title elementor-size-default\"><a href=\"https:\/\/sollux-lighting.com\/pl\/nasza-oferta\/zyrandole\/zyrandol-skala-70-czarny\/\">\u017byrandol SKALA 70 czarny<\/a><\/h2>\t\t\t\t<\/div>\n\t\t\t\t<\/div>\n\t\t\t\t\t<\/div>\n\t\t\t\t<\/div>\n\t\t\t\t<\/div>\n\t\t<\/div><div class=\"jet-listing-grid__item jet-listing-dynamic-post-19937\" data-post-id=\"19937\"  >\t\t<div data-elementor-type=\"jet-listing-items\" data-elementor-id=\"1560\" class=\"elementor elementor-1560\" data-elementor-post-type=\"jet-engine\">\n\t\t\t\t<div class=\"elementor-element elementor-element-81809e2 e-flex e-con-boxed e-con e-parent\" data-id=\"81809e2\" data-element_type=\"container\" data-settings=\"{&quot;jet_parallax_layout_list&quot;:[]}\">\n\t\t\t\t\t<div class=\"e-con-inner\">\n\t\t\t\t<div class=\"elementor-element elementor-element-5a9dd49 elementor-widget elementor-widget-image\" data-id=\"5a9dd49\" data-element_type=\"widget\" data-widget_type=\"image.default\">\n\t\t\t\t<div class=\"elementor-widget-container\">\n\t\t\t\t\t\t\t\t\t\t\t\t\t\t\t\t<a href=\"https:\/\/sollux-lighting.com\/pl\/nasza-oferta\/plafony\/plafon-skala-100-czarny\/\">\n\t\t\t\t\t\t\t<img loading=\"lazy\" decoding=\"async\" width=\"750\" height=\"750\" src=\"https:\/\/sollux-lighting.com\/wp-content\/uploads\/2023\/03\/0818-1-k.jpg\" class=\"attachment-large size-large wp-image-19938\" alt=\"\" srcset=\"https:\/\/sollux-lighting.com\/wp-content\/uploads\/2023\/03\/0818-1-k.jpg 750w, https:\/\/sollux-lighting.com\/wp-content\/uploads\/2023\/03\/0818-1-k-300x300.jpg 300w, https:\/\/sollux-lighting.com\/wp-content\/uploads\/2023\/03\/0818-1-k-150x150.jpg 150w, https:\/\/sollux-lighting.com\/wp-content\/uploads\/2023\/03\/0818-1-k-600x600.jpg 600w, https:\/\/sollux-lighting.com\/wp-content\/uploads\/2023\/03\/0818-1-k-100x100.jpg 100w\" sizes=\"(max-width: 750px) 100vw, 750px\" \/>\t\t\t\t\t\t\t\t<\/a>\n\t\t\t\t\t\t\t\t\t\t\t\t\t\t\t<\/div>\n\t\t\t\t<\/div>\n\t\t\t\t<div class=\"elementor-element elementor-element-7bade7f elementor-widget elementor-widget-heading\" data-id=\"7bade7f\" data-element_type=\"widget\" data-widget_type=\"heading.default\">\n\t\t\t\t<div class=\"elementor-widget-container\">\n\t\t\t\t\t<h2 class=\"elementor-heading-title elementor-size-default\"><a href=\"https:\/\/sollux-lighting.com\/pl\/nasza-oferta\/plafony\/plafon-skala-100-czarny\/\">Plafon SKALA 100 czarny<\/a><\/h2>\t\t\t\t<\/div>\n\t\t\t\t<\/div>\n\t\t\t\t\t<\/div>\n\t\t\t\t<\/div>\n\t\t\t\t<\/div>\n\t\t<\/div><div class=\"jet-listing-grid__item jet-listing-dynamic-post-19562\" data-post-id=\"19562\"  >\t\t<div data-elementor-type=\"jet-listing-items\" data-elementor-id=\"1560\" class=\"elementor elementor-1560\" data-elementor-post-type=\"jet-engine\">\n\t\t\t\t<div class=\"elementor-element elementor-element-81809e2 e-flex e-con-boxed e-con e-parent\" data-id=\"81809e2\" data-element_type=\"container\" data-settings=\"{&quot;jet_parallax_layout_list&quot;:[]}\">\n\t\t\t\t\t<div class=\"e-con-inner\">\n\t\t\t\t<div class=\"elementor-element elementor-element-5a9dd49 elementor-widget elementor-widget-image\" data-id=\"5a9dd49\" data-element_type=\"widget\" data-widget_type=\"image.default\">\n\t\t\t\t<div class=\"elementor-widget-container\">\n\t\t\t\t\t\t\t\t\t\t\t\t\t\t\t\t<a href=\"https:\/\/sollux-lighting.com\/pl\/nasza-oferta\/zyrandole\/zyrandol-skala-80-bialy\/\">\n\t\t\t\t\t\t\t<img loading=\"lazy\" decoding=\"async\" width=\"750\" height=\"327\" src=\"https:\/\/sollux-lighting.com\/wp-content\/uploads\/2023\/03\/0803-1-k.jpg\" class=\"attachment-large size-large wp-image-19563\" alt=\"\" srcset=\"https:\/\/sollux-lighting.com\/wp-content\/uploads\/2023\/03\/0803-1-k.jpg 750w, https:\/\/sollux-lighting.com\/wp-content\/uploads\/2023\/03\/0803-1-k-300x131.jpg 300w\" sizes=\"(max-width: 750px) 100vw, 750px\" \/>\t\t\t\t\t\t\t\t<\/a>\n\t\t\t\t\t\t\t\t\t\t\t\t\t\t\t<\/div>\n\t\t\t\t<\/div>\n\t\t\t\t<div class=\"elementor-element elementor-element-7bade7f elementor-widget elementor-widget-heading\" data-id=\"7bade7f\" data-element_type=\"widget\" data-widget_type=\"heading.default\">\n\t\t\t\t<div class=\"elementor-widget-container\">\n\t\t\t\t\t<h2 class=\"elementor-heading-title elementor-size-default\"><a href=\"https:\/\/sollux-lighting.com\/pl\/nasza-oferta\/zyrandole\/zyrandol-skala-80-bialy\/\">\u017byrandol SKALA 80 bia\u0142y<\/a><\/h2>\t\t\t\t<\/div>\n\t\t\t\t<\/div>\n\t\t\t\t\t<\/div>\n\t\t\t\t<\/div>\n\t\t\t\t<\/div>\n\t\t<\/div><div class=\"jet-listing-grid__item jet-listing-dynamic-post-19962\" data-post-id=\"19962\"  >\t\t<div data-elementor-type=\"jet-listing-items\" data-elementor-id=\"1560\" class=\"elementor elementor-1560\" data-elementor-post-type=\"jet-engine\">\n\t\t\t\t<div class=\"elementor-element elementor-element-81809e2 e-flex e-con-boxed e-con e-parent\" data-id=\"81809e2\" data-element_type=\"container\" data-settings=\"{&quot;jet_parallax_layout_list&quot;:[]}\">\n\t\t\t\t\t<div class=\"e-con-inner\">\n\t\t\t\t<div class=\"elementor-element elementor-element-5a9dd49 elementor-widget elementor-widget-image\" data-id=\"5a9dd49\" data-element_type=\"widget\" data-widget_type=\"image.default\">\n\t\t\t\t<div class=\"elementor-widget-container\">\n\t\t\t\t\t\t\t\t\t\t\t\t\t\t\t\t<a href=\"https:\/\/sollux-lighting.com\/pl\/nasza-oferta\/zyrandole\/zyrandol-vega-70-bialy\/\">\n\t\t\t\t\t\t\t<img loading=\"lazy\" decoding=\"async\" width=\"750\" height=\"750\" src=\"https:\/\/sollux-lighting.com\/wp-content\/uploads\/2023\/03\/0819-1-k.jpg\" class=\"attachment-large size-large wp-image-19963\" alt=\"\" srcset=\"https:\/\/sollux-lighting.com\/wp-content\/uploads\/2023\/03\/0819-1-k.jpg 750w, https:\/\/sollux-lighting.com\/wp-content\/uploads\/2023\/03\/0819-1-k-300x300.jpg 300w, https:\/\/sollux-lighting.com\/wp-content\/uploads\/2023\/03\/0819-1-k-150x150.jpg 150w, https:\/\/sollux-lighting.com\/wp-content\/uploads\/2023\/03\/0819-1-k-600x600.jpg 600w, https:\/\/sollux-lighting.com\/wp-content\/uploads\/2023\/03\/0819-1-k-100x100.jpg 100w\" sizes=\"(max-width: 750px) 100vw, 750px\" \/>\t\t\t\t\t\t\t\t<\/a>\n\t\t\t\t\t\t\t\t\t\t\t\t\t\t\t<\/div>\n\t\t\t\t<\/div>\n\t\t\t\t<div class=\"elementor-element elementor-element-7bade7f elementor-widget elementor-widget-heading\" data-id=\"7bade7f\" data-element_type=\"widget\" data-widget_type=\"heading.default\">\n\t\t\t\t<div class=\"elementor-widget-container\">\n\t\t\t\t\t<h2 class=\"elementor-heading-title elementor-size-default\"><a href=\"https:\/\/sollux-lighting.com\/pl\/nasza-oferta\/zyrandole\/zyrandol-vega-70-bialy\/\">\u017byrandol VEGA 70 bia\u0142y<\/a><\/h2>\t\t\t\t<\/div>\n\t\t\t\t<\/div>\n\t\t\t\t\t<\/div>\n\t\t\t\t<\/div>\n\t\t\t\t<\/div>\n\t\t<\/div><div class=\"jet-listing-grid__item jet-listing-dynamic-post-19587\" data-post-id=\"19587\"  >\t\t<div data-elementor-type=\"jet-listing-items\" data-elementor-id=\"1560\" class=\"elementor elementor-1560\" data-elementor-post-type=\"jet-engine\">\n\t\t\t\t<div class=\"elementor-element elementor-element-81809e2 e-flex e-con-boxed e-con e-parent\" data-id=\"81809e2\" data-element_type=\"container\" data-settings=\"{&quot;jet_parallax_layout_list&quot;:[]}\">\n\t\t\t\t\t<div class=\"e-con-inner\">\n\t\t\t\t<div class=\"elementor-element elementor-element-5a9dd49 elementor-widget elementor-widget-image\" data-id=\"5a9dd49\" data-element_type=\"widget\" data-widget_type=\"image.default\">\n\t\t\t\t<div class=\"elementor-widget-container\">\n\t\t\t\t\t\t\t\t\t\t\t\t\t\t\t\t<a href=\"https:\/\/sollux-lighting.com\/pl\/nasza-oferta\/zyrandole\/zyrandol-skala-80-czarny\/\">\n\t\t\t\t\t\t\t<img loading=\"lazy\" decoding=\"async\" width=\"750\" height=\"327\" src=\"https:\/\/sollux-lighting.com\/wp-content\/uploads\/2023\/03\/0804-1-k.jpg\" class=\"attachment-large size-large wp-image-19588\" alt=\"\" srcset=\"https:\/\/sollux-lighting.com\/wp-content\/uploads\/2023\/03\/0804-1-k.jpg 750w, https:\/\/sollux-lighting.com\/wp-content\/uploads\/2023\/03\/0804-1-k-300x131.jpg 300w\" sizes=\"(max-width: 750px) 100vw, 750px\" \/>\t\t\t\t\t\t\t\t<\/a>\n\t\t\t\t\t\t\t\t\t\t\t\t\t\t\t<\/div>\n\t\t\t\t<\/div>\n\t\t\t\t<div class=\"elementor-element elementor-element-7bade7f elementor-widget elementor-widget-heading\" data-id=\"7bade7f\" data-element_type=\"widget\" data-widget_type=\"heading.default\">\n\t\t\t\t<div class=\"elementor-widget-container\">\n\t\t\t\t\t<h2 class=\"elementor-heading-title elementor-size-default\"><a href=\"https:\/\/sollux-lighting.com\/pl\/nasza-oferta\/zyrandole\/zyrandol-skala-80-czarny\/\">\u017byrandol SKALA 80 czarny<\/a><\/h2>\t\t\t\t<\/div>\n\t\t\t\t<\/div>\n\t\t\t\t\t<\/div>\n\t\t\t\t<\/div>\n\t\t\t\t<\/div>\n\t\t<\/div><div class=\"jet-listing-grid__item jet-listing-dynamic-post-19987\" data-post-id=\"19987\"  >\t\t<div data-elementor-type=\"jet-listing-items\" data-elementor-id=\"1560\" class=\"elementor elementor-1560\" data-elementor-post-type=\"jet-engine\">\n\t\t\t\t<div class=\"elementor-element elementor-element-81809e2 e-flex e-con-boxed e-con e-parent\" data-id=\"81809e2\" data-element_type=\"container\" data-settings=\"{&quot;jet_parallax_layout_list&quot;:[]}\">\n\t\t\t\t\t<div class=\"e-con-inner\">\n\t\t\t\t<div class=\"elementor-element elementor-element-5a9dd49 elementor-widget elementor-widget-image\" data-id=\"5a9dd49\" data-element_type=\"widget\" data-widget_type=\"image.default\">\n\t\t\t\t<div class=\"elementor-widget-container\">\n\t\t\t\t\t\t\t\t\t\t\t\t\t\t\t\t<a href=\"https:\/\/sollux-lighting.com\/pl\/nasza-oferta\/zyrandole\/zyrandol-vega-70-czarny\/\">\n\t\t\t\t\t\t\t<img loading=\"lazy\" decoding=\"async\" width=\"750\" height=\"750\" src=\"https:\/\/sollux-lighting.com\/wp-content\/uploads\/2023\/03\/0820-1-k.jpg\" class=\"attachment-large size-large wp-image-19988\" alt=\"\" srcset=\"https:\/\/sollux-lighting.com\/wp-content\/uploads\/2023\/03\/0820-1-k.jpg 750w, https:\/\/sollux-lighting.com\/wp-content\/uploads\/2023\/03\/0820-1-k-300x300.jpg 300w, https:\/\/sollux-lighting.com\/wp-content\/uploads\/2023\/03\/0820-1-k-150x150.jpg 150w, https:\/\/sollux-lighting.com\/wp-content\/uploads\/2023\/03\/0820-1-k-600x600.jpg 600w, https:\/\/sollux-lighting.com\/wp-content\/uploads\/2023\/03\/0820-1-k-100x100.jpg 100w\" sizes=\"(max-width: 750px) 100vw, 750px\" \/>\t\t\t\t\t\t\t\t<\/a>\n\t\t\t\t\t\t\t\t\t\t\t\t\t\t\t<\/div>\n\t\t\t\t<\/div>\n\t\t\t\t<div class=\"elementor-element elementor-element-7bade7f elementor-widget elementor-widget-heading\" data-id=\"7bade7f\" data-element_type=\"widget\" data-widget_type=\"heading.default\">\n\t\t\t\t<div class=\"elementor-widget-container\">\n\t\t\t\t\t<h2 class=\"elementor-heading-title elementor-size-default\"><a href=\"https:\/\/sollux-lighting.com\/pl\/nasza-oferta\/zyrandole\/zyrandol-vega-70-czarny\/\">\u017byrandol VEGA 70 czarny<\/a><\/h2>\t\t\t\t<\/div>\n\t\t\t\t<\/div>\n\t\t\t\t\t<\/div>\n\t\t\t\t<\/div>\n\t\t\t\t<\/div>\n\t\t<\/div><div class=\"jet-listing-grid__item jet-listing-dynamic-post-19212\" data-post-id=\"19212\"  >\t\t<div data-elementor-type=\"jet-listing-items\" data-elementor-id=\"1560\" class=\"elementor elementor-1560\" data-elementor-post-type=\"jet-engine\">\n\t\t\t\t<div class=\"elementor-element elementor-element-81809e2 e-flex e-con-boxed e-con e-parent\" data-id=\"81809e2\" data-element_type=\"container\" data-settings=\"{&quot;jet_parallax_layout_list&quot;:[]}\">\n\t\t\t\t\t<div class=\"e-con-inner\">\n\t\t\t\t<div class=\"elementor-element elementor-element-5a9dd49 elementor-widget elementor-widget-image\" data-id=\"5a9dd49\" data-element_type=\"widget\" data-widget_type=\"image.default\">\n\t\t\t\t<div class=\"elementor-widget-container\">\n\t\t\t\t\t\t\t\t\t\t\t\t\t\t\t\t<a href=\"https:\/\/sollux-lighting.com\/pl\/nasza-oferta\/zyrandole\/zyrandol-otto-70-bialy\/\">\n\t\t\t\t\t\t\t<img loading=\"lazy\" decoding=\"async\" width=\"750\" height=\"750\" src=\"https:\/\/sollux-lighting.com\/wp-content\/uploads\/2023\/03\/0789-1-k.jpg\" class=\"attachment-large size-large wp-image-19213\" alt=\"\" srcset=\"https:\/\/sollux-lighting.com\/wp-content\/uploads\/2023\/03\/0789-1-k.jpg 750w, https:\/\/sollux-lighting.com\/wp-content\/uploads\/2023\/03\/0789-1-k-300x300.jpg 300w, https:\/\/sollux-lighting.com\/wp-content\/uploads\/2023\/03\/0789-1-k-150x150.jpg 150w, https:\/\/sollux-lighting.com\/wp-content\/uploads\/2023\/03\/0789-1-k-600x600.jpg 600w, https:\/\/sollux-lighting.com\/wp-content\/uploads\/2023\/03\/0789-1-k-100x100.jpg 100w\" sizes=\"(max-width: 750px) 100vw, 750px\" \/>\t\t\t\t\t\t\t\t<\/a>\n\t\t\t\t\t\t\t\t\t\t\t\t\t\t\t<\/div>\n\t\t\t\t<\/div>\n\t\t\t\t<div class=\"elementor-element elementor-element-7bade7f elementor-widget elementor-widget-heading\" data-id=\"7bade7f\" data-element_type=\"widget\" data-widget_type=\"heading.default\">\n\t\t\t\t<div class=\"elementor-widget-container\">\n\t\t\t\t\t<h2 class=\"elementor-heading-title elementor-size-default\"><a href=\"https:\/\/sollux-lighting.com\/pl\/nasza-oferta\/zyrandole\/zyrandol-otto-70-bialy\/\">\u017byrandol OTTO 70 bia\u0142y<\/a><\/h2>\t\t\t\t<\/div>\n\t\t\t\t<\/div>\n\t\t\t\t\t<\/div>\n\t\t\t\t<\/div>\n\t\t\t\t<\/div>\n\t\t<\/div><div class=\"jet-listing-grid__item jet-listing-dynamic-post-19237\" data-post-id=\"19237\"  >\t\t<div data-elementor-type=\"jet-listing-items\" data-elementor-id=\"1560\" class=\"elementor elementor-1560\" data-elementor-post-type=\"jet-engine\">\n\t\t\t\t<div class=\"elementor-element elementor-element-81809e2 e-flex e-con-boxed e-con e-parent\" data-id=\"81809e2\" data-element_type=\"container\" data-settings=\"{&quot;jet_parallax_layout_list&quot;:[]}\">\n\t\t\t\t\t<div class=\"e-con-inner\">\n\t\t\t\t<div class=\"elementor-element elementor-element-5a9dd49 elementor-widget elementor-widget-image\" data-id=\"5a9dd49\" data-element_type=\"widget\" data-widget_type=\"image.default\">\n\t\t\t\t<div class=\"elementor-widget-container\">\n\t\t\t\t\t\t\t\t\t\t\t\t\t\t\t\t<a href=\"https:\/\/sollux-lighting.com\/pl\/nasza-oferta\/zyrandole\/zyrandol-otto-70-czarny\/\">\n\t\t\t\t\t\t\t<img loading=\"lazy\" decoding=\"async\" width=\"750\" height=\"750\" src=\"https:\/\/sollux-lighting.com\/wp-content\/uploads\/2023\/03\/0790-1-k.jpg\" class=\"attachment-large size-large wp-image-19238\" alt=\"\" srcset=\"https:\/\/sollux-lighting.com\/wp-content\/uploads\/2023\/03\/0790-1-k.jpg 750w, https:\/\/sollux-lighting.com\/wp-content\/uploads\/2023\/03\/0790-1-k-300x300.jpg 300w, https:\/\/sollux-lighting.com\/wp-content\/uploads\/2023\/03\/0790-1-k-150x150.jpg 150w, https:\/\/sollux-lighting.com\/wp-content\/uploads\/2023\/03\/0790-1-k-600x600.jpg 600w, https:\/\/sollux-lighting.com\/wp-content\/uploads\/2023\/03\/0790-1-k-100x100.jpg 100w\" sizes=\"(max-width: 750px) 100vw, 750px\" \/>\t\t\t\t\t\t\t\t<\/a>\n\t\t\t\t\t\t\t\t\t\t\t\t\t\t\t<\/div>\n\t\t\t\t<\/div>\n\t\t\t\t<div class=\"elementor-element elementor-element-7bade7f elementor-widget elementor-widget-heading\" data-id=\"7bade7f\" data-element_type=\"widget\" data-widget_type=\"heading.default\">\n\t\t\t\t<div class=\"elementor-widget-container\">\n\t\t\t\t\t<h2 class=\"elementor-heading-title elementor-size-default\"><a href=\"https:\/\/sollux-lighting.com\/pl\/nasza-oferta\/zyrandole\/zyrandol-otto-70-czarny\/\">\u017byrandol OTTO 70 czarny<\/a><\/h2>\t\t\t\t<\/div>\n\t\t\t\t<\/div>\n\t\t\t\t\t<\/div>\n\t\t\t\t<\/div>\n\t\t\t\t<\/div>\n\t\t<\/div><div class=\"jet-listing-grid__item jet-listing-dynamic-post-19262\" data-post-id=\"19262\"  >\t\t<div data-elementor-type=\"jet-listing-items\" data-elementor-id=\"1560\" class=\"elementor elementor-1560\" data-elementor-post-type=\"jet-engine\">\n\t\t\t\t<div class=\"elementor-element elementor-element-81809e2 e-flex e-con-boxed e-con e-parent\" data-id=\"81809e2\" data-element_type=\"container\" data-settings=\"{&quot;jet_parallax_layout_list&quot;:[]}\">\n\t\t\t\t\t<div class=\"e-con-inner\">\n\t\t\t\t<div class=\"elementor-element elementor-element-5a9dd49 elementor-widget elementor-widget-image\" data-id=\"5a9dd49\" data-element_type=\"widget\" data-widget_type=\"image.default\">\n\t\t\t\t<div class=\"elementor-widget-container\">\n\t\t\t\t\t\t\t\t\t\t\t\t\t\t\t\t<a href=\"https:\/\/sollux-lighting.com\/pl\/nasza-oferta\/plafony\/plafon-otto-60-bialy\/\">\n\t\t\t\t\t\t\t<img loading=\"lazy\" decoding=\"async\" width=\"750\" height=\"750\" src=\"https:\/\/sollux-lighting.com\/wp-content\/uploads\/2023\/03\/0791-1-k.jpg\" class=\"attachment-large size-large wp-image-19263\" alt=\"\" srcset=\"https:\/\/sollux-lighting.com\/wp-content\/uploads\/2023\/03\/0791-1-k.jpg 750w, https:\/\/sollux-lighting.com\/wp-content\/uploads\/2023\/03\/0791-1-k-300x300.jpg 300w, https:\/\/sollux-lighting.com\/wp-content\/uploads\/2023\/03\/0791-1-k-150x150.jpg 150w, https:\/\/sollux-lighting.com\/wp-content\/uploads\/2023\/03\/0791-1-k-600x600.jpg 600w, https:\/\/sollux-lighting.com\/wp-content\/uploads\/2023\/03\/0791-1-k-100x100.jpg 100w\" sizes=\"(max-width: 750px) 100vw, 750px\" \/>\t\t\t\t\t\t\t\t<\/a>\n\t\t\t\t\t\t\t\t\t\t\t\t\t\t\t<\/div>\n\t\t\t\t<\/div>\n\t\t\t\t<div class=\"elementor-element elementor-element-7bade7f elementor-widget elementor-widget-heading\" data-id=\"7bade7f\" data-element_type=\"widget\" data-widget_type=\"heading.default\">\n\t\t\t\t<div class=\"elementor-widget-container\">\n\t\t\t\t\t<h2 class=\"elementor-heading-title elementor-size-default\"><a href=\"https:\/\/sollux-lighting.com\/pl\/nasza-oferta\/plafony\/plafon-otto-60-bialy\/\">Plafon OTTO 60 bia\u0142y<\/a><\/h2>\t\t\t\t<\/div>\n\t\t\t\t<\/div>\n\t\t\t\t\t<\/div>\n\t\t\t\t<\/div>\n\t\t\t\t<\/div>\n\t\t<\/div><div class=\"jet-listing-grid__item jet-listing-dynamic-post-19287\" data-post-id=\"19287\"  >\t\t<div data-elementor-type=\"jet-listing-items\" data-elementor-id=\"1560\" class=\"elementor elementor-1560\" data-elementor-post-type=\"jet-engine\">\n\t\t\t\t<div class=\"elementor-element elementor-element-81809e2 e-flex e-con-boxed e-con e-parent\" data-id=\"81809e2\" data-element_type=\"container\" data-settings=\"{&quot;jet_parallax_layout_list&quot;:[]}\">\n\t\t\t\t\t<div class=\"e-con-inner\">\n\t\t\t\t<div class=\"elementor-element elementor-element-5a9dd49 elementor-widget elementor-widget-image\" data-id=\"5a9dd49\" data-element_type=\"widget\" data-widget_type=\"image.default\">\n\t\t\t\t<div class=\"elementor-widget-container\">\n\t\t\t\t\t\t\t\t\t\t\t\t\t\t\t\t<a href=\"https:\/\/sollux-lighting.com\/pl\/nasza-oferta\/plafony\/plafon-otto-60-czarny\/\">\n\t\t\t\t\t\t\t<img loading=\"lazy\" decoding=\"async\" width=\"750\" height=\"750\" src=\"https:\/\/sollux-lighting.com\/wp-content\/uploads\/2023\/03\/0792-1-k.jpg\" class=\"attachment-large size-large wp-image-19288\" alt=\"\" srcset=\"https:\/\/sollux-lighting.com\/wp-content\/uploads\/2023\/03\/0792-1-k.jpg 750w, https:\/\/sollux-lighting.com\/wp-content\/uploads\/2023\/03\/0792-1-k-300x300.jpg 300w, https:\/\/sollux-lighting.com\/wp-content\/uploads\/2023\/03\/0792-1-k-150x150.jpg 150w, https:\/\/sollux-lighting.com\/wp-content\/uploads\/2023\/03\/0792-1-k-600x600.jpg 600w, https:\/\/sollux-lighting.com\/wp-content\/uploads\/2023\/03\/0792-1-k-100x100.jpg 100w\" sizes=\"(max-width: 750px) 100vw, 750px\" \/>\t\t\t\t\t\t\t\t<\/a>\n\t\t\t\t\t\t\t\t\t\t\t\t\t\t\t<\/div>\n\t\t\t\t<\/div>\n\t\t\t\t<div class=\"elementor-element elementor-element-7bade7f elementor-widget elementor-widget-heading\" data-id=\"7bade7f\" data-element_type=\"widget\" data-widget_type=\"heading.default\">\n\t\t\t\t<div class=\"elementor-widget-container\">\n\t\t\t\t\t<h2 class=\"elementor-heading-title elementor-size-default\"><a href=\"https:\/\/sollux-lighting.com\/pl\/nasza-oferta\/plafony\/plafon-otto-60-czarny\/\">Plafon OTTO 60 czarny<\/a><\/h2>\t\t\t\t<\/div>\n\t\t\t\t<\/div>\n\t\t\t\t\t<\/div>\n\t\t\t\t<\/div>\n\t\t\t\t<\/div>\n\t\t<\/div><div class=\"jet-listing-grid__item jet-listing-dynamic-post-19312\" data-post-id=\"19312\"  >\t\t<div data-elementor-type=\"jet-listing-items\" data-elementor-id=\"1560\" class=\"elementor elementor-1560\" data-elementor-post-type=\"jet-engine\">\n\t\t\t\t<div class=\"elementor-element elementor-element-81809e2 e-flex e-con-boxed e-con e-parent\" data-id=\"81809e2\" data-element_type=\"container\" data-settings=\"{&quot;jet_parallax_layout_list&quot;:[]}\">\n\t\t\t\t\t<div class=\"e-con-inner\">\n\t\t\t\t<div class=\"elementor-element elementor-element-5a9dd49 elementor-widget elementor-widget-image\" data-id=\"5a9dd49\" data-element_type=\"widget\" data-widget_type=\"image.default\">\n\t\t\t\t<div class=\"elementor-widget-container\">\n\t\t\t\t\t\t\t\t\t\t\t\t\t\t\t\t<a href=\"https:\/\/sollux-lighting.com\/pl\/nasza-oferta\/plafony\/plafon-otto-70-bialy\/\">\n\t\t\t\t\t\t\t<img loading=\"lazy\" decoding=\"async\" width=\"750\" height=\"750\" src=\"https:\/\/sollux-lighting.com\/wp-content\/uploads\/2023\/03\/0793-1-k.jpg\" class=\"attachment-large size-large wp-image-19313\" alt=\"\" srcset=\"https:\/\/sollux-lighting.com\/wp-content\/uploads\/2023\/03\/0793-1-k.jpg 750w, https:\/\/sollux-lighting.com\/wp-content\/uploads\/2023\/03\/0793-1-k-300x300.jpg 300w, https:\/\/sollux-lighting.com\/wp-content\/uploads\/2023\/03\/0793-1-k-150x150.jpg 150w, https:\/\/sollux-lighting.com\/wp-content\/uploads\/2023\/03\/0793-1-k-600x600.jpg 600w, https:\/\/sollux-lighting.com\/wp-content\/uploads\/2023\/03\/0793-1-k-100x100.jpg 100w\" sizes=\"(max-width: 750px) 100vw, 750px\" \/>\t\t\t\t\t\t\t\t<\/a>\n\t\t\t\t\t\t\t\t\t\t\t\t\t\t\t<\/div>\n\t\t\t\t<\/div>\n\t\t\t\t<div class=\"elementor-element elementor-element-7bade7f elementor-widget elementor-widget-heading\" data-id=\"7bade7f\" data-element_type=\"widget\" data-widget_type=\"heading.default\">\n\t\t\t\t<div class=\"elementor-widget-container\">\n\t\t\t\t\t<h2 class=\"elementor-heading-title elementor-size-default\"><a href=\"https:\/\/sollux-lighting.com\/pl\/nasza-oferta\/plafony\/plafon-otto-70-bialy\/\">Plafon OTTO 70 bia\u0142y<\/a><\/h2>\t\t\t\t<\/div>\n\t\t\t\t<\/div>\n\t\t\t\t\t<\/div>\n\t\t\t\t<\/div>\n\t\t\t\t<\/div>\n\t\t<\/div><div class=\"jet-listing-grid__item jet-listing-dynamic-post-19337\" data-post-id=\"19337\"  >\t\t<div data-elementor-type=\"jet-listing-items\" data-elementor-id=\"1560\" class=\"elementor elementor-1560\" data-elementor-post-type=\"jet-engine\">\n\t\t\t\t<div class=\"elementor-element elementor-element-81809e2 e-flex e-con-boxed e-con e-parent\" data-id=\"81809e2\" data-element_type=\"container\" data-settings=\"{&quot;jet_parallax_layout_list&quot;:[]}\">\n\t\t\t\t\t<div class=\"e-con-inner\">\n\t\t\t\t<div class=\"elementor-element elementor-element-5a9dd49 elementor-widget elementor-widget-image\" data-id=\"5a9dd49\" data-element_type=\"widget\" data-widget_type=\"image.default\">\n\t\t\t\t<div class=\"elementor-widget-container\">\n\t\t\t\t\t\t\t\t\t\t\t\t\t\t\t\t<a href=\"https:\/\/sollux-lighting.com\/pl\/nasza-oferta\/plafony\/plafon-otto-70-czarny\/\">\n\t\t\t\t\t\t\t<img loading=\"lazy\" decoding=\"async\" width=\"750\" height=\"750\" src=\"https:\/\/sollux-lighting.com\/wp-content\/uploads\/2023\/03\/0794-1-k.jpg\" class=\"attachment-large size-large wp-image-19338\" alt=\"\" srcset=\"https:\/\/sollux-lighting.com\/wp-content\/uploads\/2023\/03\/0794-1-k.jpg 750w, https:\/\/sollux-lighting.com\/wp-content\/uploads\/2023\/03\/0794-1-k-300x300.jpg 300w, https:\/\/sollux-lighting.com\/wp-content\/uploads\/2023\/03\/0794-1-k-150x150.jpg 150w, https:\/\/sollux-lighting.com\/wp-content\/uploads\/2023\/03\/0794-1-k-600x600.jpg 600w, https:\/\/sollux-lighting.com\/wp-content\/uploads\/2023\/03\/0794-1-k-100x100.jpg 100w\" sizes=\"(max-width: 750px) 100vw, 750px\" \/>\t\t\t\t\t\t\t\t<\/a>\n\t\t\t\t\t\t\t\t\t\t\t\t\t\t\t<\/div>\n\t\t\t\t<\/div>\n\t\t\t\t<div class=\"elementor-element elementor-element-7bade7f elementor-widget elementor-widget-heading\" data-id=\"7bade7f\" data-element_type=\"widget\" data-widget_type=\"heading.default\">\n\t\t\t\t<div class=\"elementor-widget-container\">\n\t\t\t\t\t<h2 class=\"elementor-heading-title elementor-size-default\"><a href=\"https:\/\/sollux-lighting.com\/pl\/nasza-oferta\/plafony\/plafon-otto-70-czarny\/\">Plafon OTTO 70 czarny<\/a><\/h2>\t\t\t\t<\/div>\n\t\t\t\t<\/div>\n\t\t\t\t\t<\/div>\n\t\t\t\t<\/div>\n\t\t\t\t<\/div>\n\t\t<\/div><div class=\"jet-listing-grid__item jet-listing-dynamic-post-19362\" data-post-id=\"19362\"  >\t\t<div data-elementor-type=\"jet-listing-items\" data-elementor-id=\"1560\" class=\"elementor elementor-1560\" data-elementor-post-type=\"jet-engine\">\n\t\t\t\t<div class=\"elementor-element elementor-element-81809e2 e-flex e-con-boxed e-con e-parent\" data-id=\"81809e2\" data-element_type=\"container\" data-settings=\"{&quot;jet_parallax_layout_list&quot;:[]}\">\n\t\t\t\t\t<div class=\"e-con-inner\">\n\t\t\t\t<div class=\"elementor-element elementor-element-5a9dd49 elementor-widget elementor-widget-image\" data-id=\"5a9dd49\" data-element_type=\"widget\" data-widget_type=\"image.default\">\n\t\t\t\t<div class=\"elementor-widget-container\">\n\t\t\t\t\t\t\t\t\t\t\t\t\t\t\t\t<a href=\"https:\/\/sollux-lighting.com\/pl\/nasza-oferta\/zyrandole\/zyrandol-saturno-90-bialy\/\">\n\t\t\t\t\t\t\t<img loading=\"lazy\" decoding=\"async\" width=\"750\" height=\"750\" src=\"https:\/\/sollux-lighting.com\/wp-content\/uploads\/2023\/03\/0795-1-k.jpg\" class=\"attachment-large size-large wp-image-19363\" alt=\"\" srcset=\"https:\/\/sollux-lighting.com\/wp-content\/uploads\/2023\/03\/0795-1-k.jpg 750w, https:\/\/sollux-lighting.com\/wp-content\/uploads\/2023\/03\/0795-1-k-300x300.jpg 300w, https:\/\/sollux-lighting.com\/wp-content\/uploads\/2023\/03\/0795-1-k-150x150.jpg 150w, https:\/\/sollux-lighting.com\/wp-content\/uploads\/2023\/03\/0795-1-k-600x600.jpg 600w, https:\/\/sollux-lighting.com\/wp-content\/uploads\/2023\/03\/0795-1-k-100x100.jpg 100w\" sizes=\"(max-width: 750px) 100vw, 750px\" \/>\t\t\t\t\t\t\t\t<\/a>\n\t\t\t\t\t\t\t\t\t\t\t\t\t\t\t<\/div>\n\t\t\t\t<\/div>\n\t\t\t\t<div class=\"elementor-element elementor-element-7bade7f elementor-widget elementor-widget-heading\" data-id=\"7bade7f\" data-element_type=\"widget\" data-widget_type=\"heading.default\">\n\t\t\t\t<div class=\"elementor-widget-container\">\n\t\t\t\t\t<h2 class=\"elementor-heading-title elementor-size-default\"><a href=\"https:\/\/sollux-lighting.com\/pl\/nasza-oferta\/zyrandole\/zyrandol-saturno-90-bialy\/\">\u017byrandol SATURNO 90 bia\u0142y<\/a><\/h2>\t\t\t\t<\/div>\n\t\t\t\t<\/div>\n\t\t\t\t\t<\/div>\n\t\t\t\t<\/div>\n\t\t\t\t<\/div>\n\t\t<\/div><div class=\"jet-listing-grid__item jet-listing-dynamic-post-19387\" data-post-id=\"19387\"  >\t\t<div data-elementor-type=\"jet-listing-items\" data-elementor-id=\"1560\" class=\"elementor elementor-1560\" data-elementor-post-type=\"jet-engine\">\n\t\t\t\t<div class=\"elementor-element elementor-element-81809e2 e-flex e-con-boxed e-con e-parent\" data-id=\"81809e2\" data-element_type=\"container\" data-settings=\"{&quot;jet_parallax_layout_list&quot;:[]}\">\n\t\t\t\t\t<div class=\"e-con-inner\">\n\t\t\t\t<div class=\"elementor-element elementor-element-5a9dd49 elementor-widget elementor-widget-image\" data-id=\"5a9dd49\" data-element_type=\"widget\" data-widget_type=\"image.default\">\n\t\t\t\t<div class=\"elementor-widget-container\">\n\t\t\t\t\t\t\t\t\t\t\t\t\t\t\t\t<a href=\"https:\/\/sollux-lighting.com\/pl\/nasza-oferta\/zyrandole\/zyrandol-saturno-90-czarny\/\">\n\t\t\t\t\t\t\t<img loading=\"lazy\" decoding=\"async\" width=\"750\" height=\"750\" src=\"https:\/\/sollux-lighting.com\/wp-content\/uploads\/2023\/03\/0796-1-k.jpg\" class=\"attachment-large size-large wp-image-19388\" alt=\"\" srcset=\"https:\/\/sollux-lighting.com\/wp-content\/uploads\/2023\/03\/0796-1-k.jpg 750w, https:\/\/sollux-lighting.com\/wp-content\/uploads\/2023\/03\/0796-1-k-300x300.jpg 300w, https:\/\/sollux-lighting.com\/wp-content\/uploads\/2023\/03\/0796-1-k-150x150.jpg 150w, https:\/\/sollux-lighting.com\/wp-content\/uploads\/2023\/03\/0796-1-k-600x600.jpg 600w, https:\/\/sollux-lighting.com\/wp-content\/uploads\/2023\/03\/0796-1-k-100x100.jpg 100w\" sizes=\"(max-width: 750px) 100vw, 750px\" \/>\t\t\t\t\t\t\t\t<\/a>\n\t\t\t\t\t\t\t\t\t\t\t\t\t\t\t<\/div>\n\t\t\t\t<\/div>\n\t\t\t\t<div class=\"elementor-element elementor-element-7bade7f elementor-widget elementor-widget-heading\" data-id=\"7bade7f\" data-element_type=\"widget\" data-widget_type=\"heading.default\">\n\t\t\t\t<div class=\"elementor-widget-container\">\n\t\t\t\t\t<h2 class=\"elementor-heading-title elementor-size-default\"><a href=\"https:\/\/sollux-lighting.com\/pl\/nasza-oferta\/zyrandole\/zyrandol-saturno-90-czarny\/\">\u017byrandol SATURNO 90 czarny<\/a><\/h2>\t\t\t\t<\/div>\n\t\t\t\t<\/div>\n\t\t\t\t\t<\/div>\n\t\t\t\t<\/div>\n\t\t\t\t<\/div>\n\t\t<\/div><div class=\"jet-listing-grid__item jet-listing-dynamic-post-19412\" data-post-id=\"19412\"  >\t\t<div data-elementor-type=\"jet-listing-items\" data-elementor-id=\"1560\" class=\"elementor elementor-1560\" data-elementor-post-type=\"jet-engine\">\n\t\t\t\t<div class=\"elementor-element elementor-element-81809e2 e-flex e-con-boxed e-con e-parent\" data-id=\"81809e2\" data-element_type=\"container\" data-settings=\"{&quot;jet_parallax_layout_list&quot;:[]}\">\n\t\t\t\t\t<div class=\"e-con-inner\">\n\t\t\t\t<div class=\"elementor-element elementor-element-5a9dd49 elementor-widget elementor-widget-image\" data-id=\"5a9dd49\" data-element_type=\"widget\" data-widget_type=\"image.default\">\n\t\t\t\t<div class=\"elementor-widget-container\">\n\t\t\t\t\t\t\t\t\t\t\t\t\t\t\t\t<a href=\"https:\/\/sollux-lighting.com\/pl\/nasza-oferta\/zyrandole\/zyrandol-saturno-slim-90-bialy\/\">\n\t\t\t\t\t\t\t<img loading=\"lazy\" decoding=\"async\" width=\"750\" height=\"750\" src=\"https:\/\/sollux-lighting.com\/wp-content\/uploads\/2023\/03\/0797-1-k.jpg\" class=\"attachment-large size-large wp-image-19413\" alt=\"\" srcset=\"https:\/\/sollux-lighting.com\/wp-content\/uploads\/2023\/03\/0797-1-k.jpg 750w, https:\/\/sollux-lighting.com\/wp-content\/uploads\/2023\/03\/0797-1-k-300x300.jpg 300w, https:\/\/sollux-lighting.com\/wp-content\/uploads\/2023\/03\/0797-1-k-150x150.jpg 150w, https:\/\/sollux-lighting.com\/wp-content\/uploads\/2023\/03\/0797-1-k-600x600.jpg 600w, https:\/\/sollux-lighting.com\/wp-content\/uploads\/2023\/03\/0797-1-k-100x100.jpg 100w\" sizes=\"(max-width: 750px) 100vw, 750px\" \/>\t\t\t\t\t\t\t\t<\/a>\n\t\t\t\t\t\t\t\t\t\t\t\t\t\t\t<\/div>\n\t\t\t\t<\/div>\n\t\t\t\t<div class=\"elementor-element elementor-element-7bade7f elementor-widget elementor-widget-heading\" data-id=\"7bade7f\" data-element_type=\"widget\" data-widget_type=\"heading.default\">\n\t\t\t\t<div class=\"elementor-widget-container\">\n\t\t\t\t\t<h2 class=\"elementor-heading-title elementor-size-default\"><a href=\"https:\/\/sollux-lighting.com\/pl\/nasza-oferta\/zyrandole\/zyrandol-saturno-slim-90-bialy\/\">\u017byrandol SATURNO SLIM 90 bia\u0142y<\/a><\/h2>\t\t\t\t<\/div>\n\t\t\t\t<\/div>\n\t\t\t\t\t<\/div>\n\t\t\t\t<\/div>\n\t\t\t\t<\/div>\n\t\t<\/div><div class=\"jet-listing-grid__item jet-listing-dynamic-post-19037\" data-post-id=\"19037\"  >\t\t<div data-elementor-type=\"jet-listing-items\" data-elementor-id=\"1560\" class=\"elementor elementor-1560\" data-elementor-post-type=\"jet-engine\">\n\t\t\t\t<div class=\"elementor-element elementor-element-81809e2 e-flex e-con-boxed e-con e-parent\" data-id=\"81809e2\" data-element_type=\"container\" data-settings=\"{&quot;jet_parallax_layout_list&quot;:[]}\">\n\t\t\t\t\t<div class=\"e-con-inner\">\n\t\t\t\t<div class=\"elementor-element elementor-element-5a9dd49 elementor-widget elementor-widget-image\" data-id=\"5a9dd49\" data-element_type=\"widget\" data-widget_type=\"image.default\">\n\t\t\t\t<div class=\"elementor-widget-container\">\n\t\t\t\t\t\t\t\t\t\t\t\t\t\t\t\t<a href=\"https:\/\/sollux-lighting.com\/pl\/nasza-oferta\/zyrandole\/zyrandol-santa-bis-80-czarny\/\">\n\t\t\t\t\t\t\t<img loading=\"lazy\" decoding=\"async\" width=\"750\" height=\"750\" src=\"https:\/\/sollux-lighting.com\/wp-content\/uploads\/2023\/03\/0780-1-k.jpg\" class=\"attachment-large size-large wp-image-19038\" alt=\"\" srcset=\"https:\/\/sollux-lighting.com\/wp-content\/uploads\/2023\/03\/0780-1-k.jpg 750w, https:\/\/sollux-lighting.com\/wp-content\/uploads\/2023\/03\/0780-1-k-300x300.jpg 300w, https:\/\/sollux-lighting.com\/wp-content\/uploads\/2023\/03\/0780-1-k-150x150.jpg 150w, https:\/\/sollux-lighting.com\/wp-content\/uploads\/2023\/03\/0780-1-k-600x600.jpg 600w, https:\/\/sollux-lighting.com\/wp-content\/uploads\/2023\/03\/0780-1-k-100x100.jpg 100w\" sizes=\"(max-width: 750px) 100vw, 750px\" \/>\t\t\t\t\t\t\t\t<\/a>\n\t\t\t\t\t\t\t\t\t\t\t\t\t\t\t<\/div>\n\t\t\t\t<\/div>\n\t\t\t\t<div class=\"elementor-element elementor-element-7bade7f elementor-widget elementor-widget-heading\" data-id=\"7bade7f\" data-element_type=\"widget\" data-widget_type=\"heading.default\">\n\t\t\t\t<div class=\"elementor-widget-container\">\n\t\t\t\t\t<h2 class=\"elementor-heading-title elementor-size-default\"><a href=\"https:\/\/sollux-lighting.com\/pl\/nasza-oferta\/zyrandole\/zyrandol-santa-bis-80-czarny\/\">\u017byrandol SANTA BIS 80 czarny<\/a><\/h2>\t\t\t\t<\/div>\n\t\t\t\t<\/div>\n\t\t\t\t\t<\/div>\n\t\t\t\t<\/div>\n\t\t\t\t<\/div>\n\t\t<\/div><div class=\"jet-listing-grid__item jet-listing-dynamic-post-19437\" data-post-id=\"19437\"  >\t\t<div data-elementor-type=\"jet-listing-items\" data-elementor-id=\"1560\" class=\"elementor elementor-1560\" data-elementor-post-type=\"jet-engine\">\n\t\t\t\t<div class=\"elementor-element elementor-element-81809e2 e-flex e-con-boxed e-con e-parent\" data-id=\"81809e2\" data-element_type=\"container\" data-settings=\"{&quot;jet_parallax_layout_list&quot;:[]}\">\n\t\t\t\t\t<div class=\"e-con-inner\">\n\t\t\t\t<div class=\"elementor-element elementor-element-5a9dd49 elementor-widget elementor-widget-image\" data-id=\"5a9dd49\" data-element_type=\"widget\" data-widget_type=\"image.default\">\n\t\t\t\t<div class=\"elementor-widget-container\">\n\t\t\t\t\t\t\t\t\t\t\t\t\t\t\t\t<a href=\"https:\/\/sollux-lighting.com\/pl\/nasza-oferta\/zyrandole\/zyrandol-saturno-slim-90-czarny\/\">\n\t\t\t\t\t\t\t<img loading=\"lazy\" decoding=\"async\" width=\"750\" height=\"750\" src=\"https:\/\/sollux-lighting.com\/wp-content\/uploads\/2023\/03\/0798-1-k.jpg\" class=\"attachment-large size-large wp-image-19438\" alt=\"\" srcset=\"https:\/\/sollux-lighting.com\/wp-content\/uploads\/2023\/03\/0798-1-k.jpg 750w, https:\/\/sollux-lighting.com\/wp-content\/uploads\/2023\/03\/0798-1-k-300x300.jpg 300w, https:\/\/sollux-lighting.com\/wp-content\/uploads\/2023\/03\/0798-1-k-150x150.jpg 150w, https:\/\/sollux-lighting.com\/wp-content\/uploads\/2023\/03\/0798-1-k-600x600.jpg 600w, https:\/\/sollux-lighting.com\/wp-content\/uploads\/2023\/03\/0798-1-k-100x100.jpg 100w\" sizes=\"(max-width: 750px) 100vw, 750px\" \/>\t\t\t\t\t\t\t\t<\/a>\n\t\t\t\t\t\t\t\t\t\t\t\t\t\t\t<\/div>\n\t\t\t\t<\/div>\n\t\t\t\t<div class=\"elementor-element elementor-element-7bade7f elementor-widget elementor-widget-heading\" data-id=\"7bade7f\" data-element_type=\"widget\" data-widget_type=\"heading.default\">\n\t\t\t\t<div class=\"elementor-widget-container\">\n\t\t\t\t\t<h2 class=\"elementor-heading-title elementor-size-default\"><a href=\"https:\/\/sollux-lighting.com\/pl\/nasza-oferta\/zyrandole\/zyrandol-saturno-slim-90-czarny\/\">\u017byrandol SATURNO SLIM 90 czarny<\/a><\/h2>\t\t\t\t<\/div>\n\t\t\t\t<\/div>\n\t\t\t\t\t<\/div>\n\t\t\t\t<\/div>\n\t\t\t\t<\/div>\n\t\t<\/div><div class=\"jet-listing-grid__item jet-listing-dynamic-post-19062\" data-post-id=\"19062\"  >\t\t<div data-elementor-type=\"jet-listing-items\" data-elementor-id=\"1560\" class=\"elementor elementor-1560\" data-elementor-post-type=\"jet-engine\">\n\t\t\t\t<div class=\"elementor-element elementor-element-81809e2 e-flex e-con-boxed e-con e-parent\" data-id=\"81809e2\" data-element_type=\"container\" data-settings=\"{&quot;jet_parallax_layout_list&quot;:[]}\">\n\t\t\t\t\t<div class=\"e-con-inner\">\n\t\t\t\t<div class=\"elementor-element elementor-element-5a9dd49 elementor-widget elementor-widget-image\" data-id=\"5a9dd49\" data-element_type=\"widget\" data-widget_type=\"image.default\">\n\t\t\t\t<div class=\"elementor-widget-container\">\n\t\t\t\t\t\t\t\t\t\t\t\t\t\t\t\t<a href=\"https:\/\/sollux-lighting.com\/pl\/nasza-oferta\/zyrandole\/zyrandol-santa-120-bialy\/\">\n\t\t\t\t\t\t\t<img loading=\"lazy\" decoding=\"async\" width=\"750\" height=\"750\" src=\"https:\/\/sollux-lighting.com\/wp-content\/uploads\/2023\/03\/0781-1-k.jpg\" class=\"attachment-large size-large wp-image-19063\" alt=\"\" srcset=\"https:\/\/sollux-lighting.com\/wp-content\/uploads\/2023\/03\/0781-1-k.jpg 750w, https:\/\/sollux-lighting.com\/wp-content\/uploads\/2023\/03\/0781-1-k-300x300.jpg 300w, https:\/\/sollux-lighting.com\/wp-content\/uploads\/2023\/03\/0781-1-k-150x150.jpg 150w, https:\/\/sollux-lighting.com\/wp-content\/uploads\/2023\/03\/0781-1-k-600x600.jpg 600w, https:\/\/sollux-lighting.com\/wp-content\/uploads\/2023\/03\/0781-1-k-100x100.jpg 100w\" sizes=\"(max-width: 750px) 100vw, 750px\" \/>\t\t\t\t\t\t\t\t<\/a>\n\t\t\t\t\t\t\t\t\t\t\t\t\t\t\t<\/div>\n\t\t\t\t<\/div>\n\t\t\t\t<div class=\"elementor-element elementor-element-7bade7f elementor-widget elementor-widget-heading\" data-id=\"7bade7f\" data-element_type=\"widget\" data-widget_type=\"heading.default\">\n\t\t\t\t<div class=\"elementor-widget-container\">\n\t\t\t\t\t<h2 class=\"elementor-heading-title elementor-size-default\"><a href=\"https:\/\/sollux-lighting.com\/pl\/nasza-oferta\/zyrandole\/zyrandol-santa-120-bialy\/\">\u017byrandol SANTA 120 bia\u0142y<\/a><\/h2>\t\t\t\t<\/div>\n\t\t\t\t<\/div>\n\t\t\t\t\t<\/div>\n\t\t\t\t<\/div>\n\t\t\t\t<\/div>\n\t\t<\/div><div class=\"jet-listing-grid__item jet-listing-dynamic-post-19462\" data-post-id=\"19462\"  >\t\t<div data-elementor-type=\"jet-listing-items\" data-elementor-id=\"1560\" class=\"elementor elementor-1560\" data-elementor-post-type=\"jet-engine\">\n\t\t\t\t<div class=\"elementor-element elementor-element-81809e2 e-flex e-con-boxed e-con e-parent\" data-id=\"81809e2\" data-element_type=\"container\" data-settings=\"{&quot;jet_parallax_layout_list&quot;:[]}\">\n\t\t\t\t\t<div class=\"e-con-inner\">\n\t\t\t\t<div class=\"elementor-element elementor-element-5a9dd49 elementor-widget elementor-widget-image\" data-id=\"5a9dd49\" data-element_type=\"widget\" data-widget_type=\"image.default\">\n\t\t\t\t<div class=\"elementor-widget-container\">\n\t\t\t\t\t\t\t\t\t\t\t\t\t\t\t\t<a href=\"https:\/\/sollux-lighting.com\/pl\/nasza-oferta\/zyrandole\/zyrandol-skala-60-bialy\/\">\n\t\t\t\t\t\t\t<img loading=\"lazy\" decoding=\"async\" width=\"750\" height=\"750\" src=\"https:\/\/sollux-lighting.com\/wp-content\/uploads\/2023\/03\/0799-1-k.jpg\" class=\"attachment-large size-large wp-image-19463\" alt=\"\" srcset=\"https:\/\/sollux-lighting.com\/wp-content\/uploads\/2023\/03\/0799-1-k.jpg 750w, https:\/\/sollux-lighting.com\/wp-content\/uploads\/2023\/03\/0799-1-k-300x300.jpg 300w, https:\/\/sollux-lighting.com\/wp-content\/uploads\/2023\/03\/0799-1-k-150x150.jpg 150w, https:\/\/sollux-lighting.com\/wp-content\/uploads\/2023\/03\/0799-1-k-600x600.jpg 600w, https:\/\/sollux-lighting.com\/wp-content\/uploads\/2023\/03\/0799-1-k-100x100.jpg 100w\" sizes=\"(max-width: 750px) 100vw, 750px\" \/>\t\t\t\t\t\t\t\t<\/a>\n\t\t\t\t\t\t\t\t\t\t\t\t\t\t\t<\/div>\n\t\t\t\t<\/div>\n\t\t\t\t<div class=\"elementor-element elementor-element-7bade7f elementor-widget elementor-widget-heading\" data-id=\"7bade7f\" data-element_type=\"widget\" data-widget_type=\"heading.default\">\n\t\t\t\t<div class=\"elementor-widget-container\">\n\t\t\t\t\t<h2 class=\"elementor-heading-title elementor-size-default\"><a href=\"https:\/\/sollux-lighting.com\/pl\/nasza-oferta\/zyrandole\/zyrandol-skala-60-bialy\/\">\u017byrandol SKALA 60 bia\u0142y<\/a><\/h2>\t\t\t\t<\/div>\n\t\t\t\t<\/div>\n\t\t\t\t\t<\/div>\n\t\t\t\t<\/div>\n\t\t\t\t<\/div>\n\t\t<\/div><div class=\"jet-listing-grid__item jet-listing-dynamic-post-19087\" data-post-id=\"19087\"  >\t\t<div data-elementor-type=\"jet-listing-items\" data-elementor-id=\"1560\" class=\"elementor elementor-1560\" data-elementor-post-type=\"jet-engine\">\n\t\t\t\t<div class=\"elementor-element elementor-element-81809e2 e-flex e-con-boxed e-con e-parent\" data-id=\"81809e2\" data-element_type=\"container\" data-settings=\"{&quot;jet_parallax_layout_list&quot;:[]}\">\n\t\t\t\t\t<div class=\"e-con-inner\">\n\t\t\t\t<div class=\"elementor-element elementor-element-5a9dd49 elementor-widget elementor-widget-image\" data-id=\"5a9dd49\" data-element_type=\"widget\" data-widget_type=\"image.default\">\n\t\t\t\t<div class=\"elementor-widget-container\">\n\t\t\t\t\t\t\t\t\t\t\t\t\t\t\t\t<a href=\"https:\/\/sollux-lighting.com\/pl\/nasza-oferta\/zyrandole\/zyrandol-santa-120-czarny\/\">\n\t\t\t\t\t\t\t<img loading=\"lazy\" decoding=\"async\" width=\"750\" height=\"750\" src=\"https:\/\/sollux-lighting.com\/wp-content\/uploads\/2023\/03\/0782-1-k.jpg\" class=\"attachment-large size-large wp-image-19088\" alt=\"\" srcset=\"https:\/\/sollux-lighting.com\/wp-content\/uploads\/2023\/03\/0782-1-k.jpg 750w, https:\/\/sollux-lighting.com\/wp-content\/uploads\/2023\/03\/0782-1-k-300x300.jpg 300w, https:\/\/sollux-lighting.com\/wp-content\/uploads\/2023\/03\/0782-1-k-150x150.jpg 150w, https:\/\/sollux-lighting.com\/wp-content\/uploads\/2023\/03\/0782-1-k-600x600.jpg 600w, https:\/\/sollux-lighting.com\/wp-content\/uploads\/2023\/03\/0782-1-k-100x100.jpg 100w\" sizes=\"(max-width: 750px) 100vw, 750px\" \/>\t\t\t\t\t\t\t\t<\/a>\n\t\t\t\t\t\t\t\t\t\t\t\t\t\t\t<\/div>\n\t\t\t\t<\/div>\n\t\t\t\t<div class=\"elementor-element elementor-element-7bade7f elementor-widget elementor-widget-heading\" data-id=\"7bade7f\" data-element_type=\"widget\" data-widget_type=\"heading.default\">\n\t\t\t\t<div class=\"elementor-widget-container\">\n\t\t\t\t\t<h2 class=\"elementor-heading-title elementor-size-default\"><a href=\"https:\/\/sollux-lighting.com\/pl\/nasza-oferta\/zyrandole\/zyrandol-santa-120-czarny\/\">\u017byrandol SANTA 120 czarny<\/a><\/h2>\t\t\t\t<\/div>\n\t\t\t\t<\/div>\n\t\t\t\t\t<\/div>\n\t\t\t\t<\/div>\n\t\t\t\t<\/div>\n\t\t<\/div><div class=\"jet-listing-grid__item jet-listing-dynamic-post-19487\" data-post-id=\"19487\"  >\t\t<div data-elementor-type=\"jet-listing-items\" data-elementor-id=\"1560\" class=\"elementor elementor-1560\" data-elementor-post-type=\"jet-engine\">\n\t\t\t\t<div class=\"elementor-element elementor-element-81809e2 e-flex e-con-boxed e-con e-parent\" data-id=\"81809e2\" data-element_type=\"container\" data-settings=\"{&quot;jet_parallax_layout_list&quot;:[]}\">\n\t\t\t\t\t<div class=\"e-con-inner\">\n\t\t\t\t<div class=\"elementor-element elementor-element-5a9dd49 elementor-widget elementor-widget-image\" data-id=\"5a9dd49\" data-element_type=\"widget\" data-widget_type=\"image.default\">\n\t\t\t\t<div class=\"elementor-widget-container\">\n\t\t\t\t\t\t\t\t\t\t\t\t\t\t\t\t<a href=\"https:\/\/sollux-lighting.com\/pl\/nasza-oferta\/zyrandole\/zyrandol-skala-60-czarny\/\">\n\t\t\t\t\t\t\t<img loading=\"lazy\" decoding=\"async\" width=\"750\" height=\"750\" src=\"https:\/\/sollux-lighting.com\/wp-content\/uploads\/2023\/03\/0800-1-k.jpg\" class=\"attachment-large size-large wp-image-19488\" alt=\"\" srcset=\"https:\/\/sollux-lighting.com\/wp-content\/uploads\/2023\/03\/0800-1-k.jpg 750w, https:\/\/sollux-lighting.com\/wp-content\/uploads\/2023\/03\/0800-1-k-300x300.jpg 300w, https:\/\/sollux-lighting.com\/wp-content\/uploads\/2023\/03\/0800-1-k-150x150.jpg 150w, https:\/\/sollux-lighting.com\/wp-content\/uploads\/2023\/03\/0800-1-k-600x600.jpg 600w, https:\/\/sollux-lighting.com\/wp-content\/uploads\/2023\/03\/0800-1-k-100x100.jpg 100w\" sizes=\"(max-width: 750px) 100vw, 750px\" \/>\t\t\t\t\t\t\t\t<\/a>\n\t\t\t\t\t\t\t\t\t\t\t\t\t\t\t<\/div>\n\t\t\t\t<\/div>\n\t\t\t\t<div class=\"elementor-element elementor-element-7bade7f elementor-widget elementor-widget-heading\" data-id=\"7bade7f\" data-element_type=\"widget\" data-widget_type=\"heading.default\">\n\t\t\t\t<div class=\"elementor-widget-container\">\n\t\t\t\t\t<h2 class=\"elementor-heading-title elementor-size-default\"><a href=\"https:\/\/sollux-lighting.com\/pl\/nasza-oferta\/zyrandole\/zyrandol-skala-60-czarny\/\">\u017byrandol SKALA 60 czarny<\/a><\/h2>\t\t\t\t<\/div>\n\t\t\t\t<\/div>\n\t\t\t\t\t<\/div>\n\t\t\t\t<\/div>\n\t\t\t\t<\/div>\n\t\t<\/div><div class=\"jet-listing-grid__item jet-listing-dynamic-post-19112\" data-post-id=\"19112\"  >\t\t<div data-elementor-type=\"jet-listing-items\" data-elementor-id=\"1560\" class=\"elementor elementor-1560\" data-elementor-post-type=\"jet-engine\">\n\t\t\t\t<div class=\"elementor-element elementor-element-81809e2 e-flex e-con-boxed e-con e-parent\" data-id=\"81809e2\" data-element_type=\"container\" data-settings=\"{&quot;jet_parallax_layout_list&quot;:[]}\">\n\t\t\t\t\t<div class=\"e-con-inner\">\n\t\t\t\t<div class=\"elementor-element elementor-element-5a9dd49 elementor-widget elementor-widget-image\" data-id=\"5a9dd49\" data-element_type=\"widget\" data-widget_type=\"image.default\">\n\t\t\t\t<div class=\"elementor-widget-container\">\n\t\t\t\t\t\t\t\t\t\t\t\t\t\t\t\t<a href=\"https:\/\/sollux-lighting.com\/pl\/nasza-oferta\/zyrandole\/zyrandol-urano-60-bialy\/\">\n\t\t\t\t\t\t\t<img loading=\"lazy\" decoding=\"async\" width=\"750\" height=\"750\" src=\"https:\/\/sollux-lighting.com\/wp-content\/uploads\/2023\/03\/0783-1-k.jpg\" class=\"attachment-large size-large wp-image-19113\" alt=\"\" srcset=\"https:\/\/sollux-lighting.com\/wp-content\/uploads\/2023\/03\/0783-1-k.jpg 750w, https:\/\/sollux-lighting.com\/wp-content\/uploads\/2023\/03\/0783-1-k-300x300.jpg 300w, https:\/\/sollux-lighting.com\/wp-content\/uploads\/2023\/03\/0783-1-k-150x150.jpg 150w, https:\/\/sollux-lighting.com\/wp-content\/uploads\/2023\/03\/0783-1-k-600x600.jpg 600w, https:\/\/sollux-lighting.com\/wp-content\/uploads\/2023\/03\/0783-1-k-100x100.jpg 100w\" sizes=\"(max-width: 750px) 100vw, 750px\" \/>\t\t\t\t\t\t\t\t<\/a>\n\t\t\t\t\t\t\t\t\t\t\t\t\t\t\t<\/div>\n\t\t\t\t<\/div>\n\t\t\t\t<div class=\"elementor-element elementor-element-7bade7f elementor-widget elementor-widget-heading\" data-id=\"7bade7f\" data-element_type=\"widget\" data-widget_type=\"heading.default\">\n\t\t\t\t<div class=\"elementor-widget-container\">\n\t\t\t\t\t<h2 class=\"elementor-heading-title elementor-size-default\"><a href=\"https:\/\/sollux-lighting.com\/pl\/nasza-oferta\/zyrandole\/zyrandol-urano-60-bialy\/\">\u017byrandol URANO 60 bia\u0142y<\/a><\/h2>\t\t\t\t<\/div>\n\t\t\t\t<\/div>\n\t\t\t\t\t<\/div>\n\t\t\t\t<\/div>\n\t\t\t\t<\/div>\n\t\t<\/div><div class=\"jet-listing-grid__item jet-listing-dynamic-post-19512\" data-post-id=\"19512\"  >\t\t<div data-elementor-type=\"jet-listing-items\" data-elementor-id=\"1560\" class=\"elementor elementor-1560\" data-elementor-post-type=\"jet-engine\">\n\t\t\t\t<div class=\"elementor-element elementor-element-81809e2 e-flex e-con-boxed e-con e-parent\" data-id=\"81809e2\" data-element_type=\"container\" data-settings=\"{&quot;jet_parallax_layout_list&quot;:[]}\">\n\t\t\t\t\t<div class=\"e-con-inner\">\n\t\t\t\t<div class=\"elementor-element elementor-element-5a9dd49 elementor-widget elementor-widget-image\" data-id=\"5a9dd49\" data-element_type=\"widget\" data-widget_type=\"image.default\">\n\t\t\t\t<div class=\"elementor-widget-container\">\n\t\t\t\t\t\t\t\t\t\t\t\t\t\t\t\t<a href=\"https:\/\/sollux-lighting.com\/pl\/nasza-oferta\/zyrandole\/zyrandol-skala-70-bialy\/\">\n\t\t\t\t\t\t\t<img loading=\"lazy\" decoding=\"async\" width=\"750\" height=\"750\" src=\"https:\/\/sollux-lighting.com\/wp-content\/uploads\/2023\/03\/0801-1-k.jpg\" class=\"attachment-large size-large wp-image-19513\" alt=\"\" srcset=\"https:\/\/sollux-lighting.com\/wp-content\/uploads\/2023\/03\/0801-1-k.jpg 750w, https:\/\/sollux-lighting.com\/wp-content\/uploads\/2023\/03\/0801-1-k-300x300.jpg 300w, https:\/\/sollux-lighting.com\/wp-content\/uploads\/2023\/03\/0801-1-k-150x150.jpg 150w, https:\/\/sollux-lighting.com\/wp-content\/uploads\/2023\/03\/0801-1-k-600x600.jpg 600w, https:\/\/sollux-lighting.com\/wp-content\/uploads\/2023\/03\/0801-1-k-100x100.jpg 100w\" sizes=\"(max-width: 750px) 100vw, 750px\" \/>\t\t\t\t\t\t\t\t<\/a>\n\t\t\t\t\t\t\t\t\t\t\t\t\t\t\t<\/div>\n\t\t\t\t<\/div>\n\t\t\t\t<div class=\"elementor-element elementor-element-7bade7f elementor-widget elementor-widget-heading\" data-id=\"7bade7f\" data-element_type=\"widget\" data-widget_type=\"heading.default\">\n\t\t\t\t<div class=\"elementor-widget-container\">\n\t\t\t\t\t<h2 class=\"elementor-heading-title elementor-size-default\"><a href=\"https:\/\/sollux-lighting.com\/pl\/nasza-oferta\/zyrandole\/zyrandol-skala-70-bialy\/\">\u017byrandol SKALA 70 bia\u0142y<\/a><\/h2>\t\t\t\t<\/div>\n\t\t\t\t<\/div>\n\t\t\t\t\t<\/div>\n\t\t\t\t<\/div>\n\t\t\t\t<\/div>\n\t\t<\/div><div class=\"jet-listing-grid__item jet-listing-dynamic-post-19137\" data-post-id=\"19137\"  >\t\t<div data-elementor-type=\"jet-listing-items\" data-elementor-id=\"1560\" class=\"elementor elementor-1560\" data-elementor-post-type=\"jet-engine\">\n\t\t\t\t<div class=\"elementor-element elementor-element-81809e2 e-flex e-con-boxed e-con e-parent\" data-id=\"81809e2\" data-element_type=\"container\" data-settings=\"{&quot;jet_parallax_layout_list&quot;:[]}\">\n\t\t\t\t\t<div class=\"e-con-inner\">\n\t\t\t\t<div class=\"elementor-element elementor-element-5a9dd49 elementor-widget elementor-widget-image\" data-id=\"5a9dd49\" data-element_type=\"widget\" data-widget_type=\"image.default\">\n\t\t\t\t<div class=\"elementor-widget-container\">\n\t\t\t\t\t\t\t\t\t\t\t\t\t\t\t\t<a href=\"https:\/\/sollux-lighting.com\/pl\/nasza-oferta\/zyrandole\/zyrandol-urano-60-czarny\/\">\n\t\t\t\t\t\t\t<img loading=\"lazy\" decoding=\"async\" width=\"750\" height=\"750\" src=\"https:\/\/sollux-lighting.com\/wp-content\/uploads\/2023\/03\/0784-1-k.jpg\" class=\"attachment-large size-large wp-image-19138\" alt=\"\" srcset=\"https:\/\/sollux-lighting.com\/wp-content\/uploads\/2023\/03\/0784-1-k.jpg 750w, https:\/\/sollux-lighting.com\/wp-content\/uploads\/2023\/03\/0784-1-k-300x300.jpg 300w, https:\/\/sollux-lighting.com\/wp-content\/uploads\/2023\/03\/0784-1-k-150x150.jpg 150w, https:\/\/sollux-lighting.com\/wp-content\/uploads\/2023\/03\/0784-1-k-600x600.jpg 600w, https:\/\/sollux-lighting.com\/wp-content\/uploads\/2023\/03\/0784-1-k-100x100.jpg 100w\" sizes=\"(max-width: 750px) 100vw, 750px\" \/>\t\t\t\t\t\t\t\t<\/a>\n\t\t\t\t\t\t\t\t\t\t\t\t\t\t\t<\/div>\n\t\t\t\t<\/div>\n\t\t\t\t<div class=\"elementor-element elementor-element-7bade7f elementor-widget elementor-widget-heading\" data-id=\"7bade7f\" data-element_type=\"widget\" data-widget_type=\"heading.default\">\n\t\t\t\t<div class=\"elementor-widget-container\">\n\t\t\t\t\t<h2 class=\"elementor-heading-title elementor-size-default\"><a href=\"https:\/\/sollux-lighting.com\/pl\/nasza-oferta\/zyrandole\/zyrandol-urano-60-czarny\/\">\u017byrandol URANO 60 czarny<\/a><\/h2>\t\t\t\t<\/div>\n\t\t\t\t<\/div>\n\t\t\t\t\t<\/div>\n\t\t\t\t<\/div>\n\t\t\t\t<\/div>\n\t\t<\/div><div class=\"jet-listing-grid__item jet-listing-dynamic-post-19162\" data-post-id=\"19162\"  >\t\t<div data-elementor-type=\"jet-listing-items\" data-elementor-id=\"1560\" class=\"elementor elementor-1560\" data-elementor-post-type=\"jet-engine\">\n\t\t\t\t<div class=\"elementor-element elementor-element-81809e2 e-flex e-con-boxed e-con e-parent\" data-id=\"81809e2\" data-element_type=\"container\" data-settings=\"{&quot;jet_parallax_layout_list&quot;:[]}\">\n\t\t\t\t\t<div class=\"e-con-inner\">\n\t\t\t\t<div class=\"elementor-element elementor-element-5a9dd49 elementor-widget elementor-widget-image\" data-id=\"5a9dd49\" data-element_type=\"widget\" data-widget_type=\"image.default\">\n\t\t\t\t<div class=\"elementor-widget-container\">\n\t\t\t\t\t\t\t\t\t\t\t\t\t\t\t\t<a href=\"https:\/\/sollux-lighting.com\/pl\/nasza-oferta\/zyrandole\/zyrandol-otto-60-bialy\/\">\n\t\t\t\t\t\t\t<img loading=\"lazy\" decoding=\"async\" width=\"750\" height=\"750\" src=\"https:\/\/sollux-lighting.com\/wp-content\/uploads\/2023\/03\/0787-1-k.jpg\" class=\"attachment-large size-large wp-image-19163\" alt=\"\" srcset=\"https:\/\/sollux-lighting.com\/wp-content\/uploads\/2023\/03\/0787-1-k.jpg 750w, https:\/\/sollux-lighting.com\/wp-content\/uploads\/2023\/03\/0787-1-k-300x300.jpg 300w, https:\/\/sollux-lighting.com\/wp-content\/uploads\/2023\/03\/0787-1-k-150x150.jpg 150w, https:\/\/sollux-lighting.com\/wp-content\/uploads\/2023\/03\/0787-1-k-600x600.jpg 600w, https:\/\/sollux-lighting.com\/wp-content\/uploads\/2023\/03\/0787-1-k-100x100.jpg 100w\" sizes=\"(max-width: 750px) 100vw, 750px\" \/>\t\t\t\t\t\t\t\t<\/a>\n\t\t\t\t\t\t\t\t\t\t\t\t\t\t\t<\/div>\n\t\t\t\t<\/div>\n\t\t\t\t<div class=\"elementor-element elementor-element-7bade7f elementor-widget elementor-widget-heading\" data-id=\"7bade7f\" data-element_type=\"widget\" data-widget_type=\"heading.default\">\n\t\t\t\t<div class=\"elementor-widget-container\">\n\t\t\t\t\t<h2 class=\"elementor-heading-title elementor-size-default\"><a href=\"https:\/\/sollux-lighting.com\/pl\/nasza-oferta\/zyrandole\/zyrandol-otto-60-bialy\/\">\u017byrandol OTTO 60 bia\u0142y<\/a><\/h2>\t\t\t\t<\/div>\n\t\t\t\t<\/div>\n\t\t\t\t\t<\/div>\n\t\t\t\t<\/div>\n\t\t\t\t<\/div>\n\t\t<\/div><div class=\"jet-listing-grid__item jet-listing-dynamic-post-19187\" data-post-id=\"19187\"  >\t\t<div data-elementor-type=\"jet-listing-items\" data-elementor-id=\"1560\" class=\"elementor elementor-1560\" data-elementor-post-type=\"jet-engine\">\n\t\t\t\t<div class=\"elementor-element elementor-element-81809e2 e-flex e-con-boxed e-con e-parent\" data-id=\"81809e2\" data-element_type=\"container\" data-settings=\"{&quot;jet_parallax_layout_list&quot;:[]}\">\n\t\t\t\t\t<div class=\"e-con-inner\">\n\t\t\t\t<div class=\"elementor-element elementor-element-5a9dd49 elementor-widget elementor-widget-image\" data-id=\"5a9dd49\" data-element_type=\"widget\" data-widget_type=\"image.default\">\n\t\t\t\t<div class=\"elementor-widget-container\">\n\t\t\t\t\t\t\t\t\t\t\t\t\t\t\t\t<a href=\"https:\/\/sollux-lighting.com\/pl\/nasza-oferta\/zyrandole\/zyrandol-otto-60-czarny\/\">\n\t\t\t\t\t\t\t<img loading=\"lazy\" decoding=\"async\" width=\"750\" height=\"750\" src=\"https:\/\/sollux-lighting.com\/wp-content\/uploads\/2023\/03\/0788-1-k.jpg\" class=\"attachment-large size-large wp-image-19188\" alt=\"\" srcset=\"https:\/\/sollux-lighting.com\/wp-content\/uploads\/2023\/03\/0788-1-k.jpg 750w, https:\/\/sollux-lighting.com\/wp-content\/uploads\/2023\/03\/0788-1-k-300x300.jpg 300w, https:\/\/sollux-lighting.com\/wp-content\/uploads\/2023\/03\/0788-1-k-150x150.jpg 150w, https:\/\/sollux-lighting.com\/wp-content\/uploads\/2023\/03\/0788-1-k-600x600.jpg 600w, https:\/\/sollux-lighting.com\/wp-content\/uploads\/2023\/03\/0788-1-k-100x100.jpg 100w\" sizes=\"(max-width: 750px) 100vw, 750px\" \/>\t\t\t\t\t\t\t\t<\/a>\n\t\t\t\t\t\t\t\t\t\t\t\t\t\t\t<\/div>\n\t\t\t\t<\/div>\n\t\t\t\t<div class=\"elementor-element elementor-element-7bade7f elementor-widget elementor-widget-heading\" data-id=\"7bade7f\" data-element_type=\"widget\" data-widget_type=\"heading.default\">\n\t\t\t\t<div class=\"elementor-widget-container\">\n\t\t\t\t\t<h2 class=\"elementor-heading-title elementor-size-default\"><a href=\"https:\/\/sollux-lighting.com\/pl\/nasza-oferta\/zyrandole\/zyrandol-otto-60-czarny\/\">\u017byrandol OTTO 60 czarny<\/a><\/h2>\t\t\t\t<\/div>\n\t\t\t\t<\/div>\n\t\t\t\t\t<\/div>\n\t\t\t\t<\/div>\n\t\t\t\t<\/div>\n\t\t<\/div><div class=\"jet-listing-grid__item jet-listing-dynamic-post-18812\" data-post-id=\"18812\"  >\t\t<div data-elementor-type=\"jet-listing-items\" data-elementor-id=\"1560\" class=\"elementor elementor-1560\" data-elementor-post-type=\"jet-engine\">\n\t\t\t\t<div class=\"elementor-element elementor-element-81809e2 e-flex e-con-boxed e-con e-parent\" data-id=\"81809e2\" data-element_type=\"container\" data-settings=\"{&quot;jet_parallax_layout_list&quot;:[]}\">\n\t\t\t\t\t<div class=\"e-con-inner\">\n\t\t\t\t<div class=\"elementor-element elementor-element-5a9dd49 elementor-widget elementor-widget-image\" data-id=\"5a9dd49\" data-element_type=\"widget\" data-widget_type=\"image.default\">\n\t\t\t\t<div class=\"elementor-widget-container\">\n\t\t\t\t\t\t\t\t\t\t\t\t\t\t\t\t<a href=\"https:\/\/sollux-lighting.com\/pl\/nasza-oferta\/zyrandole\/zyrandol-blum-3-bialy\/\">\n\t\t\t\t\t\t\t<img loading=\"lazy\" decoding=\"async\" width=\"750\" height=\"750\" src=\"https:\/\/sollux-lighting.com\/wp-content\/uploads\/2023\/03\/0771-1-k.jpg\" class=\"attachment-large size-large wp-image-18813\" alt=\"\" srcset=\"https:\/\/sollux-lighting.com\/wp-content\/uploads\/2023\/03\/0771-1-k.jpg 750w, https:\/\/sollux-lighting.com\/wp-content\/uploads\/2023\/03\/0771-1-k-300x300.jpg 300w, https:\/\/sollux-lighting.com\/wp-content\/uploads\/2023\/03\/0771-1-k-150x150.jpg 150w, https:\/\/sollux-lighting.com\/wp-content\/uploads\/2023\/03\/0771-1-k-600x600.jpg 600w, https:\/\/sollux-lighting.com\/wp-content\/uploads\/2023\/03\/0771-1-k-100x100.jpg 100w\" sizes=\"(max-width: 750px) 100vw, 750px\" \/>\t\t\t\t\t\t\t\t<\/a>\n\t\t\t\t\t\t\t\t\t\t\t\t\t\t\t<\/div>\n\t\t\t\t<\/div>\n\t\t\t\t<div class=\"elementor-element elementor-element-7bade7f elementor-widget elementor-widget-heading\" data-id=\"7bade7f\" data-element_type=\"widget\" data-widget_type=\"heading.default\">\n\t\t\t\t<div class=\"elementor-widget-container\">\n\t\t\t\t\t<h2 class=\"elementor-heading-title elementor-size-default\"><a href=\"https:\/\/sollux-lighting.com\/pl\/nasza-oferta\/zyrandole\/zyrandol-blum-3-bialy\/\">\u017byrandol BLUM 3 bia\u0142y<\/a><\/h2>\t\t\t\t<\/div>\n\t\t\t\t<\/div>\n\t\t\t\t\t<\/div>\n\t\t\t\t<\/div>\n\t\t\t\t<\/div>\n\t\t<\/div><div class=\"jet-listing-grid__item jet-listing-dynamic-post-18837\" data-post-id=\"18837\"  >\t\t<div data-elementor-type=\"jet-listing-items\" data-elementor-id=\"1560\" class=\"elementor elementor-1560\" data-elementor-post-type=\"jet-engine\">\n\t\t\t\t<div class=\"elementor-element elementor-element-81809e2 e-flex e-con-boxed e-con e-parent\" data-id=\"81809e2\" data-element_type=\"container\" data-settings=\"{&quot;jet_parallax_layout_list&quot;:[]}\">\n\t\t\t\t\t<div class=\"e-con-inner\">\n\t\t\t\t<div class=\"elementor-element elementor-element-5a9dd49 elementor-widget elementor-widget-image\" data-id=\"5a9dd49\" data-element_type=\"widget\" data-widget_type=\"image.default\">\n\t\t\t\t<div class=\"elementor-widget-container\">\n\t\t\t\t\t\t\t\t\t\t\t\t\t\t\t\t<a href=\"https:\/\/sollux-lighting.com\/pl\/nasza-oferta\/zyrandole\/zyrandol-blum-3-czarny\/\">\n\t\t\t\t\t\t\t<img loading=\"lazy\" decoding=\"async\" width=\"750\" height=\"750\" src=\"https:\/\/sollux-lighting.com\/wp-content\/uploads\/2023\/03\/0772-1-k.jpg\" class=\"attachment-large size-large wp-image-18838\" alt=\"\" srcset=\"https:\/\/sollux-lighting.com\/wp-content\/uploads\/2023\/03\/0772-1-k.jpg 750w, https:\/\/sollux-lighting.com\/wp-content\/uploads\/2023\/03\/0772-1-k-300x300.jpg 300w, https:\/\/sollux-lighting.com\/wp-content\/uploads\/2023\/03\/0772-1-k-150x150.jpg 150w, https:\/\/sollux-lighting.com\/wp-content\/uploads\/2023\/03\/0772-1-k-600x600.jpg 600w, https:\/\/sollux-lighting.com\/wp-content\/uploads\/2023\/03\/0772-1-k-100x100.jpg 100w\" sizes=\"(max-width: 750px) 100vw, 750px\" \/>\t\t\t\t\t\t\t\t<\/a>\n\t\t\t\t\t\t\t\t\t\t\t\t\t\t\t<\/div>\n\t\t\t\t<\/div>\n\t\t\t\t<div class=\"elementor-element elementor-element-7bade7f elementor-widget elementor-widget-heading\" data-id=\"7bade7f\" data-element_type=\"widget\" data-widget_type=\"heading.default\">\n\t\t\t\t<div class=\"elementor-widget-container\">\n\t\t\t\t\t<h2 class=\"elementor-heading-title elementor-size-default\"><a href=\"https:\/\/sollux-lighting.com\/pl\/nasza-oferta\/zyrandole\/zyrandol-blum-3-czarny\/\">\u017byrandol BLUM 3 czarny<\/a><\/h2>\t\t\t\t<\/div>\n\t\t\t\t<\/div>\n\t\t\t\t\t<\/div>\n\t\t\t\t<\/div>\n\t\t\t\t<\/div>\n\t\t<\/div><div class=\"jet-listing-grid__item jet-listing-dynamic-post-18862\" data-post-id=\"18862\"  >\t\t<div data-elementor-type=\"jet-listing-items\" data-elementor-id=\"1560\" class=\"elementor elementor-1560\" data-elementor-post-type=\"jet-engine\">\n\t\t\t\t<div class=\"elementor-element elementor-element-81809e2 e-flex e-con-boxed e-con e-parent\" data-id=\"81809e2\" data-element_type=\"container\" data-settings=\"{&quot;jet_parallax_layout_list&quot;:[]}\">\n\t\t\t\t\t<div class=\"e-con-inner\">\n\t\t\t\t<div class=\"elementor-element elementor-element-5a9dd49 elementor-widget elementor-widget-image\" data-id=\"5a9dd49\" data-element_type=\"widget\" data-widget_type=\"image.default\">\n\t\t\t\t<div class=\"elementor-widget-container\">\n\t\t\t\t\t\t\t\t\t\t\t\t\t\t\t\t<a href=\"https:\/\/sollux-lighting.com\/pl\/nasza-oferta\/zyrandole\/zyrandol-lokko-45-bialy\/\">\n\t\t\t\t\t\t\t<img loading=\"lazy\" decoding=\"async\" width=\"750\" height=\"750\" src=\"https:\/\/sollux-lighting.com\/wp-content\/uploads\/2023\/03\/0773-1-k.jpg\" class=\"attachment-large size-large wp-image-18863\" alt=\"\" srcset=\"https:\/\/sollux-lighting.com\/wp-content\/uploads\/2023\/03\/0773-1-k.jpg 750w, https:\/\/sollux-lighting.com\/wp-content\/uploads\/2023\/03\/0773-1-k-300x300.jpg 300w, https:\/\/sollux-lighting.com\/wp-content\/uploads\/2023\/03\/0773-1-k-150x150.jpg 150w, https:\/\/sollux-lighting.com\/wp-content\/uploads\/2023\/03\/0773-1-k-600x600.jpg 600w, https:\/\/sollux-lighting.com\/wp-content\/uploads\/2023\/03\/0773-1-k-100x100.jpg 100w\" sizes=\"(max-width: 750px) 100vw, 750px\" \/>\t\t\t\t\t\t\t\t<\/a>\n\t\t\t\t\t\t\t\t\t\t\t\t\t\t\t<\/div>\n\t\t\t\t<\/div>\n\t\t\t\t<div class=\"elementor-element elementor-element-7bade7f elementor-widget elementor-widget-heading\" data-id=\"7bade7f\" data-element_type=\"widget\" data-widget_type=\"heading.default\">\n\t\t\t\t<div class=\"elementor-widget-container\">\n\t\t\t\t\t<h2 class=\"elementor-heading-title elementor-size-default\"><a href=\"https:\/\/sollux-lighting.com\/pl\/nasza-oferta\/zyrandole\/zyrandol-lokko-45-bialy\/\">\u017byrandol LOKKO 45 bia\u0142y<\/a><\/h2>\t\t\t\t<\/div>\n\t\t\t\t<\/div>\n\t\t\t\t\t<\/div>\n\t\t\t\t<\/div>\n\t\t\t\t<\/div>\n\t\t<\/div><div class=\"jet-listing-grid__item jet-listing-dynamic-post-18887\" data-post-id=\"18887\"  >\t\t<div data-elementor-type=\"jet-listing-items\" data-elementor-id=\"1560\" class=\"elementor elementor-1560\" data-elementor-post-type=\"jet-engine\">\n\t\t\t\t<div class=\"elementor-element elementor-element-81809e2 e-flex e-con-boxed e-con e-parent\" data-id=\"81809e2\" data-element_type=\"container\" data-settings=\"{&quot;jet_parallax_layout_list&quot;:[]}\">\n\t\t\t\t\t<div class=\"e-con-inner\">\n\t\t\t\t<div class=\"elementor-element elementor-element-5a9dd49 elementor-widget elementor-widget-image\" data-id=\"5a9dd49\" data-element_type=\"widget\" data-widget_type=\"image.default\">\n\t\t\t\t<div class=\"elementor-widget-container\">\n\t\t\t\t\t\t\t\t\t\t\t\t\t\t\t\t<a href=\"https:\/\/sollux-lighting.com\/pl\/nasza-oferta\/zyrandole\/zyrandol-lokko-45-czarny\/\">\n\t\t\t\t\t\t\t<img loading=\"lazy\" decoding=\"async\" width=\"750\" height=\"750\" src=\"https:\/\/sollux-lighting.com\/wp-content\/uploads\/2023\/03\/0774-1-k.jpg\" class=\"attachment-large size-large wp-image-18888\" alt=\"\" srcset=\"https:\/\/sollux-lighting.com\/wp-content\/uploads\/2023\/03\/0774-1-k.jpg 750w, https:\/\/sollux-lighting.com\/wp-content\/uploads\/2023\/03\/0774-1-k-300x300.jpg 300w, https:\/\/sollux-lighting.com\/wp-content\/uploads\/2023\/03\/0774-1-k-150x150.jpg 150w, https:\/\/sollux-lighting.com\/wp-content\/uploads\/2023\/03\/0774-1-k-600x600.jpg 600w, https:\/\/sollux-lighting.com\/wp-content\/uploads\/2023\/03\/0774-1-k-100x100.jpg 100w\" sizes=\"(max-width: 750px) 100vw, 750px\" \/>\t\t\t\t\t\t\t\t<\/a>\n\t\t\t\t\t\t\t\t\t\t\t\t\t\t\t<\/div>\n\t\t\t\t<\/div>\n\t\t\t\t<div class=\"elementor-element elementor-element-7bade7f elementor-widget elementor-widget-heading\" data-id=\"7bade7f\" data-element_type=\"widget\" data-widget_type=\"heading.default\">\n\t\t\t\t<div class=\"elementor-widget-container\">\n\t\t\t\t\t<h2 class=\"elementor-heading-title elementor-size-default\"><a href=\"https:\/\/sollux-lighting.com\/pl\/nasza-oferta\/zyrandole\/zyrandol-lokko-45-czarny\/\">\u017byrandol LOKKO 45 czarny<\/a><\/h2>\t\t\t\t<\/div>\n\t\t\t\t<\/div>\n\t\t\t\t\t<\/div>\n\t\t\t\t<\/div>\n\t\t\t\t<\/div>\n\t\t<\/div><div class=\"jet-listing-grid__item jet-listing-dynamic-post-18912\" data-post-id=\"18912\"  >\t\t<div data-elementor-type=\"jet-listing-items\" data-elementor-id=\"1560\" class=\"elementor elementor-1560\" data-elementor-post-type=\"jet-engine\">\n\t\t\t\t<div class=\"elementor-element elementor-element-81809e2 e-flex e-con-boxed e-con e-parent\" data-id=\"81809e2\" data-element_type=\"container\" data-settings=\"{&quot;jet_parallax_layout_list&quot;:[]}\">\n\t\t\t\t\t<div class=\"e-con-inner\">\n\t\t\t\t<div class=\"elementor-element elementor-element-5a9dd49 elementor-widget elementor-widget-image\" data-id=\"5a9dd49\" data-element_type=\"widget\" data-widget_type=\"image.default\">\n\t\t\t\t<div class=\"elementor-widget-container\">\n\t\t\t\t\t\t\t\t\t\t\t\t\t\t\t\t<a href=\"https:\/\/sollux-lighting.com\/pl\/nasza-oferta\/plafony\/plafon-lokko-45-bialy\/\">\n\t\t\t\t\t\t\t<img loading=\"lazy\" decoding=\"async\" width=\"750\" height=\"750\" src=\"https:\/\/sollux-lighting.com\/wp-content\/uploads\/2023\/03\/0775-1-k.jpg\" class=\"attachment-large size-large wp-image-18913\" alt=\"\" srcset=\"https:\/\/sollux-lighting.com\/wp-content\/uploads\/2023\/03\/0775-1-k.jpg 750w, https:\/\/sollux-lighting.com\/wp-content\/uploads\/2023\/03\/0775-1-k-300x300.jpg 300w, https:\/\/sollux-lighting.com\/wp-content\/uploads\/2023\/03\/0775-1-k-150x150.jpg 150w, https:\/\/sollux-lighting.com\/wp-content\/uploads\/2023\/03\/0775-1-k-600x600.jpg 600w, https:\/\/sollux-lighting.com\/wp-content\/uploads\/2023\/03\/0775-1-k-100x100.jpg 100w\" sizes=\"(max-width: 750px) 100vw, 750px\" \/>\t\t\t\t\t\t\t\t<\/a>\n\t\t\t\t\t\t\t\t\t\t\t\t\t\t\t<\/div>\n\t\t\t\t<\/div>\n\t\t\t\t<div class=\"elementor-element elementor-element-7bade7f elementor-widget elementor-widget-heading\" data-id=\"7bade7f\" data-element_type=\"widget\" data-widget_type=\"heading.default\">\n\t\t\t\t<div class=\"elementor-widget-container\">\n\t\t\t\t\t<h2 class=\"elementor-heading-title elementor-size-default\"><a href=\"https:\/\/sollux-lighting.com\/pl\/nasza-oferta\/plafony\/plafon-lokko-45-bialy\/\">Plafon LOKKO 45 bia\u0142y<\/a><\/h2>\t\t\t\t<\/div>\n\t\t\t\t<\/div>\n\t\t\t\t\t<\/div>\n\t\t\t\t<\/div>\n\t\t\t\t<\/div>\n\t\t<\/div><div class=\"jet-listing-grid__item jet-listing-dynamic-post-18537\" data-post-id=\"18537\"  >\t\t<div data-elementor-type=\"jet-listing-items\" data-elementor-id=\"1560\" class=\"elementor elementor-1560\" data-elementor-post-type=\"jet-engine\">\n\t\t\t\t<div class=\"elementor-element elementor-element-81809e2 e-flex e-con-boxed e-con e-parent\" data-id=\"81809e2\" data-element_type=\"container\" data-settings=\"{&quot;jet_parallax_layout_list&quot;:[]}\">\n\t\t\t\t\t<div class=\"e-con-inner\">\n\t\t\t\t<div class=\"elementor-element elementor-element-5a9dd49 elementor-widget elementor-widget-image\" data-id=\"5a9dd49\" data-element_type=\"widget\" data-widget_type=\"image.default\">\n\t\t\t\t<div class=\"elementor-widget-container\">\n\t\t\t\t\t\t\t\t\t\t\t\t\t\t\t\t<a href=\"https:\/\/sollux-lighting.com\/pl\/nasza-oferta\/plafony\/plafon-skala-30-czarny\/\">\n\t\t\t\t\t\t\t<img loading=\"lazy\" decoding=\"async\" width=\"750\" height=\"750\" src=\"https:\/\/sollux-lighting.com\/wp-content\/uploads\/2023\/03\/0760-1-k.jpg\" class=\"attachment-large size-large wp-image-18538\" alt=\"\" srcset=\"https:\/\/sollux-lighting.com\/wp-content\/uploads\/2023\/03\/0760-1-k.jpg 750w, https:\/\/sollux-lighting.com\/wp-content\/uploads\/2023\/03\/0760-1-k-300x300.jpg 300w, https:\/\/sollux-lighting.com\/wp-content\/uploads\/2023\/03\/0760-1-k-150x150.jpg 150w, https:\/\/sollux-lighting.com\/wp-content\/uploads\/2023\/03\/0760-1-k-600x600.jpg 600w, https:\/\/sollux-lighting.com\/wp-content\/uploads\/2023\/03\/0760-1-k-100x100.jpg 100w\" sizes=\"(max-width: 750px) 100vw, 750px\" \/>\t\t\t\t\t\t\t\t<\/a>\n\t\t\t\t\t\t\t\t\t\t\t\t\t\t\t<\/div>\n\t\t\t\t<\/div>\n\t\t\t\t<div class=\"elementor-element elementor-element-7bade7f elementor-widget elementor-widget-heading\" data-id=\"7bade7f\" data-element_type=\"widget\" data-widget_type=\"heading.default\">\n\t\t\t\t<div class=\"elementor-widget-container\">\n\t\t\t\t\t<h2 class=\"elementor-heading-title elementor-size-default\"><a href=\"https:\/\/sollux-lighting.com\/pl\/nasza-oferta\/plafony\/plafon-skala-30-czarny\/\">Plafon SKALA 30 czarny<\/a><\/h2>\t\t\t\t<\/div>\n\t\t\t\t<\/div>\n\t\t\t\t\t<\/div>\n\t\t\t\t<\/div>\n\t\t\t\t<\/div>\n\t\t<\/div><div class=\"jet-listing-grid__item jet-listing-dynamic-post-18937\" data-post-id=\"18937\"  >\t\t<div data-elementor-type=\"jet-listing-items\" data-elementor-id=\"1560\" class=\"elementor elementor-1560\" data-elementor-post-type=\"jet-engine\">\n\t\t\t\t<div class=\"elementor-element elementor-element-81809e2 e-flex e-con-boxed e-con e-parent\" data-id=\"81809e2\" data-element_type=\"container\" data-settings=\"{&quot;jet_parallax_layout_list&quot;:[]}\">\n\t\t\t\t\t<div class=\"e-con-inner\">\n\t\t\t\t<div class=\"elementor-element elementor-element-5a9dd49 elementor-widget elementor-widget-image\" data-id=\"5a9dd49\" data-element_type=\"widget\" data-widget_type=\"image.default\">\n\t\t\t\t<div class=\"elementor-widget-container\">\n\t\t\t\t\t\t\t\t\t\t\t\t\t\t\t\t<a href=\"https:\/\/sollux-lighting.com\/pl\/nasza-oferta\/plafony\/plafon-lokko-45-czarny\/\">\n\t\t\t\t\t\t\t<img loading=\"lazy\" decoding=\"async\" width=\"750\" height=\"750\" src=\"https:\/\/sollux-lighting.com\/wp-content\/uploads\/2023\/03\/0776-1-k.jpg\" class=\"attachment-large size-large wp-image-18938\" alt=\"\" srcset=\"https:\/\/sollux-lighting.com\/wp-content\/uploads\/2023\/03\/0776-1-k.jpg 750w, https:\/\/sollux-lighting.com\/wp-content\/uploads\/2023\/03\/0776-1-k-300x300.jpg 300w, https:\/\/sollux-lighting.com\/wp-content\/uploads\/2023\/03\/0776-1-k-150x150.jpg 150w, https:\/\/sollux-lighting.com\/wp-content\/uploads\/2023\/03\/0776-1-k-600x600.jpg 600w, https:\/\/sollux-lighting.com\/wp-content\/uploads\/2023\/03\/0776-1-k-100x100.jpg 100w\" sizes=\"(max-width: 750px) 100vw, 750px\" \/>\t\t\t\t\t\t\t\t<\/a>\n\t\t\t\t\t\t\t\t\t\t\t\t\t\t\t<\/div>\n\t\t\t\t<\/div>\n\t\t\t\t<div class=\"elementor-element elementor-element-7bade7f elementor-widget elementor-widget-heading\" data-id=\"7bade7f\" data-element_type=\"widget\" data-widget_type=\"heading.default\">\n\t\t\t\t<div class=\"elementor-widget-container\">\n\t\t\t\t\t<h2 class=\"elementor-heading-title elementor-size-default\"><a href=\"https:\/\/sollux-lighting.com\/pl\/nasza-oferta\/plafony\/plafon-lokko-45-czarny\/\">Plafon LOKKO 45 czarny<\/a><\/h2>\t\t\t\t<\/div>\n\t\t\t\t<\/div>\n\t\t\t\t\t<\/div>\n\t\t\t\t<\/div>\n\t\t\t\t<\/div>\n\t\t<\/div><div class=\"jet-listing-grid__item jet-listing-dynamic-post-18562\" data-post-id=\"18562\"  >\t\t<div data-elementor-type=\"jet-listing-items\" data-elementor-id=\"1560\" class=\"elementor elementor-1560\" data-elementor-post-type=\"jet-engine\">\n\t\t\t\t<div class=\"elementor-element elementor-element-81809e2 e-flex e-con-boxed e-con e-parent\" data-id=\"81809e2\" data-element_type=\"container\" data-settings=\"{&quot;jet_parallax_layout_list&quot;:[]}\">\n\t\t\t\t\t<div class=\"e-con-inner\">\n\t\t\t\t<div class=\"elementor-element elementor-element-5a9dd49 elementor-widget elementor-widget-image\" data-id=\"5a9dd49\" data-element_type=\"widget\" data-widget_type=\"image.default\">\n\t\t\t\t<div class=\"elementor-widget-container\">\n\t\t\t\t\t\t\t\t\t\t\t\t\t\t\t\t<a href=\"https:\/\/sollux-lighting.com\/pl\/nasza-oferta\/plafony\/plafon-skala-50-bialy\/\">\n\t\t\t\t\t\t\t<img loading=\"lazy\" decoding=\"async\" width=\"750\" height=\"750\" src=\"https:\/\/sollux-lighting.com\/wp-content\/uploads\/2023\/03\/0761-1-k.jpg\" class=\"attachment-large size-large wp-image-18563\" alt=\"\" srcset=\"https:\/\/sollux-lighting.com\/wp-content\/uploads\/2023\/03\/0761-1-k.jpg 750w, https:\/\/sollux-lighting.com\/wp-content\/uploads\/2023\/03\/0761-1-k-300x300.jpg 300w, https:\/\/sollux-lighting.com\/wp-content\/uploads\/2023\/03\/0761-1-k-150x150.jpg 150w, https:\/\/sollux-lighting.com\/wp-content\/uploads\/2023\/03\/0761-1-k-600x600.jpg 600w, https:\/\/sollux-lighting.com\/wp-content\/uploads\/2023\/03\/0761-1-k-100x100.jpg 100w\" sizes=\"(max-width: 750px) 100vw, 750px\" \/>\t\t\t\t\t\t\t\t<\/a>\n\t\t\t\t\t\t\t\t\t\t\t\t\t\t\t<\/div>\n\t\t\t\t<\/div>\n\t\t\t\t<div class=\"elementor-element elementor-element-7bade7f elementor-widget elementor-widget-heading\" data-id=\"7bade7f\" data-element_type=\"widget\" data-widget_type=\"heading.default\">\n\t\t\t\t<div class=\"elementor-widget-container\">\n\t\t\t\t\t<h2 class=\"elementor-heading-title elementor-size-default\"><a href=\"https:\/\/sollux-lighting.com\/pl\/nasza-oferta\/plafony\/plafon-skala-50-bialy\/\">Plafon SKALA 50 bia\u0142y<\/a><\/h2>\t\t\t\t<\/div>\n\t\t\t\t<\/div>\n\t\t\t\t\t<\/div>\n\t\t\t\t<\/div>\n\t\t\t\t<\/div>\n\t\t<\/div><div class=\"jet-listing-grid__item jet-listing-dynamic-post-18962\" data-post-id=\"18962\"  >\t\t<div data-elementor-type=\"jet-listing-items\" data-elementor-id=\"1560\" class=\"elementor elementor-1560\" data-elementor-post-type=\"jet-engine\">\n\t\t\t\t<div class=\"elementor-element elementor-element-81809e2 e-flex e-con-boxed e-con e-parent\" data-id=\"81809e2\" data-element_type=\"container\" data-settings=\"{&quot;jet_parallax_layout_list&quot;:[]}\">\n\t\t\t\t\t<div class=\"e-con-inner\">\n\t\t\t\t<div class=\"elementor-element elementor-element-5a9dd49 elementor-widget elementor-widget-image\" data-id=\"5a9dd49\" data-element_type=\"widget\" data-widget_type=\"image.default\">\n\t\t\t\t<div class=\"elementor-widget-container\">\n\t\t\t\t\t\t\t\t\t\t\t\t\t\t\t\t<a href=\"https:\/\/sollux-lighting.com\/pl\/nasza-oferta\/kinkiety\/kinkiet-lokko-bialy\/\">\n\t\t\t\t\t\t\t<img loading=\"lazy\" decoding=\"async\" width=\"750\" height=\"750\" src=\"https:\/\/sollux-lighting.com\/wp-content\/uploads\/2023\/03\/0777-1-k.jpg\" class=\"attachment-large size-large wp-image-18963\" alt=\"\" srcset=\"https:\/\/sollux-lighting.com\/wp-content\/uploads\/2023\/03\/0777-1-k.jpg 750w, https:\/\/sollux-lighting.com\/wp-content\/uploads\/2023\/03\/0777-1-k-300x300.jpg 300w, https:\/\/sollux-lighting.com\/wp-content\/uploads\/2023\/03\/0777-1-k-150x150.jpg 150w, https:\/\/sollux-lighting.com\/wp-content\/uploads\/2023\/03\/0777-1-k-600x600.jpg 600w, https:\/\/sollux-lighting.com\/wp-content\/uploads\/2023\/03\/0777-1-k-100x100.jpg 100w\" sizes=\"(max-width: 750px) 100vw, 750px\" \/>\t\t\t\t\t\t\t\t<\/a>\n\t\t\t\t\t\t\t\t\t\t\t\t\t\t\t<\/div>\n\t\t\t\t<\/div>\n\t\t\t\t<div class=\"elementor-element elementor-element-7bade7f elementor-widget elementor-widget-heading\" data-id=\"7bade7f\" data-element_type=\"widget\" data-widget_type=\"heading.default\">\n\t\t\t\t<div class=\"elementor-widget-container\">\n\t\t\t\t\t<h2 class=\"elementor-heading-title elementor-size-default\"><a href=\"https:\/\/sollux-lighting.com\/pl\/nasza-oferta\/kinkiety\/kinkiet-lokko-bialy\/\">Kinkiet LOKKO bia\u0142y<\/a><\/h2>\t\t\t\t<\/div>\n\t\t\t\t<\/div>\n\t\t\t\t\t<\/div>\n\t\t\t\t<\/div>\n\t\t\t\t<\/div>\n\t\t<\/div><div class=\"jet-listing-grid__item jet-listing-dynamic-post-18587\" data-post-id=\"18587\"  >\t\t<div data-elementor-type=\"jet-listing-items\" data-elementor-id=\"1560\" class=\"elementor elementor-1560\" data-elementor-post-type=\"jet-engine\">\n\t\t\t\t<div class=\"elementor-element elementor-element-81809e2 e-flex e-con-boxed e-con e-parent\" data-id=\"81809e2\" data-element_type=\"container\" data-settings=\"{&quot;jet_parallax_layout_list&quot;:[]}\">\n\t\t\t\t\t<div class=\"e-con-inner\">\n\t\t\t\t<div class=\"elementor-element elementor-element-5a9dd49 elementor-widget elementor-widget-image\" data-id=\"5a9dd49\" data-element_type=\"widget\" data-widget_type=\"image.default\">\n\t\t\t\t<div class=\"elementor-widget-container\">\n\t\t\t\t\t\t\t\t\t\t\t\t\t\t\t\t<a href=\"https:\/\/sollux-lighting.com\/pl\/nasza-oferta\/plafony\/plafon-skala-50-czarny\/\">\n\t\t\t\t\t\t\t<img loading=\"lazy\" decoding=\"async\" width=\"750\" height=\"750\" src=\"https:\/\/sollux-lighting.com\/wp-content\/uploads\/2023\/03\/0762-1-k.jpg\" class=\"attachment-large size-large wp-image-18588\" alt=\"\" srcset=\"https:\/\/sollux-lighting.com\/wp-content\/uploads\/2023\/03\/0762-1-k.jpg 750w, https:\/\/sollux-lighting.com\/wp-content\/uploads\/2023\/03\/0762-1-k-300x300.jpg 300w, https:\/\/sollux-lighting.com\/wp-content\/uploads\/2023\/03\/0762-1-k-150x150.jpg 150w, https:\/\/sollux-lighting.com\/wp-content\/uploads\/2023\/03\/0762-1-k-600x600.jpg 600w, https:\/\/sollux-lighting.com\/wp-content\/uploads\/2023\/03\/0762-1-k-100x100.jpg 100w\" sizes=\"(max-width: 750px) 100vw, 750px\" \/>\t\t\t\t\t\t\t\t<\/a>\n\t\t\t\t\t\t\t\t\t\t\t\t\t\t\t<\/div>\n\t\t\t\t<\/div>\n\t\t\t\t<div class=\"elementor-element elementor-element-7bade7f elementor-widget elementor-widget-heading\" data-id=\"7bade7f\" data-element_type=\"widget\" data-widget_type=\"heading.default\">\n\t\t\t\t<div class=\"elementor-widget-container\">\n\t\t\t\t\t<h2 class=\"elementor-heading-title elementor-size-default\"><a href=\"https:\/\/sollux-lighting.com\/pl\/nasza-oferta\/plafony\/plafon-skala-50-czarny\/\">Plafon SKALA 50 czarny<\/a><\/h2>\t\t\t\t<\/div>\n\t\t\t\t<\/div>\n\t\t\t\t\t<\/div>\n\t\t\t\t<\/div>\n\t\t\t\t<\/div>\n\t\t<\/div><div class=\"jet-listing-grid__item jet-listing-dynamic-post-18987\" data-post-id=\"18987\"  >\t\t<div data-elementor-type=\"jet-listing-items\" data-elementor-id=\"1560\" class=\"elementor elementor-1560\" data-elementor-post-type=\"jet-engine\">\n\t\t\t\t<div class=\"elementor-element elementor-element-81809e2 e-flex e-con-boxed e-con e-parent\" data-id=\"81809e2\" data-element_type=\"container\" data-settings=\"{&quot;jet_parallax_layout_list&quot;:[]}\">\n\t\t\t\t\t<div class=\"e-con-inner\">\n\t\t\t\t<div class=\"elementor-element elementor-element-5a9dd49 elementor-widget elementor-widget-image\" data-id=\"5a9dd49\" data-element_type=\"widget\" data-widget_type=\"image.default\">\n\t\t\t\t<div class=\"elementor-widget-container\">\n\t\t\t\t\t\t\t\t\t\t\t\t\t\t\t\t<a href=\"https:\/\/sollux-lighting.com\/pl\/nasza-oferta\/kinkiety\/kinkiet-lokko-czarny\/\">\n\t\t\t\t\t\t\t<img loading=\"lazy\" decoding=\"async\" width=\"750\" height=\"750\" src=\"https:\/\/sollux-lighting.com\/wp-content\/uploads\/2023\/03\/0778-1-k.jpg\" class=\"attachment-large size-large wp-image-18988\" alt=\"\" srcset=\"https:\/\/sollux-lighting.com\/wp-content\/uploads\/2023\/03\/0778-1-k.jpg 750w, https:\/\/sollux-lighting.com\/wp-content\/uploads\/2023\/03\/0778-1-k-300x300.jpg 300w, https:\/\/sollux-lighting.com\/wp-content\/uploads\/2023\/03\/0778-1-k-150x150.jpg 150w, https:\/\/sollux-lighting.com\/wp-content\/uploads\/2023\/03\/0778-1-k-600x600.jpg 600w, https:\/\/sollux-lighting.com\/wp-content\/uploads\/2023\/03\/0778-1-k-100x100.jpg 100w\" sizes=\"(max-width: 750px) 100vw, 750px\" \/>\t\t\t\t\t\t\t\t<\/a>\n\t\t\t\t\t\t\t\t\t\t\t\t\t\t\t<\/div>\n\t\t\t\t<\/div>\n\t\t\t\t<div class=\"elementor-element elementor-element-7bade7f elementor-widget elementor-widget-heading\" data-id=\"7bade7f\" data-element_type=\"widget\" data-widget_type=\"heading.default\">\n\t\t\t\t<div class=\"elementor-widget-container\">\n\t\t\t\t\t<h2 class=\"elementor-heading-title elementor-size-default\"><a href=\"https:\/\/sollux-lighting.com\/pl\/nasza-oferta\/kinkiety\/kinkiet-lokko-czarny\/\">Kinkiet LOKKO czarny<\/a><\/h2>\t\t\t\t<\/div>\n\t\t\t\t<\/div>\n\t\t\t\t\t<\/div>\n\t\t\t\t<\/div>\n\t\t\t\t<\/div>\n\t\t<\/div><div class=\"jet-listing-grid__item jet-listing-dynamic-post-18612\" data-post-id=\"18612\"  >\t\t<div data-elementor-type=\"jet-listing-items\" data-elementor-id=\"1560\" class=\"elementor elementor-1560\" data-elementor-post-type=\"jet-engine\">\n\t\t\t\t<div class=\"elementor-element elementor-element-81809e2 e-flex e-con-boxed e-con e-parent\" data-id=\"81809e2\" data-element_type=\"container\" data-settings=\"{&quot;jet_parallax_layout_list&quot;:[]}\">\n\t\t\t\t\t<div class=\"e-con-inner\">\n\t\t\t\t<div class=\"elementor-element elementor-element-5a9dd49 elementor-widget elementor-widget-image\" data-id=\"5a9dd49\" data-element_type=\"widget\" data-widget_type=\"image.default\">\n\t\t\t\t<div class=\"elementor-widget-container\">\n\t\t\t\t\t\t\t\t\t\t\t\t\t\t\t\t<a href=\"https:\/\/sollux-lighting.com\/pl\/nasza-oferta\/kinkiety\/kinkiet-skala-bialy\/\">\n\t\t\t\t\t\t\t<img loading=\"lazy\" decoding=\"async\" width=\"750\" height=\"750\" src=\"https:\/\/sollux-lighting.com\/wp-content\/uploads\/2023\/03\/0763-1-k.jpg\" class=\"attachment-large size-large wp-image-18613\" alt=\"\" srcset=\"https:\/\/sollux-lighting.com\/wp-content\/uploads\/2023\/03\/0763-1-k.jpg 750w, https:\/\/sollux-lighting.com\/wp-content\/uploads\/2023\/03\/0763-1-k-300x300.jpg 300w, https:\/\/sollux-lighting.com\/wp-content\/uploads\/2023\/03\/0763-1-k-150x150.jpg 150w, https:\/\/sollux-lighting.com\/wp-content\/uploads\/2023\/03\/0763-1-k-600x600.jpg 600w, https:\/\/sollux-lighting.com\/wp-content\/uploads\/2023\/03\/0763-1-k-100x100.jpg 100w\" sizes=\"(max-width: 750px) 100vw, 750px\" \/>\t\t\t\t\t\t\t\t<\/a>\n\t\t\t\t\t\t\t\t\t\t\t\t\t\t\t<\/div>\n\t\t\t\t<\/div>\n\t\t\t\t<div class=\"elementor-element elementor-element-7bade7f elementor-widget elementor-widget-heading\" data-id=\"7bade7f\" data-element_type=\"widget\" data-widget_type=\"heading.default\">\n\t\t\t\t<div class=\"elementor-widget-container\">\n\t\t\t\t\t<h2 class=\"elementor-heading-title elementor-size-default\"><a href=\"https:\/\/sollux-lighting.com\/pl\/nasza-oferta\/kinkiety\/kinkiet-skala-bialy\/\">Kinkiet SKALA bia\u0142y<\/a><\/h2>\t\t\t\t<\/div>\n\t\t\t\t<\/div>\n\t\t\t\t\t<\/div>\n\t\t\t\t<\/div>\n\t\t\t\t<\/div>\n\t\t<\/div><div class=\"jet-listing-grid__item jet-listing-dynamic-post-19012\" data-post-id=\"19012\"  >\t\t<div data-elementor-type=\"jet-listing-items\" data-elementor-id=\"1560\" class=\"elementor elementor-1560\" data-elementor-post-type=\"jet-engine\">\n\t\t\t\t<div class=\"elementor-element elementor-element-81809e2 e-flex e-con-boxed e-con e-parent\" data-id=\"81809e2\" data-element_type=\"container\" data-settings=\"{&quot;jet_parallax_layout_list&quot;:[]}\">\n\t\t\t\t\t<div class=\"e-con-inner\">\n\t\t\t\t<div class=\"elementor-element elementor-element-5a9dd49 elementor-widget elementor-widget-image\" data-id=\"5a9dd49\" data-element_type=\"widget\" data-widget_type=\"image.default\">\n\t\t\t\t<div class=\"elementor-widget-container\">\n\t\t\t\t\t\t\t\t\t\t\t\t\t\t\t\t<a href=\"https:\/\/sollux-lighting.com\/pl\/nasza-oferta\/zyrandole\/zyrandol-santa-bis-80-bialy\/\">\n\t\t\t\t\t\t\t<img loading=\"lazy\" decoding=\"async\" width=\"750\" height=\"750\" src=\"https:\/\/sollux-lighting.com\/wp-content\/uploads\/2023\/03\/0779-1-k.jpg\" class=\"attachment-large size-large wp-image-19013\" alt=\"\" srcset=\"https:\/\/sollux-lighting.com\/wp-content\/uploads\/2023\/03\/0779-1-k.jpg 750w, https:\/\/sollux-lighting.com\/wp-content\/uploads\/2023\/03\/0779-1-k-300x300.jpg 300w, https:\/\/sollux-lighting.com\/wp-content\/uploads\/2023\/03\/0779-1-k-150x150.jpg 150w, https:\/\/sollux-lighting.com\/wp-content\/uploads\/2023\/03\/0779-1-k-600x600.jpg 600w, https:\/\/sollux-lighting.com\/wp-content\/uploads\/2023\/03\/0779-1-k-100x100.jpg 100w\" sizes=\"(max-width: 750px) 100vw, 750px\" \/>\t\t\t\t\t\t\t\t<\/a>\n\t\t\t\t\t\t\t\t\t\t\t\t\t\t\t<\/div>\n\t\t\t\t<\/div>\n\t\t\t\t<div class=\"elementor-element elementor-element-7bade7f elementor-widget elementor-widget-heading\" data-id=\"7bade7f\" data-element_type=\"widget\" data-widget_type=\"heading.default\">\n\t\t\t\t<div class=\"elementor-widget-container\">\n\t\t\t\t\t<h2 class=\"elementor-heading-title elementor-size-default\"><a href=\"https:\/\/sollux-lighting.com\/pl\/nasza-oferta\/zyrandole\/zyrandol-santa-bis-80-bialy\/\">\u017byrandol SANTA BIS 80 bia\u0142y<\/a><\/h2>\t\t\t\t<\/div>\n\t\t\t\t<\/div>\n\t\t\t\t\t<\/div>\n\t\t\t\t<\/div>\n\t\t\t\t<\/div>\n\t\t<\/div><div class=\"jet-listing-grid__item jet-listing-dynamic-post-18637\" data-post-id=\"18637\"  >\t\t<div data-elementor-type=\"jet-listing-items\" data-elementor-id=\"1560\" class=\"elementor elementor-1560\" data-elementor-post-type=\"jet-engine\">\n\t\t\t\t<div class=\"elementor-element elementor-element-81809e2 e-flex e-con-boxed e-con e-parent\" data-id=\"81809e2\" data-element_type=\"container\" data-settings=\"{&quot;jet_parallax_layout_list&quot;:[]}\">\n\t\t\t\t\t<div class=\"e-con-inner\">\n\t\t\t\t<div class=\"elementor-element elementor-element-5a9dd49 elementor-widget elementor-widget-image\" data-id=\"5a9dd49\" data-element_type=\"widget\" data-widget_type=\"image.default\">\n\t\t\t\t<div class=\"elementor-widget-container\">\n\t\t\t\t\t\t\t\t\t\t\t\t\t\t\t\t<a href=\"https:\/\/sollux-lighting.com\/pl\/nasza-oferta\/kinkiety\/kinkiet-skala-czarny\/\">\n\t\t\t\t\t\t\t<img loading=\"lazy\" decoding=\"async\" width=\"750\" height=\"750\" src=\"https:\/\/sollux-lighting.com\/wp-content\/uploads\/2023\/03\/0764-1-k.jpg\" class=\"attachment-large size-large wp-image-18638\" alt=\"\" srcset=\"https:\/\/sollux-lighting.com\/wp-content\/uploads\/2023\/03\/0764-1-k.jpg 750w, https:\/\/sollux-lighting.com\/wp-content\/uploads\/2023\/03\/0764-1-k-300x300.jpg 300w, https:\/\/sollux-lighting.com\/wp-content\/uploads\/2023\/03\/0764-1-k-150x150.jpg 150w, https:\/\/sollux-lighting.com\/wp-content\/uploads\/2023\/03\/0764-1-k-600x600.jpg 600w, https:\/\/sollux-lighting.com\/wp-content\/uploads\/2023\/03\/0764-1-k-100x100.jpg 100w\" sizes=\"(max-width: 750px) 100vw, 750px\" \/>\t\t\t\t\t\t\t\t<\/a>\n\t\t\t\t\t\t\t\t\t\t\t\t\t\t\t<\/div>\n\t\t\t\t<\/div>\n\t\t\t\t<div class=\"elementor-element elementor-element-7bade7f elementor-widget elementor-widget-heading\" data-id=\"7bade7f\" data-element_type=\"widget\" data-widget_type=\"heading.default\">\n\t\t\t\t<div class=\"elementor-widget-container\">\n\t\t\t\t\t<h2 class=\"elementor-heading-title elementor-size-default\"><a href=\"https:\/\/sollux-lighting.com\/pl\/nasza-oferta\/kinkiety\/kinkiet-skala-czarny\/\">Kinkiet SKALA czarny<\/a><\/h2>\t\t\t\t<\/div>\n\t\t\t\t<\/div>\n\t\t\t\t\t<\/div>\n\t\t\t\t<\/div>\n\t\t\t\t<\/div>\n\t\t<\/div><div class=\"jet-listing-grid__item jet-listing-dynamic-post-18662\" data-post-id=\"18662\"  >\t\t<div data-elementor-type=\"jet-listing-items\" data-elementor-id=\"1560\" class=\"elementor elementor-1560\" data-elementor-post-type=\"jet-engine\">\n\t\t\t\t<div class=\"elementor-element elementor-element-81809e2 e-flex e-con-boxed e-con e-parent\" data-id=\"81809e2\" data-element_type=\"container\" data-settings=\"{&quot;jet_parallax_layout_list&quot;:[]}\">\n\t\t\t\t\t<div class=\"e-con-inner\">\n\t\t\t\t<div class=\"elementor-element elementor-element-5a9dd49 elementor-widget elementor-widget-image\" data-id=\"5a9dd49\" data-element_type=\"widget\" data-widget_type=\"image.default\">\n\t\t\t\t<div class=\"elementor-widget-container\">\n\t\t\t\t\t\t\t\t\t\t\t\t\t\t\t\t<a href=\"https:\/\/sollux-lighting.com\/pl\/nasza-oferta\/zyrandole\/zyrandol-vega-60-bialy\/\">\n\t\t\t\t\t\t\t<img loading=\"lazy\" decoding=\"async\" width=\"750\" height=\"750\" src=\"https:\/\/sollux-lighting.com\/wp-content\/uploads\/2023\/03\/0765-1-k.jpg\" class=\"attachment-large size-large wp-image-18663\" alt=\"\" srcset=\"https:\/\/sollux-lighting.com\/wp-content\/uploads\/2023\/03\/0765-1-k.jpg 750w, https:\/\/sollux-lighting.com\/wp-content\/uploads\/2023\/03\/0765-1-k-300x300.jpg 300w, https:\/\/sollux-lighting.com\/wp-content\/uploads\/2023\/03\/0765-1-k-150x150.jpg 150w, https:\/\/sollux-lighting.com\/wp-content\/uploads\/2023\/03\/0765-1-k-600x600.jpg 600w, https:\/\/sollux-lighting.com\/wp-content\/uploads\/2023\/03\/0765-1-k-100x100.jpg 100w\" sizes=\"(max-width: 750px) 100vw, 750px\" \/>\t\t\t\t\t\t\t\t<\/a>\n\t\t\t\t\t\t\t\t\t\t\t\t\t\t\t<\/div>\n\t\t\t\t<\/div>\n\t\t\t\t<div class=\"elementor-element elementor-element-7bade7f elementor-widget elementor-widget-heading\" data-id=\"7bade7f\" data-element_type=\"widget\" data-widget_type=\"heading.default\">\n\t\t\t\t<div class=\"elementor-widget-container\">\n\t\t\t\t\t<h2 class=\"elementor-heading-title elementor-size-default\"><a href=\"https:\/\/sollux-lighting.com\/pl\/nasza-oferta\/zyrandole\/zyrandol-vega-60-bialy\/\">\u017byrandol VEGA 60 bia\u0142y<\/a><\/h2>\t\t\t\t<\/div>\n\t\t\t\t<\/div>\n\t\t\t\t\t<\/div>\n\t\t\t\t<\/div>\n\t\t\t\t<\/div>\n\t\t<\/div><div class=\"jet-listing-grid__item jet-listing-dynamic-post-18687\" data-post-id=\"18687\"  >\t\t<div data-elementor-type=\"jet-listing-items\" data-elementor-id=\"1560\" class=\"elementor elementor-1560\" data-elementor-post-type=\"jet-engine\">\n\t\t\t\t<div class=\"elementor-element elementor-element-81809e2 e-flex e-con-boxed e-con e-parent\" data-id=\"81809e2\" data-element_type=\"container\" data-settings=\"{&quot;jet_parallax_layout_list&quot;:[]}\">\n\t\t\t\t\t<div class=\"e-con-inner\">\n\t\t\t\t<div class=\"elementor-element elementor-element-5a9dd49 elementor-widget elementor-widget-image\" data-id=\"5a9dd49\" data-element_type=\"widget\" data-widget_type=\"image.default\">\n\t\t\t\t<div class=\"elementor-widget-container\">\n\t\t\t\t\t\t\t\t\t\t\t\t\t\t\t\t<a href=\"https:\/\/sollux-lighting.com\/pl\/nasza-oferta\/zyrandole\/zyrandol-vega-60-czarny\/\">\n\t\t\t\t\t\t\t<img loading=\"lazy\" decoding=\"async\" width=\"750\" height=\"750\" src=\"https:\/\/sollux-lighting.com\/wp-content\/uploads\/2023\/03\/0766-1-k.jpg\" class=\"attachment-large size-large wp-image-18688\" alt=\"\" srcset=\"https:\/\/sollux-lighting.com\/wp-content\/uploads\/2023\/03\/0766-1-k.jpg 750w, https:\/\/sollux-lighting.com\/wp-content\/uploads\/2023\/03\/0766-1-k-300x300.jpg 300w, https:\/\/sollux-lighting.com\/wp-content\/uploads\/2023\/03\/0766-1-k-150x150.jpg 150w, https:\/\/sollux-lighting.com\/wp-content\/uploads\/2023\/03\/0766-1-k-600x600.jpg 600w, https:\/\/sollux-lighting.com\/wp-content\/uploads\/2023\/03\/0766-1-k-100x100.jpg 100w\" sizes=\"(max-width: 750px) 100vw, 750px\" \/>\t\t\t\t\t\t\t\t<\/a>\n\t\t\t\t\t\t\t\t\t\t\t\t\t\t\t<\/div>\n\t\t\t\t<\/div>\n\t\t\t\t<div class=\"elementor-element elementor-element-7bade7f elementor-widget elementor-widget-heading\" data-id=\"7bade7f\" data-element_type=\"widget\" data-widget_type=\"heading.default\">\n\t\t\t\t<div class=\"elementor-widget-container\">\n\t\t\t\t\t<h2 class=\"elementor-heading-title elementor-size-default\"><a href=\"https:\/\/sollux-lighting.com\/pl\/nasza-oferta\/zyrandole\/zyrandol-vega-60-czarny\/\">\u017byrandol VEGA 60 czarny<\/a><\/h2>\t\t\t\t<\/div>\n\t\t\t\t<\/div>\n\t\t\t\t\t<\/div>\n\t\t\t\t<\/div>\n\t\t\t\t<\/div>\n\t\t<\/div><div class=\"jet-listing-grid__item jet-listing-dynamic-post-18712\" data-post-id=\"18712\"  >\t\t<div data-elementor-type=\"jet-listing-items\" data-elementor-id=\"1560\" class=\"elementor elementor-1560\" data-elementor-post-type=\"jet-engine\">\n\t\t\t\t<div class=\"elementor-element elementor-element-81809e2 e-flex e-con-boxed e-con e-parent\" data-id=\"81809e2\" data-element_type=\"container\" data-settings=\"{&quot;jet_parallax_layout_list&quot;:[]}\">\n\t\t\t\t\t<div class=\"e-con-inner\">\n\t\t\t\t<div class=\"elementor-element elementor-element-5a9dd49 elementor-widget elementor-widget-image\" data-id=\"5a9dd49\" data-element_type=\"widget\" data-widget_type=\"image.default\">\n\t\t\t\t<div class=\"elementor-widget-container\">\n\t\t\t\t\t\t\t\t\t\t\t\t\t\t\t\t<a href=\"https:\/\/sollux-lighting.com\/pl\/nasza-oferta\/plafony\/plafon-vega-60-bialy\/\">\n\t\t\t\t\t\t\t<img loading=\"lazy\" decoding=\"async\" width=\"750\" height=\"750\" src=\"https:\/\/sollux-lighting.com\/wp-content\/uploads\/2023\/03\/0767-1-k.jpg\" class=\"attachment-large size-large wp-image-18713\" alt=\"\" srcset=\"https:\/\/sollux-lighting.com\/wp-content\/uploads\/2023\/03\/0767-1-k.jpg 750w, https:\/\/sollux-lighting.com\/wp-content\/uploads\/2023\/03\/0767-1-k-300x300.jpg 300w, https:\/\/sollux-lighting.com\/wp-content\/uploads\/2023\/03\/0767-1-k-150x150.jpg 150w, https:\/\/sollux-lighting.com\/wp-content\/uploads\/2023\/03\/0767-1-k-600x600.jpg 600w, https:\/\/sollux-lighting.com\/wp-content\/uploads\/2023\/03\/0767-1-k-100x100.jpg 100w\" sizes=\"(max-width: 750px) 100vw, 750px\" \/>\t\t\t\t\t\t\t\t<\/a>\n\t\t\t\t\t\t\t\t\t\t\t\t\t\t\t<\/div>\n\t\t\t\t<\/div>\n\t\t\t\t<div class=\"elementor-element elementor-element-7bade7f elementor-widget elementor-widget-heading\" data-id=\"7bade7f\" data-element_type=\"widget\" data-widget_type=\"heading.default\">\n\t\t\t\t<div class=\"elementor-widget-container\">\n\t\t\t\t\t<h2 class=\"elementor-heading-title elementor-size-default\"><a href=\"https:\/\/sollux-lighting.com\/pl\/nasza-oferta\/plafony\/plafon-vega-60-bialy\/\">Plafon VEGA 60 bia\u0142y<\/a><\/h2>\t\t\t\t<\/div>\n\t\t\t\t<\/div>\n\t\t\t\t\t<\/div>\n\t\t\t\t<\/div>\n\t\t\t\t<\/div>\n\t\t<\/div><div class=\"jet-listing-grid__item jet-listing-dynamic-post-18737\" data-post-id=\"18737\"  >\t\t<div data-elementor-type=\"jet-listing-items\" data-elementor-id=\"1560\" class=\"elementor elementor-1560\" data-elementor-post-type=\"jet-engine\">\n\t\t\t\t<div class=\"elementor-element elementor-element-81809e2 e-flex e-con-boxed e-con e-parent\" data-id=\"81809e2\" data-element_type=\"container\" data-settings=\"{&quot;jet_parallax_layout_list&quot;:[]}\">\n\t\t\t\t\t<div class=\"e-con-inner\">\n\t\t\t\t<div class=\"elementor-element elementor-element-5a9dd49 elementor-widget elementor-widget-image\" data-id=\"5a9dd49\" data-element_type=\"widget\" data-widget_type=\"image.default\">\n\t\t\t\t<div class=\"elementor-widget-container\">\n\t\t\t\t\t\t\t\t\t\t\t\t\t\t\t\t<a href=\"https:\/\/sollux-lighting.com\/pl\/nasza-oferta\/plafony\/plafon-vega-60-czarny\/\">\n\t\t\t\t\t\t\t<img loading=\"lazy\" decoding=\"async\" width=\"750\" height=\"750\" src=\"https:\/\/sollux-lighting.com\/wp-content\/uploads\/2023\/03\/0768-1-k.jpg\" class=\"attachment-large size-large wp-image-18738\" alt=\"\" srcset=\"https:\/\/sollux-lighting.com\/wp-content\/uploads\/2023\/03\/0768-1-k.jpg 750w, https:\/\/sollux-lighting.com\/wp-content\/uploads\/2023\/03\/0768-1-k-300x300.jpg 300w, https:\/\/sollux-lighting.com\/wp-content\/uploads\/2023\/03\/0768-1-k-150x150.jpg 150w, https:\/\/sollux-lighting.com\/wp-content\/uploads\/2023\/03\/0768-1-k-600x600.jpg 600w, https:\/\/sollux-lighting.com\/wp-content\/uploads\/2023\/03\/0768-1-k-100x100.jpg 100w\" sizes=\"(max-width: 750px) 100vw, 750px\" \/>\t\t\t\t\t\t\t\t<\/a>\n\t\t\t\t\t\t\t\t\t\t\t\t\t\t\t<\/div>\n\t\t\t\t<\/div>\n\t\t\t\t<div class=\"elementor-element elementor-element-7bade7f elementor-widget elementor-widget-heading\" data-id=\"7bade7f\" data-element_type=\"widget\" data-widget_type=\"heading.default\">\n\t\t\t\t<div class=\"elementor-widget-container\">\n\t\t\t\t\t<h2 class=\"elementor-heading-title elementor-size-default\"><a href=\"https:\/\/sollux-lighting.com\/pl\/nasza-oferta\/plafony\/plafon-vega-60-czarny\/\">Plafon VEGA 60 czarny<\/a><\/h2>\t\t\t\t<\/div>\n\t\t\t\t<\/div>\n\t\t\t\t\t<\/div>\n\t\t\t\t<\/div>\n\t\t\t\t<\/div>\n\t\t<\/div><div class=\"jet-listing-grid__item jet-listing-dynamic-post-18762\" data-post-id=\"18762\"  >\t\t<div data-elementor-type=\"jet-listing-items\" data-elementor-id=\"1560\" class=\"elementor elementor-1560\" data-elementor-post-type=\"jet-engine\">\n\t\t\t\t<div class=\"elementor-element elementor-element-81809e2 e-flex e-con-boxed e-con e-parent\" data-id=\"81809e2\" data-element_type=\"container\" data-settings=\"{&quot;jet_parallax_layout_list&quot;:[]}\">\n\t\t\t\t\t<div class=\"e-con-inner\">\n\t\t\t\t<div class=\"elementor-element elementor-element-5a9dd49 elementor-widget elementor-widget-image\" data-id=\"5a9dd49\" data-element_type=\"widget\" data-widget_type=\"image.default\">\n\t\t\t\t<div class=\"elementor-widget-container\">\n\t\t\t\t\t\t\t\t\t\t\t\t\t\t\t\t<a href=\"https:\/\/sollux-lighting.com\/pl\/nasza-oferta\/zyrandole\/zyrandol-blum-1-bialy\/\">\n\t\t\t\t\t\t\t<img loading=\"lazy\" decoding=\"async\" width=\"750\" height=\"750\" src=\"https:\/\/sollux-lighting.com\/wp-content\/uploads\/2023\/03\/0769-1-k.jpg\" class=\"attachment-large size-large wp-image-18763\" alt=\"\" srcset=\"https:\/\/sollux-lighting.com\/wp-content\/uploads\/2023\/03\/0769-1-k.jpg 750w, https:\/\/sollux-lighting.com\/wp-content\/uploads\/2023\/03\/0769-1-k-300x300.jpg 300w, https:\/\/sollux-lighting.com\/wp-content\/uploads\/2023\/03\/0769-1-k-150x150.jpg 150w, https:\/\/sollux-lighting.com\/wp-content\/uploads\/2023\/03\/0769-1-k-600x600.jpg 600w, https:\/\/sollux-lighting.com\/wp-content\/uploads\/2023\/03\/0769-1-k-100x100.jpg 100w\" sizes=\"(max-width: 750px) 100vw, 750px\" \/>\t\t\t\t\t\t\t\t<\/a>\n\t\t\t\t\t\t\t\t\t\t\t\t\t\t\t<\/div>\n\t\t\t\t<\/div>\n\t\t\t\t<div class=\"elementor-element elementor-element-7bade7f elementor-widget elementor-widget-heading\" data-id=\"7bade7f\" data-element_type=\"widget\" data-widget_type=\"heading.default\">\n\t\t\t\t<div class=\"elementor-widget-container\">\n\t\t\t\t\t<h2 class=\"elementor-heading-title elementor-size-default\"><a href=\"https:\/\/sollux-lighting.com\/pl\/nasza-oferta\/zyrandole\/zyrandol-blum-1-bialy\/\">\u017byrandol BLUM 1 bia\u0142y<\/a><\/h2>\t\t\t\t<\/div>\n\t\t\t\t<\/div>\n\t\t\t\t\t<\/div>\n\t\t\t\t<\/div>\n\t\t\t\t<\/div>\n\t\t<\/div><div class=\"jet-listing-grid__item jet-listing-dynamic-post-18787\" data-post-id=\"18787\"  >\t\t<div data-elementor-type=\"jet-listing-items\" data-elementor-id=\"1560\" class=\"elementor elementor-1560\" data-elementor-post-type=\"jet-engine\">\n\t\t\t\t<div class=\"elementor-element elementor-element-81809e2 e-flex e-con-boxed e-con e-parent\" data-id=\"81809e2\" data-element_type=\"container\" data-settings=\"{&quot;jet_parallax_layout_list&quot;:[]}\">\n\t\t\t\t\t<div class=\"e-con-inner\">\n\t\t\t\t<div class=\"elementor-element elementor-element-5a9dd49 elementor-widget elementor-widget-image\" data-id=\"5a9dd49\" data-element_type=\"widget\" data-widget_type=\"image.default\">\n\t\t\t\t<div class=\"elementor-widget-container\">\n\t\t\t\t\t\t\t\t\t\t\t\t\t\t\t\t<a href=\"https:\/\/sollux-lighting.com\/pl\/nasza-oferta\/zyrandole\/zyrandol-blum-1-czarny\/\">\n\t\t\t\t\t\t\t<img loading=\"lazy\" decoding=\"async\" width=\"750\" height=\"750\" src=\"https:\/\/sollux-lighting.com\/wp-content\/uploads\/2023\/03\/0770-1-k.jpg\" class=\"attachment-large size-large wp-image-18788\" alt=\"\" srcset=\"https:\/\/sollux-lighting.com\/wp-content\/uploads\/2023\/03\/0770-1-k.jpg 750w, https:\/\/sollux-lighting.com\/wp-content\/uploads\/2023\/03\/0770-1-k-300x300.jpg 300w, https:\/\/sollux-lighting.com\/wp-content\/uploads\/2023\/03\/0770-1-k-150x150.jpg 150w, https:\/\/sollux-lighting.com\/wp-content\/uploads\/2023\/03\/0770-1-k-600x600.jpg 600w, https:\/\/sollux-lighting.com\/wp-content\/uploads\/2023\/03\/0770-1-k-100x100.jpg 100w\" sizes=\"(max-width: 750px) 100vw, 750px\" \/>\t\t\t\t\t\t\t\t<\/a>\n\t\t\t\t\t\t\t\t\t\t\t\t\t\t\t<\/div>\n\t\t\t\t<\/div>\n\t\t\t\t<div class=\"elementor-element elementor-element-7bade7f elementor-widget elementor-widget-heading\" data-id=\"7bade7f\" data-element_type=\"widget\" data-widget_type=\"heading.default\">\n\t\t\t\t<div class=\"elementor-widget-container\">\n\t\t\t\t\t<h2 class=\"elementor-heading-title elementor-size-default\"><a href=\"https:\/\/sollux-lighting.com\/pl\/nasza-oferta\/zyrandole\/zyrandol-blum-1-czarny\/\">\u017byrandol BLUM 1 czarny<\/a><\/h2>\t\t\t\t<\/div>\n\t\t\t\t<\/div>\n\t\t\t\t\t<\/div>\n\t\t\t\t<\/div>\n\t\t\t\t<\/div>\n\t\t<\/div><div class=\"jet-listing-grid__item jet-listing-dynamic-post-18412\" data-post-id=\"18412\"  >\t\t<div data-elementor-type=\"jet-listing-items\" data-elementor-id=\"1560\" class=\"elementor elementor-1560\" data-elementor-post-type=\"jet-engine\">\n\t\t\t\t<div class=\"elementor-element elementor-element-81809e2 e-flex e-con-boxed e-con e-parent\" data-id=\"81809e2\" data-element_type=\"container\" data-settings=\"{&quot;jet_parallax_layout_list&quot;:[]}\">\n\t\t\t\t\t<div class=\"e-con-inner\">\n\t\t\t\t<div class=\"elementor-element elementor-element-5a9dd49 elementor-widget elementor-widget-image\" data-id=\"5a9dd49\" data-element_type=\"widget\" data-widget_type=\"image.default\">\n\t\t\t\t<div class=\"elementor-widget-container\">\n\t\t\t\t\t\t\t\t\t\t\t\t\t\t\t\t<a href=\"https:\/\/sollux-lighting.com\/pl\/nasza-oferta\/zyrandole\/zyrandol-skala-30-bialy\/\">\n\t\t\t\t\t\t\t<img loading=\"lazy\" decoding=\"async\" width=\"750\" height=\"750\" src=\"https:\/\/sollux-lighting.com\/wp-content\/uploads\/2023\/03\/0755-1-k.jpg\" class=\"attachment-large size-large wp-image-18413\" alt=\"\" srcset=\"https:\/\/sollux-lighting.com\/wp-content\/uploads\/2023\/03\/0755-1-k.jpg 750w, https:\/\/sollux-lighting.com\/wp-content\/uploads\/2023\/03\/0755-1-k-300x300.jpg 300w, https:\/\/sollux-lighting.com\/wp-content\/uploads\/2023\/03\/0755-1-k-150x150.jpg 150w, https:\/\/sollux-lighting.com\/wp-content\/uploads\/2023\/03\/0755-1-k-600x600.jpg 600w, https:\/\/sollux-lighting.com\/wp-content\/uploads\/2023\/03\/0755-1-k-100x100.jpg 100w\" sizes=\"(max-width: 750px) 100vw, 750px\" \/>\t\t\t\t\t\t\t\t<\/a>\n\t\t\t\t\t\t\t\t\t\t\t\t\t\t\t<\/div>\n\t\t\t\t<\/div>\n\t\t\t\t<div class=\"elementor-element elementor-element-7bade7f elementor-widget elementor-widget-heading\" data-id=\"7bade7f\" data-element_type=\"widget\" data-widget_type=\"heading.default\">\n\t\t\t\t<div class=\"elementor-widget-container\">\n\t\t\t\t\t<h2 class=\"elementor-heading-title elementor-size-default\"><a href=\"https:\/\/sollux-lighting.com\/pl\/nasza-oferta\/zyrandole\/zyrandol-skala-30-bialy\/\">\u017byrandol SKALA 30 bia\u0142y<\/a><\/h2>\t\t\t\t<\/div>\n\t\t\t\t<\/div>\n\t\t\t\t\t<\/div>\n\t\t\t\t<\/div>\n\t\t\t\t<\/div>\n\t\t<\/div><div class=\"jet-listing-grid__item jet-listing-dynamic-post-18034\" data-post-id=\"18034\"  >\t\t<div data-elementor-type=\"jet-listing-items\" data-elementor-id=\"1560\" class=\"elementor elementor-1560\" data-elementor-post-type=\"jet-engine\">\n\t\t\t\t<div class=\"elementor-element elementor-element-81809e2 e-flex e-con-boxed e-con e-parent\" data-id=\"81809e2\" data-element_type=\"container\" data-settings=\"{&quot;jet_parallax_layout_list&quot;:[]}\">\n\t\t\t\t\t<div class=\"e-con-inner\">\n\t\t\t\t<div class=\"elementor-element elementor-element-5a9dd49 elementor-widget elementor-widget-image\" data-id=\"5a9dd49\" data-element_type=\"widget\" data-widget_type=\"image.default\">\n\t\t\t\t<div class=\"elementor-widget-container\">\n\t\t\t\t\t\t\t\t\t\t\t\t\t\t\t\t<a href=\"https:\/\/sollux-lighting.com\/pl\/nasza-oferta\/plafony\/plafon-luna-4-bialy\/\">\n\t\t\t\t\t\t\t<img loading=\"lazy\" decoding=\"async\" width=\"750\" height=\"750\" src=\"https:\/\/sollux-lighting.com\/wp-content\/uploads\/2023\/03\/0740-1-k.jpg\" class=\"attachment-large size-large wp-image-18035\" alt=\"\" srcset=\"https:\/\/sollux-lighting.com\/wp-content\/uploads\/2023\/03\/0740-1-k.jpg 750w, https:\/\/sollux-lighting.com\/wp-content\/uploads\/2023\/03\/0740-1-k-300x300.jpg 300w, https:\/\/sollux-lighting.com\/wp-content\/uploads\/2023\/03\/0740-1-k-150x150.jpg 150w, https:\/\/sollux-lighting.com\/wp-content\/uploads\/2023\/03\/0740-1-k-600x600.jpg 600w, https:\/\/sollux-lighting.com\/wp-content\/uploads\/2023\/03\/0740-1-k-100x100.jpg 100w\" sizes=\"(max-width: 750px) 100vw, 750px\" \/>\t\t\t\t\t\t\t\t<\/a>\n\t\t\t\t\t\t\t\t\t\t\t\t\t\t\t<\/div>\n\t\t\t\t<\/div>\n\t\t\t\t<div class=\"elementor-element elementor-element-7bade7f elementor-widget elementor-widget-heading\" data-id=\"7bade7f\" data-element_type=\"widget\" data-widget_type=\"heading.default\">\n\t\t\t\t<div class=\"elementor-widget-container\">\n\t\t\t\t\t<h2 class=\"elementor-heading-title elementor-size-default\"><a href=\"https:\/\/sollux-lighting.com\/pl\/nasza-oferta\/plafony\/plafon-luna-4-bialy\/\">Plafon LUNA 4 bia\u0142y<\/a><\/h2>\t\t\t\t<\/div>\n\t\t\t\t<\/div>\n\t\t\t\t\t<\/div>\n\t\t\t\t<\/div>\n\t\t\t\t<\/div>\n\t\t<\/div><div class=\"jet-listing-grid__item jet-listing-dynamic-post-18437\" data-post-id=\"18437\"  >\t\t<div data-elementor-type=\"jet-listing-items\" data-elementor-id=\"1560\" class=\"elementor elementor-1560\" data-elementor-post-type=\"jet-engine\">\n\t\t\t\t<div class=\"elementor-element elementor-element-81809e2 e-flex e-con-boxed e-con e-parent\" data-id=\"81809e2\" data-element_type=\"container\" data-settings=\"{&quot;jet_parallax_layout_list&quot;:[]}\">\n\t\t\t\t\t<div class=\"e-con-inner\">\n\t\t\t\t<div class=\"elementor-element elementor-element-5a9dd49 elementor-widget elementor-widget-image\" data-id=\"5a9dd49\" data-element_type=\"widget\" data-widget_type=\"image.default\">\n\t\t\t\t<div class=\"elementor-widget-container\">\n\t\t\t\t\t\t\t\t\t\t\t\t\t\t\t\t<a href=\"https:\/\/sollux-lighting.com\/pl\/nasza-oferta\/zyrandole\/zyrandol-skala-30-czarny\/\">\n\t\t\t\t\t\t\t<img loading=\"lazy\" decoding=\"async\" width=\"750\" height=\"750\" src=\"https:\/\/sollux-lighting.com\/wp-content\/uploads\/2023\/03\/0756-1-k.jpg\" class=\"attachment-large size-large wp-image-18438\" alt=\"\" srcset=\"https:\/\/sollux-lighting.com\/wp-content\/uploads\/2023\/03\/0756-1-k.jpg 750w, https:\/\/sollux-lighting.com\/wp-content\/uploads\/2023\/03\/0756-1-k-300x300.jpg 300w, https:\/\/sollux-lighting.com\/wp-content\/uploads\/2023\/03\/0756-1-k-150x150.jpg 150w, https:\/\/sollux-lighting.com\/wp-content\/uploads\/2023\/03\/0756-1-k-600x600.jpg 600w, https:\/\/sollux-lighting.com\/wp-content\/uploads\/2023\/03\/0756-1-k-100x100.jpg 100w\" sizes=\"(max-width: 750px) 100vw, 750px\" \/>\t\t\t\t\t\t\t\t<\/a>\n\t\t\t\t\t\t\t\t\t\t\t\t\t\t\t<\/div>\n\t\t\t\t<\/div>\n\t\t\t\t<div class=\"elementor-element elementor-element-7bade7f elementor-widget elementor-widget-heading\" data-id=\"7bade7f\" data-element_type=\"widget\" data-widget_type=\"heading.default\">\n\t\t\t\t<div class=\"elementor-widget-container\">\n\t\t\t\t\t<h2 class=\"elementor-heading-title elementor-size-default\"><a href=\"https:\/\/sollux-lighting.com\/pl\/nasza-oferta\/zyrandole\/zyrandol-skala-30-czarny\/\">\u017byrandol SKALA 30 czarny<\/a><\/h2>\t\t\t\t<\/div>\n\t\t\t\t<\/div>\n\t\t\t\t\t<\/div>\n\t\t\t\t<\/div>\n\t\t\t\t<\/div>\n\t\t<\/div><div class=\"jet-listing-grid__item jet-listing-dynamic-post-18062\" data-post-id=\"18062\"  >\t\t<div data-elementor-type=\"jet-listing-items\" data-elementor-id=\"1560\" class=\"elementor elementor-1560\" data-elementor-post-type=\"jet-engine\">\n\t\t\t\t<div class=\"elementor-element elementor-element-81809e2 e-flex e-con-boxed e-con e-parent\" data-id=\"81809e2\" data-element_type=\"container\" data-settings=\"{&quot;jet_parallax_layout_list&quot;:[]}\">\n\t\t\t\t\t<div class=\"e-con-inner\">\n\t\t\t\t<div class=\"elementor-element elementor-element-5a9dd49 elementor-widget elementor-widget-image\" data-id=\"5a9dd49\" data-element_type=\"widget\" data-widget_type=\"image.default\">\n\t\t\t\t<div class=\"elementor-widget-container\">\n\t\t\t\t\t\t\t\t\t\t\t\t\t\t\t\t<a href=\"https:\/\/sollux-lighting.com\/pl\/nasza-oferta\/zyrandole\/zyrandol-otto-15-bialy\/\">\n\t\t\t\t\t\t\t<img loading=\"lazy\" decoding=\"async\" width=\"750\" height=\"750\" src=\"https:\/\/sollux-lighting.com\/wp-content\/uploads\/2023\/03\/0741-1-k.jpg\" class=\"attachment-large size-large wp-image-18063\" alt=\"\" srcset=\"https:\/\/sollux-lighting.com\/wp-content\/uploads\/2023\/03\/0741-1-k.jpg 750w, https:\/\/sollux-lighting.com\/wp-content\/uploads\/2023\/03\/0741-1-k-300x300.jpg 300w, https:\/\/sollux-lighting.com\/wp-content\/uploads\/2023\/03\/0741-1-k-150x150.jpg 150w, https:\/\/sollux-lighting.com\/wp-content\/uploads\/2023\/03\/0741-1-k-600x600.jpg 600w, https:\/\/sollux-lighting.com\/wp-content\/uploads\/2023\/03\/0741-1-k-100x100.jpg 100w\" sizes=\"(max-width: 750px) 100vw, 750px\" \/>\t\t\t\t\t\t\t\t<\/a>\n\t\t\t\t\t\t\t\t\t\t\t\t\t\t\t<\/div>\n\t\t\t\t<\/div>\n\t\t\t\t<div class=\"elementor-element elementor-element-7bade7f elementor-widget elementor-widget-heading\" data-id=\"7bade7f\" data-element_type=\"widget\" data-widget_type=\"heading.default\">\n\t\t\t\t<div class=\"elementor-widget-container\">\n\t\t\t\t\t<h2 class=\"elementor-heading-title elementor-size-default\"><a href=\"https:\/\/sollux-lighting.com\/pl\/nasza-oferta\/zyrandole\/zyrandol-otto-15-bialy\/\">\u017byrandol OTTO 15 bia\u0142y<\/a><\/h2>\t\t\t\t<\/div>\n\t\t\t\t<\/div>\n\t\t\t\t\t<\/div>\n\t\t\t\t<\/div>\n\t\t\t\t<\/div>\n\t\t<\/div><div class=\"jet-listing-grid__item jet-listing-dynamic-post-18462\" data-post-id=\"18462\"  >\t\t<div data-elementor-type=\"jet-listing-items\" data-elementor-id=\"1560\" class=\"elementor elementor-1560\" data-elementor-post-type=\"jet-engine\">\n\t\t\t\t<div class=\"elementor-element elementor-element-81809e2 e-flex e-con-boxed e-con e-parent\" data-id=\"81809e2\" data-element_type=\"container\" data-settings=\"{&quot;jet_parallax_layout_list&quot;:[]}\">\n\t\t\t\t\t<div class=\"e-con-inner\">\n\t\t\t\t<div class=\"elementor-element elementor-element-5a9dd49 elementor-widget elementor-widget-image\" data-id=\"5a9dd49\" data-element_type=\"widget\" data-widget_type=\"image.default\">\n\t\t\t\t<div class=\"elementor-widget-container\">\n\t\t\t\t\t\t\t\t\t\t\t\t\t\t\t\t<a href=\"https:\/\/sollux-lighting.com\/pl\/nasza-oferta\/zyrandole\/zyrandol-skala-50-bialy\/\">\n\t\t\t\t\t\t\t<img loading=\"lazy\" decoding=\"async\" width=\"750\" height=\"750\" src=\"https:\/\/sollux-lighting.com\/wp-content\/uploads\/2023\/03\/0757-1-k.jpg\" class=\"attachment-large size-large wp-image-18463\" alt=\"\" srcset=\"https:\/\/sollux-lighting.com\/wp-content\/uploads\/2023\/03\/0757-1-k.jpg 750w, https:\/\/sollux-lighting.com\/wp-content\/uploads\/2023\/03\/0757-1-k-300x300.jpg 300w, https:\/\/sollux-lighting.com\/wp-content\/uploads\/2023\/03\/0757-1-k-150x150.jpg 150w, https:\/\/sollux-lighting.com\/wp-content\/uploads\/2023\/03\/0757-1-k-600x600.jpg 600w, https:\/\/sollux-lighting.com\/wp-content\/uploads\/2023\/03\/0757-1-k-100x100.jpg 100w\" sizes=\"(max-width: 750px) 100vw, 750px\" \/>\t\t\t\t\t\t\t\t<\/a>\n\t\t\t\t\t\t\t\t\t\t\t\t\t\t\t<\/div>\n\t\t\t\t<\/div>\n\t\t\t\t<div class=\"elementor-element elementor-element-7bade7f elementor-widget elementor-widget-heading\" data-id=\"7bade7f\" data-element_type=\"widget\" data-widget_type=\"heading.default\">\n\t\t\t\t<div class=\"elementor-widget-container\">\n\t\t\t\t\t<h2 class=\"elementor-heading-title elementor-size-default\"><a href=\"https:\/\/sollux-lighting.com\/pl\/nasza-oferta\/zyrandole\/zyrandol-skala-50-bialy\/\">\u017byrandol SKALA 50 bia\u0142y<\/a><\/h2>\t\t\t\t<\/div>\n\t\t\t\t<\/div>\n\t\t\t\t\t<\/div>\n\t\t\t\t<\/div>\n\t\t\t\t<\/div>\n\t\t<\/div><div class=\"jet-listing-grid__item jet-listing-dynamic-post-18087\" data-post-id=\"18087\"  >\t\t<div data-elementor-type=\"jet-listing-items\" data-elementor-id=\"1560\" class=\"elementor elementor-1560\" data-elementor-post-type=\"jet-engine\">\n\t\t\t\t<div class=\"elementor-element elementor-element-81809e2 e-flex e-con-boxed e-con e-parent\" data-id=\"81809e2\" data-element_type=\"container\" data-settings=\"{&quot;jet_parallax_layout_list&quot;:[]}\">\n\t\t\t\t\t<div class=\"e-con-inner\">\n\t\t\t\t<div class=\"elementor-element elementor-element-5a9dd49 elementor-widget elementor-widget-image\" data-id=\"5a9dd49\" data-element_type=\"widget\" data-widget_type=\"image.default\">\n\t\t\t\t<div class=\"elementor-widget-container\">\n\t\t\t\t\t\t\t\t\t\t\t\t\t\t\t\t<a href=\"https:\/\/sollux-lighting.com\/pl\/nasza-oferta\/zyrandole\/zyrandol-otto-15-czarny\/\">\n\t\t\t\t\t\t\t<img loading=\"lazy\" decoding=\"async\" width=\"750\" height=\"750\" src=\"https:\/\/sollux-lighting.com\/wp-content\/uploads\/2023\/03\/0742-1-k.jpg\" class=\"attachment-large size-large wp-image-18088\" alt=\"\" srcset=\"https:\/\/sollux-lighting.com\/wp-content\/uploads\/2023\/03\/0742-1-k.jpg 750w, https:\/\/sollux-lighting.com\/wp-content\/uploads\/2023\/03\/0742-1-k-300x300.jpg 300w, https:\/\/sollux-lighting.com\/wp-content\/uploads\/2023\/03\/0742-1-k-150x150.jpg 150w, https:\/\/sollux-lighting.com\/wp-content\/uploads\/2023\/03\/0742-1-k-600x600.jpg 600w, https:\/\/sollux-lighting.com\/wp-content\/uploads\/2023\/03\/0742-1-k-100x100.jpg 100w\" sizes=\"(max-width: 750px) 100vw, 750px\" \/>\t\t\t\t\t\t\t\t<\/a>\n\t\t\t\t\t\t\t\t\t\t\t\t\t\t\t<\/div>\n\t\t\t\t<\/div>\n\t\t\t\t<div class=\"elementor-element elementor-element-7bade7f elementor-widget elementor-widget-heading\" data-id=\"7bade7f\" data-element_type=\"widget\" data-widget_type=\"heading.default\">\n\t\t\t\t<div class=\"elementor-widget-container\">\n\t\t\t\t\t<h2 class=\"elementor-heading-title elementor-size-default\"><a href=\"https:\/\/sollux-lighting.com\/pl\/nasza-oferta\/zyrandole\/zyrandol-otto-15-czarny\/\">\u017byrandol OTTO 15 czarny<\/a><\/h2>\t\t\t\t<\/div>\n\t\t\t\t<\/div>\n\t\t\t\t\t<\/div>\n\t\t\t\t<\/div>\n\t\t\t\t<\/div>\n\t\t<\/div><div class=\"jet-listing-grid__item jet-listing-dynamic-post-18487\" data-post-id=\"18487\"  >\t\t<div data-elementor-type=\"jet-listing-items\" data-elementor-id=\"1560\" class=\"elementor elementor-1560\" data-elementor-post-type=\"jet-engine\">\n\t\t\t\t<div class=\"elementor-element elementor-element-81809e2 e-flex e-con-boxed e-con e-parent\" data-id=\"81809e2\" data-element_type=\"container\" data-settings=\"{&quot;jet_parallax_layout_list&quot;:[]}\">\n\t\t\t\t\t<div class=\"e-con-inner\">\n\t\t\t\t<div class=\"elementor-element elementor-element-5a9dd49 elementor-widget elementor-widget-image\" data-id=\"5a9dd49\" data-element_type=\"widget\" data-widget_type=\"image.default\">\n\t\t\t\t<div class=\"elementor-widget-container\">\n\t\t\t\t\t\t\t\t\t\t\t\t\t\t\t\t<a href=\"https:\/\/sollux-lighting.com\/pl\/nasza-oferta\/zyrandole\/zyrandol-skala-50-czarny\/\">\n\t\t\t\t\t\t\t<img loading=\"lazy\" decoding=\"async\" width=\"750\" height=\"750\" src=\"https:\/\/sollux-lighting.com\/wp-content\/uploads\/2023\/03\/0758-1-k.jpg\" class=\"attachment-large size-large wp-image-18488\" alt=\"\" srcset=\"https:\/\/sollux-lighting.com\/wp-content\/uploads\/2023\/03\/0758-1-k.jpg 750w, https:\/\/sollux-lighting.com\/wp-content\/uploads\/2023\/03\/0758-1-k-300x300.jpg 300w, https:\/\/sollux-lighting.com\/wp-content\/uploads\/2023\/03\/0758-1-k-150x150.jpg 150w, https:\/\/sollux-lighting.com\/wp-content\/uploads\/2023\/03\/0758-1-k-600x600.jpg 600w, https:\/\/sollux-lighting.com\/wp-content\/uploads\/2023\/03\/0758-1-k-100x100.jpg 100w\" sizes=\"(max-width: 750px) 100vw, 750px\" \/>\t\t\t\t\t\t\t\t<\/a>\n\t\t\t\t\t\t\t\t\t\t\t\t\t\t\t<\/div>\n\t\t\t\t<\/div>\n\t\t\t\t<div class=\"elementor-element elementor-element-7bade7f elementor-widget elementor-widget-heading\" data-id=\"7bade7f\" data-element_type=\"widget\" data-widget_type=\"heading.default\">\n\t\t\t\t<div class=\"elementor-widget-container\">\n\t\t\t\t\t<h2 class=\"elementor-heading-title elementor-size-default\"><a href=\"https:\/\/sollux-lighting.com\/pl\/nasza-oferta\/zyrandole\/zyrandol-skala-50-czarny\/\">\u017byrandol SKALA 50 czarny<\/a><\/h2>\t\t\t\t<\/div>\n\t\t\t\t<\/div>\n\t\t\t\t\t<\/div>\n\t\t\t\t<\/div>\n\t\t\t\t<\/div>\n\t\t<\/div><div class=\"jet-listing-grid__item jet-listing-dynamic-post-18112\" data-post-id=\"18112\"  >\t\t<div data-elementor-type=\"jet-listing-items\" data-elementor-id=\"1560\" class=\"elementor elementor-1560\" data-elementor-post-type=\"jet-engine\">\n\t\t\t\t<div class=\"elementor-element elementor-element-81809e2 e-flex e-con-boxed e-con e-parent\" data-id=\"81809e2\" data-element_type=\"container\" data-settings=\"{&quot;jet_parallax_layout_list&quot;:[]}\">\n\t\t\t\t\t<div class=\"e-con-inner\">\n\t\t\t\t<div class=\"elementor-element elementor-element-5a9dd49 elementor-widget elementor-widget-image\" data-id=\"5a9dd49\" data-element_type=\"widget\" data-widget_type=\"image.default\">\n\t\t\t\t<div class=\"elementor-widget-container\">\n\t\t\t\t\t\t\t\t\t\t\t\t\t\t\t\t<a href=\"https:\/\/sollux-lighting.com\/pl\/nasza-oferta\/zyrandole\/zyrandol-otto-50-bialy\/\">\n\t\t\t\t\t\t\t<img loading=\"lazy\" decoding=\"async\" width=\"750\" height=\"750\" src=\"https:\/\/sollux-lighting.com\/wp-content\/uploads\/2023\/03\/0743-1-k.jpg\" class=\"attachment-large size-large wp-image-18113\" alt=\"\" srcset=\"https:\/\/sollux-lighting.com\/wp-content\/uploads\/2023\/03\/0743-1-k.jpg 750w, https:\/\/sollux-lighting.com\/wp-content\/uploads\/2023\/03\/0743-1-k-300x300.jpg 300w, https:\/\/sollux-lighting.com\/wp-content\/uploads\/2023\/03\/0743-1-k-150x150.jpg 150w, https:\/\/sollux-lighting.com\/wp-content\/uploads\/2023\/03\/0743-1-k-600x600.jpg 600w, https:\/\/sollux-lighting.com\/wp-content\/uploads\/2023\/03\/0743-1-k-100x100.jpg 100w\" sizes=\"(max-width: 750px) 100vw, 750px\" \/>\t\t\t\t\t\t\t\t<\/a>\n\t\t\t\t\t\t\t\t\t\t\t\t\t\t\t<\/div>\n\t\t\t\t<\/div>\n\t\t\t\t<div class=\"elementor-element elementor-element-7bade7f elementor-widget elementor-widget-heading\" data-id=\"7bade7f\" data-element_type=\"widget\" data-widget_type=\"heading.default\">\n\t\t\t\t<div class=\"elementor-widget-container\">\n\t\t\t\t\t<h2 class=\"elementor-heading-title elementor-size-default\"><a href=\"https:\/\/sollux-lighting.com\/pl\/nasza-oferta\/zyrandole\/zyrandol-otto-50-bialy\/\">\u017byrandol OTTO 50 bia\u0142y<\/a><\/h2>\t\t\t\t<\/div>\n\t\t\t\t<\/div>\n\t\t\t\t\t<\/div>\n\t\t\t\t<\/div>\n\t\t\t\t<\/div>\n\t\t<\/div><div class=\"jet-listing-grid__item jet-listing-dynamic-post-18512\" data-post-id=\"18512\"  >\t\t<div data-elementor-type=\"jet-listing-items\" data-elementor-id=\"1560\" class=\"elementor elementor-1560\" data-elementor-post-type=\"jet-engine\">\n\t\t\t\t<div class=\"elementor-element elementor-element-81809e2 e-flex e-con-boxed e-con e-parent\" data-id=\"81809e2\" data-element_type=\"container\" data-settings=\"{&quot;jet_parallax_layout_list&quot;:[]}\">\n\t\t\t\t\t<div class=\"e-con-inner\">\n\t\t\t\t<div class=\"elementor-element elementor-element-5a9dd49 elementor-widget elementor-widget-image\" data-id=\"5a9dd49\" data-element_type=\"widget\" data-widget_type=\"image.default\">\n\t\t\t\t<div class=\"elementor-widget-container\">\n\t\t\t\t\t\t\t\t\t\t\t\t\t\t\t\t<a href=\"https:\/\/sollux-lighting.com\/pl\/nasza-oferta\/plafony\/plafon-skala-30-bialy\/\">\n\t\t\t\t\t\t\t<img loading=\"lazy\" decoding=\"async\" width=\"750\" height=\"750\" src=\"https:\/\/sollux-lighting.com\/wp-content\/uploads\/2023\/03\/0759-1-k.jpg\" class=\"attachment-large size-large wp-image-18513\" alt=\"\" srcset=\"https:\/\/sollux-lighting.com\/wp-content\/uploads\/2023\/03\/0759-1-k.jpg 750w, https:\/\/sollux-lighting.com\/wp-content\/uploads\/2023\/03\/0759-1-k-300x300.jpg 300w, https:\/\/sollux-lighting.com\/wp-content\/uploads\/2023\/03\/0759-1-k-150x150.jpg 150w, https:\/\/sollux-lighting.com\/wp-content\/uploads\/2023\/03\/0759-1-k-600x600.jpg 600w, https:\/\/sollux-lighting.com\/wp-content\/uploads\/2023\/03\/0759-1-k-100x100.jpg 100w\" sizes=\"(max-width: 750px) 100vw, 750px\" \/>\t\t\t\t\t\t\t\t<\/a>\n\t\t\t\t\t\t\t\t\t\t\t\t\t\t\t<\/div>\n\t\t\t\t<\/div>\n\t\t\t\t<div class=\"elementor-element elementor-element-7bade7f elementor-widget elementor-widget-heading\" data-id=\"7bade7f\" data-element_type=\"widget\" data-widget_type=\"heading.default\">\n\t\t\t\t<div class=\"elementor-widget-container\">\n\t\t\t\t\t<h2 class=\"elementor-heading-title elementor-size-default\"><a href=\"https:\/\/sollux-lighting.com\/pl\/nasza-oferta\/plafony\/plafon-skala-30-bialy\/\">Plafon SKALA 30 bia\u0142y<\/a><\/h2>\t\t\t\t<\/div>\n\t\t\t\t<\/div>\n\t\t\t\t\t<\/div>\n\t\t\t\t<\/div>\n\t\t\t\t<\/div>\n\t\t<\/div><div class=\"jet-listing-grid__item jet-listing-dynamic-post-18137\" data-post-id=\"18137\"  >\t\t<div data-elementor-type=\"jet-listing-items\" data-elementor-id=\"1560\" class=\"elementor elementor-1560\" data-elementor-post-type=\"jet-engine\">\n\t\t\t\t<div class=\"elementor-element elementor-element-81809e2 e-flex e-con-boxed e-con e-parent\" data-id=\"81809e2\" data-element_type=\"container\" data-settings=\"{&quot;jet_parallax_layout_list&quot;:[]}\">\n\t\t\t\t\t<div class=\"e-con-inner\">\n\t\t\t\t<div class=\"elementor-element elementor-element-5a9dd49 elementor-widget elementor-widget-image\" data-id=\"5a9dd49\" data-element_type=\"widget\" data-widget_type=\"image.default\">\n\t\t\t\t<div class=\"elementor-widget-container\">\n\t\t\t\t\t\t\t\t\t\t\t\t\t\t\t\t<a href=\"https:\/\/sollux-lighting.com\/pl\/nasza-oferta\/zyrandole\/zyrandol-otto-50-czarny\/\">\n\t\t\t\t\t\t\t<img loading=\"lazy\" decoding=\"async\" width=\"750\" height=\"750\" src=\"https:\/\/sollux-lighting.com\/wp-content\/uploads\/2023\/03\/0744-1-k.jpg\" class=\"attachment-large size-large wp-image-18138\" alt=\"\" srcset=\"https:\/\/sollux-lighting.com\/wp-content\/uploads\/2023\/03\/0744-1-k.jpg 750w, https:\/\/sollux-lighting.com\/wp-content\/uploads\/2023\/03\/0744-1-k-300x300.jpg 300w, https:\/\/sollux-lighting.com\/wp-content\/uploads\/2023\/03\/0744-1-k-150x150.jpg 150w, https:\/\/sollux-lighting.com\/wp-content\/uploads\/2023\/03\/0744-1-k-600x600.jpg 600w, https:\/\/sollux-lighting.com\/wp-content\/uploads\/2023\/03\/0744-1-k-100x100.jpg 100w\" sizes=\"(max-width: 750px) 100vw, 750px\" \/>\t\t\t\t\t\t\t\t<\/a>\n\t\t\t\t\t\t\t\t\t\t\t\t\t\t\t<\/div>\n\t\t\t\t<\/div>\n\t\t\t\t<div class=\"elementor-element elementor-element-7bade7f elementor-widget elementor-widget-heading\" data-id=\"7bade7f\" data-element_type=\"widget\" data-widget_type=\"heading.default\">\n\t\t\t\t<div class=\"elementor-widget-container\">\n\t\t\t\t\t<h2 class=\"elementor-heading-title elementor-size-default\"><a href=\"https:\/\/sollux-lighting.com\/pl\/nasza-oferta\/zyrandole\/zyrandol-otto-50-czarny\/\">\u017byrandol OTTO 50 czarny<\/a><\/h2>\t\t\t\t<\/div>\n\t\t\t\t<\/div>\n\t\t\t\t\t<\/div>\n\t\t\t\t<\/div>\n\t\t\t\t<\/div>\n\t\t<\/div><div class=\"jet-listing-grid__item jet-listing-dynamic-post-18162\" data-post-id=\"18162\"  >\t\t<div data-elementor-type=\"jet-listing-items\" data-elementor-id=\"1560\" class=\"elementor elementor-1560\" data-elementor-post-type=\"jet-engine\">\n\t\t\t\t<div class=\"elementor-element elementor-element-81809e2 e-flex e-con-boxed e-con e-parent\" data-id=\"81809e2\" data-element_type=\"container\" data-settings=\"{&quot;jet_parallax_layout_list&quot;:[]}\">\n\t\t\t\t\t<div class=\"e-con-inner\">\n\t\t\t\t<div class=\"elementor-element elementor-element-5a9dd49 elementor-widget elementor-widget-image\" data-id=\"5a9dd49\" data-element_type=\"widget\" data-widget_type=\"image.default\">\n\t\t\t\t<div class=\"elementor-widget-container\">\n\t\t\t\t\t\t\t\t\t\t\t\t\t\t\t\t<a href=\"https:\/\/sollux-lighting.com\/pl\/nasza-oferta\/plafony\/plafon-otto-50-bialy\/\">\n\t\t\t\t\t\t\t<img loading=\"lazy\" decoding=\"async\" width=\"750\" height=\"750\" src=\"https:\/\/sollux-lighting.com\/wp-content\/uploads\/2023\/03\/0745-1-k.jpg\" class=\"attachment-large size-large wp-image-18163\" alt=\"\" srcset=\"https:\/\/sollux-lighting.com\/wp-content\/uploads\/2023\/03\/0745-1-k.jpg 750w, https:\/\/sollux-lighting.com\/wp-content\/uploads\/2023\/03\/0745-1-k-300x300.jpg 300w, https:\/\/sollux-lighting.com\/wp-content\/uploads\/2023\/03\/0745-1-k-150x150.jpg 150w, https:\/\/sollux-lighting.com\/wp-content\/uploads\/2023\/03\/0745-1-k-600x600.jpg 600w, https:\/\/sollux-lighting.com\/wp-content\/uploads\/2023\/03\/0745-1-k-100x100.jpg 100w\" sizes=\"(max-width: 750px) 100vw, 750px\" \/>\t\t\t\t\t\t\t\t<\/a>\n\t\t\t\t\t\t\t\t\t\t\t\t\t\t\t<\/div>\n\t\t\t\t<\/div>\n\t\t\t\t<div class=\"elementor-element elementor-element-7bade7f elementor-widget elementor-widget-heading\" data-id=\"7bade7f\" data-element_type=\"widget\" data-widget_type=\"heading.default\">\n\t\t\t\t<div class=\"elementor-widget-container\">\n\t\t\t\t\t<h2 class=\"elementor-heading-title elementor-size-default\"><a href=\"https:\/\/sollux-lighting.com\/pl\/nasza-oferta\/plafony\/plafon-otto-50-bialy\/\">Plafon OTTO 50 bia\u0142y<\/a><\/h2>\t\t\t\t<\/div>\n\t\t\t\t<\/div>\n\t\t\t\t\t<\/div>\n\t\t\t\t<\/div>\n\t\t\t\t<\/div>\n\t\t<\/div><div class=\"jet-listing-grid__item jet-listing-dynamic-post-18187\" data-post-id=\"18187\"  >\t\t<div data-elementor-type=\"jet-listing-items\" data-elementor-id=\"1560\" class=\"elementor elementor-1560\" data-elementor-post-type=\"jet-engine\">\n\t\t\t\t<div class=\"elementor-element elementor-element-81809e2 e-flex e-con-boxed e-con e-parent\" data-id=\"81809e2\" data-element_type=\"container\" data-settings=\"{&quot;jet_parallax_layout_list&quot;:[]}\">\n\t\t\t\t\t<div class=\"e-con-inner\">\n\t\t\t\t<div class=\"elementor-element elementor-element-5a9dd49 elementor-widget elementor-widget-image\" data-id=\"5a9dd49\" data-element_type=\"widget\" data-widget_type=\"image.default\">\n\t\t\t\t<div class=\"elementor-widget-container\">\n\t\t\t\t\t\t\t\t\t\t\t\t\t\t\t\t<a href=\"https:\/\/sollux-lighting.com\/pl\/nasza-oferta\/plafony\/plafon-otto-50-czarny\/\">\n\t\t\t\t\t\t\t<img loading=\"lazy\" decoding=\"async\" width=\"750\" height=\"750\" src=\"https:\/\/sollux-lighting.com\/wp-content\/uploads\/2023\/03\/0746-1-k.jpg\" class=\"attachment-large size-large wp-image-18188\" alt=\"\" srcset=\"https:\/\/sollux-lighting.com\/wp-content\/uploads\/2023\/03\/0746-1-k.jpg 750w, https:\/\/sollux-lighting.com\/wp-content\/uploads\/2023\/03\/0746-1-k-300x300.jpg 300w, https:\/\/sollux-lighting.com\/wp-content\/uploads\/2023\/03\/0746-1-k-150x150.jpg 150w, https:\/\/sollux-lighting.com\/wp-content\/uploads\/2023\/03\/0746-1-k-600x600.jpg 600w, https:\/\/sollux-lighting.com\/wp-content\/uploads\/2023\/03\/0746-1-k-100x100.jpg 100w\" sizes=\"(max-width: 750px) 100vw, 750px\" \/>\t\t\t\t\t\t\t\t<\/a>\n\t\t\t\t\t\t\t\t\t\t\t\t\t\t\t<\/div>\n\t\t\t\t<\/div>\n\t\t\t\t<div class=\"elementor-element elementor-element-7bade7f elementor-widget elementor-widget-heading\" data-id=\"7bade7f\" data-element_type=\"widget\" data-widget_type=\"heading.default\">\n\t\t\t\t<div class=\"elementor-widget-container\">\n\t\t\t\t\t<h2 class=\"elementor-heading-title elementor-size-default\"><a href=\"https:\/\/sollux-lighting.com\/pl\/nasza-oferta\/plafony\/plafon-otto-50-czarny\/\">Plafon OTTO 50 czarny<\/a><\/h2>\t\t\t\t<\/div>\n\t\t\t\t<\/div>\n\t\t\t\t\t<\/div>\n\t\t\t\t<\/div>\n\t\t\t\t<\/div>\n\t\t<\/div><div class=\"jet-listing-grid__item jet-listing-dynamic-post-18212\" data-post-id=\"18212\"  >\t\t<div data-elementor-type=\"jet-listing-items\" data-elementor-id=\"1560\" class=\"elementor elementor-1560\" data-elementor-post-type=\"jet-engine\">\n\t\t\t\t<div class=\"elementor-element elementor-element-81809e2 e-flex e-con-boxed e-con e-parent\" data-id=\"81809e2\" data-element_type=\"container\" data-settings=\"{&quot;jet_parallax_layout_list&quot;:[]}\">\n\t\t\t\t\t<div class=\"e-con-inner\">\n\t\t\t\t<div class=\"elementor-element elementor-element-5a9dd49 elementor-widget elementor-widget-image\" data-id=\"5a9dd49\" data-element_type=\"widget\" data-widget_type=\"image.default\">\n\t\t\t\t<div class=\"elementor-widget-container\">\n\t\t\t\t\t\t\t\t\t\t\t\t\t\t\t\t<a href=\"https:\/\/sollux-lighting.com\/pl\/nasza-oferta\/zyrandole\/zyrandol-saturno-50-bialy\/\">\n\t\t\t\t\t\t\t<img loading=\"lazy\" decoding=\"async\" width=\"750\" height=\"750\" src=\"https:\/\/sollux-lighting.com\/wp-content\/uploads\/2023\/03\/0747-1-k.jpg\" class=\"attachment-large size-large wp-image-18213\" alt=\"\" srcset=\"https:\/\/sollux-lighting.com\/wp-content\/uploads\/2023\/03\/0747-1-k.jpg 750w, https:\/\/sollux-lighting.com\/wp-content\/uploads\/2023\/03\/0747-1-k-300x300.jpg 300w, https:\/\/sollux-lighting.com\/wp-content\/uploads\/2023\/03\/0747-1-k-150x150.jpg 150w, https:\/\/sollux-lighting.com\/wp-content\/uploads\/2023\/03\/0747-1-k-600x600.jpg 600w, https:\/\/sollux-lighting.com\/wp-content\/uploads\/2023\/03\/0747-1-k-100x100.jpg 100w\" sizes=\"(max-width: 750px) 100vw, 750px\" \/>\t\t\t\t\t\t\t\t<\/a>\n\t\t\t\t\t\t\t\t\t\t\t\t\t\t\t<\/div>\n\t\t\t\t<\/div>\n\t\t\t\t<div class=\"elementor-element elementor-element-7bade7f elementor-widget elementor-widget-heading\" data-id=\"7bade7f\" data-element_type=\"widget\" data-widget_type=\"heading.default\">\n\t\t\t\t<div class=\"elementor-widget-container\">\n\t\t\t\t\t<h2 class=\"elementor-heading-title elementor-size-default\"><a href=\"https:\/\/sollux-lighting.com\/pl\/nasza-oferta\/zyrandole\/zyrandol-saturno-50-bialy\/\">\u017byrandol SATURNO 50 bia\u0142y<\/a><\/h2>\t\t\t\t<\/div>\n\t\t\t\t<\/div>\n\t\t\t\t\t<\/div>\n\t\t\t\t<\/div>\n\t\t\t\t<\/div>\n\t\t<\/div><div class=\"jet-listing-grid__item jet-listing-dynamic-post-18237\" data-post-id=\"18237\"  >\t\t<div data-elementor-type=\"jet-listing-items\" data-elementor-id=\"1560\" class=\"elementor elementor-1560\" data-elementor-post-type=\"jet-engine\">\n\t\t\t\t<div class=\"elementor-element elementor-element-81809e2 e-flex e-con-boxed e-con e-parent\" data-id=\"81809e2\" data-element_type=\"container\" data-settings=\"{&quot;jet_parallax_layout_list&quot;:[]}\">\n\t\t\t\t\t<div class=\"e-con-inner\">\n\t\t\t\t<div class=\"elementor-element elementor-element-5a9dd49 elementor-widget elementor-widget-image\" data-id=\"5a9dd49\" data-element_type=\"widget\" data-widget_type=\"image.default\">\n\t\t\t\t<div class=\"elementor-widget-container\">\n\t\t\t\t\t\t\t\t\t\t\t\t\t\t\t\t<a href=\"https:\/\/sollux-lighting.com\/pl\/nasza-oferta\/zyrandole\/zyrandol-saturno-50-czarny\/\">\n\t\t\t\t\t\t\t<img loading=\"lazy\" decoding=\"async\" width=\"750\" height=\"750\" src=\"https:\/\/sollux-lighting.com\/wp-content\/uploads\/2023\/03\/0748-1-k.jpg\" class=\"attachment-large size-large wp-image-18238\" alt=\"\" srcset=\"https:\/\/sollux-lighting.com\/wp-content\/uploads\/2023\/03\/0748-1-k.jpg 750w, https:\/\/sollux-lighting.com\/wp-content\/uploads\/2023\/03\/0748-1-k-300x300.jpg 300w, https:\/\/sollux-lighting.com\/wp-content\/uploads\/2023\/03\/0748-1-k-150x150.jpg 150w, https:\/\/sollux-lighting.com\/wp-content\/uploads\/2023\/03\/0748-1-k-600x600.jpg 600w, https:\/\/sollux-lighting.com\/wp-content\/uploads\/2023\/03\/0748-1-k-100x100.jpg 100w\" sizes=\"(max-width: 750px) 100vw, 750px\" \/>\t\t\t\t\t\t\t\t<\/a>\n\t\t\t\t\t\t\t\t\t\t\t\t\t\t\t<\/div>\n\t\t\t\t<\/div>\n\t\t\t\t<div class=\"elementor-element elementor-element-7bade7f elementor-widget elementor-widget-heading\" data-id=\"7bade7f\" data-element_type=\"widget\" data-widget_type=\"heading.default\">\n\t\t\t\t<div class=\"elementor-widget-container\">\n\t\t\t\t\t<h2 class=\"elementor-heading-title elementor-size-default\"><a href=\"https:\/\/sollux-lighting.com\/pl\/nasza-oferta\/zyrandole\/zyrandol-saturno-50-czarny\/\">\u017byrandol SATURNO 50 czarny<\/a><\/h2>\t\t\t\t<\/div>\n\t\t\t\t<\/div>\n\t\t\t\t\t<\/div>\n\t\t\t\t<\/div>\n\t\t\t\t<\/div>\n\t\t<\/div><div class=\"jet-listing-grid__item jet-listing-dynamic-post-18262\" data-post-id=\"18262\"  >\t\t<div data-elementor-type=\"jet-listing-items\" data-elementor-id=\"1560\" class=\"elementor elementor-1560\" data-elementor-post-type=\"jet-engine\">\n\t\t\t\t<div class=\"elementor-element elementor-element-81809e2 e-flex e-con-boxed e-con e-parent\" data-id=\"81809e2\" data-element_type=\"container\" data-settings=\"{&quot;jet_parallax_layout_list&quot;:[]}\">\n\t\t\t\t\t<div class=\"e-con-inner\">\n\t\t\t\t<div class=\"elementor-element elementor-element-5a9dd49 elementor-widget elementor-widget-image\" data-id=\"5a9dd49\" data-element_type=\"widget\" data-widget_type=\"image.default\">\n\t\t\t\t<div class=\"elementor-widget-container\">\n\t\t\t\t\t\t\t\t\t\t\t\t\t\t\t\t<a href=\"https:\/\/sollux-lighting.com\/pl\/nasza-oferta\/zyrandole\/zyrandol-saturno-slim-50-bialy\/\">\n\t\t\t\t\t\t\t<img loading=\"lazy\" decoding=\"async\" width=\"750\" height=\"750\" src=\"https:\/\/sollux-lighting.com\/wp-content\/uploads\/2023\/03\/0749-1-k.jpg\" class=\"attachment-large size-large wp-image-18263\" alt=\"\" srcset=\"https:\/\/sollux-lighting.com\/wp-content\/uploads\/2023\/03\/0749-1-k.jpg 750w, https:\/\/sollux-lighting.com\/wp-content\/uploads\/2023\/03\/0749-1-k-300x300.jpg 300w, https:\/\/sollux-lighting.com\/wp-content\/uploads\/2023\/03\/0749-1-k-150x150.jpg 150w, https:\/\/sollux-lighting.com\/wp-content\/uploads\/2023\/03\/0749-1-k-600x600.jpg 600w, https:\/\/sollux-lighting.com\/wp-content\/uploads\/2023\/03\/0749-1-k-100x100.jpg 100w\" sizes=\"(max-width: 750px) 100vw, 750px\" \/>\t\t\t\t\t\t\t\t<\/a>\n\t\t\t\t\t\t\t\t\t\t\t\t\t\t\t<\/div>\n\t\t\t\t<\/div>\n\t\t\t\t<div class=\"elementor-element elementor-element-7bade7f elementor-widget elementor-widget-heading\" data-id=\"7bade7f\" data-element_type=\"widget\" data-widget_type=\"heading.default\">\n\t\t\t\t<div class=\"elementor-widget-container\">\n\t\t\t\t\t<h2 class=\"elementor-heading-title elementor-size-default\"><a href=\"https:\/\/sollux-lighting.com\/pl\/nasza-oferta\/zyrandole\/zyrandol-saturno-slim-50-bialy\/\">\u017byrandol SATURNO SLIM 50 bia\u0142y<\/a><\/h2>\t\t\t\t<\/div>\n\t\t\t\t<\/div>\n\t\t\t\t\t<\/div>\n\t\t\t\t<\/div>\n\t\t\t\t<\/div>\n\t\t<\/div><div class=\"jet-listing-grid__item jet-listing-dynamic-post-18287\" data-post-id=\"18287\"  >\t\t<div data-elementor-type=\"jet-listing-items\" data-elementor-id=\"1560\" class=\"elementor elementor-1560\" data-elementor-post-type=\"jet-engine\">\n\t\t\t\t<div class=\"elementor-element elementor-element-81809e2 e-flex e-con-boxed e-con e-parent\" data-id=\"81809e2\" data-element_type=\"container\" data-settings=\"{&quot;jet_parallax_layout_list&quot;:[]}\">\n\t\t\t\t\t<div class=\"e-con-inner\">\n\t\t\t\t<div class=\"elementor-element elementor-element-5a9dd49 elementor-widget elementor-widget-image\" data-id=\"5a9dd49\" data-element_type=\"widget\" data-widget_type=\"image.default\">\n\t\t\t\t<div class=\"elementor-widget-container\">\n\t\t\t\t\t\t\t\t\t\t\t\t\t\t\t\t<a href=\"https:\/\/sollux-lighting.com\/pl\/nasza-oferta\/zyrandole\/zyrandol-saturno-slim-50-czarny\/\">\n\t\t\t\t\t\t\t<img loading=\"lazy\" decoding=\"async\" width=\"750\" height=\"750\" src=\"https:\/\/sollux-lighting.com\/wp-content\/uploads\/2023\/03\/0750-1-k.jpg\" class=\"attachment-large size-large wp-image-18288\" alt=\"\" srcset=\"https:\/\/sollux-lighting.com\/wp-content\/uploads\/2023\/03\/0750-1-k.jpg 750w, https:\/\/sollux-lighting.com\/wp-content\/uploads\/2023\/03\/0750-1-k-300x300.jpg 300w, https:\/\/sollux-lighting.com\/wp-content\/uploads\/2023\/03\/0750-1-k-150x150.jpg 150w, https:\/\/sollux-lighting.com\/wp-content\/uploads\/2023\/03\/0750-1-k-600x600.jpg 600w, https:\/\/sollux-lighting.com\/wp-content\/uploads\/2023\/03\/0750-1-k-100x100.jpg 100w\" sizes=\"(max-width: 750px) 100vw, 750px\" \/>\t\t\t\t\t\t\t\t<\/a>\n\t\t\t\t\t\t\t\t\t\t\t\t\t\t\t<\/div>\n\t\t\t\t<\/div>\n\t\t\t\t<div class=\"elementor-element elementor-element-7bade7f elementor-widget elementor-widget-heading\" data-id=\"7bade7f\" data-element_type=\"widget\" data-widget_type=\"heading.default\">\n\t\t\t\t<div class=\"elementor-widget-container\">\n\t\t\t\t\t<h2 class=\"elementor-heading-title elementor-size-default\"><a href=\"https:\/\/sollux-lighting.com\/pl\/nasza-oferta\/zyrandole\/zyrandol-saturno-slim-50-czarny\/\">\u017byrandol SATURNO SLIM 50 czarny<\/a><\/h2>\t\t\t\t<\/div>\n\t\t\t\t<\/div>\n\t\t\t\t\t<\/div>\n\t\t\t\t<\/div>\n\t\t\t\t<\/div>\n\t\t<\/div><div class=\"jet-listing-grid__item jet-listing-dynamic-post-18312\" data-post-id=\"18312\"  >\t\t<div data-elementor-type=\"jet-listing-items\" data-elementor-id=\"1560\" class=\"elementor elementor-1560\" data-elementor-post-type=\"jet-engine\">\n\t\t\t\t<div class=\"elementor-element elementor-element-81809e2 e-flex e-con-boxed e-con e-parent\" data-id=\"81809e2\" data-element_type=\"container\" data-settings=\"{&quot;jet_parallax_layout_list&quot;:[]}\">\n\t\t\t\t\t<div class=\"e-con-inner\">\n\t\t\t\t<div class=\"elementor-element elementor-element-5a9dd49 elementor-widget elementor-widget-image\" data-id=\"5a9dd49\" data-element_type=\"widget\" data-widget_type=\"image.default\">\n\t\t\t\t<div class=\"elementor-widget-container\">\n\t\t\t\t\t\t\t\t\t\t\t\t\t\t\t\t<a href=\"https:\/\/sollux-lighting.com\/pl\/nasza-oferta\/zyrandole\/zyrandol-saturno-70-bialy\/\">\n\t\t\t\t\t\t\t<img loading=\"lazy\" decoding=\"async\" width=\"750\" height=\"750\" src=\"https:\/\/sollux-lighting.com\/wp-content\/uploads\/2023\/03\/0751-1-k.jpg\" class=\"attachment-large size-large wp-image-18313\" alt=\"\" srcset=\"https:\/\/sollux-lighting.com\/wp-content\/uploads\/2023\/03\/0751-1-k.jpg 750w, https:\/\/sollux-lighting.com\/wp-content\/uploads\/2023\/03\/0751-1-k-300x300.jpg 300w, https:\/\/sollux-lighting.com\/wp-content\/uploads\/2023\/03\/0751-1-k-150x150.jpg 150w, https:\/\/sollux-lighting.com\/wp-content\/uploads\/2023\/03\/0751-1-k-600x600.jpg 600w, https:\/\/sollux-lighting.com\/wp-content\/uploads\/2023\/03\/0751-1-k-100x100.jpg 100w\" sizes=\"(max-width: 750px) 100vw, 750px\" \/>\t\t\t\t\t\t\t\t<\/a>\n\t\t\t\t\t\t\t\t\t\t\t\t\t\t\t<\/div>\n\t\t\t\t<\/div>\n\t\t\t\t<div class=\"elementor-element elementor-element-7bade7f elementor-widget elementor-widget-heading\" data-id=\"7bade7f\" data-element_type=\"widget\" data-widget_type=\"heading.default\">\n\t\t\t\t<div class=\"elementor-widget-container\">\n\t\t\t\t\t<h2 class=\"elementor-heading-title elementor-size-default\"><a href=\"https:\/\/sollux-lighting.com\/pl\/nasza-oferta\/zyrandole\/zyrandol-saturno-70-bialy\/\">\u017byrandol SATURNO 70 bia\u0142y<\/a><\/h2>\t\t\t\t<\/div>\n\t\t\t\t<\/div>\n\t\t\t\t\t<\/div>\n\t\t\t\t<\/div>\n\t\t\t\t<\/div>\n\t\t<\/div><div class=\"jet-listing-grid__item jet-listing-dynamic-post-18337\" data-post-id=\"18337\"  >\t\t<div data-elementor-type=\"jet-listing-items\" data-elementor-id=\"1560\" class=\"elementor elementor-1560\" data-elementor-post-type=\"jet-engine\">\n\t\t\t\t<div class=\"elementor-element elementor-element-81809e2 e-flex e-con-boxed e-con e-parent\" data-id=\"81809e2\" data-element_type=\"container\" data-settings=\"{&quot;jet_parallax_layout_list&quot;:[]}\">\n\t\t\t\t\t<div class=\"e-con-inner\">\n\t\t\t\t<div class=\"elementor-element elementor-element-5a9dd49 elementor-widget elementor-widget-image\" data-id=\"5a9dd49\" data-element_type=\"widget\" data-widget_type=\"image.default\">\n\t\t\t\t<div class=\"elementor-widget-container\">\n\t\t\t\t\t\t\t\t\t\t\t\t\t\t\t\t<a href=\"https:\/\/sollux-lighting.com\/pl\/nasza-oferta\/zyrandole\/zyrandol-saturno-70-czarny\/\">\n\t\t\t\t\t\t\t<img loading=\"lazy\" decoding=\"async\" width=\"750\" height=\"750\" src=\"https:\/\/sollux-lighting.com\/wp-content\/uploads\/2023\/03\/0752-1-k.jpg\" class=\"attachment-large size-large wp-image-18338\" alt=\"\" srcset=\"https:\/\/sollux-lighting.com\/wp-content\/uploads\/2023\/03\/0752-1-k.jpg 750w, https:\/\/sollux-lighting.com\/wp-content\/uploads\/2023\/03\/0752-1-k-300x300.jpg 300w, https:\/\/sollux-lighting.com\/wp-content\/uploads\/2023\/03\/0752-1-k-150x150.jpg 150w, https:\/\/sollux-lighting.com\/wp-content\/uploads\/2023\/03\/0752-1-k-600x600.jpg 600w, https:\/\/sollux-lighting.com\/wp-content\/uploads\/2023\/03\/0752-1-k-100x100.jpg 100w\" sizes=\"(max-width: 750px) 100vw, 750px\" \/>\t\t\t\t\t\t\t\t<\/a>\n\t\t\t\t\t\t\t\t\t\t\t\t\t\t\t<\/div>\n\t\t\t\t<\/div>\n\t\t\t\t<div class=\"elementor-element elementor-element-7bade7f elementor-widget elementor-widget-heading\" data-id=\"7bade7f\" data-element_type=\"widget\" data-widget_type=\"heading.default\">\n\t\t\t\t<div class=\"elementor-widget-container\">\n\t\t\t\t\t<h2 class=\"elementor-heading-title elementor-size-default\"><a href=\"https:\/\/sollux-lighting.com\/pl\/nasza-oferta\/zyrandole\/zyrandol-saturno-70-czarny\/\">\u017byrandol SATURNO 70 czarny<\/a><\/h2>\t\t\t\t<\/div>\n\t\t\t\t<\/div>\n\t\t\t\t\t<\/div>\n\t\t\t\t<\/div>\n\t\t\t\t<\/div>\n\t\t<\/div><div class=\"jet-listing-grid__item jet-listing-dynamic-post-18362\" data-post-id=\"18362\"  >\t\t<div data-elementor-type=\"jet-listing-items\" data-elementor-id=\"1560\" class=\"elementor elementor-1560\" data-elementor-post-type=\"jet-engine\">\n\t\t\t\t<div class=\"elementor-element elementor-element-81809e2 e-flex e-con-boxed e-con e-parent\" data-id=\"81809e2\" data-element_type=\"container\" data-settings=\"{&quot;jet_parallax_layout_list&quot;:[]}\">\n\t\t\t\t\t<div class=\"e-con-inner\">\n\t\t\t\t<div class=\"elementor-element elementor-element-5a9dd49 elementor-widget elementor-widget-image\" data-id=\"5a9dd49\" data-element_type=\"widget\" data-widget_type=\"image.default\">\n\t\t\t\t<div class=\"elementor-widget-container\">\n\t\t\t\t\t\t\t\t\t\t\t\t\t\t\t\t<a href=\"https:\/\/sollux-lighting.com\/pl\/nasza-oferta\/zyrandole\/zyrandol-saturno-slim-70-bialy\/\">\n\t\t\t\t\t\t\t<img loading=\"lazy\" decoding=\"async\" width=\"750\" height=\"750\" src=\"https:\/\/sollux-lighting.com\/wp-content\/uploads\/2023\/03\/0753-1-k.jpg\" class=\"attachment-large size-large wp-image-18363\" alt=\"\" srcset=\"https:\/\/sollux-lighting.com\/wp-content\/uploads\/2023\/03\/0753-1-k.jpg 750w, https:\/\/sollux-lighting.com\/wp-content\/uploads\/2023\/03\/0753-1-k-300x300.jpg 300w, https:\/\/sollux-lighting.com\/wp-content\/uploads\/2023\/03\/0753-1-k-150x150.jpg 150w, https:\/\/sollux-lighting.com\/wp-content\/uploads\/2023\/03\/0753-1-k-600x600.jpg 600w, https:\/\/sollux-lighting.com\/wp-content\/uploads\/2023\/03\/0753-1-k-100x100.jpg 100w\" sizes=\"(max-width: 750px) 100vw, 750px\" \/>\t\t\t\t\t\t\t\t<\/a>\n\t\t\t\t\t\t\t\t\t\t\t\t\t\t\t<\/div>\n\t\t\t\t<\/div>\n\t\t\t\t<div class=\"elementor-element elementor-element-7bade7f elementor-widget elementor-widget-heading\" data-id=\"7bade7f\" data-element_type=\"widget\" data-widget_type=\"heading.default\">\n\t\t\t\t<div class=\"elementor-widget-container\">\n\t\t\t\t\t<h2 class=\"elementor-heading-title elementor-size-default\"><a href=\"https:\/\/sollux-lighting.com\/pl\/nasza-oferta\/zyrandole\/zyrandol-saturno-slim-70-bialy\/\">\u017byrandol SATURNO SLIM 70 bia\u0142y<\/a><\/h2>\t\t\t\t<\/div>\n\t\t\t\t<\/div>\n\t\t\t\t\t<\/div>\n\t\t\t\t<\/div>\n\t\t\t\t<\/div>\n\t\t<\/div><div class=\"jet-listing-grid__item jet-listing-dynamic-post-18387\" data-post-id=\"18387\"  >\t\t<div data-elementor-type=\"jet-listing-items\" data-elementor-id=\"1560\" class=\"elementor elementor-1560\" data-elementor-post-type=\"jet-engine\">\n\t\t\t\t<div class=\"elementor-element elementor-element-81809e2 e-flex e-con-boxed e-con e-parent\" data-id=\"81809e2\" data-element_type=\"container\" data-settings=\"{&quot;jet_parallax_layout_list&quot;:[]}\">\n\t\t\t\t\t<div class=\"e-con-inner\">\n\t\t\t\t<div class=\"elementor-element elementor-element-5a9dd49 elementor-widget elementor-widget-image\" data-id=\"5a9dd49\" data-element_type=\"widget\" data-widget_type=\"image.default\">\n\t\t\t\t<div class=\"elementor-widget-container\">\n\t\t\t\t\t\t\t\t\t\t\t\t\t\t\t\t<a href=\"https:\/\/sollux-lighting.com\/pl\/nasza-oferta\/zyrandole\/zyrandol-saturno-slim-70-czarny\/\">\n\t\t\t\t\t\t\t<img loading=\"lazy\" decoding=\"async\" width=\"750\" height=\"750\" src=\"https:\/\/sollux-lighting.com\/wp-content\/uploads\/2023\/03\/0754-1-k.jpg\" class=\"attachment-large size-large wp-image-18388\" alt=\"\" srcset=\"https:\/\/sollux-lighting.com\/wp-content\/uploads\/2023\/03\/0754-1-k.jpg 750w, https:\/\/sollux-lighting.com\/wp-content\/uploads\/2023\/03\/0754-1-k-300x300.jpg 300w, https:\/\/sollux-lighting.com\/wp-content\/uploads\/2023\/03\/0754-1-k-150x150.jpg 150w, https:\/\/sollux-lighting.com\/wp-content\/uploads\/2023\/03\/0754-1-k-600x600.jpg 600w, https:\/\/sollux-lighting.com\/wp-content\/uploads\/2023\/03\/0754-1-k-100x100.jpg 100w\" sizes=\"(max-width: 750px) 100vw, 750px\" \/>\t\t\t\t\t\t\t\t<\/a>\n\t\t\t\t\t\t\t\t\t\t\t\t\t\t\t<\/div>\n\t\t\t\t<\/div>\n\t\t\t\t<div class=\"elementor-element elementor-element-7bade7f elementor-widget elementor-widget-heading\" data-id=\"7bade7f\" data-element_type=\"widget\" data-widget_type=\"heading.default\">\n\t\t\t\t<div class=\"elementor-widget-container\">\n\t\t\t\t\t<h2 class=\"elementor-heading-title elementor-size-default\"><a href=\"https:\/\/sollux-lighting.com\/pl\/nasza-oferta\/zyrandole\/zyrandol-saturno-slim-70-czarny\/\">\u017byrandol SATURNO SLIM 70 czarny<\/a><\/h2>\t\t\t\t<\/div>\n\t\t\t\t<\/div>\n\t\t\t\t\t<\/div>\n\t\t\t\t<\/div>\n\t\t\t\t<\/div>\n\t\t<\/div><div class=\"jet-listing-grid__item jet-listing-dynamic-post-18006\" data-post-id=\"18006\"  >\t\t<div data-elementor-type=\"jet-listing-items\" data-elementor-id=\"1560\" class=\"elementor elementor-1560\" data-elementor-post-type=\"jet-engine\">\n\t\t\t\t<div class=\"elementor-element elementor-element-81809e2 e-flex e-con-boxed e-con e-parent\" data-id=\"81809e2\" data-element_type=\"container\" data-settings=\"{&quot;jet_parallax_layout_list&quot;:[]}\">\n\t\t\t\t\t<div class=\"e-con-inner\">\n\t\t\t\t<div class=\"elementor-element elementor-element-5a9dd49 elementor-widget elementor-widget-image\" data-id=\"5a9dd49\" data-element_type=\"widget\" data-widget_type=\"image.default\">\n\t\t\t\t<div class=\"elementor-widget-container\">\n\t\t\t\t\t\t\t\t\t\t\t\t\t\t\t\t<a href=\"https:\/\/sollux-lighting.com\/pl\/nasza-oferta\/plafony\/plafon-luna-3-bialy\/\">\n\t\t\t\t\t\t\t<img loading=\"lazy\" decoding=\"async\" width=\"750\" height=\"750\" src=\"https:\/\/sollux-lighting.com\/wp-content\/uploads\/2023\/03\/0739-1-k.jpg\" class=\"attachment-large size-large wp-image-18007\" alt=\"\" srcset=\"https:\/\/sollux-lighting.com\/wp-content\/uploads\/2023\/03\/0739-1-k.jpg 750w, https:\/\/sollux-lighting.com\/wp-content\/uploads\/2023\/03\/0739-1-k-300x300.jpg 300w, https:\/\/sollux-lighting.com\/wp-content\/uploads\/2023\/03\/0739-1-k-150x150.jpg 150w, https:\/\/sollux-lighting.com\/wp-content\/uploads\/2023\/03\/0739-1-k-600x600.jpg 600w, https:\/\/sollux-lighting.com\/wp-content\/uploads\/2023\/03\/0739-1-k-100x100.jpg 100w\" sizes=\"(max-width: 750px) 100vw, 750px\" \/>\t\t\t\t\t\t\t\t<\/a>\n\t\t\t\t\t\t\t\t\t\t\t\t\t\t\t<\/div>\n\t\t\t\t<\/div>\n\t\t\t\t<div class=\"elementor-element elementor-element-7bade7f elementor-widget elementor-widget-heading\" data-id=\"7bade7f\" data-element_type=\"widget\" data-widget_type=\"heading.default\">\n\t\t\t\t<div class=\"elementor-widget-container\">\n\t\t\t\t\t<h2 class=\"elementor-heading-title elementor-size-default\"><a href=\"https:\/\/sollux-lighting.com\/pl\/nasza-oferta\/plafony\/plafon-luna-3-bialy\/\">Plafon LUNA 3 bia\u0142y<\/a><\/h2>\t\t\t\t<\/div>\n\t\t\t\t<\/div>\n\t\t\t\t\t<\/div>\n\t\t\t\t<\/div>\n\t\t\t\t<\/div>\n\t\t<\/div><div class=\"jet-listing-grid__item jet-listing-dynamic-post-17850\" data-post-id=\"17850\"  >\t\t<div data-elementor-type=\"jet-listing-items\" data-elementor-id=\"1560\" class=\"elementor elementor-1560\" data-elementor-post-type=\"jet-engine\">\n\t\t\t\t<div class=\"elementor-element elementor-element-81809e2 e-flex e-con-boxed e-con e-parent\" data-id=\"81809e2\" data-element_type=\"container\" data-settings=\"{&quot;jet_parallax_layout_list&quot;:[]}\">\n\t\t\t\t\t<div class=\"e-con-inner\">\n\t\t\t\t<div class=\"elementor-element elementor-element-5a9dd49 elementor-widget elementor-widget-image\" data-id=\"5a9dd49\" data-element_type=\"widget\" data-widget_type=\"image.default\">\n\t\t\t\t<div class=\"elementor-widget-container\">\n\t\t\t\t\t\t\t\t\t\t\t\t\t\t\t\t<a href=\"https:\/\/sollux-lighting.com\/pl\/nasza-oferta\/zyrandole\/zyrandol-bella-60-bialy\/\">\n\t\t\t\t\t\t\t<img loading=\"lazy\" decoding=\"async\" width=\"750\" height=\"750\" src=\"https:\/\/sollux-lighting.com\/wp-content\/uploads\/2023\/03\/0733-1-k.jpg\" class=\"attachment-large size-large wp-image-17851\" alt=\"\" srcset=\"https:\/\/sollux-lighting.com\/wp-content\/uploads\/2023\/03\/0733-1-k.jpg 750w, https:\/\/sollux-lighting.com\/wp-content\/uploads\/2023\/03\/0733-1-k-300x300.jpg 300w, https:\/\/sollux-lighting.com\/wp-content\/uploads\/2023\/03\/0733-1-k-150x150.jpg 150w, https:\/\/sollux-lighting.com\/wp-content\/uploads\/2023\/03\/0733-1-k-600x600.jpg 600w, https:\/\/sollux-lighting.com\/wp-content\/uploads\/2023\/03\/0733-1-k-100x100.jpg 100w\" sizes=\"(max-width: 750px) 100vw, 750px\" \/>\t\t\t\t\t\t\t\t<\/a>\n\t\t\t\t\t\t\t\t\t\t\t\t\t\t\t<\/div>\n\t\t\t\t<\/div>\n\t\t\t\t<div class=\"elementor-element elementor-element-7bade7f elementor-widget elementor-widget-heading\" data-id=\"7bade7f\" data-element_type=\"widget\" data-widget_type=\"heading.default\">\n\t\t\t\t<div class=\"elementor-widget-container\">\n\t\t\t\t\t<h2 class=\"elementor-heading-title elementor-size-default\"><a href=\"https:\/\/sollux-lighting.com\/pl\/nasza-oferta\/zyrandole\/zyrandol-bella-60-bialy\/\">\u017byrandol BELLA 60 bia\u0142y<\/a><\/h2>\t\t\t\t<\/div>\n\t\t\t\t<\/div>\n\t\t\t\t\t<\/div>\n\t\t\t\t<\/div>\n\t\t\t\t<\/div>\n\t\t<\/div><div class=\"jet-listing-grid__item jet-listing-dynamic-post-17875\" data-post-id=\"17875\"  >\t\t<div data-elementor-type=\"jet-listing-items\" data-elementor-id=\"1560\" class=\"elementor elementor-1560\" data-elementor-post-type=\"jet-engine\">\n\t\t\t\t<div class=\"elementor-element elementor-element-81809e2 e-flex e-con-boxed e-con e-parent\" data-id=\"81809e2\" data-element_type=\"container\" data-settings=\"{&quot;jet_parallax_layout_list&quot;:[]}\">\n\t\t\t\t\t<div class=\"e-con-inner\">\n\t\t\t\t<div class=\"elementor-element elementor-element-5a9dd49 elementor-widget elementor-widget-image\" data-id=\"5a9dd49\" data-element_type=\"widget\" data-widget_type=\"image.default\">\n\t\t\t\t<div class=\"elementor-widget-container\">\n\t\t\t\t\t\t\t\t\t\t\t\t\t\t\t\t<a href=\"https:\/\/sollux-lighting.com\/pl\/nasza-oferta\/zyrandole\/zyrandol-bella-60-czarny\/\">\n\t\t\t\t\t\t\t<img loading=\"lazy\" decoding=\"async\" width=\"750\" height=\"750\" src=\"https:\/\/sollux-lighting.com\/wp-content\/uploads\/2023\/03\/0734-1-k.jpg\" class=\"attachment-large size-large wp-image-17876\" alt=\"\" srcset=\"https:\/\/sollux-lighting.com\/wp-content\/uploads\/2023\/03\/0734-1-k.jpg 750w, https:\/\/sollux-lighting.com\/wp-content\/uploads\/2023\/03\/0734-1-k-300x300.jpg 300w, https:\/\/sollux-lighting.com\/wp-content\/uploads\/2023\/03\/0734-1-k-150x150.jpg 150w, https:\/\/sollux-lighting.com\/wp-content\/uploads\/2023\/03\/0734-1-k-600x600.jpg 600w, https:\/\/sollux-lighting.com\/wp-content\/uploads\/2023\/03\/0734-1-k-100x100.jpg 100w\" sizes=\"(max-width: 750px) 100vw, 750px\" \/>\t\t\t\t\t\t\t\t<\/a>\n\t\t\t\t\t\t\t\t\t\t\t\t\t\t\t<\/div>\n\t\t\t\t<\/div>\n\t\t\t\t<div class=\"elementor-element elementor-element-7bade7f elementor-widget elementor-widget-heading\" data-id=\"7bade7f\" data-element_type=\"widget\" data-widget_type=\"heading.default\">\n\t\t\t\t<div class=\"elementor-widget-container\">\n\t\t\t\t\t<h2 class=\"elementor-heading-title elementor-size-default\"><a href=\"https:\/\/sollux-lighting.com\/pl\/nasza-oferta\/zyrandole\/zyrandol-bella-60-czarny\/\">\u017byrandol BELLA 60 czarny<\/a><\/h2>\t\t\t\t<\/div>\n\t\t\t\t<\/div>\n\t\t\t\t\t<\/div>\n\t\t\t\t<\/div>\n\t\t\t\t<\/div>\n\t\t<\/div><div class=\"jet-listing-grid__item jet-listing-dynamic-post-17900\" data-post-id=\"17900\"  >\t\t<div data-elementor-type=\"jet-listing-items\" data-elementor-id=\"1560\" class=\"elementor elementor-1560\" data-elementor-post-type=\"jet-engine\">\n\t\t\t\t<div class=\"elementor-element elementor-element-81809e2 e-flex e-con-boxed e-con e-parent\" data-id=\"81809e2\" data-element_type=\"container\" data-settings=\"{&quot;jet_parallax_layout_list&quot;:[]}\">\n\t\t\t\t\t<div class=\"e-con-inner\">\n\t\t\t\t<div class=\"elementor-element elementor-element-5a9dd49 elementor-widget elementor-widget-image\" data-id=\"5a9dd49\" data-element_type=\"widget\" data-widget_type=\"image.default\">\n\t\t\t\t<div class=\"elementor-widget-container\">\n\t\t\t\t\t\t\t\t\t\t\t\t\t\t\t\t<a href=\"https:\/\/sollux-lighting.com\/pl\/nasza-oferta\/zyrandole\/zyrandol-geneve-50-bialy\/\">\n\t\t\t\t\t\t\t<img loading=\"lazy\" decoding=\"async\" width=\"750\" height=\"750\" src=\"https:\/\/sollux-lighting.com\/wp-content\/uploads\/2023\/03\/0735-1-k.jpg\" class=\"attachment-large size-large wp-image-17901\" alt=\"\" srcset=\"https:\/\/sollux-lighting.com\/wp-content\/uploads\/2023\/03\/0735-1-k.jpg 750w, https:\/\/sollux-lighting.com\/wp-content\/uploads\/2023\/03\/0735-1-k-300x300.jpg 300w, https:\/\/sollux-lighting.com\/wp-content\/uploads\/2023\/03\/0735-1-k-150x150.jpg 150w, https:\/\/sollux-lighting.com\/wp-content\/uploads\/2023\/03\/0735-1-k-600x600.jpg 600w, https:\/\/sollux-lighting.com\/wp-content\/uploads\/2023\/03\/0735-1-k-100x100.jpg 100w\" sizes=\"(max-width: 750px) 100vw, 750px\" \/>\t\t\t\t\t\t\t\t<\/a>\n\t\t\t\t\t\t\t\t\t\t\t\t\t\t\t<\/div>\n\t\t\t\t<\/div>\n\t\t\t\t<div class=\"elementor-element elementor-element-7bade7f elementor-widget elementor-widget-heading\" data-id=\"7bade7f\" data-element_type=\"widget\" data-widget_type=\"heading.default\">\n\t\t\t\t<div class=\"elementor-widget-container\">\n\t\t\t\t\t<h2 class=\"elementor-heading-title elementor-size-default\"><a href=\"https:\/\/sollux-lighting.com\/pl\/nasza-oferta\/zyrandole\/zyrandol-geneve-50-bialy\/\">\u017byrandol GENEVE 50 bia\u0142y<\/a><\/h2>\t\t\t\t<\/div>\n\t\t\t\t<\/div>\n\t\t\t\t\t<\/div>\n\t\t\t\t<\/div>\n\t\t\t\t<\/div>\n\t\t<\/div><div class=\"jet-listing-grid__item jet-listing-dynamic-post-17925\" data-post-id=\"17925\"  >\t\t<div data-elementor-type=\"jet-listing-items\" data-elementor-id=\"1560\" class=\"elementor elementor-1560\" data-elementor-post-type=\"jet-engine\">\n\t\t\t\t<div class=\"elementor-element elementor-element-81809e2 e-flex e-con-boxed e-con e-parent\" data-id=\"81809e2\" data-element_type=\"container\" data-settings=\"{&quot;jet_parallax_layout_list&quot;:[]}\">\n\t\t\t\t\t<div class=\"e-con-inner\">\n\t\t\t\t<div class=\"elementor-element elementor-element-5a9dd49 elementor-widget elementor-widget-image\" data-id=\"5a9dd49\" data-element_type=\"widget\" data-widget_type=\"image.default\">\n\t\t\t\t<div class=\"elementor-widget-container\">\n\t\t\t\t\t\t\t\t\t\t\t\t\t\t\t\t<a href=\"https:\/\/sollux-lighting.com\/pl\/nasza-oferta\/zyrandole\/zyrandol-geneve-50-czarny\/\">\n\t\t\t\t\t\t\t<img loading=\"lazy\" decoding=\"async\" width=\"750\" height=\"750\" src=\"https:\/\/sollux-lighting.com\/wp-content\/uploads\/2023\/03\/0736-1-k.jpg\" class=\"attachment-large size-large wp-image-17926\" alt=\"\" srcset=\"https:\/\/sollux-lighting.com\/wp-content\/uploads\/2023\/03\/0736-1-k.jpg 750w, https:\/\/sollux-lighting.com\/wp-content\/uploads\/2023\/03\/0736-1-k-300x300.jpg 300w, https:\/\/sollux-lighting.com\/wp-content\/uploads\/2023\/03\/0736-1-k-150x150.jpg 150w, https:\/\/sollux-lighting.com\/wp-content\/uploads\/2023\/03\/0736-1-k-600x600.jpg 600w, https:\/\/sollux-lighting.com\/wp-content\/uploads\/2023\/03\/0736-1-k-100x100.jpg 100w\" sizes=\"(max-width: 750px) 100vw, 750px\" \/>\t\t\t\t\t\t\t\t<\/a>\n\t\t\t\t\t\t\t\t\t\t\t\t\t\t\t<\/div>\n\t\t\t\t<\/div>\n\t\t\t\t<div class=\"elementor-element elementor-element-7bade7f elementor-widget elementor-widget-heading\" data-id=\"7bade7f\" data-element_type=\"widget\" data-widget_type=\"heading.default\">\n\t\t\t\t<div class=\"elementor-widget-container\">\n\t\t\t\t\t<h2 class=\"elementor-heading-title elementor-size-default\"><a href=\"https:\/\/sollux-lighting.com\/pl\/nasza-oferta\/zyrandole\/zyrandol-geneve-50-czarny\/\">\u017byrandol GENEVE 50 czarny<\/a><\/h2>\t\t\t\t<\/div>\n\t\t\t\t<\/div>\n\t\t\t\t\t<\/div>\n\t\t\t\t<\/div>\n\t\t\t\t<\/div>\n\t\t<\/div><div class=\"jet-listing-grid__item jet-listing-dynamic-post-17950\" data-post-id=\"17950\"  >\t\t<div data-elementor-type=\"jet-listing-items\" data-elementor-id=\"1560\" class=\"elementor elementor-1560\" data-elementor-post-type=\"jet-engine\">\n\t\t\t\t<div class=\"elementor-element elementor-element-81809e2 e-flex e-con-boxed e-con e-parent\" data-id=\"81809e2\" data-element_type=\"container\" data-settings=\"{&quot;jet_parallax_layout_list&quot;:[]}\">\n\t\t\t\t\t<div class=\"e-con-inner\">\n\t\t\t\t<div class=\"elementor-element elementor-element-5a9dd49 elementor-widget elementor-widget-image\" data-id=\"5a9dd49\" data-element_type=\"widget\" data-widget_type=\"image.default\">\n\t\t\t\t<div class=\"elementor-widget-container\">\n\t\t\t\t\t\t\t\t\t\t\t\t\t\t\t\t<a href=\"https:\/\/sollux-lighting.com\/pl\/nasza-oferta\/plafony\/plafon-luna-1-bialy\/\">\n\t\t\t\t\t\t\t<img loading=\"lazy\" decoding=\"async\" width=\"750\" height=\"750\" src=\"https:\/\/sollux-lighting.com\/wp-content\/uploads\/2023\/03\/0737-1-k.jpg\" class=\"attachment-large size-large wp-image-17951\" alt=\"\" srcset=\"https:\/\/sollux-lighting.com\/wp-content\/uploads\/2023\/03\/0737-1-k.jpg 750w, https:\/\/sollux-lighting.com\/wp-content\/uploads\/2023\/03\/0737-1-k-300x300.jpg 300w, https:\/\/sollux-lighting.com\/wp-content\/uploads\/2023\/03\/0737-1-k-150x150.jpg 150w, https:\/\/sollux-lighting.com\/wp-content\/uploads\/2023\/03\/0737-1-k-600x600.jpg 600w, https:\/\/sollux-lighting.com\/wp-content\/uploads\/2023\/03\/0737-1-k-100x100.jpg 100w\" sizes=\"(max-width: 750px) 100vw, 750px\" \/>\t\t\t\t\t\t\t\t<\/a>\n\t\t\t\t\t\t\t\t\t\t\t\t\t\t\t<\/div>\n\t\t\t\t<\/div>\n\t\t\t\t<div class=\"elementor-element elementor-element-7bade7f elementor-widget elementor-widget-heading\" data-id=\"7bade7f\" data-element_type=\"widget\" data-widget_type=\"heading.default\">\n\t\t\t\t<div class=\"elementor-widget-container\">\n\t\t\t\t\t<h2 class=\"elementor-heading-title elementor-size-default\"><a href=\"https:\/\/sollux-lighting.com\/pl\/nasza-oferta\/plafony\/plafon-luna-1-bialy\/\">Plafon LUNA 1 bia\u0142y<\/a><\/h2>\t\t\t\t<\/div>\n\t\t\t\t<\/div>\n\t\t\t\t\t<\/div>\n\t\t\t\t<\/div>\n\t\t\t\t<\/div>\n\t\t<\/div><div class=\"jet-listing-grid__item jet-listing-dynamic-post-17978\" data-post-id=\"17978\"  >\t\t<div data-elementor-type=\"jet-listing-items\" data-elementor-id=\"1560\" class=\"elementor elementor-1560\" data-elementor-post-type=\"jet-engine\">\n\t\t\t\t<div class=\"elementor-element elementor-element-81809e2 e-flex e-con-boxed e-con e-parent\" data-id=\"81809e2\" data-element_type=\"container\" data-settings=\"{&quot;jet_parallax_layout_list&quot;:[]}\">\n\t\t\t\t\t<div class=\"e-con-inner\">\n\t\t\t\t<div class=\"elementor-element elementor-element-5a9dd49 elementor-widget elementor-widget-image\" data-id=\"5a9dd49\" data-element_type=\"widget\" data-widget_type=\"image.default\">\n\t\t\t\t<div class=\"elementor-widget-container\">\n\t\t\t\t\t\t\t\t\t\t\t\t\t\t\t\t<a href=\"https:\/\/sollux-lighting.com\/pl\/nasza-oferta\/plafony\/plafon-luna-2-bialy\/\">\n\t\t\t\t\t\t\t<img loading=\"lazy\" decoding=\"async\" width=\"750\" height=\"750\" src=\"https:\/\/sollux-lighting.com\/wp-content\/uploads\/2023\/03\/0738-1-k.jpg\" class=\"attachment-large size-large wp-image-17979\" alt=\"\" srcset=\"https:\/\/sollux-lighting.com\/wp-content\/uploads\/2023\/03\/0738-1-k.jpg 750w, https:\/\/sollux-lighting.com\/wp-content\/uploads\/2023\/03\/0738-1-k-300x300.jpg 300w, https:\/\/sollux-lighting.com\/wp-content\/uploads\/2023\/03\/0738-1-k-150x150.jpg 150w, https:\/\/sollux-lighting.com\/wp-content\/uploads\/2023\/03\/0738-1-k-600x600.jpg 600w, https:\/\/sollux-lighting.com\/wp-content\/uploads\/2023\/03\/0738-1-k-100x100.jpg 100w\" sizes=\"(max-width: 750px) 100vw, 750px\" \/>\t\t\t\t\t\t\t\t<\/a>\n\t\t\t\t\t\t\t\t\t\t\t\t\t\t\t<\/div>\n\t\t\t\t<\/div>\n\t\t\t\t<div class=\"elementor-element elementor-element-7bade7f elementor-widget elementor-widget-heading\" data-id=\"7bade7f\" data-element_type=\"widget\" data-widget_type=\"heading.default\">\n\t\t\t\t<div class=\"elementor-widget-container\">\n\t\t\t\t\t<h2 class=\"elementor-heading-title elementor-size-default\"><a href=\"https:\/\/sollux-lighting.com\/pl\/nasza-oferta\/plafony\/plafon-luna-2-bialy\/\">Plafon LUNA 2 bia\u0142y<\/a><\/h2>\t\t\t\t<\/div>\n\t\t\t\t<\/div>\n\t\t\t\t\t<\/div>\n\t\t\t\t<\/div>\n\t\t\t\t<\/div>\n\t\t<\/div><\/div><\/div>\t\t\t\t<\/div>\n\t\t\t\t<\/div>\n\t\t\t\t<div class=\"elementor-element elementor-element-12a78af elementor-widget elementor-widget-jet-smart-filters-pagination\" data-id=\"12a78af\" data-element_type=\"widget\" data-widget_type=\"jet-smart-filters-pagination.default\">\n\t\t\t\t<div class=\"elementor-widget-container\">\n\t\t\t\t\t<div\n\t\t\t\tclass=\"jet-smart-filters-pagination jet-filter\"\n\t\t\t\tdata-apply-provider=\"jet-engine\"\n\t\t\t\tdata-content-provider=\"jet-engine\"\n\t\t\t\tdata-query-id=\"seria\"\n\t\t\t\tdata-controls=\"{&quot;items_enabled&quot;:true,&quot;pages_mid_size&quot;:0,&quot;pages_end_size&quot;:0,&quot;nav_enabled&quot;:false,&quot;load_more_enabled&quot;:false,&quot;provider_top_offset&quot;:0}\"\n\t\t\t\tdata-apply-type=\"ajax\"\n\t\t\t><\/div>\t\t\t\t<\/div>\n\t\t\t\t<\/div>\n\t\t\t\t\t<\/div>\n\t\t\t\t<\/div>\n\t\t\t\t<\/div>\n\t\t","protected":false},"excerpt":{"rendered":"<p>Geometria stylu 2BM Niestarzej\u0105ca si\u0119 klasyka, czyli aba\u017cury w geometrycznych kszta\u0142tach to temat przewodni dzia\u0142u 2BM. Znajdziesz tu uniwersalne lampy i \u017cyrandole, kt\u00f3re dobrze zaprezentuj\u0105 si\u0119 zar\u00f3wno w nowoczesnych, minimalistycznych wn\u0119trzach, jaki i przestrzeniach o tradycyjnym wystroju.<\/p>\n","protected":false},"author":3,"featured_media":0,"parent":221,"menu_order":0,"comment_status":"closed","ping_status":"closed","template":"elementor_header_footer","meta":{"_acf_changed":false,"footnotes":""},"class_list":["post-3294","page","type-page","status-publish","hentry"],"acf":[],"yoast_head":"<!-- This site is optimized with the Yoast SEO plugin v25.4 - https:\/\/yoast.com\/wordpress\/plugins\/seo\/ -->\n<title>2BM - Sollux Lighting<\/title>\n<meta name=\"robots\" content=\"index, follow, max-snippet:-1, max-image-preview:large, max-video-preview:-1\" \/>\n<link rel=\"canonical\" href=\"https:\/\/sollux-lighting.com\/pl\/produkty\/2bm\/\" \/>\n<meta property=\"og:locale\" content=\"pl_PL\" \/>\n<meta property=\"og:type\" content=\"article\" \/>\n<meta property=\"og:title\" content=\"2BM - Sollux Lighting\" \/>\n<meta property=\"og:description\" content=\"Geometria stylu 2BM Niestarzej\u0105ca si\u0119 klasyka, czyli aba\u017cury w geometrycznych kszta\u0142tach to temat przewodni dzia\u0142u 2BM. Znajdziesz tu uniwersalne lampy i \u017cyrandole, kt\u00f3re dobrze zaprezentuj\u0105 si\u0119 zar\u00f3wno w nowoczesnych, minimalistycznych wn\u0119trzach, jaki i przestrzeniach o tradycyjnym wystroju.\" \/>\n<meta property=\"og:url\" content=\"https:\/\/sollux-lighting.com\/pl\/produkty\/2bm\/\" \/>\n<meta property=\"og:site_name\" content=\"Sollux Lighting\" \/>\n<meta property=\"article:modified_time\" content=\"2023-11-28T20:34:49+00:00\" \/>\n<meta property=\"og:image\" content=\"https:\/\/test.sollux-lighting.com\/wp-content\/uploads\/2023\/02\/2bm-saturno.jpg\" \/>\n<meta name=\"twitter:card\" content=\"summary_large_image\" \/>\n<meta name=\"twitter:label1\" content=\"Szacowany czas czytania\" \/>\n\t<meta name=\"twitter:data1\" content=\"1 minuta\" \/>\n<script type=\"application\/ld+json\" class=\"yoast-schema-graph\">{\"@context\":\"https:\/\/schema.org\",\"@graph\":[{\"@type\":\"WebPage\",\"@id\":\"https:\/\/sollux-lighting.com\/pl\/produkty\/2bm\/\",\"url\":\"https:\/\/sollux-lighting.com\/pl\/produkty\/2bm\/\",\"name\":\"2BM - Sollux Lighting\",\"isPartOf\":{\"@id\":\"https:\/\/sollux-lighting.com\/pl\/#website\"},\"primaryImageOfPage\":{\"@id\":\"https:\/\/sollux-lighting.com\/pl\/produkty\/2bm\/#primaryimage\"},\"image\":{\"@id\":\"https:\/\/sollux-lighting.com\/pl\/produkty\/2bm\/#primaryimage\"},\"thumbnailUrl\":\"https:\/\/test.sollux-lighting.com\/wp-content\/uploads\/2023\/02\/2bm-saturno.jpg\",\"datePublished\":\"2023-02-23T18:19:01+00:00\",\"dateModified\":\"2023-11-28T20:34:49+00:00\",\"breadcrumb\":{\"@id\":\"https:\/\/sollux-lighting.com\/pl\/produkty\/2bm\/#breadcrumb\"},\"inLanguage\":\"pl-PL\",\"potentialAction\":[{\"@type\":\"ReadAction\",\"target\":[\"https:\/\/sollux-lighting.com\/pl\/produkty\/2bm\/\"]}]},{\"@type\":\"ImageObject\",\"inLanguage\":\"pl-PL\",\"@id\":\"https:\/\/sollux-lighting.com\/pl\/produkty\/2bm\/#primaryimage\",\"url\":\"https:\/\/test.sollux-lighting.com\/wp-content\/uploads\/2023\/02\/2bm-saturno.jpg\",\"contentUrl\":\"https:\/\/test.sollux-lighting.com\/wp-content\/uploads\/2023\/02\/2bm-saturno.jpg\"},{\"@type\":\"BreadcrumbList\",\"@id\":\"https:\/\/sollux-lighting.com\/pl\/produkty\/2bm\/#breadcrumb\",\"itemListElement\":[{\"@type\":\"ListItem\",\"position\":1,\"name\":\"Strona g\u0142\u00f3wna\",\"item\":\"https:\/\/sollux-lighting.com\/pl\/\"},{\"@type\":\"ListItem\",\"position\":2,\"name\":\"Produkty\",\"item\":\"https:\/\/sollux-lighting.com\/pl\/produkty\/\"},{\"@type\":\"ListItem\",\"position\":3,\"name\":\"2BM\"}]},{\"@type\":\"WebSite\",\"@id\":\"https:\/\/sollux-lighting.com\/pl\/#website\",\"url\":\"https:\/\/sollux-lighting.com\/pl\/\",\"name\":\"Sollux Lighting\",\"description\":\"Brighten up your business\",\"publisher\":{\"@id\":\"https:\/\/sollux-lighting.com\/pl\/#organization\"},\"potentialAction\":[{\"@type\":\"SearchAction\",\"target\":{\"@type\":\"EntryPoint\",\"urlTemplate\":\"https:\/\/sollux-lighting.com\/pl\/?s={search_term_string}\"},\"query-input\":{\"@type\":\"PropertyValueSpecification\",\"valueRequired\":true,\"valueName\":\"search_term_string\"}}],\"inLanguage\":\"pl-PL\"},{\"@type\":\"Organization\",\"@id\":\"https:\/\/sollux-lighting.com\/pl\/#organization\",\"name\":\"Sollux Lighting\",\"url\":\"https:\/\/sollux-lighting.com\/pl\/\",\"logo\":{\"@type\":\"ImageObject\",\"inLanguage\":\"pl-PL\",\"@id\":\"https:\/\/sollux-lighting.com\/pl\/#\/schema\/logo\/image\/\",\"url\":\"https:\/\/sollux-lighting.com\/wp-content\/uploads\/2023\/02\/LOGO.svg\",\"contentUrl\":\"https:\/\/sollux-lighting.com\/wp-content\/uploads\/2023\/02\/LOGO.svg\",\"width\":160,\"height\":46,\"caption\":\"Sollux Lighting\"},\"image\":{\"@id\":\"https:\/\/sollux-lighting.com\/pl\/#\/schema\/logo\/image\/\"}}]}<\/script>\n<!-- \/ Yoast SEO plugin. -->","yoast_head_json":{"title":"2BM - Sollux Lighting","robots":{"index":"index","follow":"follow","max-snippet":"max-snippet:-1","max-image-preview":"max-image-preview:large","max-video-preview":"max-video-preview:-1"},"canonical":"https:\/\/sollux-lighting.com\/pl\/produkty\/2bm\/","og_locale":"pl_PL","og_type":"article","og_title":"2BM - Sollux Lighting","og_description":"Geometria stylu 2BM Niestarzej\u0105ca si\u0119 klasyka, czyli aba\u017cury w geometrycznych kszta\u0142tach to temat przewodni dzia\u0142u 2BM. Znajdziesz tu uniwersalne lampy i \u017cyrandole, kt\u00f3re dobrze zaprezentuj\u0105 si\u0119 zar\u00f3wno w nowoczesnych, minimalistycznych wn\u0119trzach, jaki i przestrzeniach o tradycyjnym wystroju.","og_url":"https:\/\/sollux-lighting.com\/pl\/produkty\/2bm\/","og_site_name":"Sollux Lighting","article_modified_time":"2023-11-28T20:34:49+00:00","og_image":[{"url":"https:\/\/test.sollux-lighting.com\/wp-content\/uploads\/2023\/02\/2bm-saturno.jpg","type":"","width":"","height":""}],"twitter_card":"summary_large_image","twitter_misc":{"Szacowany czas czytania":"1 minuta"},"schema":{"@context":"https:\/\/schema.org","@graph":[{"@type":"WebPage","@id":"https:\/\/sollux-lighting.com\/pl\/produkty\/2bm\/","url":"https:\/\/sollux-lighting.com\/pl\/produkty\/2bm\/","name":"2BM - Sollux Lighting","isPartOf":{"@id":"https:\/\/sollux-lighting.com\/pl\/#website"},"primaryImageOfPage":{"@id":"https:\/\/sollux-lighting.com\/pl\/produkty\/2bm\/#primaryimage"},"image":{"@id":"https:\/\/sollux-lighting.com\/pl\/produkty\/2bm\/#primaryimage"},"thumbnailUrl":"https:\/\/test.sollux-lighting.com\/wp-content\/uploads\/2023\/02\/2bm-saturno.jpg","datePublished":"2023-02-23T18:19:01+00:00","dateModified":"2023-11-28T20:34:49+00:00","breadcrumb":{"@id":"https:\/\/sollux-lighting.com\/pl\/produkty\/2bm\/#breadcrumb"},"inLanguage":"pl-PL","potentialAction":[{"@type":"ReadAction","target":["https:\/\/sollux-lighting.com\/pl\/produkty\/2bm\/"]}]},{"@type":"ImageObject","inLanguage":"pl-PL","@id":"https:\/\/sollux-lighting.com\/pl\/produkty\/2bm\/#primaryimage","url":"https:\/\/test.sollux-lighting.com\/wp-content\/uploads\/2023\/02\/2bm-saturno.jpg","contentUrl":"https:\/\/test.sollux-lighting.com\/wp-content\/uploads\/2023\/02\/2bm-saturno.jpg"},{"@type":"BreadcrumbList","@id":"https:\/\/sollux-lighting.com\/pl\/produkty\/2bm\/#breadcrumb","itemListElement":[{"@type":"ListItem","position":1,"name":"Strona g\u0142\u00f3wna","item":"https:\/\/sollux-lighting.com\/pl\/"},{"@type":"ListItem","position":2,"name":"Produkty","item":"https:\/\/sollux-lighting.com\/pl\/produkty\/"},{"@type":"ListItem","position":3,"name":"2BM"}]},{"@type":"WebSite","@id":"https:\/\/sollux-lighting.com\/pl\/#website","url":"https:\/\/sollux-lighting.com\/pl\/","name":"Sollux Lighting","description":"Brighten up your business","publisher":{"@id":"https:\/\/sollux-lighting.com\/pl\/#organization"},"potentialAction":[{"@type":"SearchAction","target":{"@type":"EntryPoint","urlTemplate":"https:\/\/sollux-lighting.com\/pl\/?s={search_term_string}"},"query-input":{"@type":"PropertyValueSpecification","valueRequired":true,"valueName":"search_term_string"}}],"inLanguage":"pl-PL"},{"@type":"Organization","@id":"https:\/\/sollux-lighting.com\/pl\/#organization","name":"Sollux Lighting","url":"https:\/\/sollux-lighting.com\/pl\/","logo":{"@type":"ImageObject","inLanguage":"pl-PL","@id":"https:\/\/sollux-lighting.com\/pl\/#\/schema\/logo\/image\/","url":"https:\/\/sollux-lighting.com\/wp-content\/uploads\/2023\/02\/LOGO.svg","contentUrl":"https:\/\/sollux-lighting.com\/wp-content\/uploads\/2023\/02\/LOGO.svg","width":160,"height":46,"caption":"Sollux Lighting"},"image":{"@id":"https:\/\/sollux-lighting.com\/pl\/#\/schema\/logo\/image\/"}}]}},"_links":{"self":[{"href":"https:\/\/sollux-lighting.com\/pl\/wp-json\/wp\/v2\/pages\/3294","targetHints":{"allow":["GET"]}}],"collection":[{"href":"https:\/\/sollux-lighting.com\/pl\/wp-json\/wp\/v2\/pages"}],"about":[{"href":"https:\/\/sollux-lighting.com\/pl\/wp-json\/wp\/v2\/types\/page"}],"author":[{"embeddable":true,"href":"https:\/\/sollux-lighting.com\/pl\/wp-json\/wp\/v2\/users\/3"}],"replies":[{"embeddable":true,"href":"https:\/\/sollux-lighting.com\/pl\/wp-json\/wp\/v2\/comments?post=3294"}],"version-history":[{"count":0,"href":"https:\/\/sollux-lighting.com\/pl\/wp-json\/wp\/v2\/pages\/3294\/revisions"}],"up":[{"embeddable":true,"href":"https:\/\/sollux-lighting.com\/pl\/wp-json\/wp\/v2\/pages\/221"}],"wp:attachment":[{"href":"https:\/\/sollux-lighting.com\/pl\/wp-json\/wp\/v2\/media?parent=3294"}],"curies":[{"name":"wp","href":"https:\/\/api.w.org\/{rel}","templated":true}]}}