{"id":72994,"date":"2023-03-17T11:41:21","date_gmt":"2023-03-17T10:41:21","guid":{"rendered":"https:\/\/test.sollux-lighting.com\/nasza-oferta\/non%20class\u00e9\/applique-senses-noir\/"},"modified":"2024-03-26T18:48:35","modified_gmt":"2024-03-26T17:48:35","slug":"applique-senses-noir","status":"publish","type":"product","link":"https:\/\/sollux-lighting.com\/fr\/nasza-oferta\/applique\/applique-senses-noir\/","title":{"rendered":"Applique SENSES noir"},"content":{"rendered":"<p>Vous \u00eates \u00e0 la recherche d&rsquo;une lampe design, mais minimaliste, pour votre int\u00e9rieur ? Vous venez de la trouver ! Une forme ronde et irr\u00e9guli\u00e8re, une palette de couleurs classiques et la simplicit\u00e9 de la forme d\u00e9finissent parfaitement SENSES &#8211; une lampe qui peut compl\u00e9ter le d\u00e9cor de diff\u00e9rentes pi\u00e8ces. Elle sera un \u00e9l\u00e9ment d\u00e9coratif int\u00e9ressant dans un int\u00e9rieur minimaliste ou de style scandinave, mais elle trouvera \u00e9galement sa place sur un mur color\u00e9. Nous aimons allier beaut\u00e9 et fonctionnalit\u00e9, c&rsquo;est pourquoi la surface lisse de SENSES est non seulement tr\u00e8s belle, mais aussi facile \u00e0 nettoyer. Vous pouvez enlever la poussi\u00e8re de votre lampe en un seul coup de chiffon !<\/p>\n","protected":false},"excerpt":{"rendered":"<p>Source de lumi\u00e8re : G9, 2x max 8W LED, 50Hz, ~230V, IP20, classe de protection I<br \/>\nLa source de lumi\u00e8re n&rsquo;est pas incluse.<br \/>\nDimensions : 25\/8\/29 cm<br \/>\nMat\u00e9riau : acier<br \/>\nCouleur : noir<\/p>\n","protected":false},"featured_media":54963,"template":"","meta":{"_acf_changed":false},"product_brand":[],"product_cat":[1899],"product_tag":[],"class_list":{"0":"post-72994","1":"product","2":"type-product","3":"status-publish","4":"has-post-thumbnail","6":"product_cat-applique","8":"first","9":"instock","10":"product-type-simple"},"acf":[],"yoast_head":"<!-- This site is optimized with the Yoast SEO plugin v25.4 - https:\/\/yoast.com\/wordpress\/plugins\/seo\/ -->\n<title>Applique SENSES noir - Sollux Lighting<\/title>\n<meta name=\"robots\" content=\"index, follow, max-snippet:-1, max-image-preview:large, max-video-preview:-1\" \/>\n<link rel=\"canonical\" href=\"https:\/\/sollux-lighting.com\/fr\/nasza-oferta\/applique\/applique-senses-noir\/\" \/>\n<meta property=\"og:locale\" content=\"fr_FR\" \/>\n<meta property=\"og:type\" content=\"article\" \/>\n<meta property=\"og:title\" content=\"Applique SENSES noir - Sollux Lighting\" \/>\n<meta property=\"og:description\" content=\"Source de lumi\u00e8re : G9, 2x max 8W LED, 50Hz, ~230V, IP20, classe de protection I La source de lumi\u00e8re n&#039;est pas incluse. Dimensions : 25\/8\/29 cm Mat\u00e9riau : acier Couleur : noir\" \/>\n<meta property=\"og:url\" content=\"https:\/\/sollux-lighting.com\/fr\/nasza-oferta\/applique\/applique-senses-noir\/\" \/>\n<meta property=\"og:site_name\" content=\"Sollux Lighting\" \/>\n<meta property=\"article:modified_time\" content=\"2024-03-26T17:48:35+00:00\" \/>\n<meta property=\"og:image\" content=\"https:\/\/sollux-lighting.com\/wp-content\/uploads\/2023\/03\/0935-1-k.jpg\" \/>\n\t<meta property=\"og:image:width\" content=\"750\" \/>\n\t<meta property=\"og:image:height\" content=\"750\" \/>\n\t<meta property=\"og:image:type\" content=\"image\/jpeg\" \/>\n<meta name=\"twitter:card\" content=\"summary_large_image\" \/>\n<meta name=\"twitter:label1\" content=\"Dur\u00e9e de lecture estim\u00e9e\" \/>\n\t<meta name=\"twitter:data1\" content=\"1 minute\" \/>\n<script type=\"application\/ld+json\" class=\"yoast-schema-graph\">{\"@context\":\"https:\/\/schema.org\",\"@graph\":[{\"@type\":\"WebPage\",\"@id\":\"https:\/\/sollux-lighting.com\/fr\/nasza-oferta\/applique\/applique-senses-noir\/\",\"url\":\"https:\/\/sollux-lighting.com\/fr\/nasza-oferta\/applique\/applique-senses-noir\/\",\"name\":\"Applique SENSES noir - Sollux Lighting\",\"isPartOf\":{\"@id\":\"https:\/\/sollux-lighting.com\/fr\/#website\"},\"primaryImageOfPage\":{\"@id\":\"https:\/\/sollux-lighting.com\/fr\/nasza-oferta\/applique\/applique-senses-noir\/#primaryimage\"},\"image\":{\"@id\":\"https:\/\/sollux-lighting.com\/fr\/nasza-oferta\/applique\/applique-senses-noir\/#primaryimage\"},\"thumbnailUrl\":\"https:\/\/sollux-lighting.com\/wp-content\/uploads\/2023\/03\/0935-1-k.jpg\",\"datePublished\":\"2023-03-17T10:41:21+00:00\",\"dateModified\":\"2024-03-26T17:48:35+00:00\",\"breadcrumb\":{\"@id\":\"https:\/\/sollux-lighting.com\/fr\/nasza-oferta\/applique\/applique-senses-noir\/#breadcrumb\"},\"inLanguage\":\"fr-FR\",\"potentialAction\":[{\"@type\":\"ReadAction\",\"target\":[\"https:\/\/sollux-lighting.com\/fr\/nasza-oferta\/applique\/applique-senses-noir\/\"]}]},{\"@type\":\"ImageObject\",\"inLanguage\":\"fr-FR\",\"@id\":\"https:\/\/sollux-lighting.com\/fr\/nasza-oferta\/applique\/applique-senses-noir\/#primaryimage\",\"url\":\"https:\/\/sollux-lighting.com\/wp-content\/uploads\/2023\/03\/0935-1-k.jpg\",\"contentUrl\":\"https:\/\/sollux-lighting.com\/wp-content\/uploads\/2023\/03\/0935-1-k.jpg\",\"width\":750,\"height\":750},{\"@type\":\"BreadcrumbList\",\"@id\":\"https:\/\/sollux-lighting.com\/fr\/nasza-oferta\/applique\/applique-senses-noir\/#breadcrumb\",\"itemListElement\":[{\"@type\":\"ListItem\",\"position\":1,\"name\":\"Page d'accueil\",\"item\":\"https:\/\/sollux-lighting.com\/fr\/\"},{\"@type\":\"ListItem\",\"position\":2,\"name\":\"Notre offre\",\"item\":\"https:\/\/sollux-lighting.com\/fr\/notre-offre\/\"},{\"@type\":\"ListItem\",\"position\":3,\"name\":\"Applique SENSES noir\"}]},{\"@type\":\"WebSite\",\"@id\":\"https:\/\/sollux-lighting.com\/fr\/#website\",\"url\":\"https:\/\/sollux-lighting.com\/fr\/\",\"name\":\"Sollux Lighting\",\"description\":\"Brighten up your business\",\"publisher\":{\"@id\":\"https:\/\/sollux-lighting.com\/fr\/#organization\"},\"potentialAction\":[{\"@type\":\"SearchAction\",\"target\":{\"@type\":\"EntryPoint\",\"urlTemplate\":\"https:\/\/sollux-lighting.com\/fr\/?s={search_term_string}\"},\"query-input\":{\"@type\":\"PropertyValueSpecification\",\"valueRequired\":true,\"valueName\":\"search_term_string\"}}],\"inLanguage\":\"fr-FR\"},{\"@type\":\"Organization\",\"@id\":\"https:\/\/sollux-lighting.com\/fr\/#organization\",\"name\":\"Sollux Lighting\",\"url\":\"https:\/\/sollux-lighting.com\/fr\/\",\"logo\":{\"@type\":\"ImageObject\",\"inLanguage\":\"fr-FR\",\"@id\":\"https:\/\/sollux-lighting.com\/fr\/#\/schema\/logo\/image\/\",\"url\":\"https:\/\/sollux-lighting.com\/wp-content\/uploads\/2023\/02\/LOGO.svg\",\"contentUrl\":\"https:\/\/sollux-lighting.com\/wp-content\/uploads\/2023\/02\/LOGO.svg\",\"width\":160,\"height\":46,\"caption\":\"Sollux Lighting \"},\"image\":{\"@id\":\"https:\/\/sollux-lighting.com\/fr\/#\/schema\/logo\/image\/\"}}]}<\/script>\n<!-- \/ Yoast SEO plugin. -->","yoast_head_json":{"title":"Applique SENSES noir - Sollux Lighting","robots":{"index":"index","follow":"follow","max-snippet":"max-snippet:-1","max-image-preview":"max-image-preview:large","max-video-preview":"max-video-preview:-1"},"canonical":"https:\/\/sollux-lighting.com\/fr\/nasza-oferta\/applique\/applique-senses-noir\/","og_locale":"fr_FR","og_type":"article","og_title":"Applique SENSES noir - Sollux Lighting","og_description":"Source de lumi\u00e8re : G9, 2x max 8W LED, 50Hz, ~230V, IP20, classe de protection I La source de lumi\u00e8re n'est pas incluse. Dimensions : 25\/8\/29 cm Mat\u00e9riau : acier Couleur : noir","og_url":"https:\/\/sollux-lighting.com\/fr\/nasza-oferta\/applique\/applique-senses-noir\/","og_site_name":"Sollux Lighting","article_modified_time":"2024-03-26T17:48:35+00:00","og_image":[{"width":750,"height":750,"url":"https:\/\/sollux-lighting.com\/wp-content\/uploads\/2023\/03\/0935-1-k.jpg","type":"image\/jpeg"}],"twitter_card":"summary_large_image","twitter_misc":{"Dur\u00e9e de lecture estim\u00e9e":"1 minute"},"schema":{"@context":"https:\/\/schema.org","@graph":[{"@type":"WebPage","@id":"https:\/\/sollux-lighting.com\/fr\/nasza-oferta\/applique\/applique-senses-noir\/","url":"https:\/\/sollux-lighting.com\/fr\/nasza-oferta\/applique\/applique-senses-noir\/","name":"Applique SENSES noir - Sollux Lighting","isPartOf":{"@id":"https:\/\/sollux-lighting.com\/fr\/#website"},"primaryImageOfPage":{"@id":"https:\/\/sollux-lighting.com\/fr\/nasza-oferta\/applique\/applique-senses-noir\/#primaryimage"},"image":{"@id":"https:\/\/sollux-lighting.com\/fr\/nasza-oferta\/applique\/applique-senses-noir\/#primaryimage"},"thumbnailUrl":"https:\/\/sollux-lighting.com\/wp-content\/uploads\/2023\/03\/0935-1-k.jpg","datePublished":"2023-03-17T10:41:21+00:00","dateModified":"2024-03-26T17:48:35+00:00","breadcrumb":{"@id":"https:\/\/sollux-lighting.com\/fr\/nasza-oferta\/applique\/applique-senses-noir\/#breadcrumb"},"inLanguage":"fr-FR","potentialAction":[{"@type":"ReadAction","target":["https:\/\/sollux-lighting.com\/fr\/nasza-oferta\/applique\/applique-senses-noir\/"]}]},{"@type":"ImageObject","inLanguage":"fr-FR","@id":"https:\/\/sollux-lighting.com\/fr\/nasza-oferta\/applique\/applique-senses-noir\/#primaryimage","url":"https:\/\/sollux-lighting.com\/wp-content\/uploads\/2023\/03\/0935-1-k.jpg","contentUrl":"https:\/\/sollux-lighting.com\/wp-content\/uploads\/2023\/03\/0935-1-k.jpg","width":750,"height":750},{"@type":"BreadcrumbList","@id":"https:\/\/sollux-lighting.com\/fr\/nasza-oferta\/applique\/applique-senses-noir\/#breadcrumb","itemListElement":[{"@type":"ListItem","position":1,"name":"Page d'accueil","item":"https:\/\/sollux-lighting.com\/fr\/"},{"@type":"ListItem","position":2,"name":"Notre offre","item":"https:\/\/sollux-lighting.com\/fr\/notre-offre\/"},{"@type":"ListItem","position":3,"name":"Applique SENSES noir"}]},{"@type":"WebSite","@id":"https:\/\/sollux-lighting.com\/fr\/#website","url":"https:\/\/sollux-lighting.com\/fr\/","name":"Sollux Lighting","description":"Brighten up your business","publisher":{"@id":"https:\/\/sollux-lighting.com\/fr\/#organization"},"potentialAction":[{"@type":"SearchAction","target":{"@type":"EntryPoint","urlTemplate":"https:\/\/sollux-lighting.com\/fr\/?s={search_term_string}"},"query-input":{"@type":"PropertyValueSpecification","valueRequired":true,"valueName":"search_term_string"}}],"inLanguage":"fr-FR"},{"@type":"Organization","@id":"https:\/\/sollux-lighting.com\/fr\/#organization","name":"Sollux Lighting","url":"https:\/\/sollux-lighting.com\/fr\/","logo":{"@type":"ImageObject","inLanguage":"fr-FR","@id":"https:\/\/sollux-lighting.com\/fr\/#\/schema\/logo\/image\/","url":"https:\/\/sollux-lighting.com\/wp-content\/uploads\/2023\/02\/LOGO.svg","contentUrl":"https:\/\/sollux-lighting.com\/wp-content\/uploads\/2023\/02\/LOGO.svg","width":160,"height":46,"caption":"Sollux Lighting "},"image":{"@id":"https:\/\/sollux-lighting.com\/fr\/#\/schema\/logo\/image\/"}}]}},"_links":{"self":[{"href":"https:\/\/sollux-lighting.com\/fr\/wp-json\/wp\/v2\/product\/72994","targetHints":{"allow":["GET"]}}],"collection":[{"href":"https:\/\/sollux-lighting.com\/fr\/wp-json\/wp\/v2\/product"}],"about":[{"href":"https:\/\/sollux-lighting.com\/fr\/wp-json\/wp\/v2\/types\/product"}],"wp:featuredmedia":[{"embeddable":true,"href":"https:\/\/sollux-lighting.com\/fr\/wp-json\/wp\/v2\/media\/54963"}],"wp:attachment":[{"href":"https:\/\/sollux-lighting.com\/fr\/wp-json\/wp\/v2\/media?parent=72994"}],"wp:term":[{"taxonomy":"product_brand","embeddable":true,"href":"https:\/\/sollux-lighting.com\/fr\/wp-json\/wp\/v2\/product_brand?post=72994"},{"taxonomy":"product_cat","embeddable":true,"href":"https:\/\/sollux-lighting.com\/fr\/wp-json\/wp\/v2\/product_cat?post=72994"},{"taxonomy":"product_tag","embeddable":true,"href":"https:\/\/sollux-lighting.com\/fr\/wp-json\/wp\/v2\/product_tag?post=72994"}],"curies":[{"name":"wp","href":"https:\/\/api.w.org\/{rel}","templated":true}]}}