{"id":72591,"date":"2023-03-17T11:17:36","date_gmt":"2023-03-17T10:17:36","guid":{"rendered":"https:\/\/test.sollux-lighting.com\/nasza-oferta\/non%20class\u00e9\/lampe-suspendue-celta-noir\/"},"modified":"2024-03-26T18:18:07","modified_gmt":"2024-03-26T17:18:07","slug":"lampe-suspendue-celta-noir","status":"publish","type":"product","link":"https:\/\/sollux-lighting.com\/fr\/nasza-oferta\/non class\u00e9\/lampe-suspendue-celta-noir\/","title":{"rendered":"Lampe suspendue CELTA noir"},"content":{"rendered":"<p>Un design moderne, une haute qualit\u00e9 d&rsquo;ex\u00e9cution et des mat\u00e9riaux non typiques font que les lampes suspendues Celta sont extr\u00eamement appr\u00e9ci\u00e9es par les amateurs de design original et d&rsquo;accents courageux \u00e0 la maison. Les luminaires design Celta combinent l&rsquo;\u00e9l\u00e9gance du style moderne et le caract\u00e8re brut de l&rsquo;art industriel. C&rsquo;est pourquoi les belles lampes avec une armature en acier pli\u00e9 sont une excellente proposition pour les propri\u00e9taires de lofts meubl\u00e9s avec go\u00fbt et de suites minimalistes. Ligne d\u00e9licate, couleurs \u00e0 la mode et fonctionnalit\u00e9 sont les avantages qui seront appr\u00e9ci\u00e9s m\u00eame par les plus exigeants.<\/p>\n","protected":false},"excerpt":{"rendered":"<p>Source de lumi\u00e8re : E27, 1x max 15W LED, 50Hz, ~230V, IP20, classe de protection I<br \/>\nLa source de lumi\u00e8re n&rsquo;est pas incluse.<br \/>\nDimensions : 23\/23\/95 cm<br \/>\nDimensions de l&rsquo;abat-jour : 23\/25 cm<br \/>\nMat\u00e9riau : acier<br \/>\nCouleur : noir<\/p>\n","protected":false},"featured_media":44802,"template":"","meta":{"_acf_changed":false},"product_brand":[],"product_cat":[],"product_tag":[],"class_list":{"0":"post-72591","1":"product","2":"type-product","3":"status-publish","4":"has-post-thumbnail","7":"first","8":"instock","9":"product-type-simple"},"acf":[],"yoast_head":"<!-- This site is optimized with the Yoast SEO plugin v25.4 - https:\/\/yoast.com\/wordpress\/plugins\/seo\/ -->\n<title>Lampe suspendue CELTA noir - Sollux Lighting<\/title>\n<meta name=\"robots\" content=\"index, follow, max-snippet:-1, max-image-preview:large, max-video-preview:-1\" \/>\n<link rel=\"canonical\" href=\"https:\/\/sollux-lighting.com\/fr\/nasza-oferta\/non%20class\u00e9\/lampe-suspendue-celta-noir\/\" \/>\n<meta property=\"og:locale\" content=\"fr_FR\" \/>\n<meta property=\"og:type\" content=\"article\" \/>\n<meta property=\"og:title\" content=\"Lampe suspendue CELTA noir - Sollux Lighting\" \/>\n<meta property=\"og:description\" content=\"Source de lumi\u00e8re : E27, 1x max 15W LED, 50Hz, ~230V, IP20, classe de protection I La source de lumi\u00e8re n&#039;est pas incluse. Dimensions : 23\/23\/95 cm Dimensions de l&#039;abat-jour : 23\/25 cm Mat\u00e9riau : acier Couleur : noir\" \/>\n<meta property=\"og:url\" content=\"https:\/\/sollux-lighting.com\/fr\/nasza-oferta\/non class\u00e9\/lampe-suspendue-celta-noir\/\" \/>\n<meta property=\"og:site_name\" content=\"Sollux Lighting\" \/>\n<meta property=\"article:modified_time\" content=\"2024-03-26T17:18:07+00:00\" \/>\n<meta property=\"og:image\" content=\"https:\/\/sollux-lighting.com\/wp-content\/uploads\/2023\/03\/0296-1-k.jpg\" \/>\n\t<meta property=\"og:image:width\" content=\"750\" \/>\n\t<meta property=\"og:image:height\" content=\"750\" \/>\n\t<meta property=\"og:image:type\" content=\"image\/jpeg\" \/>\n<meta name=\"twitter:card\" content=\"summary_large_image\" \/>\n<meta name=\"twitter:label1\" content=\"Dur\u00e9e de lecture estim\u00e9e\" \/>\n\t<meta name=\"twitter:data1\" content=\"1 minute\" \/>\n<script type=\"application\/ld+json\" class=\"yoast-schema-graph\">{\"@context\":\"https:\/\/schema.org\",\"@graph\":[{\"@type\":\"WebPage\",\"@id\":\"https:\/\/sollux-lighting.com\/fr\/nasza-oferta\/non class\u00e9\/lampe-suspendue-celta-noir\/\",\"url\":\"https:\/\/sollux-lighting.com\/fr\/nasza-oferta\/non class\u00e9\/lampe-suspendue-celta-noir\/\",\"name\":\"Lampe suspendue CELTA noir - Sollux Lighting\",\"isPartOf\":{\"@id\":\"https:\/\/sollux-lighting.com\/fr\/#website\"},\"primaryImageOfPage\":{\"@id\":\"https:\/\/sollux-lighting.com\/fr\/nasza-oferta\/non class\u00e9\/lampe-suspendue-celta-noir\/#primaryimage\"},\"image\":{\"@id\":\"https:\/\/sollux-lighting.com\/fr\/nasza-oferta\/non class\u00e9\/lampe-suspendue-celta-noir\/#primaryimage\"},\"thumbnailUrl\":\"https:\/\/sollux-lighting.com\/wp-content\/uploads\/2023\/03\/0296-1-k.jpg\",\"datePublished\":\"2023-03-17T10:17:36+00:00\",\"dateModified\":\"2024-03-26T17:18:07+00:00\",\"breadcrumb\":{\"@id\":\"https:\/\/sollux-lighting.com\/fr\/nasza-oferta\/non class\u00e9\/lampe-suspendue-celta-noir\/#breadcrumb\"},\"inLanguage\":\"fr-FR\",\"potentialAction\":[{\"@type\":\"ReadAction\",\"target\":[\"https:\/\/sollux-lighting.com\/fr\/nasza-oferta\/non class\u00e9\/lampe-suspendue-celta-noir\/\"]}]},{\"@type\":\"ImageObject\",\"inLanguage\":\"fr-FR\",\"@id\":\"https:\/\/sollux-lighting.com\/fr\/nasza-oferta\/non class\u00e9\/lampe-suspendue-celta-noir\/#primaryimage\",\"url\":\"https:\/\/sollux-lighting.com\/wp-content\/uploads\/2023\/03\/0296-1-k.jpg\",\"contentUrl\":\"https:\/\/sollux-lighting.com\/wp-content\/uploads\/2023\/03\/0296-1-k.jpg\",\"width\":750,\"height\":750},{\"@type\":\"BreadcrumbList\",\"@id\":\"https:\/\/sollux-lighting.com\/fr\/nasza-oferta\/non class\u00e9\/lampe-suspendue-celta-noir\/#breadcrumb\",\"itemListElement\":[{\"@type\":\"ListItem\",\"position\":1,\"name\":\"Page d'accueil\",\"item\":\"https:\/\/sollux-lighting.com\/fr\/\"},{\"@type\":\"ListItem\",\"position\":2,\"name\":\"Notre offre\",\"item\":\"https:\/\/sollux-lighting.com\/fr\/notre-offre\/\"},{\"@type\":\"ListItem\",\"position\":3,\"name\":\"Lampe suspendue CELTA noir\"}]},{\"@type\":\"WebSite\",\"@id\":\"https:\/\/sollux-lighting.com\/fr\/#website\",\"url\":\"https:\/\/sollux-lighting.com\/fr\/\",\"name\":\"Sollux Lighting\",\"description\":\"Brighten up your business\",\"publisher\":{\"@id\":\"https:\/\/sollux-lighting.com\/fr\/#organization\"},\"potentialAction\":[{\"@type\":\"SearchAction\",\"target\":{\"@type\":\"EntryPoint\",\"urlTemplate\":\"https:\/\/sollux-lighting.com\/fr\/?s={search_term_string}\"},\"query-input\":{\"@type\":\"PropertyValueSpecification\",\"valueRequired\":true,\"valueName\":\"search_term_string\"}}],\"inLanguage\":\"fr-FR\"},{\"@type\":\"Organization\",\"@id\":\"https:\/\/sollux-lighting.com\/fr\/#organization\",\"name\":\"Sollux Lighting\",\"url\":\"https:\/\/sollux-lighting.com\/fr\/\",\"logo\":{\"@type\":\"ImageObject\",\"inLanguage\":\"fr-FR\",\"@id\":\"https:\/\/sollux-lighting.com\/fr\/#\/schema\/logo\/image\/\",\"url\":\"https:\/\/sollux-lighting.com\/wp-content\/uploads\/2023\/02\/LOGO.svg\",\"contentUrl\":\"https:\/\/sollux-lighting.com\/wp-content\/uploads\/2023\/02\/LOGO.svg\",\"width\":160,\"height\":46,\"caption\":\"Sollux Lighting \"},\"image\":{\"@id\":\"https:\/\/sollux-lighting.com\/fr\/#\/schema\/logo\/image\/\"}}]}<\/script>\n<!-- \/ Yoast SEO plugin. -->","yoast_head_json":{"title":"Lampe suspendue CELTA noir - Sollux Lighting","robots":{"index":"index","follow":"follow","max-snippet":"max-snippet:-1","max-image-preview":"max-image-preview:large","max-video-preview":"max-video-preview:-1"},"canonical":"https:\/\/sollux-lighting.com\/fr\/nasza-oferta\/non class\u00e9\/lampe-suspendue-celta-noir\/","og_locale":"fr_FR","og_type":"article","og_title":"Lampe suspendue CELTA noir - Sollux Lighting","og_description":"Source de lumi\u00e8re : E27, 1x max 15W LED, 50Hz, ~230V, IP20, classe de protection I La source de lumi\u00e8re n'est pas incluse. Dimensions : 23\/23\/95 cm Dimensions de l'abat-jour : 23\/25 cm Mat\u00e9riau : acier Couleur : noir","og_url":"https:\/\/sollux-lighting.com\/fr\/nasza-oferta\/non class\u00e9\/lampe-suspendue-celta-noir\/","og_site_name":"Sollux Lighting","article_modified_time":"2024-03-26T17:18:07+00:00","og_image":[{"width":750,"height":750,"url":"https:\/\/sollux-lighting.com\/wp-content\/uploads\/2023\/03\/0296-1-k.jpg","type":"image\/jpeg"}],"twitter_card":"summary_large_image","twitter_misc":{"Dur\u00e9e de lecture estim\u00e9e":"1 minute"},"schema":{"@context":"https:\/\/schema.org","@graph":[{"@type":"WebPage","@id":"https:\/\/sollux-lighting.com\/fr\/nasza-oferta\/non class\u00e9\/lampe-suspendue-celta-noir\/","url":"https:\/\/sollux-lighting.com\/fr\/nasza-oferta\/non class\u00e9\/lampe-suspendue-celta-noir\/","name":"Lampe suspendue CELTA noir - Sollux Lighting","isPartOf":{"@id":"https:\/\/sollux-lighting.com\/fr\/#website"},"primaryImageOfPage":{"@id":"https:\/\/sollux-lighting.com\/fr\/nasza-oferta\/non class\u00e9\/lampe-suspendue-celta-noir\/#primaryimage"},"image":{"@id":"https:\/\/sollux-lighting.com\/fr\/nasza-oferta\/non class\u00e9\/lampe-suspendue-celta-noir\/#primaryimage"},"thumbnailUrl":"https:\/\/sollux-lighting.com\/wp-content\/uploads\/2023\/03\/0296-1-k.jpg","datePublished":"2023-03-17T10:17:36+00:00","dateModified":"2024-03-26T17:18:07+00:00","breadcrumb":{"@id":"https:\/\/sollux-lighting.com\/fr\/nasza-oferta\/non class\u00e9\/lampe-suspendue-celta-noir\/#breadcrumb"},"inLanguage":"fr-FR","potentialAction":[{"@type":"ReadAction","target":["https:\/\/sollux-lighting.com\/fr\/nasza-oferta\/non class\u00e9\/lampe-suspendue-celta-noir\/"]}]},{"@type":"ImageObject","inLanguage":"fr-FR","@id":"https:\/\/sollux-lighting.com\/fr\/nasza-oferta\/non class\u00e9\/lampe-suspendue-celta-noir\/#primaryimage","url":"https:\/\/sollux-lighting.com\/wp-content\/uploads\/2023\/03\/0296-1-k.jpg","contentUrl":"https:\/\/sollux-lighting.com\/wp-content\/uploads\/2023\/03\/0296-1-k.jpg","width":750,"height":750},{"@type":"BreadcrumbList","@id":"https:\/\/sollux-lighting.com\/fr\/nasza-oferta\/non class\u00e9\/lampe-suspendue-celta-noir\/#breadcrumb","itemListElement":[{"@type":"ListItem","position":1,"name":"Page d'accueil","item":"https:\/\/sollux-lighting.com\/fr\/"},{"@type":"ListItem","position":2,"name":"Notre offre","item":"https:\/\/sollux-lighting.com\/fr\/notre-offre\/"},{"@type":"ListItem","position":3,"name":"Lampe suspendue CELTA noir"}]},{"@type":"WebSite","@id":"https:\/\/sollux-lighting.com\/fr\/#website","url":"https:\/\/sollux-lighting.com\/fr\/","name":"Sollux Lighting","description":"Brighten up your business","publisher":{"@id":"https:\/\/sollux-lighting.com\/fr\/#organization"},"potentialAction":[{"@type":"SearchAction","target":{"@type":"EntryPoint","urlTemplate":"https:\/\/sollux-lighting.com\/fr\/?s={search_term_string}"},"query-input":{"@type":"PropertyValueSpecification","valueRequired":true,"valueName":"search_term_string"}}],"inLanguage":"fr-FR"},{"@type":"Organization","@id":"https:\/\/sollux-lighting.com\/fr\/#organization","name":"Sollux Lighting","url":"https:\/\/sollux-lighting.com\/fr\/","logo":{"@type":"ImageObject","inLanguage":"fr-FR","@id":"https:\/\/sollux-lighting.com\/fr\/#\/schema\/logo\/image\/","url":"https:\/\/sollux-lighting.com\/wp-content\/uploads\/2023\/02\/LOGO.svg","contentUrl":"https:\/\/sollux-lighting.com\/wp-content\/uploads\/2023\/02\/LOGO.svg","width":160,"height":46,"caption":"Sollux Lighting "},"image":{"@id":"https:\/\/sollux-lighting.com\/fr\/#\/schema\/logo\/image\/"}}]}},"_links":{"self":[{"href":"https:\/\/sollux-lighting.com\/fr\/wp-json\/wp\/v2\/product\/72591","targetHints":{"allow":["GET"]}}],"collection":[{"href":"https:\/\/sollux-lighting.com\/fr\/wp-json\/wp\/v2\/product"}],"about":[{"href":"https:\/\/sollux-lighting.com\/fr\/wp-json\/wp\/v2\/types\/product"}],"wp:featuredmedia":[{"embeddable":true,"href":"https:\/\/sollux-lighting.com\/fr\/wp-json\/wp\/v2\/media\/44802"}],"wp:attachment":[{"href":"https:\/\/sollux-lighting.com\/fr\/wp-json\/wp\/v2\/media?parent=72591"}],"wp:term":[{"taxonomy":"product_brand","embeddable":true,"href":"https:\/\/sollux-lighting.com\/fr\/wp-json\/wp\/v2\/product_brand?post=72591"},{"taxonomy":"product_cat","embeddable":true,"href":"https:\/\/sollux-lighting.com\/fr\/wp-json\/wp\/v2\/product_cat?post=72591"},{"taxonomy":"product_tag","embeddable":true,"href":"https:\/\/sollux-lighting.com\/fr\/wp-json\/wp\/v2\/product_tag?post=72591"}],"curies":[{"name":"wp","href":"https:\/\/api.w.org\/{rel}","templated":true}]}}