{"id":76798,"date":"2024-10-22T14:25:58","date_gmt":"2024-10-22T12:25:58","guid":{"rendered":"https:\/\/sollux-lighting.com\/?page_id=76798"},"modified":"2024-10-22T14:39:19","modified_gmt":"2024-10-22T12:39:19","slug":"politique-de-confidentialite","status":"publish","type":"page","link":"https:\/\/sollux-lighting.com\/fr\/politique-de-confidentialite\/","title":{"rendered":"Politique de confidentialit\u00e9"},"content":{"rendered":"\t\t<div data-elementor-type=\"wp-page\" data-elementor-id=\"76798\" class=\"elementor elementor-76798 elementor-76795\" data-elementor-post-type=\"page\">\n\t\t\t\t<div class=\"elementor-element elementor-element-b23e725 e-flex e-con-boxed e-con e-parent\" data-id=\"b23e725\" data-element_type=\"container\" data-settings=\"{&quot;jet_parallax_layout_list&quot;:[]}\">\n\t\t\t\t\t<div class=\"e-con-inner\">\n\t\t\t\t<div class=\"elementor-element elementor-element-a697654 elementor-widget elementor-widget-spacer\" data-id=\"a697654\" data-element_type=\"widget\" data-widget_type=\"spacer.default\">\n\t\t\t\t<div class=\"elementor-widget-container\">\n\t\t\t\t\t\t\t<div class=\"elementor-spacer\">\n\t\t\t<div class=\"elementor-spacer-inner\"><\/div>\n\t\t<\/div>\n\t\t\t\t\t\t<\/div>\n\t\t\t\t<\/div>\n\t\t\t\t<div class=\"elementor-element elementor-element-801945f elementor-widget elementor-widget-heading\" data-id=\"801945f\" data-element_type=\"widget\" data-widget_type=\"heading.default\">\n\t\t\t\t<div class=\"elementor-widget-container\">\n\t\t\t\t\t<h2 class=\"elementor-heading-title elementor-size-default\"><b>Traitement des donn\u00e9es \u00e0 caract\u00e8re personnel \u00e0 des fins de marketing sur la base du consentement<\/b><\/h2>\t\t\t\t<\/div>\n\t\t\t\t<\/div>\n\t\t\t\t<div class=\"elementor-element elementor-element-3c3f35a elementor-widget elementor-widget-text-editor\" data-id=\"3c3f35a\" data-element_type=\"widget\" data-widget_type=\"text-editor.default\">\n\t\t\t\t<div class=\"elementor-widget-container\">\n\t\t\t\t\t\t\t\t\t<p><b>1. le responsable du traitement des donn\u00e9es<\/b><\/p><p>Sollux Lighting Muzolf sp. j., dont le si\u00e8ge social se trouve \u00e0 Budzyn, ul. \u0141okietka 35 (64-840 Budzyn), inscrit au registre national des tribunaux sous le num\u00e9ro KRS 0000591772, NIP 6070082443, est l&rsquo;administrateur des donn\u00e9es \u00e0 caract\u00e8re personnel trait\u00e9es \u00e0 des fins de marketing. Le contr\u00f4leur peut \u00eatre contact\u00e9 : 1) \u00e0 l&rsquo;adresse postale : ul. W\u0142adys\u0142awa \u0141okietka 35, 64-840 Budzyn ; 2) \u00e0 l&rsquo;adresse \u00e9lectronique : rodo@sollux-lighting.pl.<\/p><p><b>2. objectifs et base juridique du traitement des donn\u00e9es \u00e0 caract\u00e8re personnel<\/b><\/p><p>Le responsable du traitement traite les donn\u00e9es \u00e0 caract\u00e8re personnel fournies \u00e0 des fins de marketing sur la base d&rsquo;un consentement distinct et volontaire (article 6, paragraphe 1, point a), du RODO).<\/p><p><b>3 Dur\u00e9e du traitement des donn\u00e9es \u00e0 caract\u00e8re personnel<\/b><\/p><p>Le responsable du traitement traitera les donn\u00e9es \u00e0 caract\u00e8re personnel \u00e0 des fins de prospection commerciale jusqu&rsquo;\u00e0 ce que le consentement donn\u00e9 soit retir\u00e9 ou qu&rsquo;une objection soit formul\u00e9e. Toutefois, afin d&rsquo;assurer un niveau \u00e9lev\u00e9 de protection des droits des personnes concern\u00e9es, le responsable du traitement demandera un renouvellement du consentement apr\u00e8s une p\u00e9riode d&rsquo;environ trois ans, \u00e0 moins que la personne concern\u00e9e ne retire son consentement ou n&rsquo;\u00e9mette une objection au cours de cette p\u00e9riode.<\/p><p><b>4 Destinataires des donn\u00e9es \u00e0 caract\u00e8re personnel<\/b><\/p><p>Le responsable du traitement peut divulguer des donn\u00e9es \u00e0 caract\u00e8re personnel uniquement aux entit\u00e9s qui coop\u00e8rent avec le responsable du traitement sur la base de contrats \u00e9crits de mandat de traitement de donn\u00e9es \u00e0 caract\u00e8re personnel, afin d&rsquo;ex\u00e9cuter les t\u00e2ches et les services sp\u00e9cifi\u00e9s dans le contrat avec le responsable du traitement, en particulier dans le domaine du marketing et des relations publiques, du traitement du courrier \u00e9lectronique, de l&rsquo;h\u00e9bergement, de l&rsquo;informatique, des services administratifs, juridiques ou de conseil. Les donn\u00e9es peuvent \u00e9galement \u00eatre divulgu\u00e9es aux op\u00e9rateurs postaux et aux messagers.<\/p><p><b>5. les droits des personnes concern\u00e9es<\/b><\/p><p>(1) Toute personne concern\u00e9e a le droit : 1) d&rsquo;acc\u00e8s &#8211; d&rsquo;obtenir du responsable du traitement la confirmation que des donn\u00e9es \u00e0 caract\u00e8re personnel la concernant font ou ne font pas l&rsquo;objet d&rsquo;un traitement. Si des donn\u00e9es concernant une personne sont trait\u00e9es, celle-ci a le droit d&rsquo;y acc\u00e9der et d&rsquo;obtenir les informations suivantes : les finalit\u00e9s du traitement, les cat\u00e9gories de donn\u00e9es \u00e0 caract\u00e8re personnel, les destinataires ou les cat\u00e9gories de destinataires auxquels les donn\u00e9es ont \u00e9t\u00e9 ou seront communiqu\u00e9es, la dur\u00e9e de conservation des donn\u00e9es ou les crit\u00e8res de d\u00e9termination de cette dur\u00e9e, le droit de la personne concern\u00e9e de demander la rectification, l&rsquo;effacement ou la limitation du traitement des donn\u00e9es \u00e0 caract\u00e8re personnel et de s&rsquo;opposer \u00e0 un tel traitement (article 15 du RODO) ; <br \/>2) obtenir une copie des donn\u00e9es &#8211; obtenir une copie des donn\u00e9es trait\u00e9es, la premi\u00e8re copie \u00e9tant gratuite et les suivantes pouvant faire l&rsquo;objet d&rsquo;une redevance raisonnable fond\u00e9e sur les co\u00fbts administratifs (article 15, paragraphe 3, du RODO) ;<br \/>3) \u00e0 la rectification &#8211; pour demander que soient rectifi\u00e9es les donn\u00e9es \u00e0 caract\u00e8re personnel le concernant qui sont inexactes ou que soient compl\u00e9t\u00e9es les donn\u00e9es incompl\u00e8tes (article 16 du RODO) ;<br \/>4) \u00e0 l&rsquo;effacement &#8211; demander l&rsquo;effacement de ses donn\u00e9es \u00e0 caract\u00e8re personnel si le responsable du traitement n&rsquo;a plus de base juridique pour le traitement ou si les donn\u00e9es ne sont plus n\u00e9cessaires aux fins du traitement (article 17 du RODO) ;<br \/>5) limiter le traitement &#8211; demander la limitation du traitement des donn\u00e9es \u00e0 caract\u00e8re personnel (article 18 du RODO) dans les cas suivants :<br \/>(a) la personne concern\u00e9e conteste l&rsquo;exactitude des donn\u00e9es \u00e0 caract\u00e8re personnel, pendant une p\u00e9riode permettant au responsable du traitement de v\u00e9rifier l&rsquo;exactitude des donn\u00e9es,<br \/>(b) le traitement est illicite et la personne concern\u00e9e s&rsquo;oppose \u00e0 l&rsquo;effacement en demandant une limitation de l&rsquo;utilisation,<br \/>(c) le responsable du traitement n&rsquo;a plus besoin des donn\u00e9es, mais celles-ci sont n\u00e9cessaires \u00e0 la personne concern\u00e9e pour \u00e9tablir, faire valoir ou d\u00e9fendre une r\u00e9clamation,<br \/>(d) la personne concern\u00e9e s&rsquo;est oppos\u00e9e au traitement &#8211; jusqu&rsquo;\u00e0 ce qu&rsquo;il soit \u00e9tabli que les motifs l\u00e9gitimes du responsable du traitement pr\u00e9valent sur les motifs d&rsquo;opposition de la personne concern\u00e9e ;<br \/>6) \u00e0 la portabilit\u00e9 des donn\u00e9es &#8211; \u00e0 recevoir dans un format structur\u00e9, couramment utilis\u00e9 et lisible par machine, les donn\u00e9es \u00e0 caract\u00e8re personnel la concernant qu&rsquo;elle a fournies au responsable du traitement, et \u00e0 demander que ces donn\u00e9es soient transmises \u00e0 un autre responsable du traitement lorsque les donn\u00e9es sont trait\u00e9es sur la base du consentement de la personne concern\u00e9e ou d&rsquo;un contrat conclu avec elle et lorsque les donn\u00e9es sont trait\u00e9es par des moyens automatis\u00e9s (article 20 du RODO) ;<br \/>7) de s&rsquo;opposer &#8211; de s&rsquo;opposer au traitement de ses donn\u00e9es \u00e0 caract\u00e8re personnel pour les finalit\u00e9s l\u00e9gitimes du responsable du traitement, pour des raisons tenant \u00e0 sa situation particuli\u00e8re.<br \/>Le responsable du traitement \u00e9value alors l&rsquo;existence de motifs l\u00e9gitimes valables pour le traitement qui pr\u00e9valent sur les int\u00e9r\u00eats, les droits et les libert\u00e9s de la personne concern\u00e9e, ou sur des motifs pour \u00e9tablir, faire valoir ou d\u00e9fendre des r\u00e9clamations ; 8) de retirer son consentement \u00e0 tout moment et sans indication de motif, mais le traitement des donn\u00e9es \u00e0 caract\u00e8re personnel effectu\u00e9 avant le retrait du consentement continuera d&rsquo;\u00eatre licite.<br \/>Le retrait du consentement aura pour cons\u00e9quence que le responsable du traitement cessera de traiter les donn\u00e9es \u00e0 caract\u00e8re personnel aux fins pour lesquelles le consentement a \u00e9t\u00e9 donn\u00e9. 2. Afin d&rsquo;exercer les droits susmentionn\u00e9s, la personne concern\u00e9e doit contacter, en utilisant les coordonn\u00e9es fournies, le responsable du traitement et l&rsquo;informer du droit qu&rsquo;elle souhaite exercer et de la mesure dans laquelle elle souhaite l&rsquo;exercer.<\/p><p><b>6. le pr\u00e9sident de l&rsquo;Office de protection des donn\u00e9es personnelles<\/b><\/p><p>La personne concern\u00e9e a le droit d&rsquo;introduire une r\u00e9clamation aupr\u00e8s de l&rsquo;autorit\u00e9 de contr\u00f4le qui, en Pologne, est le pr\u00e9sident de l&rsquo;Office pour la protection des donn\u00e9es \u00e0 caract\u00e8re personnel, dont le si\u00e8ge se trouve \u00e0 Varsovie, 2 rue Stawki, et qui peut \u00eatre contact\u00e9e comme suit : 1) par lettre : 2 rue Stawki, 00-193 Varsovie ; 2) sous forme \u00e9lectronique : par l&rsquo;interm\u00e9diaire de la sous-bo\u00eete \u00e9lectronique disponible \u00e0 l&rsquo;adresse https:\/\/www.uodo.gov.pl\/pl\/p\/kontakt ;<\/p><p><b>(7) Les actes vis\u00e9s dans la clause<\/b><\/p><p>RODO &#8211; R\u00e8glement (UE) 2016\/679 du Parlement europ\u00e9en et du Conseil du 27 avril 2016 relatif \u00e0 la protection des personnes physiques \u00e0 l&rsquo;\u00e9gard du traitement des donn\u00e9es \u00e0 caract\u00e8re personnel et \u00e0 la libre circulation de ces donn\u00e9es, et abrogeant la directive 95\/46\/CE (Journal officiel de l&rsquo;UE L 2016 n\u00b0 119, p. 1).<\/p>\t\t\t\t\t\t\t\t<\/div>\n\t\t\t\t<\/div>\n\t\t\t\t<div class=\"elementor-element elementor-element-5d64ac0 elementor-widget elementor-widget-spacer\" data-id=\"5d64ac0\" data-element_type=\"widget\" data-widget_type=\"spacer.default\">\n\t\t\t\t<div class=\"elementor-widget-container\">\n\t\t\t\t\t\t\t<div class=\"elementor-spacer\">\n\t\t\t<div class=\"elementor-spacer-inner\"><\/div>\n\t\t<\/div>\n\t\t\t\t\t\t<\/div>\n\t\t\t\t<\/div>\n\t\t\t\t\t<\/div>\n\t\t\t\t<\/div>\n\t\t\t\t<\/div>\n\t\t","protected":false},"excerpt":{"rendered":"<p>Traitement des donn\u00e9es \u00e0 caract\u00e8re personnel \u00e0 des fins de marketing sur la base du consentement 1. le responsable du traitement des donn\u00e9es Sollux Lighting Muzolf sp. j., dont le si\u00e8ge social se trouve \u00e0 Budzyn, ul. \u0141okietka 35 (64-840 Budzyn), inscrit au registre national des tribunaux sous le num\u00e9ro KRS 0000591772, NIP 6070082443, est [&hellip;]<\/p>\n","protected":false},"author":2,"featured_media":0,"parent":0,"menu_order":0,"comment_status":"closed","ping_status":"closed","template":"elementor_header_footer","meta":{"_acf_changed":false,"footnotes":""},"class_list":["post-76798","page","type-page","status-publish","hentry"],"acf":[],"yoast_head":"<!-- This site is optimized with the Yoast SEO plugin v25.4 - https:\/\/yoast.com\/wordpress\/plugins\/seo\/ -->\n<title>Politique de confidentialit\u00e9 - Sollux Lighting<\/title>\n<meta name=\"robots\" content=\"index, follow, max-snippet:-1, max-image-preview:large, max-video-preview:-1\" \/>\n<link rel=\"canonical\" href=\"https:\/\/sollux-lighting.com\/fr\/politique-de-confidentialite\/\" \/>\n<meta property=\"og:locale\" content=\"fr_FR\" \/>\n<meta property=\"og:type\" content=\"article\" \/>\n<meta property=\"og:title\" content=\"Politique de confidentialit\u00e9 - Sollux Lighting\" \/>\n<meta property=\"og:description\" content=\"Traitement des donn\u00e9es \u00e0 caract\u00e8re personnel \u00e0 des fins de marketing sur la base du consentement 1. le responsable du traitement des donn\u00e9es Sollux Lighting Muzolf sp. j., dont le si\u00e8ge social se trouve \u00e0 Budzyn, ul. \u0141okietka 35 (64-840 Budzyn), inscrit au registre national des tribunaux sous le num\u00e9ro KRS 0000591772, NIP 6070082443, est [&hellip;]\" \/>\n<meta property=\"og:url\" content=\"https:\/\/sollux-lighting.com\/fr\/politique-de-confidentialite\/\" \/>\n<meta property=\"og:site_name\" content=\"Sollux Lighting\" \/>\n<meta property=\"article:modified_time\" content=\"2024-10-22T12:39:19+00:00\" \/>\n<meta name=\"twitter:card\" content=\"summary_large_image\" \/>\n<meta name=\"twitter:label1\" content=\"Dur\u00e9e de lecture estim\u00e9e\" \/>\n\t<meta name=\"twitter:data1\" content=\"6 minutes\" \/>\n<script type=\"application\/ld+json\" class=\"yoast-schema-graph\">{\"@context\":\"https:\/\/schema.org\",\"@graph\":[{\"@type\":\"WebPage\",\"@id\":\"https:\/\/sollux-lighting.com\/fr\/politique-de-confidentialite\/\",\"url\":\"https:\/\/sollux-lighting.com\/fr\/politique-de-confidentialite\/\",\"name\":\"Politique de confidentialit\u00e9 - Sollux Lighting\",\"isPartOf\":{\"@id\":\"https:\/\/sollux-lighting.com\/fr\/#website\"},\"datePublished\":\"2024-10-22T12:25:58+00:00\",\"dateModified\":\"2024-10-22T12:39:19+00:00\",\"breadcrumb\":{\"@id\":\"https:\/\/sollux-lighting.com\/fr\/politique-de-confidentialite\/#breadcrumb\"},\"inLanguage\":\"fr-FR\",\"potentialAction\":[{\"@type\":\"ReadAction\",\"target\":[\"https:\/\/sollux-lighting.com\/fr\/politique-de-confidentialite\/\"]}]},{\"@type\":\"BreadcrumbList\",\"@id\":\"https:\/\/sollux-lighting.com\/fr\/politique-de-confidentialite\/#breadcrumb\",\"itemListElement\":[{\"@type\":\"ListItem\",\"position\":1,\"name\":\"Page d'accueil\",\"item\":\"https:\/\/sollux-lighting.com\/fr\/\"},{\"@type\":\"ListItem\",\"position\":2,\"name\":\"Politique de confidentialit\u00e9\"}]},{\"@type\":\"WebSite\",\"@id\":\"https:\/\/sollux-lighting.com\/fr\/#website\",\"url\":\"https:\/\/sollux-lighting.com\/fr\/\",\"name\":\"Sollux Lighting\",\"description\":\"Brighten up your business\",\"publisher\":{\"@id\":\"https:\/\/sollux-lighting.com\/fr\/#organization\"},\"potentialAction\":[{\"@type\":\"SearchAction\",\"target\":{\"@type\":\"EntryPoint\",\"urlTemplate\":\"https:\/\/sollux-lighting.com\/fr\/?s={search_term_string}\"},\"query-input\":{\"@type\":\"PropertyValueSpecification\",\"valueRequired\":true,\"valueName\":\"search_term_string\"}}],\"inLanguage\":\"fr-FR\"},{\"@type\":\"Organization\",\"@id\":\"https:\/\/sollux-lighting.com\/fr\/#organization\",\"name\":\"Sollux Lighting\",\"url\":\"https:\/\/sollux-lighting.com\/fr\/\",\"logo\":{\"@type\":\"ImageObject\",\"inLanguage\":\"fr-FR\",\"@id\":\"https:\/\/sollux-lighting.com\/fr\/#\/schema\/logo\/image\/\",\"url\":\"https:\/\/sollux-lighting.com\/wp-content\/uploads\/2023\/02\/LOGO.svg\",\"contentUrl\":\"https:\/\/sollux-lighting.com\/wp-content\/uploads\/2023\/02\/LOGO.svg\",\"width\":160,\"height\":46,\"caption\":\"Sollux Lighting \"},\"image\":{\"@id\":\"https:\/\/sollux-lighting.com\/fr\/#\/schema\/logo\/image\/\"}}]}<\/script>\n<!-- \/ Yoast SEO plugin. -->","yoast_head_json":{"title":"Politique de confidentialit\u00e9 - Sollux Lighting","robots":{"index":"index","follow":"follow","max-snippet":"max-snippet:-1","max-image-preview":"max-image-preview:large","max-video-preview":"max-video-preview:-1"},"canonical":"https:\/\/sollux-lighting.com\/fr\/politique-de-confidentialite\/","og_locale":"fr_FR","og_type":"article","og_title":"Politique de confidentialit\u00e9 - Sollux Lighting","og_description":"Traitement des donn\u00e9es \u00e0 caract\u00e8re personnel \u00e0 des fins de marketing sur la base du consentement 1. le responsable du traitement des donn\u00e9es Sollux Lighting Muzolf sp. j., dont le si\u00e8ge social se trouve \u00e0 Budzyn, ul. \u0141okietka 35 (64-840 Budzyn), inscrit au registre national des tribunaux sous le num\u00e9ro KRS 0000591772, NIP 6070082443, est [&hellip;]","og_url":"https:\/\/sollux-lighting.com\/fr\/politique-de-confidentialite\/","og_site_name":"Sollux Lighting","article_modified_time":"2024-10-22T12:39:19+00:00","twitter_card":"summary_large_image","twitter_misc":{"Dur\u00e9e de lecture estim\u00e9e":"6 minutes"},"schema":{"@context":"https:\/\/schema.org","@graph":[{"@type":"WebPage","@id":"https:\/\/sollux-lighting.com\/fr\/politique-de-confidentialite\/","url":"https:\/\/sollux-lighting.com\/fr\/politique-de-confidentialite\/","name":"Politique de confidentialit\u00e9 - Sollux Lighting","isPartOf":{"@id":"https:\/\/sollux-lighting.com\/fr\/#website"},"datePublished":"2024-10-22T12:25:58+00:00","dateModified":"2024-10-22T12:39:19+00:00","breadcrumb":{"@id":"https:\/\/sollux-lighting.com\/fr\/politique-de-confidentialite\/#breadcrumb"},"inLanguage":"fr-FR","potentialAction":[{"@type":"ReadAction","target":["https:\/\/sollux-lighting.com\/fr\/politique-de-confidentialite\/"]}]},{"@type":"BreadcrumbList","@id":"https:\/\/sollux-lighting.com\/fr\/politique-de-confidentialite\/#breadcrumb","itemListElement":[{"@type":"ListItem","position":1,"name":"Page d'accueil","item":"https:\/\/sollux-lighting.com\/fr\/"},{"@type":"ListItem","position":2,"name":"Politique de confidentialit\u00e9"}]},{"@type":"WebSite","@id":"https:\/\/sollux-lighting.com\/fr\/#website","url":"https:\/\/sollux-lighting.com\/fr\/","name":"Sollux Lighting","description":"Brighten up your business","publisher":{"@id":"https:\/\/sollux-lighting.com\/fr\/#organization"},"potentialAction":[{"@type":"SearchAction","target":{"@type":"EntryPoint","urlTemplate":"https:\/\/sollux-lighting.com\/fr\/?s={search_term_string}"},"query-input":{"@type":"PropertyValueSpecification","valueRequired":true,"valueName":"search_term_string"}}],"inLanguage":"fr-FR"},{"@type":"Organization","@id":"https:\/\/sollux-lighting.com\/fr\/#organization","name":"Sollux Lighting","url":"https:\/\/sollux-lighting.com\/fr\/","logo":{"@type":"ImageObject","inLanguage":"fr-FR","@id":"https:\/\/sollux-lighting.com\/fr\/#\/schema\/logo\/image\/","url":"https:\/\/sollux-lighting.com\/wp-content\/uploads\/2023\/02\/LOGO.svg","contentUrl":"https:\/\/sollux-lighting.com\/wp-content\/uploads\/2023\/02\/LOGO.svg","width":160,"height":46,"caption":"Sollux Lighting "},"image":{"@id":"https:\/\/sollux-lighting.com\/fr\/#\/schema\/logo\/image\/"}}]}},"_links":{"self":[{"href":"https:\/\/sollux-lighting.com\/fr\/wp-json\/wp\/v2\/pages\/76798","targetHints":{"allow":["GET"]}}],"collection":[{"href":"https:\/\/sollux-lighting.com\/fr\/wp-json\/wp\/v2\/pages"}],"about":[{"href":"https:\/\/sollux-lighting.com\/fr\/wp-json\/wp\/v2\/types\/page"}],"author":[{"embeddable":true,"href":"https:\/\/sollux-lighting.com\/fr\/wp-json\/wp\/v2\/users\/2"}],"replies":[{"embeddable":true,"href":"https:\/\/sollux-lighting.com\/fr\/wp-json\/wp\/v2\/comments?post=76798"}],"version-history":[{"count":5,"href":"https:\/\/sollux-lighting.com\/fr\/wp-json\/wp\/v2\/pages\/76798\/revisions"}],"predecessor-version":[{"id":76831,"href":"https:\/\/sollux-lighting.com\/fr\/wp-json\/wp\/v2\/pages\/76798\/revisions\/76831"}],"wp:attachment":[{"href":"https:\/\/sollux-lighting.com\/fr\/wp-json\/wp\/v2\/media?parent=76798"}],"curies":[{"name":"wp","href":"https:\/\/api.w.org\/{rel}","templated":true}]}}