{"id":73865,"date":"2023-03-17T11:26:01","date_gmt":"2023-03-17T10:26:01","guid":{"rendered":"https:\/\/test.sollux-lighting.com\/nasza-oferta\/sin%20categor\u00eda\/lampada-a-sospensione-pablo-nero\/"},"modified":"2024-03-26T21:16:10","modified_gmt":"2024-03-26T20:16:10","slug":"lampada-a-sospensione-pablo-nero","status":"publish","type":"product","link":"https:\/\/sollux-lighting.com\/es\/nasza-oferta\/lampara-colgante\/lampada-a-sospensione-pablo-nero\/","title":{"rendered":"Lampada a sospensione PABLO nero"},"content":{"rendered":"<p>La colecci\u00f3n PABLO incluye l\u00e1mparas colgantes estrechas creadas a partir de una interesante combinaci\u00f3n de materiales: acero y madera en colores cl\u00e1sicos. Las versiones negras y de madera encajar\u00e1n perfectamente en la elegancia cruda de los espacios tipo loft, mientras que las l\u00e1mparas que combinan el blanco con un c\u00e1lido tono de madera son perfectas para una decoraci\u00f3n brillante, escandinava y moderna. Gracias a su forma sencilla, las l\u00e1mparas PABLO complementar\u00e1n sutilmente todo el interior en lugar de destacar demasiado. \u00bfEncontrar\u00e1s un lugar para ellas en tu hogar?<\/p>\n","protected":false},"excerpt":{"rendered":"<p>Fuente de luz: GU10, 1x m\u00e1x 10W LED, 50Hz, ~230V, IP20, clase de protecci\u00f3n I<br \/>\nLa fuente de luz no est\u00e1 incluida.<br \/>\nDimensiones: 8\/8\/105 cm<br \/>\nDimensiones de la pantalla: 6\/30 cm<br \/>\nMaterial: acero, madera<br \/>\nColor: negro, madera natural<\/p>\n","protected":false},"featured_media":48797,"template":"","meta":{"_acf_changed":false},"product_brand":[],"product_cat":[1917],"product_tag":[],"class_list":{"0":"post-73865","1":"product","2":"type-product","3":"status-publish","4":"has-post-thumbnail","6":"product_cat-lampara-colgante","8":"first","9":"instock","10":"product-type-simple"},"acf":[],"yoast_head":"<!-- This site is optimized with the Yoast SEO plugin v25.4 - https:\/\/yoast.com\/wordpress\/plugins\/seo\/ -->\n<title>Lampada a sospensione PABLO nero - Sollux Lighting<\/title>\n<meta name=\"robots\" content=\"index, follow, max-snippet:-1, max-image-preview:large, max-video-preview:-1\" \/>\n<link rel=\"canonical\" href=\"https:\/\/sollux-lighting.com\/es\/nasza-oferta\/lampara-colgante\/lampada-a-sospensione-pablo-nero\/\" \/>\n<meta property=\"og:locale\" content=\"es_ES\" \/>\n<meta property=\"og:type\" content=\"article\" \/>\n<meta property=\"og:title\" content=\"Lampada a sospensione PABLO nero - Sollux Lighting\" \/>\n<meta property=\"og:description\" content=\"Fuente de luz: GU10, 1x m\u00e1x 10W LED, 50Hz, ~230V, IP20, clase de protecci\u00f3n I La fuente de luz no est\u00e1 incluida. Dimensiones: 8\/8\/105 cm Dimensiones de la pantalla: 6\/30 cm Material: acero, madera Color: negro, madera natural\" \/>\n<meta property=\"og:url\" content=\"https:\/\/sollux-lighting.com\/es\/nasza-oferta\/lampara-colgante\/lampada-a-sospensione-pablo-nero\/\" \/>\n<meta property=\"og:site_name\" content=\"Sollux Lighting\" \/>\n<meta property=\"article:modified_time\" content=\"2024-03-26T20:16:10+00:00\" \/>\n<meta property=\"og:image\" content=\"https:\/\/sollux-lighting.com\/wp-content\/uploads\/2023\/03\/0632-1-k.jpg\" \/>\n\t<meta property=\"og:image:width\" content=\"750\" \/>\n\t<meta property=\"og:image:height\" content=\"750\" \/>\n\t<meta property=\"og:image:type\" content=\"image\/jpeg\" \/>\n<meta name=\"twitter:card\" content=\"summary_large_image\" \/>\n<script type=\"application\/ld+json\" class=\"yoast-schema-graph\">{\"@context\":\"https:\/\/schema.org\",\"@graph\":[{\"@type\":\"WebPage\",\"@id\":\"https:\/\/sollux-lighting.com\/es\/nasza-oferta\/lampara-colgante\/lampada-a-sospensione-pablo-nero\/\",\"url\":\"https:\/\/sollux-lighting.com\/es\/nasza-oferta\/lampara-colgante\/lampada-a-sospensione-pablo-nero\/\",\"name\":\"Lampada a sospensione PABLO nero - Sollux Lighting\",\"isPartOf\":{\"@id\":\"https:\/\/sollux-lighting.com\/es\/#website\"},\"primaryImageOfPage\":{\"@id\":\"https:\/\/sollux-lighting.com\/es\/nasza-oferta\/lampara-colgante\/lampada-a-sospensione-pablo-nero\/#primaryimage\"},\"image\":{\"@id\":\"https:\/\/sollux-lighting.com\/es\/nasza-oferta\/lampara-colgante\/lampada-a-sospensione-pablo-nero\/#primaryimage\"},\"thumbnailUrl\":\"https:\/\/sollux-lighting.com\/wp-content\/uploads\/2023\/03\/0632-1-k.jpg\",\"datePublished\":\"2023-03-17T10:26:01+00:00\",\"dateModified\":\"2024-03-26T20:16:10+00:00\",\"breadcrumb\":{\"@id\":\"https:\/\/sollux-lighting.com\/es\/nasza-oferta\/lampara-colgante\/lampada-a-sospensione-pablo-nero\/#breadcrumb\"},\"inLanguage\":\"es\",\"potentialAction\":[{\"@type\":\"ReadAction\",\"target\":[\"https:\/\/sollux-lighting.com\/es\/nasza-oferta\/lampara-colgante\/lampada-a-sospensione-pablo-nero\/\"]}]},{\"@type\":\"ImageObject\",\"inLanguage\":\"es\",\"@id\":\"https:\/\/sollux-lighting.com\/es\/nasza-oferta\/lampara-colgante\/lampada-a-sospensione-pablo-nero\/#primaryimage\",\"url\":\"https:\/\/sollux-lighting.com\/wp-content\/uploads\/2023\/03\/0632-1-k.jpg\",\"contentUrl\":\"https:\/\/sollux-lighting.com\/wp-content\/uploads\/2023\/03\/0632-1-k.jpg\",\"width\":750,\"height\":750},{\"@type\":\"BreadcrumbList\",\"@id\":\"https:\/\/sollux-lighting.com\/es\/nasza-oferta\/lampara-colgante\/lampada-a-sospensione-pablo-nero\/#breadcrumb\",\"itemListElement\":[{\"@type\":\"ListItem\",\"position\":1,\"name\":\"P\u00e1gina principal\",\"item\":\"https:\/\/sollux-lighting.com\/es\/\"},{\"@type\":\"ListItem\",\"position\":2,\"name\":\"Nuestra oferta\",\"item\":\"https:\/\/sollux-lighting.com\/es\/nuestra-oferta\/\"},{\"@type\":\"ListItem\",\"position\":3,\"name\":\"Lampada a sospensione PABLO nero\"}]},{\"@type\":\"WebSite\",\"@id\":\"https:\/\/sollux-lighting.com\/es\/#website\",\"url\":\"https:\/\/sollux-lighting.com\/es\/\",\"name\":\"Sollux Lighting\",\"description\":\"Brighten up your business\",\"publisher\":{\"@id\":\"https:\/\/sollux-lighting.com\/es\/#organization\"},\"potentialAction\":[{\"@type\":\"SearchAction\",\"target\":{\"@type\":\"EntryPoint\",\"urlTemplate\":\"https:\/\/sollux-lighting.com\/es\/?s={search_term_string}\"},\"query-input\":{\"@type\":\"PropertyValueSpecification\",\"valueRequired\":true,\"valueName\":\"search_term_string\"}}],\"inLanguage\":\"es\"},{\"@type\":\"Organization\",\"@id\":\"https:\/\/sollux-lighting.com\/es\/#organization\",\"name\":\"Sollux Lighting\",\"url\":\"https:\/\/sollux-lighting.com\/es\/\",\"logo\":{\"@type\":\"ImageObject\",\"inLanguage\":\"es\",\"@id\":\"https:\/\/sollux-lighting.com\/es\/#\/schema\/logo\/image\/\",\"url\":\"https:\/\/sollux-lighting.com\/wp-content\/uploads\/2023\/02\/LOGO.svg\",\"contentUrl\":\"https:\/\/sollux-lighting.com\/wp-content\/uploads\/2023\/02\/LOGO.svg\",\"width\":160,\"height\":46,\"caption\":\"Sollux Lighting \"},\"image\":{\"@id\":\"https:\/\/sollux-lighting.com\/es\/#\/schema\/logo\/image\/\"}}]}<\/script>\n<!-- \/ Yoast SEO plugin. -->","yoast_head_json":{"title":"Lampada a sospensione PABLO nero - Sollux Lighting","robots":{"index":"index","follow":"follow","max-snippet":"max-snippet:-1","max-image-preview":"max-image-preview:large","max-video-preview":"max-video-preview:-1"},"canonical":"https:\/\/sollux-lighting.com\/es\/nasza-oferta\/lampara-colgante\/lampada-a-sospensione-pablo-nero\/","og_locale":"es_ES","og_type":"article","og_title":"Lampada a sospensione PABLO nero - Sollux Lighting","og_description":"Fuente de luz: GU10, 1x m\u00e1x 10W LED, 50Hz, ~230V, IP20, clase de protecci\u00f3n I La fuente de luz no est\u00e1 incluida. Dimensiones: 8\/8\/105 cm Dimensiones de la pantalla: 6\/30 cm Material: acero, madera Color: negro, madera natural","og_url":"https:\/\/sollux-lighting.com\/es\/nasza-oferta\/lampara-colgante\/lampada-a-sospensione-pablo-nero\/","og_site_name":"Sollux Lighting","article_modified_time":"2024-03-26T20:16:10+00:00","og_image":[{"width":750,"height":750,"url":"https:\/\/sollux-lighting.com\/wp-content\/uploads\/2023\/03\/0632-1-k.jpg","type":"image\/jpeg"}],"twitter_card":"summary_large_image","schema":{"@context":"https:\/\/schema.org","@graph":[{"@type":"WebPage","@id":"https:\/\/sollux-lighting.com\/es\/nasza-oferta\/lampara-colgante\/lampada-a-sospensione-pablo-nero\/","url":"https:\/\/sollux-lighting.com\/es\/nasza-oferta\/lampara-colgante\/lampada-a-sospensione-pablo-nero\/","name":"Lampada a sospensione PABLO nero - Sollux Lighting","isPartOf":{"@id":"https:\/\/sollux-lighting.com\/es\/#website"},"primaryImageOfPage":{"@id":"https:\/\/sollux-lighting.com\/es\/nasza-oferta\/lampara-colgante\/lampada-a-sospensione-pablo-nero\/#primaryimage"},"image":{"@id":"https:\/\/sollux-lighting.com\/es\/nasza-oferta\/lampara-colgante\/lampada-a-sospensione-pablo-nero\/#primaryimage"},"thumbnailUrl":"https:\/\/sollux-lighting.com\/wp-content\/uploads\/2023\/03\/0632-1-k.jpg","datePublished":"2023-03-17T10:26:01+00:00","dateModified":"2024-03-26T20:16:10+00:00","breadcrumb":{"@id":"https:\/\/sollux-lighting.com\/es\/nasza-oferta\/lampara-colgante\/lampada-a-sospensione-pablo-nero\/#breadcrumb"},"inLanguage":"es","potentialAction":[{"@type":"ReadAction","target":["https:\/\/sollux-lighting.com\/es\/nasza-oferta\/lampara-colgante\/lampada-a-sospensione-pablo-nero\/"]}]},{"@type":"ImageObject","inLanguage":"es","@id":"https:\/\/sollux-lighting.com\/es\/nasza-oferta\/lampara-colgante\/lampada-a-sospensione-pablo-nero\/#primaryimage","url":"https:\/\/sollux-lighting.com\/wp-content\/uploads\/2023\/03\/0632-1-k.jpg","contentUrl":"https:\/\/sollux-lighting.com\/wp-content\/uploads\/2023\/03\/0632-1-k.jpg","width":750,"height":750},{"@type":"BreadcrumbList","@id":"https:\/\/sollux-lighting.com\/es\/nasza-oferta\/lampara-colgante\/lampada-a-sospensione-pablo-nero\/#breadcrumb","itemListElement":[{"@type":"ListItem","position":1,"name":"P\u00e1gina principal","item":"https:\/\/sollux-lighting.com\/es\/"},{"@type":"ListItem","position":2,"name":"Nuestra oferta","item":"https:\/\/sollux-lighting.com\/es\/nuestra-oferta\/"},{"@type":"ListItem","position":3,"name":"Lampada a sospensione PABLO nero"}]},{"@type":"WebSite","@id":"https:\/\/sollux-lighting.com\/es\/#website","url":"https:\/\/sollux-lighting.com\/es\/","name":"Sollux Lighting","description":"Brighten up your business","publisher":{"@id":"https:\/\/sollux-lighting.com\/es\/#organization"},"potentialAction":[{"@type":"SearchAction","target":{"@type":"EntryPoint","urlTemplate":"https:\/\/sollux-lighting.com\/es\/?s={search_term_string}"},"query-input":{"@type":"PropertyValueSpecification","valueRequired":true,"valueName":"search_term_string"}}],"inLanguage":"es"},{"@type":"Organization","@id":"https:\/\/sollux-lighting.com\/es\/#organization","name":"Sollux Lighting","url":"https:\/\/sollux-lighting.com\/es\/","logo":{"@type":"ImageObject","inLanguage":"es","@id":"https:\/\/sollux-lighting.com\/es\/#\/schema\/logo\/image\/","url":"https:\/\/sollux-lighting.com\/wp-content\/uploads\/2023\/02\/LOGO.svg","contentUrl":"https:\/\/sollux-lighting.com\/wp-content\/uploads\/2023\/02\/LOGO.svg","width":160,"height":46,"caption":"Sollux Lighting "},"image":{"@id":"https:\/\/sollux-lighting.com\/es\/#\/schema\/logo\/image\/"}}]}},"_links":{"self":[{"href":"https:\/\/sollux-lighting.com\/es\/wp-json\/wp\/v2\/product\/73865","targetHints":{"allow":["GET"]}}],"collection":[{"href":"https:\/\/sollux-lighting.com\/es\/wp-json\/wp\/v2\/product"}],"about":[{"href":"https:\/\/sollux-lighting.com\/es\/wp-json\/wp\/v2\/types\/product"}],"wp:featuredmedia":[{"embeddable":true,"href":"https:\/\/sollux-lighting.com\/es\/wp-json\/wp\/v2\/media\/48797"}],"wp:attachment":[{"href":"https:\/\/sollux-lighting.com\/es\/wp-json\/wp\/v2\/media?parent=73865"}],"wp:term":[{"taxonomy":"product_brand","embeddable":true,"href":"https:\/\/sollux-lighting.com\/es\/wp-json\/wp\/v2\/product_brand?post=73865"},{"taxonomy":"product_cat","embeddable":true,"href":"https:\/\/sollux-lighting.com\/es\/wp-json\/wp\/v2\/product_cat?post=73865"},{"taxonomy":"product_tag","embeddable":true,"href":"https:\/\/sollux-lighting.com\/es\/wp-json\/wp\/v2\/product_tag?post=73865"}],"curies":[{"name":"wp","href":"https:\/\/api.w.org\/{rel}","templated":true}]}}