{"id":67000,"date":"2023-02-23T19:30:10","date_gmt":"2023-02-23T18:30:10","guid":{"rendered":"https:\/\/test.sollux-lighting.com\/productos\/cafe-con-leche\/"},"modified":"2023-11-28T20:18:18","modified_gmt":"2023-11-28T19:18:18","slug":"cafe-con-leche","status":"publish","type":"page","link":"https:\/\/sollux-lighting.com\/es\/productos\/cafe-con-leche\/","title":{"rendered":"Caf\u00e9 con leche"},"content":{"rendered":"\t\t<div data-elementor-type=\"wp-page\" data-elementor-id=\"67000\" class=\"elementor elementor-67000 elementor-3334\" data-elementor-post-type=\"page\">\n\t\t\t\t<div class=\"elementor-element elementor-element-f4145d2 e-flex e-con-boxed e-con e-parent\" data-id=\"f4145d2\" data-element_type=\"container\" data-settings=\"{&quot;background_background&quot;:&quot;classic&quot;,&quot;jet_parallax_layout_list&quot;:[]}\">\n\t\t\t\t\t<div class=\"e-con-inner\">\n\t\t<div class=\"elementor-element elementor-element-0425a68 e-flex e-con-boxed e-con e-child\" data-id=\"0425a68\" data-element_type=\"container\" data-settings=\"{&quot;jet_parallax_layout_list&quot;:[]}\">\n\t\t\t\t\t<div class=\"e-con-inner\">\n\t\t\t\t<div class=\"elementor-element elementor-element-e5020c2 elementor-widget elementor-widget-heading\" data-id=\"e5020c2\" data-element_type=\"widget\" data-widget_type=\"heading.default\">\n\t\t\t\t<div class=\"elementor-widget-container\">\n\t\t\t\t\t<h2 class=\"elementor-heading-title elementor-size-default\">Decoraciones de cer\u00e1mica<\/h2>\t\t\t\t<\/div>\n\t\t\t\t<\/div>\n\t\t\t\t<div class=\"elementor-element elementor-element-c5a4664 elementor-widget elementor-widget-heading\" data-id=\"c5a4664\" data-element_type=\"widget\" data-widget_type=\"heading.default\">\n\t\t\t\t<div class=\"elementor-widget-container\">\n\t\t\t\t\t<h2 class=\"elementor-heading-title elementor-size-default\">CAFE AU LAIT<\/h2>\t\t\t\t<\/div>\n\t\t\t\t<\/div>\n\t\t\t\t<div class=\"elementor-element elementor-element-8e16855 elementor-widget elementor-widget-text-editor\" data-id=\"8e16855\" data-element_type=\"widget\" data-widget_type=\"text-editor.default\">\n\t\t\t\t<div class=\"elementor-widget-container\">\n\t\t\t\t\t\t\t\t\t<p>Los modelos cer\u00e1micos de l\u00e1mparas modernas y apliques con iluminaci\u00f3n bidireccional son soluciones para todo tipo de espacios: desde residenciales hasta oficinas. La suave textura de la carcasa se adentra suavemente en las sombras durante el d\u00eda, pero se convierte en una decoraci\u00f3n interior perfecta cuando la l\u00e1mpara est\u00e1 encendida. Un equilibrio perfecto entre forma y contenido.<\/p>\n\t\t\t\t\t\t\t\t<\/div>\n\t\t\t\t<\/div>\n\t\t\t\t\t<\/div>\n\t\t\t\t<\/div>\n\t\t<div class=\"elementor-element elementor-element-8d100c6 e-flex e-con-boxed e-con e-child\" data-id=\"8d100c6\" data-element_type=\"container\" data-settings=\"{&quot;jet_parallax_layout_list&quot;:[]}\">\n\t\t\t\t\t<div class=\"e-con-inner\">\n\t\t\t\t<div class=\"elementor-element elementor-element-d56952d elementor-widget elementor-widget-image\" data-id=\"d56952d\" data-element_type=\"widget\" data-widget_type=\"image.default\">\n\t\t\t\t<div class=\"elementor-widget-container\">\n\t\t\t\t\t\t\t\t\t\t\t\t\t\t\t<img fetchpriority=\"high\" decoding=\"async\" width=\"585\" height=\"390\" src=\"https:\/\/sollux-lighting.com\/wp-content\/uploads\/2023\/02\/caffe2.jpg\" class=\"attachment-large size-large wp-image-30904\" alt=\"\" srcset=\"https:\/\/sollux-lighting.com\/wp-content\/uploads\/2023\/02\/caffe2.jpg 585w, https:\/\/sollux-lighting.com\/wp-content\/uploads\/2023\/02\/caffe2-300x200.jpg 300w\" sizes=\"(max-width: 585px) 100vw, 585px\" \/>\t\t\t\t\t\t\t\t\t\t\t\t\t\t\t<\/div>\n\t\t\t\t<\/div>\n\t\t\t\t\t<\/div>\n\t\t\t\t<\/div>\n\t\t\t\t\t<\/div>\n\t\t\t\t<\/div>\n\t\t<div class=\"elementor-element elementor-element-cbb6638 e-flex e-con-boxed e-con e-parent\" data-id=\"cbb6638\" data-element_type=\"container\" data-settings=\"{&quot;jet_parallax_layout_list&quot;:[]}\">\n\t\t\t\t\t<div class=\"e-con-inner\">\n\t\t\t\t<div class=\"elementor-element elementor-element-30e1317 elementor-widget elementor-widget-jet-listing-grid\" data-id=\"30e1317\" data-element_type=\"widget\" id=\"seria\" data-settings=\"{&quot;columns&quot;:&quot;4&quot;}\" data-widget_type=\"jet-listing-grid.default\">\n\t\t\t\t<div class=\"elementor-widget-container\">\n\t\t\t\t\t<div class=\"jet-listing-grid jet-listing\"><div class=\"jet-listing-grid__items grid-col-desk-4 grid-col-tablet-4 grid-col-mobile-4 jet-listing-grid--1560 woocommerce\" data-queried-id=\"67000|WP_Post\" data-nav=\"{&quot;enabled&quot;:false,&quot;type&quot;:null,&quot;more_el&quot;:null,&quot;query&quot;:[],&quot;widget_settings&quot;:{&quot;lisitng_id&quot;:1560,&quot;posts_num&quot;:120,&quot;columns&quot;:4,&quot;columns_tablet&quot;:4,&quot;columns_mobile&quot;:4,&quot;column_min_width&quot;:240,&quot;column_min_width_tablet&quot;:240,&quot;column_min_width_mobile&quot;:240,&quot;inline_columns_css&quot;:false,&quot;is_archive_template&quot;:&quot;&quot;,&quot;post_status&quot;:[&quot;publish&quot;],&quot;use_random_posts_num&quot;:&quot;&quot;,&quot;max_posts_num&quot;:9,&quot;not_found_message&quot;:&quot;No se han encontrado productos&quot;,&quot;is_masonry&quot;:false,&quot;equal_columns_height&quot;:&quot;&quot;,&quot;use_load_more&quot;:&quot;&quot;,&quot;load_more_id&quot;:&quot;&quot;,&quot;load_more_type&quot;:&quot;click&quot;,&quot;load_more_offset&quot;:{&quot;unit&quot;:&quot;px&quot;,&quot;size&quot;:0,&quot;sizes&quot;:[]},&quot;use_custom_post_types&quot;:&quot;&quot;,&quot;custom_post_types&quot;:[],&quot;hide_widget_if&quot;:&quot;&quot;,&quot;carousel_enabled&quot;:&quot;&quot;,&quot;slides_to_scroll&quot;:&quot;1&quot;,&quot;arrows&quot;:&quot;true&quot;,&quot;arrow_icon&quot;:&quot;fa fa-angle-left&quot;,&quot;dots&quot;:&quot;&quot;,&quot;autoplay&quot;:&quot;true&quot;,&quot;pause_on_hover&quot;:&quot;true&quot;,&quot;autoplay_speed&quot;:5000,&quot;infinite&quot;:&quot;true&quot;,&quot;center_mode&quot;:&quot;&quot;,&quot;effect&quot;:&quot;slide&quot;,&quot;speed&quot;:500,&quot;inject_alternative_items&quot;:&quot;&quot;,&quot;injection_items&quot;:[],&quot;scroll_slider_enabled&quot;:&quot;&quot;,&quot;scroll_slider_on&quot;:[&quot;desktop&quot;,&quot;tablet&quot;,&quot;mobile&quot;],&quot;custom_query&quot;:false,&quot;custom_query_id&quot;:&quot;&quot;,&quot;_element_id&quot;:&quot;seria&quot;,&quot;collapse_first_last_gap&quot;:false,&quot;list_tag_selection&quot;:&quot;&quot;,&quot;list_items_wrapper_tag&quot;:&quot;div&quot;,&quot;list_item_tag&quot;:&quot;div&quot;,&quot;empty_items_wrapper_tag&quot;:&quot;div&quot;}}\" data-page=\"1\" data-pages=\"1\" data-listing-source=\"posts\" data-listing-id=\"1560\" data-query-id=\"\"><div class=\"jet-listing-grid__item jet-listing-dynamic-post-74397\" data-post-id=\"74397\"  >\t\t<div data-elementor-type=\"jet-listing-items\" data-elementor-id=\"1560\" class=\"elementor elementor-1560\" data-elementor-post-type=\"jet-engine\">\n\t\t\t\t<div class=\"elementor-element elementor-element-81809e2 e-flex e-con-boxed e-con e-parent\" data-id=\"81809e2\" data-element_type=\"container\" data-settings=\"{&quot;jet_parallax_layout_list&quot;:[]}\">\n\t\t\t\t\t<div class=\"e-con-inner\">\n\t\t\t\t<div class=\"elementor-element elementor-element-7bade7f elementor-widget elementor-widget-heading\" data-id=\"7bade7f\" data-element_type=\"widget\" data-widget_type=\"heading.default\">\n\t\t\t\t<div class=\"elementor-widget-container\">\n\t\t\t\t\t<h2 class=\"elementor-heading-title elementor-size-default\"><a href=\"https:\/\/sollux-lighting.com\/es\/nasza-oferta\/lampara-colgante\/lampada-a-sospensione-in-ceramica-gobi\/\">Lampada a sospensione in ceramica GOBI<\/a><\/h2>\t\t\t\t<\/div>\n\t\t\t\t<\/div>\n\t\t\t\t\t<\/div>\n\t\t\t\t<\/div>\n\t\t\t\t<\/div>\n\t\t<\/div><div class=\"jet-listing-grid__item jet-listing-dynamic-post-74398\" data-post-id=\"74398\"  >\t\t<div data-elementor-type=\"jet-listing-items\" data-elementor-id=\"1560\" class=\"elementor elementor-1560\" data-elementor-post-type=\"jet-engine\">\n\t\t\t\t<div class=\"elementor-element elementor-element-81809e2 e-flex e-con-boxed e-con e-parent\" data-id=\"81809e2\" data-element_type=\"container\" data-settings=\"{&quot;jet_parallax_layout_list&quot;:[]}\">\n\t\t\t\t\t<div class=\"e-con-inner\">\n\t\t\t\t<div class=\"elementor-element elementor-element-7bade7f elementor-widget elementor-widget-heading\" data-id=\"7bade7f\" data-element_type=\"widget\" data-widget_type=\"heading.default\">\n\t\t\t\t<div class=\"elementor-widget-container\">\n\t\t\t\t\t<h2 class=\"elementor-heading-title elementor-size-default\"><a href=\"https:\/\/sollux-lighting.com\/es\/nasza-oferta\/lampara-colgante\/lampada-a-sospensione-in-ceramica-mint\/\">Lampada a sospensione in ceramica MINT<\/a><\/h2>\t\t\t\t<\/div>\n\t\t\t\t<\/div>\n\t\t\t\t\t<\/div>\n\t\t\t\t<\/div>\n\t\t\t\t<\/div>\n\t\t<\/div><div class=\"jet-listing-grid__item jet-listing-dynamic-post-74226\" data-post-id=\"74226\"  >\t\t<div data-elementor-type=\"jet-listing-items\" data-elementor-id=\"1560\" class=\"elementor elementor-1560\" data-elementor-post-type=\"jet-engine\">\n\t\t\t\t<div class=\"elementor-element elementor-element-81809e2 e-flex e-con-boxed e-con e-parent\" data-id=\"81809e2\" data-element_type=\"container\" data-settings=\"{&quot;jet_parallax_layout_list&quot;:[]}\">\n\t\t\t\t\t<div class=\"e-con-inner\">\n\t\t\t\t<div class=\"elementor-element elementor-element-5a9dd49 elementor-widget elementor-widget-image\" data-id=\"5a9dd49\" data-element_type=\"widget\" data-widget_type=\"image.default\">\n\t\t\t\t<div class=\"elementor-widget-container\">\n\t\t\t\t\t\t\t\t\t\t\t\t\t\t\t\t<a href=\"https:\/\/sollux-lighting.com\/es\/nasza-oferta\/lampara-de-pared\/lampada-da-parete-verniciata-vixen-bianco-lucido\/\">\n\t\t\t\t\t\t\t<img decoding=\"async\" width=\"750\" height=\"750\" src=\"https:\/\/sollux-lighting.com\/wp-content\/uploads\/2023\/03\/1048-1-k.jpg\" class=\"attachment-large size-large wp-image-57590\" alt=\"\" srcset=\"https:\/\/sollux-lighting.com\/wp-content\/uploads\/2023\/03\/1048-1-k.jpg 750w, https:\/\/sollux-lighting.com\/wp-content\/uploads\/2023\/03\/1048-1-k-300x300.jpg 300w, https:\/\/sollux-lighting.com\/wp-content\/uploads\/2023\/03\/1048-1-k-150x150.jpg 150w, https:\/\/sollux-lighting.com\/wp-content\/uploads\/2023\/03\/1048-1-k-600x600.jpg 600w, https:\/\/sollux-lighting.com\/wp-content\/uploads\/2023\/03\/1048-1-k-100x100.jpg 100w\" sizes=\"(max-width: 750px) 100vw, 750px\" \/>\t\t\t\t\t\t\t\t<\/a>\n\t\t\t\t\t\t\t\t\t\t\t\t\t\t\t<\/div>\n\t\t\t\t<\/div>\n\t\t\t\t<div class=\"elementor-element elementor-element-7bade7f elementor-widget elementor-widget-heading\" data-id=\"7bade7f\" data-element_type=\"widget\" data-widget_type=\"heading.default\">\n\t\t\t\t<div class=\"elementor-widget-container\">\n\t\t\t\t\t<h2 class=\"elementor-heading-title elementor-size-default\"><a href=\"https:\/\/sollux-lighting.com\/es\/nasza-oferta\/lampara-de-pared\/lampada-da-parete-verniciata-vixen-bianco-lucido\/\">Lampada da parete verniciata VIXEN bianco lucido<\/a><\/h2>\t\t\t\t<\/div>\n\t\t\t\t<\/div>\n\t\t\t\t\t<\/div>\n\t\t\t\t<\/div>\n\t\t\t\t<\/div>\n\t\t<\/div><div class=\"jet-listing-grid__item jet-listing-dynamic-post-74205\" data-post-id=\"74205\"  >\t\t<div data-elementor-type=\"jet-listing-items\" data-elementor-id=\"1560\" class=\"elementor elementor-1560\" data-elementor-post-type=\"jet-engine\">\n\t\t\t\t<div class=\"elementor-element elementor-element-81809e2 e-flex e-con-boxed e-con e-parent\" data-id=\"81809e2\" data-element_type=\"container\" data-settings=\"{&quot;jet_parallax_layout_list&quot;:[]}\">\n\t\t\t\t\t<div class=\"e-con-inner\">\n\t\t\t\t<div class=\"elementor-element elementor-element-5a9dd49 elementor-widget elementor-widget-image\" data-id=\"5a9dd49\" data-element_type=\"widget\" data-widget_type=\"image.default\">\n\t\t\t\t<div class=\"elementor-widget-container\">\n\t\t\t\t\t\t\t\t\t\t\t\t\t\t\t\t<a href=\"https:\/\/sollux-lighting.com\/es\/nasza-oferta\/lampara-de-pared\/lampada-da-parete-verniciata-globe-bianco-lucido\/\">\n\t\t\t\t\t\t\t<img decoding=\"async\" width=\"750\" height=\"750\" src=\"https:\/\/sollux-lighting.com\/wp-content\/uploads\/2023\/03\/1026-1-k.jpg\" class=\"attachment-large size-large wp-image-57101\" alt=\"\" srcset=\"https:\/\/sollux-lighting.com\/wp-content\/uploads\/2023\/03\/1026-1-k.jpg 750w, https:\/\/sollux-lighting.com\/wp-content\/uploads\/2023\/03\/1026-1-k-300x300.jpg 300w, https:\/\/sollux-lighting.com\/wp-content\/uploads\/2023\/03\/1026-1-k-150x150.jpg 150w, https:\/\/sollux-lighting.com\/wp-content\/uploads\/2023\/03\/1026-1-k-600x600.jpg 600w, https:\/\/sollux-lighting.com\/wp-content\/uploads\/2023\/03\/1026-1-k-100x100.jpg 100w\" sizes=\"(max-width: 750px) 100vw, 750px\" \/>\t\t\t\t\t\t\t\t<\/a>\n\t\t\t\t\t\t\t\t\t\t\t\t\t\t\t<\/div>\n\t\t\t\t<\/div>\n\t\t\t\t<div class=\"elementor-element elementor-element-7bade7f elementor-widget elementor-widget-heading\" data-id=\"7bade7f\" data-element_type=\"widget\" data-widget_type=\"heading.default\">\n\t\t\t\t<div class=\"elementor-widget-container\">\n\t\t\t\t\t<h2 class=\"elementor-heading-title elementor-size-default\"><a href=\"https:\/\/sollux-lighting.com\/es\/nasza-oferta\/lampara-de-pared\/lampada-da-parete-verniciata-globe-bianco-lucido\/\">Lampada da parete verniciata GLOBE bianco lucido<\/a><\/h2>\t\t\t\t<\/div>\n\t\t\t\t<\/div>\n\t\t\t\t\t<\/div>\n\t\t\t\t<\/div>\n\t\t\t\t<\/div>\n\t\t<\/div><div class=\"jet-listing-grid__item jet-listing-dynamic-post-74204\" data-post-id=\"74204\"  >\t\t<div data-elementor-type=\"jet-listing-items\" data-elementor-id=\"1560\" class=\"elementor elementor-1560\" data-elementor-post-type=\"jet-engine\">\n\t\t\t\t<div class=\"elementor-element elementor-element-81809e2 e-flex e-con-boxed e-con e-parent\" data-id=\"81809e2\" data-element_type=\"container\" data-settings=\"{&quot;jet_parallax_layout_list&quot;:[]}\">\n\t\t\t\t\t<div class=\"e-con-inner\">\n\t\t\t\t<div class=\"elementor-element elementor-element-5a9dd49 elementor-widget elementor-widget-image\" data-id=\"5a9dd49\" data-element_type=\"widget\" data-widget_type=\"image.default\">\n\t\t\t\t<div class=\"elementor-widget-container\">\n\t\t\t\t\t\t\t\t\t\t\t\t\t\t\t\t<a href=\"https:\/\/sollux-lighting.com\/es\/nasza-oferta\/lampara-de-pared\/lampada-da-parete-verniciata-pontius-bianco-lucido\/\">\n\t\t\t\t\t\t\t<img loading=\"lazy\" decoding=\"async\" width=\"750\" height=\"750\" src=\"https:\/\/sollux-lighting.com\/wp-content\/uploads\/2023\/03\/1025-1-k.jpg\" class=\"attachment-large size-large wp-image-57077\" alt=\"\" srcset=\"https:\/\/sollux-lighting.com\/wp-content\/uploads\/2023\/03\/1025-1-k.jpg 750w, https:\/\/sollux-lighting.com\/wp-content\/uploads\/2023\/03\/1025-1-k-300x300.jpg 300w, https:\/\/sollux-lighting.com\/wp-content\/uploads\/2023\/03\/1025-1-k-150x150.jpg 150w, https:\/\/sollux-lighting.com\/wp-content\/uploads\/2023\/03\/1025-1-k-600x600.jpg 600w, https:\/\/sollux-lighting.com\/wp-content\/uploads\/2023\/03\/1025-1-k-100x100.jpg 100w\" sizes=\"(max-width: 750px) 100vw, 750px\" \/>\t\t\t\t\t\t\t\t<\/a>\n\t\t\t\t\t\t\t\t\t\t\t\t\t\t\t<\/div>\n\t\t\t\t<\/div>\n\t\t\t\t<div class=\"elementor-element elementor-element-7bade7f elementor-widget elementor-widget-heading\" data-id=\"7bade7f\" data-element_type=\"widget\" data-widget_type=\"heading.default\">\n\t\t\t\t<div class=\"elementor-widget-container\">\n\t\t\t\t\t<h2 class=\"elementor-heading-title elementor-size-default\"><a href=\"https:\/\/sollux-lighting.com\/es\/nasza-oferta\/lampara-de-pared\/lampada-da-parete-verniciata-pontius-bianco-lucido\/\">Lampada da parete verniciata PONTIUS bianco lucido<\/a><\/h2>\t\t\t\t<\/div>\n\t\t\t\t<\/div>\n\t\t\t\t\t<\/div>\n\t\t\t\t<\/div>\n\t\t\t\t<\/div>\n\t\t<\/div><div class=\"jet-listing-grid__item jet-listing-dynamic-post-74062\" data-post-id=\"74062\"  >\t\t<div data-elementor-type=\"jet-listing-items\" data-elementor-id=\"1560\" class=\"elementor elementor-1560\" data-elementor-post-type=\"jet-engine\">\n\t\t\t\t<div class=\"elementor-element elementor-element-81809e2 e-flex e-con-boxed e-con e-parent\" data-id=\"81809e2\" data-element_type=\"container\" data-settings=\"{&quot;jet_parallax_layout_list&quot;:[]}\">\n\t\t\t\t\t<div class=\"e-con-inner\">\n\t\t\t\t<div class=\"elementor-element elementor-element-5a9dd49 elementor-widget elementor-widget-image\" data-id=\"5a9dd49\" data-element_type=\"widget\" data-widget_type=\"image.default\">\n\t\t\t\t<div class=\"elementor-widget-container\">\n\t\t\t\t\t\t\t\t\t\t\t\t\t\t\t\t<a href=\"https:\/\/sollux-lighting.com\/es\/nasza-oferta\/lampara-de-pared\/lampada-da-parete-in-ceramica-sigma-nero\/\">\n\t\t\t\t\t\t\t<img loading=\"lazy\" decoding=\"async\" width=\"750\" height=\"750\" src=\"https:\/\/sollux-lighting.com\/wp-content\/uploads\/2023\/03\/0870-1-k.jpg\" class=\"attachment-large size-large wp-image-53666\" alt=\"\" srcset=\"https:\/\/sollux-lighting.com\/wp-content\/uploads\/2023\/03\/0870-1-k.jpg 750w, https:\/\/sollux-lighting.com\/wp-content\/uploads\/2023\/03\/0870-1-k-300x300.jpg 300w, https:\/\/sollux-lighting.com\/wp-content\/uploads\/2023\/03\/0870-1-k-150x150.jpg 150w, https:\/\/sollux-lighting.com\/wp-content\/uploads\/2023\/03\/0870-1-k-600x600.jpg 600w, https:\/\/sollux-lighting.com\/wp-content\/uploads\/2023\/03\/0870-1-k-100x100.jpg 100w\" sizes=\"(max-width: 750px) 100vw, 750px\" \/>\t\t\t\t\t\t\t\t<\/a>\n\t\t\t\t\t\t\t\t\t\t\t\t\t\t\t<\/div>\n\t\t\t\t<\/div>\n\t\t\t\t<div class=\"elementor-element elementor-element-7bade7f elementor-widget elementor-widget-heading\" data-id=\"7bade7f\" data-element_type=\"widget\" data-widget_type=\"heading.default\">\n\t\t\t\t<div class=\"elementor-widget-container\">\n\t\t\t\t\t<h2 class=\"elementor-heading-title elementor-size-default\"><a href=\"https:\/\/sollux-lighting.com\/es\/nasza-oferta\/lampara-de-pared\/lampada-da-parete-in-ceramica-sigma-nero\/\">Lampada da parete in ceramica SIGMA nero<\/a><\/h2>\t\t\t\t<\/div>\n\t\t\t\t<\/div>\n\t\t\t\t\t<\/div>\n\t\t\t\t<\/div>\n\t\t\t\t<\/div>\n\t\t<\/div><div class=\"jet-listing-grid__item jet-listing-dynamic-post-74063\" data-post-id=\"74063\"  >\t\t<div data-elementor-type=\"jet-listing-items\" data-elementor-id=\"1560\" class=\"elementor elementor-1560\" data-elementor-post-type=\"jet-engine\">\n\t\t\t\t<div class=\"elementor-element elementor-element-81809e2 e-flex e-con-boxed e-con e-parent\" data-id=\"81809e2\" data-element_type=\"container\" data-settings=\"{&quot;jet_parallax_layout_list&quot;:[]}\">\n\t\t\t\t\t<div class=\"e-con-inner\">\n\t\t\t\t<div class=\"elementor-element elementor-element-5a9dd49 elementor-widget elementor-widget-image\" data-id=\"5a9dd49\" data-element_type=\"widget\" data-widget_type=\"image.default\">\n\t\t\t\t<div class=\"elementor-widget-container\">\n\t\t\t\t\t\t\t\t\t\t\t\t\t\t\t\t<a href=\"https:\/\/sollux-lighting.com\/es\/nasza-oferta\/lampara-de-pared\/lampada-da-parete-in-ceramica-leo-grigio\/\">\n\t\t\t\t\t\t\t<img loading=\"lazy\" decoding=\"async\" width=\"750\" height=\"750\" src=\"https:\/\/sollux-lighting.com\/wp-content\/uploads\/2023\/03\/0871-1-k.jpg\" class=\"attachment-large size-large wp-image-53690\" alt=\"\" srcset=\"https:\/\/sollux-lighting.com\/wp-content\/uploads\/2023\/03\/0871-1-k.jpg 750w, https:\/\/sollux-lighting.com\/wp-content\/uploads\/2023\/03\/0871-1-k-300x300.jpg 300w, https:\/\/sollux-lighting.com\/wp-content\/uploads\/2023\/03\/0871-1-k-150x150.jpg 150w, https:\/\/sollux-lighting.com\/wp-content\/uploads\/2023\/03\/0871-1-k-600x600.jpg 600w, https:\/\/sollux-lighting.com\/wp-content\/uploads\/2023\/03\/0871-1-k-100x100.jpg 100w\" sizes=\"(max-width: 750px) 100vw, 750px\" \/>\t\t\t\t\t\t\t\t<\/a>\n\t\t\t\t\t\t\t\t\t\t\t\t\t\t\t<\/div>\n\t\t\t\t<\/div>\n\t\t\t\t<div class=\"elementor-element elementor-element-7bade7f elementor-widget elementor-widget-heading\" data-id=\"7bade7f\" data-element_type=\"widget\" data-widget_type=\"heading.default\">\n\t\t\t\t<div class=\"elementor-widget-container\">\n\t\t\t\t\t<h2 class=\"elementor-heading-title elementor-size-default\"><a href=\"https:\/\/sollux-lighting.com\/es\/nasza-oferta\/lampara-de-pared\/lampada-da-parete-in-ceramica-leo-grigio\/\">Lampada da parete in ceramica LEO grigio<\/a><\/h2>\t\t\t\t<\/div>\n\t\t\t\t<\/div>\n\t\t\t\t\t<\/div>\n\t\t\t\t<\/div>\n\t\t\t\t<\/div>\n\t\t<\/div><div class=\"jet-listing-grid__item jet-listing-dynamic-post-74064\" data-post-id=\"74064\"  >\t\t<div data-elementor-type=\"jet-listing-items\" data-elementor-id=\"1560\" class=\"elementor elementor-1560\" data-elementor-post-type=\"jet-engine\">\n\t\t\t\t<div class=\"elementor-element elementor-element-81809e2 e-flex e-con-boxed e-con e-parent\" data-id=\"81809e2\" data-element_type=\"container\" data-settings=\"{&quot;jet_parallax_layout_list&quot;:[]}\">\n\t\t\t\t\t<div class=\"e-con-inner\">\n\t\t\t\t<div class=\"elementor-element elementor-element-5a9dd49 elementor-widget elementor-widget-image\" data-id=\"5a9dd49\" data-element_type=\"widget\" data-widget_type=\"image.default\">\n\t\t\t\t<div class=\"elementor-widget-container\">\n\t\t\t\t\t\t\t\t\t\t\t\t\t\t\t\t<a href=\"https:\/\/sollux-lighting.com\/es\/nasza-oferta\/lampara-de-pared\/lampada-da-parete-in-ceramica-leo-nero\/\">\n\t\t\t\t\t\t\t<img loading=\"lazy\" decoding=\"async\" width=\"750\" height=\"750\" src=\"https:\/\/sollux-lighting.com\/wp-content\/uploads\/2023\/03\/0872-1-k.jpg\" class=\"attachment-large size-large wp-image-53714\" alt=\"\" srcset=\"https:\/\/sollux-lighting.com\/wp-content\/uploads\/2023\/03\/0872-1-k.jpg 750w, https:\/\/sollux-lighting.com\/wp-content\/uploads\/2023\/03\/0872-1-k-300x300.jpg 300w, https:\/\/sollux-lighting.com\/wp-content\/uploads\/2023\/03\/0872-1-k-150x150.jpg 150w, https:\/\/sollux-lighting.com\/wp-content\/uploads\/2023\/03\/0872-1-k-600x600.jpg 600w, https:\/\/sollux-lighting.com\/wp-content\/uploads\/2023\/03\/0872-1-k-100x100.jpg 100w\" sizes=\"(max-width: 750px) 100vw, 750px\" \/>\t\t\t\t\t\t\t\t<\/a>\n\t\t\t\t\t\t\t\t\t\t\t\t\t\t\t<\/div>\n\t\t\t\t<\/div>\n\t\t\t\t<div class=\"elementor-element elementor-element-7bade7f elementor-widget elementor-widget-heading\" data-id=\"7bade7f\" data-element_type=\"widget\" data-widget_type=\"heading.default\">\n\t\t\t\t<div class=\"elementor-widget-container\">\n\t\t\t\t\t<h2 class=\"elementor-heading-title elementor-size-default\"><a href=\"https:\/\/sollux-lighting.com\/es\/nasza-oferta\/lampara-de-pared\/lampada-da-parete-in-ceramica-leo-nero\/\">Lampada da parete in ceramica LEO nero<\/a><\/h2>\t\t\t\t<\/div>\n\t\t\t\t<\/div>\n\t\t\t\t\t<\/div>\n\t\t\t\t<\/div>\n\t\t\t\t<\/div>\n\t\t<\/div><div class=\"jet-listing-grid__item jet-listing-dynamic-post-74065\" data-post-id=\"74065\"  >\t\t<div data-elementor-type=\"jet-listing-items\" data-elementor-id=\"1560\" class=\"elementor elementor-1560\" data-elementor-post-type=\"jet-engine\">\n\t\t\t\t<div class=\"elementor-element elementor-element-81809e2 e-flex e-con-boxed e-con e-parent\" data-id=\"81809e2\" data-element_type=\"container\" data-settings=\"{&quot;jet_parallax_layout_list&quot;:[]}\">\n\t\t\t\t\t<div class=\"e-con-inner\">\n\t\t\t\t<div class=\"elementor-element elementor-element-5a9dd49 elementor-widget elementor-widget-image\" data-id=\"5a9dd49\" data-element_type=\"widget\" data-widget_type=\"image.default\">\n\t\t\t\t<div class=\"elementor-widget-container\">\n\t\t\t\t\t\t\t\t\t\t\t\t\t\t\t\t<a href=\"https:\/\/sollux-lighting.com\/es\/nasza-oferta\/lampara-de-pared\/lampada-da-parete-in-ceramica-atena-grigio\/\">\n\t\t\t\t\t\t\t<img loading=\"lazy\" decoding=\"async\" width=\"750\" height=\"750\" src=\"https:\/\/sollux-lighting.com\/wp-content\/uploads\/2023\/03\/0873-1-k.jpg\" class=\"attachment-large size-large wp-image-53738\" alt=\"\" srcset=\"https:\/\/sollux-lighting.com\/wp-content\/uploads\/2023\/03\/0873-1-k.jpg 750w, https:\/\/sollux-lighting.com\/wp-content\/uploads\/2023\/03\/0873-1-k-300x300.jpg 300w, https:\/\/sollux-lighting.com\/wp-content\/uploads\/2023\/03\/0873-1-k-150x150.jpg 150w, https:\/\/sollux-lighting.com\/wp-content\/uploads\/2023\/03\/0873-1-k-600x600.jpg 600w, https:\/\/sollux-lighting.com\/wp-content\/uploads\/2023\/03\/0873-1-k-100x100.jpg 100w\" sizes=\"(max-width: 750px) 100vw, 750px\" \/>\t\t\t\t\t\t\t\t<\/a>\n\t\t\t\t\t\t\t\t\t\t\t\t\t\t\t<\/div>\n\t\t\t\t<\/div>\n\t\t\t\t<div class=\"elementor-element elementor-element-7bade7f elementor-widget elementor-widget-heading\" data-id=\"7bade7f\" data-element_type=\"widget\" data-widget_type=\"heading.default\">\n\t\t\t\t<div class=\"elementor-widget-container\">\n\t\t\t\t\t<h2 class=\"elementor-heading-title elementor-size-default\"><a href=\"https:\/\/sollux-lighting.com\/es\/nasza-oferta\/lampara-de-pared\/lampada-da-parete-in-ceramica-atena-grigio\/\">Lampada da parete in ceramica ATENA grigio<\/a><\/h2>\t\t\t\t<\/div>\n\t\t\t\t<\/div>\n\t\t\t\t\t<\/div>\n\t\t\t\t<\/div>\n\t\t\t\t<\/div>\n\t\t<\/div><div class=\"jet-listing-grid__item jet-listing-dynamic-post-74066\" data-post-id=\"74066\"  >\t\t<div data-elementor-type=\"jet-listing-items\" data-elementor-id=\"1560\" class=\"elementor elementor-1560\" data-elementor-post-type=\"jet-engine\">\n\t\t\t\t<div class=\"elementor-element elementor-element-81809e2 e-flex e-con-boxed e-con e-parent\" data-id=\"81809e2\" data-element_type=\"container\" data-settings=\"{&quot;jet_parallax_layout_list&quot;:[]}\">\n\t\t\t\t\t<div class=\"e-con-inner\">\n\t\t\t\t<div class=\"elementor-element elementor-element-5a9dd49 elementor-widget elementor-widget-image\" data-id=\"5a9dd49\" data-element_type=\"widget\" data-widget_type=\"image.default\">\n\t\t\t\t<div class=\"elementor-widget-container\">\n\t\t\t\t\t\t\t\t\t\t\t\t\t\t\t\t<a href=\"https:\/\/sollux-lighting.com\/es\/nasza-oferta\/lampara-de-pared\/lampada-da-parete-in-ceramica-atena-nero\/\">\n\t\t\t\t\t\t\t<img loading=\"lazy\" decoding=\"async\" width=\"750\" height=\"750\" src=\"https:\/\/sollux-lighting.com\/wp-content\/uploads\/2023\/03\/0874-1-k.jpg\" class=\"attachment-large size-large wp-image-53762\" alt=\"\" srcset=\"https:\/\/sollux-lighting.com\/wp-content\/uploads\/2023\/03\/0874-1-k.jpg 750w, https:\/\/sollux-lighting.com\/wp-content\/uploads\/2023\/03\/0874-1-k-300x300.jpg 300w, https:\/\/sollux-lighting.com\/wp-content\/uploads\/2023\/03\/0874-1-k-150x150.jpg 150w, https:\/\/sollux-lighting.com\/wp-content\/uploads\/2023\/03\/0874-1-k-600x600.jpg 600w, https:\/\/sollux-lighting.com\/wp-content\/uploads\/2023\/03\/0874-1-k-100x100.jpg 100w\" sizes=\"(max-width: 750px) 100vw, 750px\" \/>\t\t\t\t\t\t\t\t<\/a>\n\t\t\t\t\t\t\t\t\t\t\t\t\t\t\t<\/div>\n\t\t\t\t<\/div>\n\t\t\t\t<div class=\"elementor-element elementor-element-7bade7f elementor-widget elementor-widget-heading\" data-id=\"7bade7f\" data-element_type=\"widget\" data-widget_type=\"heading.default\">\n\t\t\t\t<div class=\"elementor-widget-container\">\n\t\t\t\t\t<h2 class=\"elementor-heading-title elementor-size-default\"><a href=\"https:\/\/sollux-lighting.com\/es\/nasza-oferta\/lampara-de-pared\/lampada-da-parete-in-ceramica-atena-nero\/\">Lampada da parete in ceramica ATENA nero<\/a><\/h2>\t\t\t\t<\/div>\n\t\t\t\t<\/div>\n\t\t\t\t\t<\/div>\n\t\t\t\t<\/div>\n\t\t\t\t<\/div>\n\t\t<\/div><div class=\"jet-listing-grid__item jet-listing-dynamic-post-74067\" data-post-id=\"74067\"  >\t\t<div data-elementor-type=\"jet-listing-items\" data-elementor-id=\"1560\" class=\"elementor elementor-1560\" data-elementor-post-type=\"jet-engine\">\n\t\t\t\t<div class=\"elementor-element elementor-element-81809e2 e-flex e-con-boxed e-con e-parent\" data-id=\"81809e2\" data-element_type=\"container\" data-settings=\"{&quot;jet_parallax_layout_list&quot;:[]}\">\n\t\t\t\t\t<div class=\"e-con-inner\">\n\t\t\t\t<div class=\"elementor-element elementor-element-5a9dd49 elementor-widget elementor-widget-image\" data-id=\"5a9dd49\" data-element_type=\"widget\" data-widget_type=\"image.default\">\n\t\t\t\t<div class=\"elementor-widget-container\">\n\t\t\t\t\t\t\t\t\t\t\t\t\t\t\t\t<a href=\"https:\/\/sollux-lighting.com\/es\/nasza-oferta\/lampara-de-pared\/lampada-da-parete-in-ceramica-pontius-grigio\/\">\n\t\t\t\t\t\t\t<img loading=\"lazy\" decoding=\"async\" width=\"750\" height=\"750\" src=\"https:\/\/sollux-lighting.com\/wp-content\/uploads\/2023\/03\/0875-1-k.jpg\" class=\"attachment-large size-large wp-image-53786\" alt=\"\" srcset=\"https:\/\/sollux-lighting.com\/wp-content\/uploads\/2023\/03\/0875-1-k.jpg 750w, https:\/\/sollux-lighting.com\/wp-content\/uploads\/2023\/03\/0875-1-k-300x300.jpg 300w, https:\/\/sollux-lighting.com\/wp-content\/uploads\/2023\/03\/0875-1-k-150x150.jpg 150w, https:\/\/sollux-lighting.com\/wp-content\/uploads\/2023\/03\/0875-1-k-600x600.jpg 600w, https:\/\/sollux-lighting.com\/wp-content\/uploads\/2023\/03\/0875-1-k-100x100.jpg 100w\" sizes=\"(max-width: 750px) 100vw, 750px\" \/>\t\t\t\t\t\t\t\t<\/a>\n\t\t\t\t\t\t\t\t\t\t\t\t\t\t\t<\/div>\n\t\t\t\t<\/div>\n\t\t\t\t<div class=\"elementor-element elementor-element-7bade7f elementor-widget elementor-widget-heading\" data-id=\"7bade7f\" data-element_type=\"widget\" data-widget_type=\"heading.default\">\n\t\t\t\t<div class=\"elementor-widget-container\">\n\t\t\t\t\t<h2 class=\"elementor-heading-title elementor-size-default\"><a href=\"https:\/\/sollux-lighting.com\/es\/nasza-oferta\/lampara-de-pared\/lampada-da-parete-in-ceramica-pontius-grigio\/\">Lampada da parete in ceramica PONTIUS grigio<\/a><\/h2>\t\t\t\t<\/div>\n\t\t\t\t<\/div>\n\t\t\t\t\t<\/div>\n\t\t\t\t<\/div>\n\t\t\t\t<\/div>\n\t\t<\/div><div class=\"jet-listing-grid__item jet-listing-dynamic-post-74068\" data-post-id=\"74068\"  >\t\t<div data-elementor-type=\"jet-listing-items\" data-elementor-id=\"1560\" class=\"elementor elementor-1560\" data-elementor-post-type=\"jet-engine\">\n\t\t\t\t<div class=\"elementor-element elementor-element-81809e2 e-flex e-con-boxed e-con e-parent\" data-id=\"81809e2\" data-element_type=\"container\" data-settings=\"{&quot;jet_parallax_layout_list&quot;:[]}\">\n\t\t\t\t\t<div class=\"e-con-inner\">\n\t\t\t\t<div class=\"elementor-element elementor-element-5a9dd49 elementor-widget elementor-widget-image\" data-id=\"5a9dd49\" data-element_type=\"widget\" data-widget_type=\"image.default\">\n\t\t\t\t<div class=\"elementor-widget-container\">\n\t\t\t\t\t\t\t\t\t\t\t\t\t\t\t\t<a href=\"https:\/\/sollux-lighting.com\/es\/nasza-oferta\/lampara-de-pared\/lampada-da-parete-in-ceramica-pontius-nero\/\">\n\t\t\t\t\t\t\t<img loading=\"lazy\" decoding=\"async\" width=\"750\" height=\"750\" src=\"https:\/\/sollux-lighting.com\/wp-content\/uploads\/2023\/03\/0876-1-k.jpg\" class=\"attachment-large size-large wp-image-53810\" alt=\"\" srcset=\"https:\/\/sollux-lighting.com\/wp-content\/uploads\/2023\/03\/0876-1-k.jpg 750w, https:\/\/sollux-lighting.com\/wp-content\/uploads\/2023\/03\/0876-1-k-300x300.jpg 300w, https:\/\/sollux-lighting.com\/wp-content\/uploads\/2023\/03\/0876-1-k-150x150.jpg 150w, https:\/\/sollux-lighting.com\/wp-content\/uploads\/2023\/03\/0876-1-k-600x600.jpg 600w, https:\/\/sollux-lighting.com\/wp-content\/uploads\/2023\/03\/0876-1-k-100x100.jpg 100w\" sizes=\"(max-width: 750px) 100vw, 750px\" \/>\t\t\t\t\t\t\t\t<\/a>\n\t\t\t\t\t\t\t\t\t\t\t\t\t\t\t<\/div>\n\t\t\t\t<\/div>\n\t\t\t\t<div class=\"elementor-element elementor-element-7bade7f elementor-widget elementor-widget-heading\" data-id=\"7bade7f\" data-element_type=\"widget\" data-widget_type=\"heading.default\">\n\t\t\t\t<div class=\"elementor-widget-container\">\n\t\t\t\t\t<h2 class=\"elementor-heading-title elementor-size-default\"><a href=\"https:\/\/sollux-lighting.com\/es\/nasza-oferta\/lampara-de-pared\/lampada-da-parete-in-ceramica-pontius-nero\/\">Lampada da parete in ceramica PONTIUS nero<\/a><\/h2>\t\t\t\t<\/div>\n\t\t\t\t<\/div>\n\t\t\t\t\t<\/div>\n\t\t\t\t<\/div>\n\t\t\t\t<\/div>\n\t\t<\/div><div class=\"jet-listing-grid__item jet-listing-dynamic-post-74069\" data-post-id=\"74069\"  >\t\t<div data-elementor-type=\"jet-listing-items\" data-elementor-id=\"1560\" class=\"elementor elementor-1560\" data-elementor-post-type=\"jet-engine\">\n\t\t\t\t<div class=\"elementor-element elementor-element-81809e2 e-flex e-con-boxed e-con e-parent\" data-id=\"81809e2\" data-element_type=\"container\" data-settings=\"{&quot;jet_parallax_layout_list&quot;:[]}\">\n\t\t\t\t\t<div class=\"e-con-inner\">\n\t\t\t\t<div class=\"elementor-element elementor-element-5a9dd49 elementor-widget elementor-widget-image\" data-id=\"5a9dd49\" data-element_type=\"widget\" data-widget_type=\"image.default\">\n\t\t\t\t<div class=\"elementor-widget-container\">\n\t\t\t\t\t\t\t\t\t\t\t\t\t\t\t\t<a href=\"https:\/\/sollux-lighting.com\/es\/nasza-oferta\/lampara-de-pared\/lampada-da-parete-in-ceramica-vega-grigio\/\">\n\t\t\t\t\t\t\t<img loading=\"lazy\" decoding=\"async\" width=\"750\" height=\"750\" src=\"https:\/\/sollux-lighting.com\/wp-content\/uploads\/2023\/03\/0877-1-k.jpg\" class=\"attachment-large size-large wp-image-53834\" alt=\"\" srcset=\"https:\/\/sollux-lighting.com\/wp-content\/uploads\/2023\/03\/0877-1-k.jpg 750w, https:\/\/sollux-lighting.com\/wp-content\/uploads\/2023\/03\/0877-1-k-300x300.jpg 300w, https:\/\/sollux-lighting.com\/wp-content\/uploads\/2023\/03\/0877-1-k-150x150.jpg 150w, https:\/\/sollux-lighting.com\/wp-content\/uploads\/2023\/03\/0877-1-k-600x600.jpg 600w, https:\/\/sollux-lighting.com\/wp-content\/uploads\/2023\/03\/0877-1-k-100x100.jpg 100w\" sizes=\"(max-width: 750px) 100vw, 750px\" \/>\t\t\t\t\t\t\t\t<\/a>\n\t\t\t\t\t\t\t\t\t\t\t\t\t\t\t<\/div>\n\t\t\t\t<\/div>\n\t\t\t\t<div class=\"elementor-element elementor-element-7bade7f elementor-widget elementor-widget-heading\" data-id=\"7bade7f\" data-element_type=\"widget\" data-widget_type=\"heading.default\">\n\t\t\t\t<div class=\"elementor-widget-container\">\n\t\t\t\t\t<h2 class=\"elementor-heading-title elementor-size-default\"><a href=\"https:\/\/sollux-lighting.com\/es\/nasza-oferta\/lampara-de-pared\/lampada-da-parete-in-ceramica-vega-grigio\/\">Lampada da parete in ceramica VEGA grigio<\/a><\/h2>\t\t\t\t<\/div>\n\t\t\t\t<\/div>\n\t\t\t\t\t<\/div>\n\t\t\t\t<\/div>\n\t\t\t\t<\/div>\n\t\t<\/div><div class=\"jet-listing-grid__item jet-listing-dynamic-post-74070\" data-post-id=\"74070\"  >\t\t<div data-elementor-type=\"jet-listing-items\" data-elementor-id=\"1560\" class=\"elementor elementor-1560\" data-elementor-post-type=\"jet-engine\">\n\t\t\t\t<div class=\"elementor-element elementor-element-81809e2 e-flex e-con-boxed e-con e-parent\" data-id=\"81809e2\" data-element_type=\"container\" data-settings=\"{&quot;jet_parallax_layout_list&quot;:[]}\">\n\t\t\t\t\t<div class=\"e-con-inner\">\n\t\t\t\t<div class=\"elementor-element elementor-element-5a9dd49 elementor-widget elementor-widget-image\" data-id=\"5a9dd49\" data-element_type=\"widget\" data-widget_type=\"image.default\">\n\t\t\t\t<div class=\"elementor-widget-container\">\n\t\t\t\t\t\t\t\t\t\t\t\t\t\t\t\t<a href=\"https:\/\/sollux-lighting.com\/es\/nasza-oferta\/lampara-de-pared\/lampada-da-parete-in-ceramica-vega-nero\/\">\n\t\t\t\t\t\t\t<img loading=\"lazy\" decoding=\"async\" width=\"750\" height=\"750\" src=\"https:\/\/sollux-lighting.com\/wp-content\/uploads\/2023\/03\/0878-1-k.jpg\" class=\"attachment-large size-large wp-image-53858\" alt=\"\" srcset=\"https:\/\/sollux-lighting.com\/wp-content\/uploads\/2023\/03\/0878-1-k.jpg 750w, https:\/\/sollux-lighting.com\/wp-content\/uploads\/2023\/03\/0878-1-k-300x300.jpg 300w, https:\/\/sollux-lighting.com\/wp-content\/uploads\/2023\/03\/0878-1-k-150x150.jpg 150w, https:\/\/sollux-lighting.com\/wp-content\/uploads\/2023\/03\/0878-1-k-600x600.jpg 600w, https:\/\/sollux-lighting.com\/wp-content\/uploads\/2023\/03\/0878-1-k-100x100.jpg 100w\" sizes=\"(max-width: 750px) 100vw, 750px\" \/>\t\t\t\t\t\t\t\t<\/a>\n\t\t\t\t\t\t\t\t\t\t\t\t\t\t\t<\/div>\n\t\t\t\t<\/div>\n\t\t\t\t<div class=\"elementor-element elementor-element-7bade7f elementor-widget elementor-widget-heading\" data-id=\"7bade7f\" data-element_type=\"widget\" data-widget_type=\"heading.default\">\n\t\t\t\t<div class=\"elementor-widget-container\">\n\t\t\t\t\t<h2 class=\"elementor-heading-title elementor-size-default\"><a href=\"https:\/\/sollux-lighting.com\/es\/nasza-oferta\/lampara-de-pared\/lampada-da-parete-in-ceramica-vega-nero\/\">Lampada da parete in ceramica VEGA nero<\/a><\/h2>\t\t\t\t<\/div>\n\t\t\t\t<\/div>\n\t\t\t\t\t<\/div>\n\t\t\t\t<\/div>\n\t\t\t\t<\/div>\n\t\t<\/div><div class=\"jet-listing-grid__item jet-listing-dynamic-post-74048\" data-post-id=\"74048\"  >\t\t<div data-elementor-type=\"jet-listing-items\" data-elementor-id=\"1560\" class=\"elementor elementor-1560\" data-elementor-post-type=\"jet-engine\">\n\t\t\t\t<div class=\"elementor-element elementor-element-81809e2 e-flex e-con-boxed e-con e-parent\" data-id=\"81809e2\" data-element_type=\"container\" data-settings=\"{&quot;jet_parallax_layout_list&quot;:[]}\">\n\t\t\t\t\t<div class=\"e-con-inner\">\n\t\t\t\t<div class=\"elementor-element elementor-element-5a9dd49 elementor-widget elementor-widget-image\" data-id=\"5a9dd49\" data-element_type=\"widget\" data-widget_type=\"image.default\">\n\t\t\t\t<div class=\"elementor-widget-container\">\n\t\t\t\t\t\t\t\t\t\t\t\t\t\t\t\t<a href=\"https:\/\/sollux-lighting.com\/es\/nasza-oferta\/lampara-colgante\/lampada-a-sospensione-in-ceramica-nancy\/\">\n\t\t\t\t\t\t\t<img loading=\"lazy\" decoding=\"async\" width=\"750\" height=\"750\" src=\"https:\/\/sollux-lighting.com\/wp-content\/uploads\/2023\/03\/0843-1-k.jpg\" class=\"attachment-large size-large wp-image-53216\" alt=\"\" srcset=\"https:\/\/sollux-lighting.com\/wp-content\/uploads\/2023\/03\/0843-1-k.jpg 750w, https:\/\/sollux-lighting.com\/wp-content\/uploads\/2023\/03\/0843-1-k-300x300.jpg 300w, https:\/\/sollux-lighting.com\/wp-content\/uploads\/2023\/03\/0843-1-k-150x150.jpg 150w, https:\/\/sollux-lighting.com\/wp-content\/uploads\/2023\/03\/0843-1-k-600x600.jpg 600w, https:\/\/sollux-lighting.com\/wp-content\/uploads\/2023\/03\/0843-1-k-100x100.jpg 100w\" sizes=\"(max-width: 750px) 100vw, 750px\" \/>\t\t\t\t\t\t\t\t<\/a>\n\t\t\t\t\t\t\t\t\t\t\t\t\t\t\t<\/div>\n\t\t\t\t<\/div>\n\t\t\t\t<div class=\"elementor-element elementor-element-7bade7f elementor-widget elementor-widget-heading\" data-id=\"7bade7f\" data-element_type=\"widget\" data-widget_type=\"heading.default\">\n\t\t\t\t<div class=\"elementor-widget-container\">\n\t\t\t\t\t<h2 class=\"elementor-heading-title elementor-size-default\"><a href=\"https:\/\/sollux-lighting.com\/es\/nasza-oferta\/lampara-colgante\/lampada-a-sospensione-in-ceramica-nancy\/\">Lampada a sospensione in ceramica NANCY<\/a><\/h2>\t\t\t\t<\/div>\n\t\t\t\t<\/div>\n\t\t\t\t\t<\/div>\n\t\t\t\t<\/div>\n\t\t\t\t<\/div>\n\t\t<\/div><div class=\"jet-listing-grid__item jet-listing-dynamic-post-74049\" data-post-id=\"74049\"  >\t\t<div data-elementor-type=\"jet-listing-items\" data-elementor-id=\"1560\" class=\"elementor elementor-1560\" data-elementor-post-type=\"jet-engine\">\n\t\t\t\t<div class=\"elementor-element elementor-element-81809e2 e-flex e-con-boxed e-con e-parent\" data-id=\"81809e2\" data-element_type=\"container\" data-settings=\"{&quot;jet_parallax_layout_list&quot;:[]}\">\n\t\t\t\t\t<div class=\"e-con-inner\">\n\t\t\t\t<div class=\"elementor-element elementor-element-5a9dd49 elementor-widget elementor-widget-image\" data-id=\"5a9dd49\" data-element_type=\"widget\" data-widget_type=\"image.default\">\n\t\t\t\t<div class=\"elementor-widget-container\">\n\t\t\t\t\t\t\t\t\t\t\t\t\t\t\t\t<a href=\"https:\/\/sollux-lighting.com\/es\/nasza-oferta\/lampara-colgante\/lampada-a-sospensione-in-ceramica-pavlus\/\">\n\t\t\t\t\t\t\t<img loading=\"lazy\" decoding=\"async\" width=\"750\" height=\"750\" src=\"https:\/\/sollux-lighting.com\/wp-content\/uploads\/2023\/03\/0844-1-k.jpg\" class=\"attachment-large size-large wp-image-53240\" alt=\"\" srcset=\"https:\/\/sollux-lighting.com\/wp-content\/uploads\/2023\/03\/0844-1-k.jpg 750w, https:\/\/sollux-lighting.com\/wp-content\/uploads\/2023\/03\/0844-1-k-300x300.jpg 300w, https:\/\/sollux-lighting.com\/wp-content\/uploads\/2023\/03\/0844-1-k-150x150.jpg 150w, https:\/\/sollux-lighting.com\/wp-content\/uploads\/2023\/03\/0844-1-k-600x600.jpg 600w, https:\/\/sollux-lighting.com\/wp-content\/uploads\/2023\/03\/0844-1-k-100x100.jpg 100w\" sizes=\"(max-width: 750px) 100vw, 750px\" \/>\t\t\t\t\t\t\t\t<\/a>\n\t\t\t\t\t\t\t\t\t\t\t\t\t\t\t<\/div>\n\t\t\t\t<\/div>\n\t\t\t\t<div class=\"elementor-element elementor-element-7bade7f elementor-widget elementor-widget-heading\" data-id=\"7bade7f\" data-element_type=\"widget\" data-widget_type=\"heading.default\">\n\t\t\t\t<div class=\"elementor-widget-container\">\n\t\t\t\t\t<h2 class=\"elementor-heading-title elementor-size-default\"><a href=\"https:\/\/sollux-lighting.com\/es\/nasza-oferta\/lampara-colgante\/lampada-a-sospensione-in-ceramica-pavlus\/\">Lampada a sospensione in ceramica PAVLUS<\/a><\/h2>\t\t\t\t<\/div>\n\t\t\t\t<\/div>\n\t\t\t\t\t<\/div>\n\t\t\t\t<\/div>\n\t\t\t\t<\/div>\n\t\t<\/div><div class=\"jet-listing-grid__item jet-listing-dynamic-post-74050\" data-post-id=\"74050\"  >\t\t<div data-elementor-type=\"jet-listing-items\" data-elementor-id=\"1560\" class=\"elementor elementor-1560\" data-elementor-post-type=\"jet-engine\">\n\t\t\t\t<div class=\"elementor-element elementor-element-81809e2 e-flex e-con-boxed e-con e-parent\" data-id=\"81809e2\" data-element_type=\"container\" data-settings=\"{&quot;jet_parallax_layout_list&quot;:[]}\">\n\t\t\t\t\t<div class=\"e-con-inner\">\n\t\t\t\t<div class=\"elementor-element elementor-element-5a9dd49 elementor-widget elementor-widget-image\" data-id=\"5a9dd49\" data-element_type=\"widget\" data-widget_type=\"image.default\">\n\t\t\t\t<div class=\"elementor-widget-container\">\n\t\t\t\t\t\t\t\t\t\t\t\t\t\t\t\t<a href=\"https:\/\/sollux-lighting.com\/es\/nasza-oferta\/lampara-colgante\/lampada-a-sospensione-in-ceramica-electra\/\">\n\t\t\t\t\t\t\t<img loading=\"lazy\" decoding=\"async\" width=\"750\" height=\"750\" src=\"https:\/\/sollux-lighting.com\/wp-content\/uploads\/2023\/03\/0845-1-k.jpg\" class=\"attachment-large size-large wp-image-53264\" alt=\"\" srcset=\"https:\/\/sollux-lighting.com\/wp-content\/uploads\/2023\/03\/0845-1-k.jpg 750w, https:\/\/sollux-lighting.com\/wp-content\/uploads\/2023\/03\/0845-1-k-300x300.jpg 300w, https:\/\/sollux-lighting.com\/wp-content\/uploads\/2023\/03\/0845-1-k-150x150.jpg 150w, https:\/\/sollux-lighting.com\/wp-content\/uploads\/2023\/03\/0845-1-k-600x600.jpg 600w, https:\/\/sollux-lighting.com\/wp-content\/uploads\/2023\/03\/0845-1-k-100x100.jpg 100w\" sizes=\"(max-width: 750px) 100vw, 750px\" \/>\t\t\t\t\t\t\t\t<\/a>\n\t\t\t\t\t\t\t\t\t\t\t\t\t\t\t<\/div>\n\t\t\t\t<\/div>\n\t\t\t\t<div class=\"elementor-element elementor-element-7bade7f elementor-widget elementor-widget-heading\" data-id=\"7bade7f\" data-element_type=\"widget\" data-widget_type=\"heading.default\">\n\t\t\t\t<div class=\"elementor-widget-container\">\n\t\t\t\t\t<h2 class=\"elementor-heading-title elementor-size-default\"><a href=\"https:\/\/sollux-lighting.com\/es\/nasza-oferta\/lampara-colgante\/lampada-a-sospensione-in-ceramica-electra\/\">Lampada a sospensione in ceramica ELECTRA<\/a><\/h2>\t\t\t\t<\/div>\n\t\t\t\t<\/div>\n\t\t\t\t\t<\/div>\n\t\t\t\t<\/div>\n\t\t\t\t<\/div>\n\t\t<\/div><div class=\"jet-listing-grid__item jet-listing-dynamic-post-74052\" data-post-id=\"74052\"  >\t\t<div data-elementor-type=\"jet-listing-items\" data-elementor-id=\"1560\" class=\"elementor elementor-1560\" data-elementor-post-type=\"jet-engine\">\n\t\t\t\t<div class=\"elementor-element elementor-element-81809e2 e-flex e-con-boxed e-con e-parent\" data-id=\"81809e2\" data-element_type=\"container\" data-settings=\"{&quot;jet_parallax_layout_list&quot;:[]}\">\n\t\t\t\t\t<div class=\"e-con-inner\">\n\t\t\t\t<div class=\"elementor-element elementor-element-5a9dd49 elementor-widget elementor-widget-image\" data-id=\"5a9dd49\" data-element_type=\"widget\" data-widget_type=\"image.default\">\n\t\t\t\t<div class=\"elementor-widget-container\">\n\t\t\t\t\t\t\t\t\t\t\t\t\t\t\t\t<a href=\"https:\/\/sollux-lighting.com\/es\/nasza-oferta\/lampara-colgante\/lampada-a-sospensione-in-ceramica-flawiusz\/\">\n\t\t\t\t\t\t\t<img loading=\"lazy\" decoding=\"async\" width=\"750\" height=\"750\" src=\"https:\/\/sollux-lighting.com\/wp-content\/uploads\/2023\/03\/0848-1-k.jpg\" class=\"attachment-large size-large wp-image-53312\" alt=\"\" srcset=\"https:\/\/sollux-lighting.com\/wp-content\/uploads\/2023\/03\/0848-1-k.jpg 750w, https:\/\/sollux-lighting.com\/wp-content\/uploads\/2023\/03\/0848-1-k-300x300.jpg 300w, https:\/\/sollux-lighting.com\/wp-content\/uploads\/2023\/03\/0848-1-k-150x150.jpg 150w, https:\/\/sollux-lighting.com\/wp-content\/uploads\/2023\/03\/0848-1-k-600x600.jpg 600w, https:\/\/sollux-lighting.com\/wp-content\/uploads\/2023\/03\/0848-1-k-100x100.jpg 100w\" sizes=\"(max-width: 750px) 100vw, 750px\" \/>\t\t\t\t\t\t\t\t<\/a>\n\t\t\t\t\t\t\t\t\t\t\t\t\t\t\t<\/div>\n\t\t\t\t<\/div>\n\t\t\t\t<div class=\"elementor-element elementor-element-7bade7f elementor-widget elementor-widget-heading\" data-id=\"7bade7f\" data-element_type=\"widget\" data-widget_type=\"heading.default\">\n\t\t\t\t<div class=\"elementor-widget-container\">\n\t\t\t\t\t<h2 class=\"elementor-heading-title elementor-size-default\"><a href=\"https:\/\/sollux-lighting.com\/es\/nasza-oferta\/lampara-colgante\/lampada-a-sospensione-in-ceramica-flawiusz\/\">Lampada a sospensione in ceramica FLAWIUSZ<\/a><\/h2>\t\t\t\t<\/div>\n\t\t\t\t<\/div>\n\t\t\t\t\t<\/div>\n\t\t\t\t<\/div>\n\t\t\t\t<\/div>\n\t\t<\/div><div class=\"jet-listing-grid__item jet-listing-dynamic-post-74053\" data-post-id=\"74053\"  >\t\t<div data-elementor-type=\"jet-listing-items\" data-elementor-id=\"1560\" class=\"elementor elementor-1560\" data-elementor-post-type=\"jet-engine\">\n\t\t\t\t<div class=\"elementor-element elementor-element-81809e2 e-flex e-con-boxed e-con e-parent\" data-id=\"81809e2\" data-element_type=\"container\" data-settings=\"{&quot;jet_parallax_layout_list&quot;:[]}\">\n\t\t\t\t\t<div class=\"e-con-inner\">\n\t\t\t\t<div class=\"elementor-element elementor-element-5a9dd49 elementor-widget elementor-widget-image\" data-id=\"5a9dd49\" data-element_type=\"widget\" data-widget_type=\"image.default\">\n\t\t\t\t<div class=\"elementor-widget-container\">\n\t\t\t\t\t\t\t\t\t\t\t\t\t\t\t\t<a href=\"https:\/\/sollux-lighting.com\/es\/nasza-oferta\/lampara-colgante\/lampada-a-sospensione-in-ceramica-gulcan\/\">\n\t\t\t\t\t\t\t<img loading=\"lazy\" decoding=\"async\" width=\"750\" height=\"750\" src=\"https:\/\/sollux-lighting.com\/wp-content\/uploads\/2023\/03\/0849-1-k.jpg\" class=\"attachment-large size-large wp-image-53336\" alt=\"\" srcset=\"https:\/\/sollux-lighting.com\/wp-content\/uploads\/2023\/03\/0849-1-k.jpg 750w, https:\/\/sollux-lighting.com\/wp-content\/uploads\/2023\/03\/0849-1-k-300x300.jpg 300w, https:\/\/sollux-lighting.com\/wp-content\/uploads\/2023\/03\/0849-1-k-150x150.jpg 150w, https:\/\/sollux-lighting.com\/wp-content\/uploads\/2023\/03\/0849-1-k-600x600.jpg 600w, https:\/\/sollux-lighting.com\/wp-content\/uploads\/2023\/03\/0849-1-k-100x100.jpg 100w\" sizes=\"(max-width: 750px) 100vw, 750px\" \/>\t\t\t\t\t\t\t\t<\/a>\n\t\t\t\t\t\t\t\t\t\t\t\t\t\t\t<\/div>\n\t\t\t\t<\/div>\n\t\t\t\t<div class=\"elementor-element elementor-element-7bade7f elementor-widget elementor-widget-heading\" data-id=\"7bade7f\" data-element_type=\"widget\" data-widget_type=\"heading.default\">\n\t\t\t\t<div class=\"elementor-widget-container\">\n\t\t\t\t\t<h2 class=\"elementor-heading-title elementor-size-default\"><a href=\"https:\/\/sollux-lighting.com\/es\/nasza-oferta\/lampara-colgante\/lampada-a-sospensione-in-ceramica-gulcan\/\">Lampada a sospensione in ceramica GULCAN<\/a><\/h2>\t\t\t\t<\/div>\n\t\t\t\t<\/div>\n\t\t\t\t\t<\/div>\n\t\t\t\t<\/div>\n\t\t\t\t<\/div>\n\t\t<\/div><div class=\"jet-listing-grid__item jet-listing-dynamic-post-74054\" data-post-id=\"74054\"  >\t\t<div data-elementor-type=\"jet-listing-items\" data-elementor-id=\"1560\" class=\"elementor elementor-1560\" data-elementor-post-type=\"jet-engine\">\n\t\t\t\t<div class=\"elementor-element elementor-element-81809e2 e-flex e-con-boxed e-con e-parent\" data-id=\"81809e2\" data-element_type=\"container\" data-settings=\"{&quot;jet_parallax_layout_list&quot;:[]}\">\n\t\t\t\t\t<div class=\"e-con-inner\">\n\t\t\t\t<div class=\"elementor-element elementor-element-5a9dd49 elementor-widget elementor-widget-image\" data-id=\"5a9dd49\" data-element_type=\"widget\" data-widget_type=\"image.default\">\n\t\t\t\t<div class=\"elementor-widget-container\">\n\t\t\t\t\t\t\t\t\t\t\t\t\t\t\t\t<a href=\"https:\/\/sollux-lighting.com\/es\/nasza-oferta\/lampara-de-techo\/lampada-da-parete-in-ceramica-seida\/\">\n\t\t\t\t\t\t\t<img loading=\"lazy\" decoding=\"async\" width=\"750\" height=\"750\" src=\"https:\/\/sollux-lighting.com\/wp-content\/uploads\/2023\/03\/0850-1-k.jpg\" class=\"attachment-large size-large wp-image-53360\" alt=\"\" srcset=\"https:\/\/sollux-lighting.com\/wp-content\/uploads\/2023\/03\/0850-1-k.jpg 750w, https:\/\/sollux-lighting.com\/wp-content\/uploads\/2023\/03\/0850-1-k-300x300.jpg 300w, https:\/\/sollux-lighting.com\/wp-content\/uploads\/2023\/03\/0850-1-k-150x150.jpg 150w, https:\/\/sollux-lighting.com\/wp-content\/uploads\/2023\/03\/0850-1-k-600x600.jpg 600w, https:\/\/sollux-lighting.com\/wp-content\/uploads\/2023\/03\/0850-1-k-100x100.jpg 100w\" sizes=\"(max-width: 750px) 100vw, 750px\" \/>\t\t\t\t\t\t\t\t<\/a>\n\t\t\t\t\t\t\t\t\t\t\t\t\t\t\t<\/div>\n\t\t\t\t<\/div>\n\t\t\t\t<div class=\"elementor-element elementor-element-7bade7f elementor-widget elementor-widget-heading\" data-id=\"7bade7f\" data-element_type=\"widget\" data-widget_type=\"heading.default\">\n\t\t\t\t<div class=\"elementor-widget-container\">\n\t\t\t\t\t<h2 class=\"elementor-heading-title elementor-size-default\"><a href=\"https:\/\/sollux-lighting.com\/es\/nasza-oferta\/lampara-de-techo\/lampada-da-parete-in-ceramica-seida\/\">Lampada da parete in ceramica SEIDA<\/a><\/h2>\t\t\t\t<\/div>\n\t\t\t\t<\/div>\n\t\t\t\t\t<\/div>\n\t\t\t\t<\/div>\n\t\t\t\t<\/div>\n\t\t<\/div><div class=\"jet-listing-grid__item jet-listing-dynamic-post-74061\" data-post-id=\"74061\"  >\t\t<div data-elementor-type=\"jet-listing-items\" data-elementor-id=\"1560\" class=\"elementor elementor-1560\" data-elementor-post-type=\"jet-engine\">\n\t\t\t\t<div class=\"elementor-element elementor-element-81809e2 e-flex e-con-boxed e-con e-parent\" data-id=\"81809e2\" data-element_type=\"container\" data-settings=\"{&quot;jet_parallax_layout_list&quot;:[]}\">\n\t\t\t\t\t<div class=\"e-con-inner\">\n\t\t\t\t<div class=\"elementor-element elementor-element-5a9dd49 elementor-widget elementor-widget-image\" data-id=\"5a9dd49\" data-element_type=\"widget\" data-widget_type=\"image.default\">\n\t\t\t\t<div class=\"elementor-widget-container\">\n\t\t\t\t\t\t\t\t\t\t\t\t\t\t\t\t<a href=\"https:\/\/sollux-lighting.com\/es\/nasza-oferta\/lampara-de-pared\/lampada-da-parete-in-ceramica-sigma-grigio\/\">\n\t\t\t\t\t\t\t<img loading=\"lazy\" decoding=\"async\" width=\"750\" height=\"750\" src=\"https:\/\/sollux-lighting.com\/wp-content\/uploads\/2023\/03\/0869-1-k.jpg\" class=\"attachment-large size-large wp-image-53642\" alt=\"\" srcset=\"https:\/\/sollux-lighting.com\/wp-content\/uploads\/2023\/03\/0869-1-k.jpg 750w, https:\/\/sollux-lighting.com\/wp-content\/uploads\/2023\/03\/0869-1-k-300x300.jpg 300w, https:\/\/sollux-lighting.com\/wp-content\/uploads\/2023\/03\/0869-1-k-150x150.jpg 150w, https:\/\/sollux-lighting.com\/wp-content\/uploads\/2023\/03\/0869-1-k-600x600.jpg 600w, https:\/\/sollux-lighting.com\/wp-content\/uploads\/2023\/03\/0869-1-k-100x100.jpg 100w\" sizes=\"(max-width: 750px) 100vw, 750px\" \/>\t\t\t\t\t\t\t\t<\/a>\n\t\t\t\t\t\t\t\t\t\t\t\t\t\t\t<\/div>\n\t\t\t\t<\/div>\n\t\t\t\t<div class=\"elementor-element elementor-element-7bade7f elementor-widget elementor-widget-heading\" data-id=\"7bade7f\" data-element_type=\"widget\" data-widget_type=\"heading.default\">\n\t\t\t\t<div class=\"elementor-widget-container\">\n\t\t\t\t\t<h2 class=\"elementor-heading-title elementor-size-default\"><a href=\"https:\/\/sollux-lighting.com\/es\/nasza-oferta\/lampara-de-pared\/lampada-da-parete-in-ceramica-sigma-grigio\/\">Lampada da parete in ceramica SIGMA grigio<\/a><\/h2>\t\t\t\t<\/div>\n\t\t\t\t<\/div>\n\t\t\t\t\t<\/div>\n\t\t\t\t<\/div>\n\t\t\t\t<\/div>\n\t\t<\/div><div class=\"jet-listing-grid__item jet-listing-dynamic-post-74039\" data-post-id=\"74039\"  >\t\t<div data-elementor-type=\"jet-listing-items\" data-elementor-id=\"1560\" class=\"elementor elementor-1560\" data-elementor-post-type=\"jet-engine\">\n\t\t\t\t<div class=\"elementor-element elementor-element-81809e2 e-flex e-con-boxed e-con e-parent\" data-id=\"81809e2\" data-element_type=\"container\" data-settings=\"{&quot;jet_parallax_layout_list&quot;:[]}\">\n\t\t\t\t\t<div class=\"e-con-inner\">\n\t\t\t\t<div class=\"elementor-element elementor-element-5a9dd49 elementor-widget elementor-widget-image\" data-id=\"5a9dd49\" data-element_type=\"widget\" data-widget_type=\"image.default\">\n\t\t\t\t<div class=\"elementor-widget-container\">\n\t\t\t\t\t\t\t\t\t\t\t\t\t\t\t\t<a href=\"https:\/\/sollux-lighting.com\/es\/nasza-oferta\/lampara-de-pared\/lampada-da-parete-in-ceramica-vixen\/\">\n\t\t\t\t\t\t\t<img loading=\"lazy\" decoding=\"async\" width=\"750\" height=\"750\" src=\"https:\/\/sollux-lighting.com\/wp-content\/uploads\/2023\/03\/0834-1-k.jpg\" class=\"attachment-large size-large wp-image-53018\" alt=\"\" srcset=\"https:\/\/sollux-lighting.com\/wp-content\/uploads\/2023\/03\/0834-1-k.jpg 750w, https:\/\/sollux-lighting.com\/wp-content\/uploads\/2023\/03\/0834-1-k-300x300.jpg 300w, https:\/\/sollux-lighting.com\/wp-content\/uploads\/2023\/03\/0834-1-k-150x150.jpg 150w, https:\/\/sollux-lighting.com\/wp-content\/uploads\/2023\/03\/0834-1-k-600x600.jpg 600w, https:\/\/sollux-lighting.com\/wp-content\/uploads\/2023\/03\/0834-1-k-100x100.jpg 100w\" sizes=\"(max-width: 750px) 100vw, 750px\" \/>\t\t\t\t\t\t\t\t<\/a>\n\t\t\t\t\t\t\t\t\t\t\t\t\t\t\t<\/div>\n\t\t\t\t<\/div>\n\t\t\t\t<div class=\"elementor-element elementor-element-7bade7f elementor-widget elementor-widget-heading\" data-id=\"7bade7f\" data-element_type=\"widget\" data-widget_type=\"heading.default\">\n\t\t\t\t<div class=\"elementor-widget-container\">\n\t\t\t\t\t<h2 class=\"elementor-heading-title elementor-size-default\"><a href=\"https:\/\/sollux-lighting.com\/es\/nasza-oferta\/lampara-de-pared\/lampada-da-parete-in-ceramica-vixen\/\">Lampada da parete in ceramica VIXEN<\/a><\/h2>\t\t\t\t<\/div>\n\t\t\t\t<\/div>\n\t\t\t\t\t<\/div>\n\t\t\t\t<\/div>\n\t\t\t\t<\/div>\n\t\t<\/div><div class=\"jet-listing-grid__item jet-listing-dynamic-post-74040\" data-post-id=\"74040\"  >\t\t<div data-elementor-type=\"jet-listing-items\" data-elementor-id=\"1560\" class=\"elementor elementor-1560\" data-elementor-post-type=\"jet-engine\">\n\t\t\t\t<div class=\"elementor-element elementor-element-81809e2 e-flex e-con-boxed e-con e-parent\" data-id=\"81809e2\" data-element_type=\"container\" data-settings=\"{&quot;jet_parallax_layout_list&quot;:[]}\">\n\t\t\t\t\t<div class=\"e-con-inner\">\n\t\t\t\t<div class=\"elementor-element elementor-element-5a9dd49 elementor-widget elementor-widget-image\" data-id=\"5a9dd49\" data-element_type=\"widget\" data-widget_type=\"image.default\">\n\t\t\t\t<div class=\"elementor-widget-container\">\n\t\t\t\t\t\t\t\t\t\t\t\t\t\t\t\t<a href=\"https:\/\/sollux-lighting.com\/es\/nasza-oferta\/lampara-de-pared\/lampada-da-parete-in-ceramica-pontius\/\">\n\t\t\t\t\t\t\t<img loading=\"lazy\" decoding=\"async\" width=\"750\" height=\"750\" src=\"https:\/\/sollux-lighting.com\/wp-content\/uploads\/2023\/03\/0835-1-k.jpg\" class=\"attachment-large size-large wp-image-53033\" alt=\"\" srcset=\"https:\/\/sollux-lighting.com\/wp-content\/uploads\/2023\/03\/0835-1-k.jpg 750w, https:\/\/sollux-lighting.com\/wp-content\/uploads\/2023\/03\/0835-1-k-300x300.jpg 300w, https:\/\/sollux-lighting.com\/wp-content\/uploads\/2023\/03\/0835-1-k-150x150.jpg 150w, https:\/\/sollux-lighting.com\/wp-content\/uploads\/2023\/03\/0835-1-k-600x600.jpg 600w, https:\/\/sollux-lighting.com\/wp-content\/uploads\/2023\/03\/0835-1-k-100x100.jpg 100w\" sizes=\"(max-width: 750px) 100vw, 750px\" \/>\t\t\t\t\t\t\t\t<\/a>\n\t\t\t\t\t\t\t\t\t\t\t\t\t\t\t<\/div>\n\t\t\t\t<\/div>\n\t\t\t\t<div class=\"elementor-element elementor-element-7bade7f elementor-widget elementor-widget-heading\" data-id=\"7bade7f\" data-element_type=\"widget\" data-widget_type=\"heading.default\">\n\t\t\t\t<div class=\"elementor-widget-container\">\n\t\t\t\t\t<h2 class=\"elementor-heading-title elementor-size-default\"><a href=\"https:\/\/sollux-lighting.com\/es\/nasza-oferta\/lampara-de-pared\/lampada-da-parete-in-ceramica-pontius\/\">Lampada da parete in ceramica PONTIUS<\/a><\/h2>\t\t\t\t<\/div>\n\t\t\t\t<\/div>\n\t\t\t\t\t<\/div>\n\t\t\t\t<\/div>\n\t\t\t\t<\/div>\n\t\t<\/div><div class=\"jet-listing-grid__item jet-listing-dynamic-post-74041\" data-post-id=\"74041\"  >\t\t<div data-elementor-type=\"jet-listing-items\" data-elementor-id=\"1560\" class=\"elementor elementor-1560\" data-elementor-post-type=\"jet-engine\">\n\t\t\t\t<div class=\"elementor-element elementor-element-81809e2 e-flex e-con-boxed e-con e-parent\" data-id=\"81809e2\" data-element_type=\"container\" data-settings=\"{&quot;jet_parallax_layout_list&quot;:[]}\">\n\t\t\t\t\t<div class=\"e-con-inner\">\n\t\t\t\t<div class=\"elementor-element elementor-element-5a9dd49 elementor-widget elementor-widget-image\" data-id=\"5a9dd49\" data-element_type=\"widget\" data-widget_type=\"image.default\">\n\t\t\t\t<div class=\"elementor-widget-container\">\n\t\t\t\t\t\t\t\t\t\t\t\t\t\t\t\t<a href=\"https:\/\/sollux-lighting.com\/es\/nasza-oferta\/lampara-de-pared\/lampada-da-parete-in-ceramica-taugan\/\">\n\t\t\t\t\t\t\t<img loading=\"lazy\" decoding=\"async\" width=\"750\" height=\"750\" src=\"https:\/\/sollux-lighting.com\/wp-content\/uploads\/2023\/03\/0836-1-k.jpg\" class=\"attachment-large size-large wp-image-53048\" alt=\"\" srcset=\"https:\/\/sollux-lighting.com\/wp-content\/uploads\/2023\/03\/0836-1-k.jpg 750w, https:\/\/sollux-lighting.com\/wp-content\/uploads\/2023\/03\/0836-1-k-300x300.jpg 300w, https:\/\/sollux-lighting.com\/wp-content\/uploads\/2023\/03\/0836-1-k-150x150.jpg 150w, https:\/\/sollux-lighting.com\/wp-content\/uploads\/2023\/03\/0836-1-k-600x600.jpg 600w, https:\/\/sollux-lighting.com\/wp-content\/uploads\/2023\/03\/0836-1-k-100x100.jpg 100w\" sizes=\"(max-width: 750px) 100vw, 750px\" \/>\t\t\t\t\t\t\t\t<\/a>\n\t\t\t\t\t\t\t\t\t\t\t\t\t\t\t<\/div>\n\t\t\t\t<\/div>\n\t\t\t\t<div class=\"elementor-element elementor-element-7bade7f elementor-widget elementor-widget-heading\" data-id=\"7bade7f\" data-element_type=\"widget\" data-widget_type=\"heading.default\">\n\t\t\t\t<div class=\"elementor-widget-container\">\n\t\t\t\t\t<h2 class=\"elementor-heading-title elementor-size-default\"><a href=\"https:\/\/sollux-lighting.com\/es\/nasza-oferta\/lampara-de-pared\/lampada-da-parete-in-ceramica-taugan\/\">Lampada da parete in ceramica TAUGAN<\/a><\/h2>\t\t\t\t<\/div>\n\t\t\t\t<\/div>\n\t\t\t\t\t<\/div>\n\t\t\t\t<\/div>\n\t\t\t\t<\/div>\n\t\t<\/div><div class=\"jet-listing-grid__item jet-listing-dynamic-post-74042\" data-post-id=\"74042\"  >\t\t<div data-elementor-type=\"jet-listing-items\" data-elementor-id=\"1560\" class=\"elementor elementor-1560\" data-elementor-post-type=\"jet-engine\">\n\t\t\t\t<div class=\"elementor-element elementor-element-81809e2 e-flex e-con-boxed e-con e-parent\" data-id=\"81809e2\" data-element_type=\"container\" data-settings=\"{&quot;jet_parallax_layout_list&quot;:[]}\">\n\t\t\t\t\t<div class=\"e-con-inner\">\n\t\t\t\t<div class=\"elementor-element elementor-element-5a9dd49 elementor-widget elementor-widget-image\" data-id=\"5a9dd49\" data-element_type=\"widget\" data-widget_type=\"image.default\">\n\t\t\t\t<div class=\"elementor-widget-container\">\n\t\t\t\t\t\t\t\t\t\t\t\t\t\t\t\t<a href=\"https:\/\/sollux-lighting.com\/es\/nasza-oferta\/lampara-de-pared\/lampada-da-parete-in-ceramica-hattor\/\">\n\t\t\t\t\t\t\t<img loading=\"lazy\" decoding=\"async\" width=\"750\" height=\"750\" src=\"https:\/\/sollux-lighting.com\/wp-content\/uploads\/2023\/03\/0837-1-k.jpg\" class=\"attachment-large size-large wp-image-53072\" alt=\"\" srcset=\"https:\/\/sollux-lighting.com\/wp-content\/uploads\/2023\/03\/0837-1-k.jpg 750w, https:\/\/sollux-lighting.com\/wp-content\/uploads\/2023\/03\/0837-1-k-300x300.jpg 300w, https:\/\/sollux-lighting.com\/wp-content\/uploads\/2023\/03\/0837-1-k-150x150.jpg 150w, https:\/\/sollux-lighting.com\/wp-content\/uploads\/2023\/03\/0837-1-k-600x600.jpg 600w, https:\/\/sollux-lighting.com\/wp-content\/uploads\/2023\/03\/0837-1-k-100x100.jpg 100w\" sizes=\"(max-width: 750px) 100vw, 750px\" \/>\t\t\t\t\t\t\t\t<\/a>\n\t\t\t\t\t\t\t\t\t\t\t\t\t\t\t<\/div>\n\t\t\t\t<\/div>\n\t\t\t\t<div class=\"elementor-element elementor-element-7bade7f elementor-widget elementor-widget-heading\" data-id=\"7bade7f\" data-element_type=\"widget\" data-widget_type=\"heading.default\">\n\t\t\t\t<div class=\"elementor-widget-container\">\n\t\t\t\t\t<h2 class=\"elementor-heading-title elementor-size-default\"><a href=\"https:\/\/sollux-lighting.com\/es\/nasza-oferta\/lampara-de-pared\/lampada-da-parete-in-ceramica-hattor\/\">Lampada da parete in ceramica HATTOR<\/a><\/h2>\t\t\t\t<\/div>\n\t\t\t\t<\/div>\n\t\t\t\t\t<\/div>\n\t\t\t\t<\/div>\n\t\t\t\t<\/div>\n\t\t<\/div><div class=\"jet-listing-grid__item jet-listing-dynamic-post-74043\" data-post-id=\"74043\"  >\t\t<div data-elementor-type=\"jet-listing-items\" data-elementor-id=\"1560\" class=\"elementor elementor-1560\" data-elementor-post-type=\"jet-engine\">\n\t\t\t\t<div class=\"elementor-element elementor-element-81809e2 e-flex e-con-boxed e-con e-parent\" data-id=\"81809e2\" data-element_type=\"container\" data-settings=\"{&quot;jet_parallax_layout_list&quot;:[]}\">\n\t\t\t\t\t<div class=\"e-con-inner\">\n\t\t\t\t<div class=\"elementor-element elementor-element-5a9dd49 elementor-widget elementor-widget-image\" data-id=\"5a9dd49\" data-element_type=\"widget\" data-widget_type=\"image.default\">\n\t\t\t\t<div class=\"elementor-widget-container\">\n\t\t\t\t\t\t\t\t\t\t\t\t\t\t\t\t<a href=\"https:\/\/sollux-lighting.com\/es\/nasza-oferta\/lampara-de-pared\/lampada-da-parete-in-ceramica-lana\/\">\n\t\t\t\t\t\t\t<img loading=\"lazy\" decoding=\"async\" width=\"750\" height=\"750\" src=\"https:\/\/sollux-lighting.com\/wp-content\/uploads\/2023\/03\/0838-1-k.jpg\" class=\"attachment-large size-large wp-image-53096\" alt=\"\" srcset=\"https:\/\/sollux-lighting.com\/wp-content\/uploads\/2023\/03\/0838-1-k.jpg 750w, https:\/\/sollux-lighting.com\/wp-content\/uploads\/2023\/03\/0838-1-k-300x300.jpg 300w, https:\/\/sollux-lighting.com\/wp-content\/uploads\/2023\/03\/0838-1-k-150x150.jpg 150w, https:\/\/sollux-lighting.com\/wp-content\/uploads\/2023\/03\/0838-1-k-600x600.jpg 600w, https:\/\/sollux-lighting.com\/wp-content\/uploads\/2023\/03\/0838-1-k-100x100.jpg 100w\" sizes=\"(max-width: 750px) 100vw, 750px\" \/>\t\t\t\t\t\t\t\t<\/a>\n\t\t\t\t\t\t\t\t\t\t\t\t\t\t\t<\/div>\n\t\t\t\t<\/div>\n\t\t\t\t<div class=\"elementor-element elementor-element-7bade7f elementor-widget elementor-widget-heading\" data-id=\"7bade7f\" data-element_type=\"widget\" data-widget_type=\"heading.default\">\n\t\t\t\t<div class=\"elementor-widget-container\">\n\t\t\t\t\t<h2 class=\"elementor-heading-title elementor-size-default\"><a href=\"https:\/\/sollux-lighting.com\/es\/nasza-oferta\/lampara-de-pared\/lampada-da-parete-in-ceramica-lana\/\">Lampada da parete in ceramica LANA<\/a><\/h2>\t\t\t\t<\/div>\n\t\t\t\t<\/div>\n\t\t\t\t\t<\/div>\n\t\t\t\t<\/div>\n\t\t\t\t<\/div>\n\t\t<\/div><div class=\"jet-listing-grid__item jet-listing-dynamic-post-74044\" data-post-id=\"74044\"  >\t\t<div data-elementor-type=\"jet-listing-items\" data-elementor-id=\"1560\" class=\"elementor elementor-1560\" data-elementor-post-type=\"jet-engine\">\n\t\t\t\t<div class=\"elementor-element elementor-element-81809e2 e-flex e-con-boxed e-con e-parent\" data-id=\"81809e2\" data-element_type=\"container\" data-settings=\"{&quot;jet_parallax_layout_list&quot;:[]}\">\n\t\t\t\t\t<div class=\"e-con-inner\">\n\t\t\t\t<div class=\"elementor-element elementor-element-5a9dd49 elementor-widget elementor-widget-image\" data-id=\"5a9dd49\" data-element_type=\"widget\" data-widget_type=\"image.default\">\n\t\t\t\t<div class=\"elementor-widget-container\">\n\t\t\t\t\t\t\t\t\t\t\t\t\t\t\t\t<a href=\"https:\/\/sollux-lighting.com\/es\/nasza-oferta\/lampara-de-pared\/lampada-da-parete-in-ceramica-nesta\/\">\n\t\t\t\t\t\t\t<img loading=\"lazy\" decoding=\"async\" width=\"750\" height=\"750\" src=\"https:\/\/sollux-lighting.com\/wp-content\/uploads\/2023\/03\/0839-1-k.jpg\" class=\"attachment-large size-large wp-image-53120\" alt=\"\" srcset=\"https:\/\/sollux-lighting.com\/wp-content\/uploads\/2023\/03\/0839-1-k.jpg 750w, https:\/\/sollux-lighting.com\/wp-content\/uploads\/2023\/03\/0839-1-k-300x300.jpg 300w, https:\/\/sollux-lighting.com\/wp-content\/uploads\/2023\/03\/0839-1-k-150x150.jpg 150w, https:\/\/sollux-lighting.com\/wp-content\/uploads\/2023\/03\/0839-1-k-600x600.jpg 600w, https:\/\/sollux-lighting.com\/wp-content\/uploads\/2023\/03\/0839-1-k-100x100.jpg 100w\" sizes=\"(max-width: 750px) 100vw, 750px\" \/>\t\t\t\t\t\t\t\t<\/a>\n\t\t\t\t\t\t\t\t\t\t\t\t\t\t\t<\/div>\n\t\t\t\t<\/div>\n\t\t\t\t<div class=\"elementor-element elementor-element-7bade7f elementor-widget elementor-widget-heading\" data-id=\"7bade7f\" data-element_type=\"widget\" data-widget_type=\"heading.default\">\n\t\t\t\t<div class=\"elementor-widget-container\">\n\t\t\t\t\t<h2 class=\"elementor-heading-title elementor-size-default\"><a href=\"https:\/\/sollux-lighting.com\/es\/nasza-oferta\/lampara-de-pared\/lampada-da-parete-in-ceramica-nesta\/\">Lampada da parete in ceramica NESTA<\/a><\/h2>\t\t\t\t<\/div>\n\t\t\t\t<\/div>\n\t\t\t\t\t<\/div>\n\t\t\t\t<\/div>\n\t\t\t\t<\/div>\n\t\t<\/div><div class=\"jet-listing-grid__item jet-listing-dynamic-post-74045\" data-post-id=\"74045\"  >\t\t<div data-elementor-type=\"jet-listing-items\" data-elementor-id=\"1560\" class=\"elementor elementor-1560\" data-elementor-post-type=\"jet-engine\">\n\t\t\t\t<div class=\"elementor-element elementor-element-81809e2 e-flex e-con-boxed e-con e-parent\" data-id=\"81809e2\" data-element_type=\"container\" data-settings=\"{&quot;jet_parallax_layout_list&quot;:[]}\">\n\t\t\t\t\t<div class=\"e-con-inner\">\n\t\t\t\t<div class=\"elementor-element elementor-element-5a9dd49 elementor-widget elementor-widget-image\" data-id=\"5a9dd49\" data-element_type=\"widget\" data-widget_type=\"image.default\">\n\t\t\t\t<div class=\"elementor-widget-container\">\n\t\t\t\t\t\t\t\t\t\t\t\t\t\t\t\t<a href=\"https:\/\/sollux-lighting.com\/es\/nasza-oferta\/lampara-de-pared\/lampada-da-parete-in-ceramica-subani\/\">\n\t\t\t\t\t\t\t<img loading=\"lazy\" decoding=\"async\" width=\"750\" height=\"750\" src=\"https:\/\/sollux-lighting.com\/wp-content\/uploads\/2023\/03\/0840-1-k.jpg\" class=\"attachment-large size-large wp-image-53144\" alt=\"\" srcset=\"https:\/\/sollux-lighting.com\/wp-content\/uploads\/2023\/03\/0840-1-k.jpg 750w, https:\/\/sollux-lighting.com\/wp-content\/uploads\/2023\/03\/0840-1-k-300x300.jpg 300w, https:\/\/sollux-lighting.com\/wp-content\/uploads\/2023\/03\/0840-1-k-150x150.jpg 150w, https:\/\/sollux-lighting.com\/wp-content\/uploads\/2023\/03\/0840-1-k-600x600.jpg 600w, https:\/\/sollux-lighting.com\/wp-content\/uploads\/2023\/03\/0840-1-k-100x100.jpg 100w\" sizes=\"(max-width: 750px) 100vw, 750px\" \/>\t\t\t\t\t\t\t\t<\/a>\n\t\t\t\t\t\t\t\t\t\t\t\t\t\t\t<\/div>\n\t\t\t\t<\/div>\n\t\t\t\t<div class=\"elementor-element elementor-element-7bade7f elementor-widget elementor-widget-heading\" data-id=\"7bade7f\" data-element_type=\"widget\" data-widget_type=\"heading.default\">\n\t\t\t\t<div class=\"elementor-widget-container\">\n\t\t\t\t\t<h2 class=\"elementor-heading-title elementor-size-default\"><a href=\"https:\/\/sollux-lighting.com\/es\/nasza-oferta\/lampara-de-pared\/lampada-da-parete-in-ceramica-subani\/\">Lampada da parete in ceramica SUBANI<\/a><\/h2>\t\t\t\t<\/div>\n\t\t\t\t<\/div>\n\t\t\t\t\t<\/div>\n\t\t\t\t<\/div>\n\t\t\t\t<\/div>\n\t\t<\/div><div class=\"jet-listing-grid__item jet-listing-dynamic-post-74046\" data-post-id=\"74046\"  >\t\t<div data-elementor-type=\"jet-listing-items\" data-elementor-id=\"1560\" class=\"elementor elementor-1560\" data-elementor-post-type=\"jet-engine\">\n\t\t\t\t<div class=\"elementor-element elementor-element-81809e2 e-flex e-con-boxed e-con e-parent\" data-id=\"81809e2\" data-element_type=\"container\" data-settings=\"{&quot;jet_parallax_layout_list&quot;:[]}\">\n\t\t\t\t\t<div class=\"e-con-inner\">\n\t\t\t\t<div class=\"elementor-element elementor-element-5a9dd49 elementor-widget elementor-widget-image\" data-id=\"5a9dd49\" data-element_type=\"widget\" data-widget_type=\"image.default\">\n\t\t\t\t<div class=\"elementor-widget-container\">\n\t\t\t\t\t\t\t\t\t\t\t\t\t\t\t\t<a href=\"https:\/\/sollux-lighting.com\/es\/nasza-oferta\/lampara-de-techo\/lampada-da-parete-in-ceramica-kalu\/\">\n\t\t\t\t\t\t\t<img loading=\"lazy\" decoding=\"async\" width=\"750\" height=\"750\" src=\"https:\/\/sollux-lighting.com\/wp-content\/uploads\/2023\/03\/0841-1-k.jpg\" class=\"attachment-large size-large wp-image-53168\" alt=\"\" srcset=\"https:\/\/sollux-lighting.com\/wp-content\/uploads\/2023\/03\/0841-1-k.jpg 750w, https:\/\/sollux-lighting.com\/wp-content\/uploads\/2023\/03\/0841-1-k-300x300.jpg 300w, https:\/\/sollux-lighting.com\/wp-content\/uploads\/2023\/03\/0841-1-k-150x150.jpg 150w, https:\/\/sollux-lighting.com\/wp-content\/uploads\/2023\/03\/0841-1-k-600x600.jpg 600w, https:\/\/sollux-lighting.com\/wp-content\/uploads\/2023\/03\/0841-1-k-100x100.jpg 100w\" sizes=\"(max-width: 750px) 100vw, 750px\" \/>\t\t\t\t\t\t\t\t<\/a>\n\t\t\t\t\t\t\t\t\t\t\t\t\t\t\t<\/div>\n\t\t\t\t<\/div>\n\t\t\t\t<div class=\"elementor-element elementor-element-7bade7f elementor-widget elementor-widget-heading\" data-id=\"7bade7f\" data-element_type=\"widget\" data-widget_type=\"heading.default\">\n\t\t\t\t<div class=\"elementor-widget-container\">\n\t\t\t\t\t<h2 class=\"elementor-heading-title elementor-size-default\"><a href=\"https:\/\/sollux-lighting.com\/es\/nasza-oferta\/lampara-de-techo\/lampada-da-parete-in-ceramica-kalu\/\">Lampada da parete in ceramica KALU<\/a><\/h2>\t\t\t\t<\/div>\n\t\t\t\t<\/div>\n\t\t\t\t\t<\/div>\n\t\t\t\t<\/div>\n\t\t\t\t<\/div>\n\t\t<\/div><div class=\"jet-listing-grid__item jet-listing-dynamic-post-74047\" data-post-id=\"74047\"  >\t\t<div data-elementor-type=\"jet-listing-items\" data-elementor-id=\"1560\" class=\"elementor elementor-1560\" data-elementor-post-type=\"jet-engine\">\n\t\t\t\t<div class=\"elementor-element elementor-element-81809e2 e-flex e-con-boxed e-con e-parent\" data-id=\"81809e2\" data-element_type=\"container\" data-settings=\"{&quot;jet_parallax_layout_list&quot;:[]}\">\n\t\t\t\t\t<div class=\"e-con-inner\">\n\t\t\t\t<div class=\"elementor-element elementor-element-5a9dd49 elementor-widget elementor-widget-image\" data-id=\"5a9dd49\" data-element_type=\"widget\" data-widget_type=\"image.default\">\n\t\t\t\t<div class=\"elementor-widget-container\">\n\t\t\t\t\t\t\t\t\t\t\t\t\t\t\t\t<a href=\"https:\/\/sollux-lighting.com\/es\/nasza-oferta\/lampara-colgante\/lampada-a-sospensione-in-ceramica-bukano\/\">\n\t\t\t\t\t\t\t<img loading=\"lazy\" decoding=\"async\" width=\"750\" height=\"750\" src=\"https:\/\/sollux-lighting.com\/wp-content\/uploads\/2023\/03\/0842-1-k.jpg\" class=\"attachment-large size-large wp-image-53192\" alt=\"\" srcset=\"https:\/\/sollux-lighting.com\/wp-content\/uploads\/2023\/03\/0842-1-k.jpg 750w, https:\/\/sollux-lighting.com\/wp-content\/uploads\/2023\/03\/0842-1-k-300x300.jpg 300w, https:\/\/sollux-lighting.com\/wp-content\/uploads\/2023\/03\/0842-1-k-150x150.jpg 150w, https:\/\/sollux-lighting.com\/wp-content\/uploads\/2023\/03\/0842-1-k-600x600.jpg 600w, https:\/\/sollux-lighting.com\/wp-content\/uploads\/2023\/03\/0842-1-k-100x100.jpg 100w\" sizes=\"(max-width: 750px) 100vw, 750px\" \/>\t\t\t\t\t\t\t\t<\/a>\n\t\t\t\t\t\t\t\t\t\t\t\t\t\t\t<\/div>\n\t\t\t\t<\/div>\n\t\t\t\t<div class=\"elementor-element elementor-element-7bade7f elementor-widget elementor-widget-heading\" data-id=\"7bade7f\" data-element_type=\"widget\" data-widget_type=\"heading.default\">\n\t\t\t\t<div class=\"elementor-widget-container\">\n\t\t\t\t\t<h2 class=\"elementor-heading-title elementor-size-default\"><a href=\"https:\/\/sollux-lighting.com\/es\/nasza-oferta\/lampara-colgante\/lampada-a-sospensione-in-ceramica-bukano\/\">Lampada a sospensione in ceramica BUKANO<\/a><\/h2>\t\t\t\t<\/div>\n\t\t\t\t<\/div>\n\t\t\t\t\t<\/div>\n\t\t\t\t<\/div>\n\t\t\t\t<\/div>\n\t\t<\/div><div class=\"jet-listing-grid__item jet-listing-dynamic-post-73693\" data-post-id=\"73693\"  >\t\t<div data-elementor-type=\"jet-listing-items\" data-elementor-id=\"1560\" class=\"elementor elementor-1560\" data-elementor-post-type=\"jet-engine\">\n\t\t\t\t<div class=\"elementor-element elementor-element-81809e2 e-flex e-con-boxed e-con e-parent\" data-id=\"81809e2\" data-element_type=\"container\" data-settings=\"{&quot;jet_parallax_layout_list&quot;:[]}\">\n\t\t\t\t\t<div class=\"e-con-inner\">\n\t\t\t\t<div class=\"elementor-element elementor-element-5a9dd49 elementor-widget elementor-widget-image\" data-id=\"5a9dd49\" data-element_type=\"widget\" data-widget_type=\"image.default\">\n\t\t\t\t<div class=\"elementor-widget-container\">\n\t\t\t\t\t\t\t\t\t\t\t\t\t\t\t\t<a href=\"https:\/\/sollux-lighting.com\/es\/nasza-oferta\/lampara-de-pared\/lampada-da-parete-in-ceramica-vega-line\/\">\n\t\t\t\t\t\t\t<img loading=\"lazy\" decoding=\"async\" width=\"750\" height=\"750\" src=\"https:\/\/sollux-lighting.com\/wp-content\/uploads\/2023\/03\/0231-1-k.jpg\" class=\"attachment-large size-large wp-image-44345\" alt=\"\" srcset=\"https:\/\/sollux-lighting.com\/wp-content\/uploads\/2023\/03\/0231-1-k.jpg 750w, https:\/\/sollux-lighting.com\/wp-content\/uploads\/2023\/03\/0231-1-k-300x300.jpg 300w, https:\/\/sollux-lighting.com\/wp-content\/uploads\/2023\/03\/0231-1-k-150x150.jpg 150w, https:\/\/sollux-lighting.com\/wp-content\/uploads\/2023\/03\/0231-1-k-600x600.jpg 600w, https:\/\/sollux-lighting.com\/wp-content\/uploads\/2023\/03\/0231-1-k-100x100.jpg 100w\" sizes=\"(max-width: 750px) 100vw, 750px\" \/>\t\t\t\t\t\t\t\t<\/a>\n\t\t\t\t\t\t\t\t\t\t\t\t\t\t\t<\/div>\n\t\t\t\t<\/div>\n\t\t\t\t<div class=\"elementor-element elementor-element-7bade7f elementor-widget elementor-widget-heading\" data-id=\"7bade7f\" data-element_type=\"widget\" data-widget_type=\"heading.default\">\n\t\t\t\t<div class=\"elementor-widget-container\">\n\t\t\t\t\t<h2 class=\"elementor-heading-title elementor-size-default\"><a href=\"https:\/\/sollux-lighting.com\/es\/nasza-oferta\/lampara-de-pared\/lampada-da-parete-in-ceramica-vega-line\/\">Lampada da parete in ceramica VEGA LINE<\/a><\/h2>\t\t\t\t<\/div>\n\t\t\t\t<\/div>\n\t\t\t\t\t<\/div>\n\t\t\t\t<\/div>\n\t\t\t\t<\/div>\n\t\t<\/div><div class=\"jet-listing-grid__item jet-listing-dynamic-post-73691\" data-post-id=\"73691\"  >\t\t<div data-elementor-type=\"jet-listing-items\" data-elementor-id=\"1560\" class=\"elementor elementor-1560\" data-elementor-post-type=\"jet-engine\">\n\t\t\t\t<div class=\"elementor-element elementor-element-81809e2 e-flex e-con-boxed e-con e-parent\" data-id=\"81809e2\" data-element_type=\"container\" data-settings=\"{&quot;jet_parallax_layout_list&quot;:[]}\">\n\t\t\t\t\t<div class=\"e-con-inner\">\n\t\t\t\t<div class=\"elementor-element elementor-element-5a9dd49 elementor-widget elementor-widget-image\" data-id=\"5a9dd49\" data-element_type=\"widget\" data-widget_type=\"image.default\">\n\t\t\t\t<div class=\"elementor-widget-container\">\n\t\t\t\t\t\t\t\t\t\t\t\t\t\t\t\t<a href=\"https:\/\/sollux-lighting.com\/es\/nasza-oferta\/lampara-de-pared\/lampada-da-parete-in-ceramica-sigma-mini\/\">\n\t\t\t\t\t\t\t<img loading=\"lazy\" decoding=\"async\" width=\"750\" height=\"750\" src=\"https:\/\/sollux-lighting.com\/wp-content\/uploads\/2023\/03\/0229-1-k.jpg\" class=\"attachment-large size-large wp-image-44258\" alt=\"\" srcset=\"https:\/\/sollux-lighting.com\/wp-content\/uploads\/2023\/03\/0229-1-k.jpg 750w, https:\/\/sollux-lighting.com\/wp-content\/uploads\/2023\/03\/0229-1-k-300x300.jpg 300w, https:\/\/sollux-lighting.com\/wp-content\/uploads\/2023\/03\/0229-1-k-150x150.jpg 150w, https:\/\/sollux-lighting.com\/wp-content\/uploads\/2023\/03\/0229-1-k-600x600.jpg 600w, https:\/\/sollux-lighting.com\/wp-content\/uploads\/2023\/03\/0229-1-k-100x100.jpg 100w\" sizes=\"(max-width: 750px) 100vw, 750px\" \/>\t\t\t\t\t\t\t\t<\/a>\n\t\t\t\t\t\t\t\t\t\t\t\t\t\t\t<\/div>\n\t\t\t\t<\/div>\n\t\t\t\t<div class=\"elementor-element elementor-element-7bade7f elementor-widget elementor-widget-heading\" data-id=\"7bade7f\" data-element_type=\"widget\" data-widget_type=\"heading.default\">\n\t\t\t\t<div class=\"elementor-widget-container\">\n\t\t\t\t\t<h2 class=\"elementor-heading-title elementor-size-default\"><a href=\"https:\/\/sollux-lighting.com\/es\/nasza-oferta\/lampara-de-pared\/lampada-da-parete-in-ceramica-sigma-mini\/\">Lampada da parete in ceramica SIGMA MINI<\/a><\/h2>\t\t\t\t<\/div>\n\t\t\t\t<\/div>\n\t\t\t\t\t<\/div>\n\t\t\t\t<\/div>\n\t\t\t\t<\/div>\n\t\t<\/div><div class=\"jet-listing-grid__item jet-listing-dynamic-post-73692\" data-post-id=\"73692\"  >\t\t<div data-elementor-type=\"jet-listing-items\" data-elementor-id=\"1560\" class=\"elementor elementor-1560\" data-elementor-post-type=\"jet-engine\">\n\t\t\t\t<div class=\"elementor-element elementor-element-81809e2 e-flex e-con-boxed e-con e-parent\" data-id=\"81809e2\" data-element_type=\"container\" data-settings=\"{&quot;jet_parallax_layout_list&quot;:[]}\">\n\t\t\t\t\t<div class=\"e-con-inner\">\n\t\t\t\t<div class=\"elementor-element elementor-element-5a9dd49 elementor-widget elementor-widget-image\" data-id=\"5a9dd49\" data-element_type=\"widget\" data-widget_type=\"image.default\">\n\t\t\t\t<div class=\"elementor-widget-container\">\n\t\t\t\t\t\t\t\t\t\t\t\t\t\t\t\t<a href=\"https:\/\/sollux-lighting.com\/es\/nasza-oferta\/lampara-de-pared\/lampada-da-parete-in-ceramica-leo-line\/\">\n\t\t\t\t\t\t\t<img loading=\"lazy\" decoding=\"async\" width=\"750\" height=\"750\" src=\"https:\/\/sollux-lighting.com\/wp-content\/uploads\/2023\/03\/0230-1-k.jpg\" class=\"attachment-large size-large wp-image-44282\" alt=\"\" srcset=\"https:\/\/sollux-lighting.com\/wp-content\/uploads\/2023\/03\/0230-1-k.jpg 750w, https:\/\/sollux-lighting.com\/wp-content\/uploads\/2023\/03\/0230-1-k-300x300.jpg 300w, https:\/\/sollux-lighting.com\/wp-content\/uploads\/2023\/03\/0230-1-k-150x150.jpg 150w, https:\/\/sollux-lighting.com\/wp-content\/uploads\/2023\/03\/0230-1-k-600x600.jpg 600w, https:\/\/sollux-lighting.com\/wp-content\/uploads\/2023\/03\/0230-1-k-100x100.jpg 100w\" sizes=\"(max-width: 750px) 100vw, 750px\" \/>\t\t\t\t\t\t\t\t<\/a>\n\t\t\t\t\t\t\t\t\t\t\t\t\t\t\t<\/div>\n\t\t\t\t<\/div>\n\t\t\t\t<div class=\"elementor-element elementor-element-7bade7f elementor-widget elementor-widget-heading\" data-id=\"7bade7f\" data-element_type=\"widget\" data-widget_type=\"heading.default\">\n\t\t\t\t<div class=\"elementor-widget-container\">\n\t\t\t\t\t<h2 class=\"elementor-heading-title elementor-size-default\"><a href=\"https:\/\/sollux-lighting.com\/es\/nasza-oferta\/lampara-de-pared\/lampada-da-parete-in-ceramica-leo-line\/\">Lampada da parete in ceramica LEO LINE<\/a><\/h2>\t\t\t\t<\/div>\n\t\t\t\t<\/div>\n\t\t\t\t\t<\/div>\n\t\t\t\t<\/div>\n\t\t\t\t<\/div>\n\t\t<\/div><div class=\"jet-listing-grid__item jet-listing-dynamic-post-73664\" data-post-id=\"73664\"  >\t\t<div data-elementor-type=\"jet-listing-items\" data-elementor-id=\"1560\" class=\"elementor elementor-1560\" data-elementor-post-type=\"jet-engine\">\n\t\t\t\t<div class=\"elementor-element elementor-element-81809e2 e-flex e-con-boxed e-con e-parent\" data-id=\"81809e2\" data-element_type=\"container\" data-settings=\"{&quot;jet_parallax_layout_list&quot;:[]}\">\n\t\t\t\t\t<div class=\"e-con-inner\">\n\t\t\t\t<div class=\"elementor-element elementor-element-5a9dd49 elementor-widget elementor-widget-image\" data-id=\"5a9dd49\" data-element_type=\"widget\" data-widget_type=\"image.default\">\n\t\t\t\t<div class=\"elementor-widget-container\">\n\t\t\t\t\t\t\t\t\t\t\t\t\t\t\t\t<a href=\"https:\/\/sollux-lighting.com\/es\/nasza-oferta\/lampara-de-pared\/lampada-da-parete-in-ceramica-oskar\/\">\n\t\t\t\t\t\t\t<img loading=\"lazy\" decoding=\"async\" width=\"750\" height=\"750\" src=\"https:\/\/sollux-lighting.com\/wp-content\/uploads\/2023\/03\/0160-1-k.jpg\" class=\"attachment-large size-large wp-image-43595\" alt=\"\" srcset=\"https:\/\/sollux-lighting.com\/wp-content\/uploads\/2023\/03\/0160-1-k.jpg 750w, https:\/\/sollux-lighting.com\/wp-content\/uploads\/2023\/03\/0160-1-k-300x300.jpg 300w, https:\/\/sollux-lighting.com\/wp-content\/uploads\/2023\/03\/0160-1-k-150x150.jpg 150w, https:\/\/sollux-lighting.com\/wp-content\/uploads\/2023\/03\/0160-1-k-600x600.jpg 600w, https:\/\/sollux-lighting.com\/wp-content\/uploads\/2023\/03\/0160-1-k-100x100.jpg 100w\" sizes=\"(max-width: 750px) 100vw, 750px\" \/>\t\t\t\t\t\t\t\t<\/a>\n\t\t\t\t\t\t\t\t\t\t\t\t\t\t\t<\/div>\n\t\t\t\t<\/div>\n\t\t\t\t<div class=\"elementor-element elementor-element-7bade7f elementor-widget elementor-widget-heading\" data-id=\"7bade7f\" data-element_type=\"widget\" data-widget_type=\"heading.default\">\n\t\t\t\t<div class=\"elementor-widget-container\">\n\t\t\t\t\t<h2 class=\"elementor-heading-title elementor-size-default\"><a href=\"https:\/\/sollux-lighting.com\/es\/nasza-oferta\/lampara-de-pared\/lampada-da-parete-in-ceramica-oskar\/\">Lampada da parete in ceramica OSKAR<\/a><\/h2>\t\t\t\t<\/div>\n\t\t\t\t<\/div>\n\t\t\t\t\t<\/div>\n\t\t\t\t<\/div>\n\t\t\t\t<\/div>\n\t\t<\/div><div class=\"jet-listing-grid__item jet-listing-dynamic-post-73665\" data-post-id=\"73665\"  >\t\t<div data-elementor-type=\"jet-listing-items\" data-elementor-id=\"1560\" class=\"elementor elementor-1560\" data-elementor-post-type=\"jet-engine\">\n\t\t\t\t<div class=\"elementor-element elementor-element-81809e2 e-flex e-con-boxed e-con e-parent\" data-id=\"81809e2\" data-element_type=\"container\" data-settings=\"{&quot;jet_parallax_layout_list&quot;:[]}\">\n\t\t\t\t\t<div class=\"e-con-inner\">\n\t\t\t\t<div class=\"elementor-element elementor-element-5a9dd49 elementor-widget elementor-widget-image\" data-id=\"5a9dd49\" data-element_type=\"widget\" data-widget_type=\"image.default\">\n\t\t\t\t<div class=\"elementor-widget-container\">\n\t\t\t\t\t\t\t\t\t\t\t\t\t\t\t\t<a href=\"https:\/\/sollux-lighting.com\/es\/nasza-oferta\/lampara-de-pared\/lampada-da-parete-in-ceramica-samir\/\">\n\t\t\t\t\t\t\t<img loading=\"lazy\" decoding=\"async\" width=\"750\" height=\"750\" src=\"https:\/\/sollux-lighting.com\/wp-content\/uploads\/2023\/03\/0161-1-k.jpg\" class=\"attachment-large size-large wp-image-43622\" alt=\"\" srcset=\"https:\/\/sollux-lighting.com\/wp-content\/uploads\/2023\/03\/0161-1-k.jpg 750w, https:\/\/sollux-lighting.com\/wp-content\/uploads\/2023\/03\/0161-1-k-300x300.jpg 300w, https:\/\/sollux-lighting.com\/wp-content\/uploads\/2023\/03\/0161-1-k-150x150.jpg 150w, https:\/\/sollux-lighting.com\/wp-content\/uploads\/2023\/03\/0161-1-k-600x600.jpg 600w, https:\/\/sollux-lighting.com\/wp-content\/uploads\/2023\/03\/0161-1-k-100x100.jpg 100w\" sizes=\"(max-width: 750px) 100vw, 750px\" \/>\t\t\t\t\t\t\t\t<\/a>\n\t\t\t\t\t\t\t\t\t\t\t\t\t\t\t<\/div>\n\t\t\t\t<\/div>\n\t\t\t\t<div class=\"elementor-element elementor-element-7bade7f elementor-widget elementor-widget-heading\" data-id=\"7bade7f\" data-element_type=\"widget\" data-widget_type=\"heading.default\">\n\t\t\t\t<div class=\"elementor-widget-container\">\n\t\t\t\t\t<h2 class=\"elementor-heading-title elementor-size-default\"><a href=\"https:\/\/sollux-lighting.com\/es\/nasza-oferta\/lampara-de-pared\/lampada-da-parete-in-ceramica-samir\/\">Lampada da parete in ceramica SAMIR<\/a><\/h2>\t\t\t\t<\/div>\n\t\t\t\t<\/div>\n\t\t\t\t\t<\/div>\n\t\t\t\t<\/div>\n\t\t\t\t<\/div>\n\t\t<\/div><div class=\"jet-listing-grid__item jet-listing-dynamic-post-73583\" data-post-id=\"73583\"  >\t\t<div data-elementor-type=\"jet-listing-items\" data-elementor-id=\"1560\" class=\"elementor elementor-1560\" data-elementor-post-type=\"jet-engine\">\n\t\t\t\t<div class=\"elementor-element elementor-element-81809e2 e-flex e-con-boxed e-con e-parent\" data-id=\"81809e2\" data-element_type=\"container\" data-settings=\"{&quot;jet_parallax_layout_list&quot;:[]}\">\n\t\t\t\t\t<div class=\"e-con-inner\">\n\t\t\t\t<div class=\"elementor-element elementor-element-5a9dd49 elementor-widget elementor-widget-image\" data-id=\"5a9dd49\" data-element_type=\"widget\" data-widget_type=\"image.default\">\n\t\t\t\t<div class=\"elementor-widget-container\">\n\t\t\t\t\t\t\t\t\t\t\t\t\t\t\t\t<a href=\"https:\/\/sollux-lighting.com\/es\/nasza-oferta\/lampara-de-pared\/lampada-da-parete-in-ceramica-globe\/\">\n\t\t\t\t\t\t\t<img loading=\"lazy\" decoding=\"async\" width=\"800\" height=\"800\" src=\"https:\/\/sollux-lighting.com\/wp-content\/uploads\/2023\/02\/0032-1-k-1024x1024.jpg\" class=\"attachment-large size-large wp-image-38489\" alt=\"\" srcset=\"https:\/\/sollux-lighting.com\/wp-content\/uploads\/2023\/02\/0032-1-k-1024x1024.jpg 1024w, https:\/\/sollux-lighting.com\/wp-content\/uploads\/2023\/02\/0032-1-k-600x600.jpg 600w, https:\/\/sollux-lighting.com\/wp-content\/uploads\/2023\/02\/0032-1-k-100x100.jpg 100w, https:\/\/sollux-lighting.com\/wp-content\/uploads\/2023\/02\/0032-1-k-300x300.jpg 300w, https:\/\/sollux-lighting.com\/wp-content\/uploads\/2023\/02\/0032-1-k-150x150.jpg 150w, https:\/\/sollux-lighting.com\/wp-content\/uploads\/2023\/02\/0032-1-k-768x768.jpg 768w, https:\/\/sollux-lighting.com\/wp-content\/uploads\/2023\/02\/0032-1-k.jpg 1200w\" sizes=\"(max-width: 800px) 100vw, 800px\" \/>\t\t\t\t\t\t\t\t<\/a>\n\t\t\t\t\t\t\t\t\t\t\t\t\t\t\t<\/div>\n\t\t\t\t<\/div>\n\t\t\t\t<div class=\"elementor-element elementor-element-7bade7f elementor-widget elementor-widget-heading\" data-id=\"7bade7f\" data-element_type=\"widget\" data-widget_type=\"heading.default\">\n\t\t\t\t<div class=\"elementor-widget-container\">\n\t\t\t\t\t<h2 class=\"elementor-heading-title elementor-size-default\"><a href=\"https:\/\/sollux-lighting.com\/es\/nasza-oferta\/lampara-de-pared\/lampada-da-parete-in-ceramica-globe\/\">Lampada da parete in ceramica GLOBE<\/a><\/h2>\t\t\t\t<\/div>\n\t\t\t\t<\/div>\n\t\t\t\t\t<\/div>\n\t\t\t\t<\/div>\n\t\t\t\t<\/div>\n\t\t<\/div><div class=\"jet-listing-grid__item jet-listing-dynamic-post-73584\" data-post-id=\"73584\"  >\t\t<div data-elementor-type=\"jet-listing-items\" data-elementor-id=\"1560\" class=\"elementor elementor-1560\" data-elementor-post-type=\"jet-engine\">\n\t\t\t\t<div class=\"elementor-element elementor-element-81809e2 e-flex e-con-boxed e-con e-parent\" data-id=\"81809e2\" data-element_type=\"container\" data-settings=\"{&quot;jet_parallax_layout_list&quot;:[]}\">\n\t\t\t\t\t<div class=\"e-con-inner\">\n\t\t\t\t<div class=\"elementor-element elementor-element-5a9dd49 elementor-widget elementor-widget-image\" data-id=\"5a9dd49\" data-element_type=\"widget\" data-widget_type=\"image.default\">\n\t\t\t\t<div class=\"elementor-widget-container\">\n\t\t\t\t\t\t\t\t\t\t\t\t\t\t\t\t<a href=\"https:\/\/sollux-lighting.com\/es\/nasza-oferta\/lampara-de-pared\/lampada-da-parete-in-ceramica-magnet\/\">\n\t\t\t\t\t\t\t<img loading=\"lazy\" decoding=\"async\" width=\"800\" height=\"800\" src=\"https:\/\/sollux-lighting.com\/wp-content\/uploads\/2023\/02\/0034-1-k-1024x1024.jpg\" class=\"attachment-large size-large wp-image-38531\" alt=\"\" srcset=\"https:\/\/sollux-lighting.com\/wp-content\/uploads\/2023\/02\/0034-1-k-1024x1024.jpg 1024w, https:\/\/sollux-lighting.com\/wp-content\/uploads\/2023\/02\/0034-1-k-600x600.jpg 600w, https:\/\/sollux-lighting.com\/wp-content\/uploads\/2023\/02\/0034-1-k-100x100.jpg 100w, https:\/\/sollux-lighting.com\/wp-content\/uploads\/2023\/02\/0034-1-k-300x300.jpg 300w, https:\/\/sollux-lighting.com\/wp-content\/uploads\/2023\/02\/0034-1-k-150x150.jpg 150w, https:\/\/sollux-lighting.com\/wp-content\/uploads\/2023\/02\/0034-1-k-768x768.jpg 768w, https:\/\/sollux-lighting.com\/wp-content\/uploads\/2023\/02\/0034-1-k.jpg 1200w\" sizes=\"(max-width: 800px) 100vw, 800px\" \/>\t\t\t\t\t\t\t\t<\/a>\n\t\t\t\t\t\t\t\t\t\t\t\t\t\t\t<\/div>\n\t\t\t\t<\/div>\n\t\t\t\t<div class=\"elementor-element elementor-element-7bade7f elementor-widget elementor-widget-heading\" data-id=\"7bade7f\" data-element_type=\"widget\" data-widget_type=\"heading.default\">\n\t\t\t\t<div class=\"elementor-widget-container\">\n\t\t\t\t\t<h2 class=\"elementor-heading-title elementor-size-default\"><a href=\"https:\/\/sollux-lighting.com\/es\/nasza-oferta\/lampara-de-pared\/lampada-da-parete-in-ceramica-magnet\/\">Lampada da parete in ceramica MAGNET<\/a><\/h2>\t\t\t\t<\/div>\n\t\t\t\t<\/div>\n\t\t\t\t\t<\/div>\n\t\t\t\t<\/div>\n\t\t\t\t<\/div>\n\t\t<\/div><div class=\"jet-listing-grid__item jet-listing-dynamic-post-73572\" data-post-id=\"73572\"  >\t\t<div data-elementor-type=\"jet-listing-items\" data-elementor-id=\"1560\" class=\"elementor elementor-1560\" data-elementor-post-type=\"jet-engine\">\n\t\t\t\t<div class=\"elementor-element elementor-element-81809e2 e-flex e-con-boxed e-con e-parent\" data-id=\"81809e2\" data-element_type=\"container\" data-settings=\"{&quot;jet_parallax_layout_list&quot;:[]}\">\n\t\t\t\t\t<div class=\"e-con-inner\">\n\t\t\t\t<div class=\"elementor-element elementor-element-5a9dd49 elementor-widget elementor-widget-image\" data-id=\"5a9dd49\" data-element_type=\"widget\" data-widget_type=\"image.default\">\n\t\t\t\t<div class=\"elementor-widget-container\">\n\t\t\t\t\t\t\t\t\t\t\t\t\t\t\t\t<a href=\"https:\/\/sollux-lighting.com\/es\/nasza-oferta\/lampara-de-pared\/lampada-da-parete-in-ceramica-atena\/\">\n\t\t\t\t\t\t\t<img loading=\"lazy\" decoding=\"async\" width=\"800\" height=\"800\" src=\"https:\/\/sollux-lighting.com\/wp-content\/uploads\/2023\/02\/0001-1-k-1024x1024.jpg\" class=\"attachment-large size-large wp-image-31698\" alt=\"\" srcset=\"https:\/\/sollux-lighting.com\/wp-content\/uploads\/2023\/02\/0001-1-k-1024x1024.jpg 1024w, https:\/\/sollux-lighting.com\/wp-content\/uploads\/2023\/02\/0001-1-k-600x600.jpg 600w, https:\/\/sollux-lighting.com\/wp-content\/uploads\/2023\/02\/0001-1-k-100x100.jpg 100w, https:\/\/sollux-lighting.com\/wp-content\/uploads\/2023\/02\/0001-1-k-300x300.jpg 300w, https:\/\/sollux-lighting.com\/wp-content\/uploads\/2023\/02\/0001-1-k-150x150.jpg 150w, https:\/\/sollux-lighting.com\/wp-content\/uploads\/2023\/02\/0001-1-k-768x768.jpg 768w, https:\/\/sollux-lighting.com\/wp-content\/uploads\/2023\/02\/0001-1-k.jpg 1200w\" sizes=\"(max-width: 800px) 100vw, 800px\" \/>\t\t\t\t\t\t\t\t<\/a>\n\t\t\t\t\t\t\t\t\t\t\t\t\t\t\t<\/div>\n\t\t\t\t<\/div>\n\t\t\t\t<div class=\"elementor-element elementor-element-7bade7f elementor-widget elementor-widget-heading\" data-id=\"7bade7f\" data-element_type=\"widget\" data-widget_type=\"heading.default\">\n\t\t\t\t<div class=\"elementor-widget-container\">\n\t\t\t\t\t<h2 class=\"elementor-heading-title elementor-size-default\"><a href=\"https:\/\/sollux-lighting.com\/es\/nasza-oferta\/lampara-de-pared\/lampada-da-parete-in-ceramica-atena\/\">Lampada da parete in ceramica ATENA<\/a><\/h2>\t\t\t\t<\/div>\n\t\t\t\t<\/div>\n\t\t\t\t\t<\/div>\n\t\t\t\t<\/div>\n\t\t\t\t<\/div>\n\t\t<\/div><div class=\"jet-listing-grid__item jet-listing-dynamic-post-73573\" data-post-id=\"73573\"  >\t\t<div data-elementor-type=\"jet-listing-items\" data-elementor-id=\"1560\" class=\"elementor elementor-1560\" data-elementor-post-type=\"jet-engine\">\n\t\t\t\t<div class=\"elementor-element elementor-element-81809e2 e-flex e-con-boxed e-con e-parent\" data-id=\"81809e2\" data-element_type=\"container\" data-settings=\"{&quot;jet_parallax_layout_list&quot;:[]}\">\n\t\t\t\t\t<div class=\"e-con-inner\">\n\t\t\t\t<div class=\"elementor-element elementor-element-5a9dd49 elementor-widget elementor-widget-image\" data-id=\"5a9dd49\" data-element_type=\"widget\" data-widget_type=\"image.default\">\n\t\t\t\t<div class=\"elementor-widget-container\">\n\t\t\t\t\t\t\t\t\t\t\t\t\t\t\t\t<a href=\"https:\/\/sollux-lighting.com\/es\/nasza-oferta\/lampara-de-pared\/lampada-da-parete-in-ceramica-helios\/\">\n\t\t\t\t\t\t\t<img loading=\"lazy\" decoding=\"async\" width=\"800\" height=\"800\" src=\"https:\/\/sollux-lighting.com\/wp-content\/uploads\/2023\/02\/0002-1-k-1024x1024.jpg\" class=\"attachment-large size-large wp-image-38338\" alt=\"\" srcset=\"https:\/\/sollux-lighting.com\/wp-content\/uploads\/2023\/02\/0002-1-k-1024x1024.jpg 1024w, https:\/\/sollux-lighting.com\/wp-content\/uploads\/2023\/02\/0002-1-k-600x600.jpg 600w, https:\/\/sollux-lighting.com\/wp-content\/uploads\/2023\/02\/0002-1-k-100x100.jpg 100w, https:\/\/sollux-lighting.com\/wp-content\/uploads\/2023\/02\/0002-1-k-300x300.jpg 300w, https:\/\/sollux-lighting.com\/wp-content\/uploads\/2023\/02\/0002-1-k-150x150.jpg 150w, https:\/\/sollux-lighting.com\/wp-content\/uploads\/2023\/02\/0002-1-k-768x768.jpg 768w, https:\/\/sollux-lighting.com\/wp-content\/uploads\/2023\/02\/0002-1-k.jpg 1200w\" sizes=\"(max-width: 800px) 100vw, 800px\" \/>\t\t\t\t\t\t\t\t<\/a>\n\t\t\t\t\t\t\t\t\t\t\t\t\t\t\t<\/div>\n\t\t\t\t<\/div>\n\t\t\t\t<div class=\"elementor-element elementor-element-7bade7f elementor-widget elementor-widget-heading\" data-id=\"7bade7f\" data-element_type=\"widget\" data-widget_type=\"heading.default\">\n\t\t\t\t<div class=\"elementor-widget-container\">\n\t\t\t\t\t<h2 class=\"elementor-heading-title elementor-size-default\"><a href=\"https:\/\/sollux-lighting.com\/es\/nasza-oferta\/lampara-de-pared\/lampada-da-parete-in-ceramica-helios\/\">Lampada da parete in ceramica HELIOS<\/a><\/h2>\t\t\t\t<\/div>\n\t\t\t\t<\/div>\n\t\t\t\t\t<\/div>\n\t\t\t\t<\/div>\n\t\t\t\t<\/div>\n\t\t<\/div><div class=\"jet-listing-grid__item jet-listing-dynamic-post-73574\" data-post-id=\"73574\"  >\t\t<div data-elementor-type=\"jet-listing-items\" data-elementor-id=\"1560\" class=\"elementor elementor-1560\" data-elementor-post-type=\"jet-engine\">\n\t\t\t\t<div class=\"elementor-element elementor-element-81809e2 e-flex e-con-boxed e-con e-parent\" data-id=\"81809e2\" data-element_type=\"container\" data-settings=\"{&quot;jet_parallax_layout_list&quot;:[]}\">\n\t\t\t\t\t<div class=\"e-con-inner\">\n\t\t\t\t<div class=\"elementor-element elementor-element-5a9dd49 elementor-widget elementor-widget-image\" data-id=\"5a9dd49\" data-element_type=\"widget\" data-widget_type=\"image.default\">\n\t\t\t\t<div class=\"elementor-widget-container\">\n\t\t\t\t\t\t\t\t\t\t\t\t\t\t\t\t<a href=\"https:\/\/sollux-lighting.com\/es\/nasza-oferta\/lampara-de-pared\/lampada-da-parete-in-ceramica-sigma\/\">\n\t\t\t\t\t\t\t<img loading=\"lazy\" decoding=\"async\" width=\"800\" height=\"800\" src=\"https:\/\/sollux-lighting.com\/wp-content\/uploads\/2023\/02\/0003-1-k-1024x1024.jpg\" class=\"attachment-large size-large wp-image-38365\" alt=\"\" srcset=\"https:\/\/sollux-lighting.com\/wp-content\/uploads\/2023\/02\/0003-1-k-1024x1024.jpg 1024w, https:\/\/sollux-lighting.com\/wp-content\/uploads\/2023\/02\/0003-1-k-600x600.jpg 600w, https:\/\/sollux-lighting.com\/wp-content\/uploads\/2023\/02\/0003-1-k-100x100.jpg 100w, https:\/\/sollux-lighting.com\/wp-content\/uploads\/2023\/02\/0003-1-k-300x300.jpg 300w, https:\/\/sollux-lighting.com\/wp-content\/uploads\/2023\/02\/0003-1-k-150x150.jpg 150w, https:\/\/sollux-lighting.com\/wp-content\/uploads\/2023\/02\/0003-1-k-768x768.jpg 768w, https:\/\/sollux-lighting.com\/wp-content\/uploads\/2023\/02\/0003-1-k.jpg 1200w\" sizes=\"(max-width: 800px) 100vw, 800px\" \/>\t\t\t\t\t\t\t\t<\/a>\n\t\t\t\t\t\t\t\t\t\t\t\t\t\t\t<\/div>\n\t\t\t\t<\/div>\n\t\t\t\t<div class=\"elementor-element elementor-element-7bade7f elementor-widget elementor-widget-heading\" data-id=\"7bade7f\" data-element_type=\"widget\" data-widget_type=\"heading.default\">\n\t\t\t\t<div class=\"elementor-widget-container\">\n\t\t\t\t\t<h2 class=\"elementor-heading-title elementor-size-default\"><a href=\"https:\/\/sollux-lighting.com\/es\/nasza-oferta\/lampara-de-pared\/lampada-da-parete-in-ceramica-sigma\/\">Lampada da parete in ceramica SIGMA<\/a><\/h2>\t\t\t\t<\/div>\n\t\t\t\t<\/div>\n\t\t\t\t\t<\/div>\n\t\t\t\t<\/div>\n\t\t\t\t<\/div>\n\t\t<\/div><div class=\"jet-listing-grid__item jet-listing-dynamic-post-73575\" data-post-id=\"73575\"  >\t\t<div data-elementor-type=\"jet-listing-items\" data-elementor-id=\"1560\" class=\"elementor elementor-1560\" data-elementor-post-type=\"jet-engine\">\n\t\t\t\t<div class=\"elementor-element elementor-element-81809e2 e-flex e-con-boxed e-con e-parent\" data-id=\"81809e2\" data-element_type=\"container\" data-settings=\"{&quot;jet_parallax_layout_list&quot;:[]}\">\n\t\t\t\t\t<div class=\"e-con-inner\">\n\t\t\t\t<div class=\"elementor-element elementor-element-5a9dd49 elementor-widget elementor-widget-image\" data-id=\"5a9dd49\" data-element_type=\"widget\" data-widget_type=\"image.default\">\n\t\t\t\t<div class=\"elementor-widget-container\">\n\t\t\t\t\t\t\t\t\t\t\t\t\t\t\t\t<a href=\"https:\/\/sollux-lighting.com\/es\/nasza-oferta\/lampara-de-pared\/lampada-da-parete-in-ceramica-leo\/\">\n\t\t\t\t\t\t\t<img loading=\"lazy\" decoding=\"async\" width=\"800\" height=\"800\" src=\"https:\/\/sollux-lighting.com\/wp-content\/uploads\/2023\/02\/0005-1-k-1024x1024.jpg\" class=\"attachment-large size-large wp-image-38416\" alt=\"\" srcset=\"https:\/\/sollux-lighting.com\/wp-content\/uploads\/2023\/02\/0005-1-k-1024x1024.jpg 1024w, https:\/\/sollux-lighting.com\/wp-content\/uploads\/2023\/02\/0005-1-k-600x600.jpg 600w, https:\/\/sollux-lighting.com\/wp-content\/uploads\/2023\/02\/0005-1-k-100x100.jpg 100w, https:\/\/sollux-lighting.com\/wp-content\/uploads\/2023\/02\/0005-1-k-300x300.jpg 300w, https:\/\/sollux-lighting.com\/wp-content\/uploads\/2023\/02\/0005-1-k-150x150.jpg 150w, https:\/\/sollux-lighting.com\/wp-content\/uploads\/2023\/02\/0005-1-k-768x768.jpg 768w, https:\/\/sollux-lighting.com\/wp-content\/uploads\/2023\/02\/0005-1-k.jpg 1200w\" sizes=\"(max-width: 800px) 100vw, 800px\" \/>\t\t\t\t\t\t\t\t<\/a>\n\t\t\t\t\t\t\t\t\t\t\t\t\t\t\t<\/div>\n\t\t\t\t<\/div>\n\t\t\t\t<div class=\"elementor-element elementor-element-7bade7f elementor-widget elementor-widget-heading\" data-id=\"7bade7f\" data-element_type=\"widget\" data-widget_type=\"heading.default\">\n\t\t\t\t<div class=\"elementor-widget-container\">\n\t\t\t\t\t<h2 class=\"elementor-heading-title elementor-size-default\"><a href=\"https:\/\/sollux-lighting.com\/es\/nasza-oferta\/lampara-de-pared\/lampada-da-parete-in-ceramica-leo\/\">Lampada da parete in ceramica LEO<\/a><\/h2>\t\t\t\t<\/div>\n\t\t\t\t<\/div>\n\t\t\t\t\t<\/div>\n\t\t\t\t<\/div>\n\t\t\t\t<\/div>\n\t\t<\/div><div class=\"jet-listing-grid__item jet-listing-dynamic-post-73576\" data-post-id=\"73576\"  >\t\t<div data-elementor-type=\"jet-listing-items\" data-elementor-id=\"1560\" class=\"elementor elementor-1560\" data-elementor-post-type=\"jet-engine\">\n\t\t\t\t<div class=\"elementor-element elementor-element-81809e2 e-flex e-con-boxed e-con e-parent\" data-id=\"81809e2\" data-element_type=\"container\" data-settings=\"{&quot;jet_parallax_layout_list&quot;:[]}\">\n\t\t\t\t\t<div class=\"e-con-inner\">\n\t\t\t\t<div class=\"elementor-element elementor-element-5a9dd49 elementor-widget elementor-widget-image\" data-id=\"5a9dd49\" data-element_type=\"widget\" data-widget_type=\"image.default\">\n\t\t\t\t<div class=\"elementor-widget-container\">\n\t\t\t\t\t\t\t\t\t\t\t\t\t\t\t\t<a href=\"https:\/\/sollux-lighting.com\/es\/nasza-oferta\/lampara-de-pared\/lampada-da-parete-in-ceramica-vega\/\">\n\t\t\t\t\t\t\t<img loading=\"lazy\" decoding=\"async\" width=\"800\" height=\"800\" src=\"https:\/\/sollux-lighting.com\/wp-content\/uploads\/2023\/02\/0006-1-k-1024x1024.jpg\" class=\"attachment-large size-large wp-image-38449\" alt=\"\" srcset=\"https:\/\/sollux-lighting.com\/wp-content\/uploads\/2023\/02\/0006-1-k-1024x1024.jpg 1024w, https:\/\/sollux-lighting.com\/wp-content\/uploads\/2023\/02\/0006-1-k-600x600.jpg 600w, https:\/\/sollux-lighting.com\/wp-content\/uploads\/2023\/02\/0006-1-k-100x100.jpg 100w, https:\/\/sollux-lighting.com\/wp-content\/uploads\/2023\/02\/0006-1-k-300x300.jpg 300w, https:\/\/sollux-lighting.com\/wp-content\/uploads\/2023\/02\/0006-1-k-150x150.jpg 150w, https:\/\/sollux-lighting.com\/wp-content\/uploads\/2023\/02\/0006-1-k-768x768.jpg 768w, https:\/\/sollux-lighting.com\/wp-content\/uploads\/2023\/02\/0006-1-k.jpg 1200w\" sizes=\"(max-width: 800px) 100vw, 800px\" \/>\t\t\t\t\t\t\t\t<\/a>\n\t\t\t\t\t\t\t\t\t\t\t\t\t\t\t<\/div>\n\t\t\t\t<\/div>\n\t\t\t\t<div class=\"elementor-element elementor-element-7bade7f elementor-widget elementor-widget-heading\" data-id=\"7bade7f\" data-element_type=\"widget\" data-widget_type=\"heading.default\">\n\t\t\t\t<div class=\"elementor-widget-container\">\n\t\t\t\t\t<h2 class=\"elementor-heading-title elementor-size-default\"><a href=\"https:\/\/sollux-lighting.com\/es\/nasza-oferta\/lampara-de-pared\/lampada-da-parete-in-ceramica-vega\/\">Lampada da parete in ceramica VEGA<\/a><\/h2>\t\t\t\t<\/div>\n\t\t\t\t<\/div>\n\t\t\t\t\t<\/div>\n\t\t\t\t<\/div>\n\t\t\t\t<\/div>\n\t\t<\/div><\/div><\/div>\t\t\t\t<\/div>\n\t\t\t\t<\/div>\n\t\t\t\t<div class=\"elementor-element elementor-element-3ba8d98 elementor-widget elementor-widget-jet-smart-filters-pagination\" data-id=\"3ba8d98\" data-element_type=\"widget\" data-widget_type=\"jet-smart-filters-pagination.default\">\n\t\t\t\t<div class=\"elementor-widget-container\">\n\t\t\t\t\t<div\n\t\t\t\tclass=\"jet-smart-filters-pagination jet-filter\"\n\t\t\t\tdata-apply-provider=\"jet-engine\"\n\t\t\t\tdata-content-provider=\"jet-engine\"\n\t\t\t\tdata-query-id=\"seria\"\n\t\t\t\tdata-controls=\"{&quot;items_enabled&quot;:true,&quot;pages_mid_size&quot;:0,&quot;pages_end_size&quot;:0,&quot;nav_enabled&quot;:false,&quot;load_more_enabled&quot;:false,&quot;provider_top_offset&quot;:0}\"\n\t\t\t\tdata-apply-type=\"ajax\"\n\t\t\t><\/div>\t\t\t\t<\/div>\n\t\t\t\t<\/div>\n\t\t\t\t\t<\/div>\n\t\t\t\t<\/div>\n\t\t\t\t<\/div>\n\t\t","protected":false},"excerpt":{"rendered":"<p>Decoraciones de cer\u00e1mica CAFE AU LAIT Los modelos cer\u00e1micos de l\u00e1mparas modernas y apliques con iluminaci\u00f3n bidireccional son soluciones para todo tipo de espacios: desde residenciales hasta oficinas. La suave textura de la carcasa se adentra suavemente en las sombras durante el d\u00eda, pero se convierte en una decoraci\u00f3n interior perfecta cuando la l\u00e1mpara est\u00e1 [&hellip;]<\/p>\n","protected":false},"author":3,"featured_media":0,"parent":66992,"menu_order":0,"comment_status":"closed","ping_status":"closed","template":"elementor_header_footer","meta":{"_acf_changed":false,"footnotes":""},"class_list":["post-67000","page","type-page","status-publish","hentry"],"acf":[],"yoast_head":"<!-- This site is optimized with the Yoast SEO plugin v25.4 - https:\/\/yoast.com\/wordpress\/plugins\/seo\/ -->\n<title>Caf\u00e9 con leche - Sollux Lighting<\/title>\n<meta name=\"robots\" content=\"index, follow, max-snippet:-1, max-image-preview:large, max-video-preview:-1\" \/>\n<link rel=\"canonical\" href=\"https:\/\/sollux-lighting.com\/es\/productos\/cafe-con-leche\/\" \/>\n<meta property=\"og:locale\" content=\"es_ES\" \/>\n<meta property=\"og:type\" content=\"article\" \/>\n<meta property=\"og:title\" content=\"Caf\u00e9 con leche - Sollux Lighting\" \/>\n<meta property=\"og:description\" content=\"Decoraciones de cer\u00e1mica CAFE AU LAIT Los modelos cer\u00e1micos de l\u00e1mparas modernas y apliques con iluminaci\u00f3n bidireccional son soluciones para todo tipo de espacios: desde residenciales hasta oficinas. La suave textura de la carcasa se adentra suavemente en las sombras durante el d\u00eda, pero se convierte en una decoraci\u00f3n interior perfecta cuando la l\u00e1mpara est\u00e1 [&hellip;]\" \/>\n<meta property=\"og:url\" content=\"https:\/\/sollux-lighting.com\/es\/productos\/cafe-con-leche\/\" \/>\n<meta property=\"og:site_name\" content=\"Sollux Lighting\" \/>\n<meta property=\"article:modified_time\" content=\"2023-11-28T19:18:18+00:00\" \/>\n<meta property=\"og:image\" content=\"https:\/\/test.sollux-lighting.com\/wp-content\/uploads\/2023\/02\/caffe2.jpg\" \/>\n<meta name=\"twitter:card\" content=\"summary_large_image\" \/>\n<script type=\"application\/ld+json\" class=\"yoast-schema-graph\">{\"@context\":\"https:\/\/schema.org\",\"@graph\":[{\"@type\":\"WebPage\",\"@id\":\"https:\/\/sollux-lighting.com\/es\/productos\/cafe-con-leche\/\",\"url\":\"https:\/\/sollux-lighting.com\/es\/productos\/cafe-con-leche\/\",\"name\":\"Caf\u00e9 con leche - Sollux Lighting\",\"isPartOf\":{\"@id\":\"https:\/\/sollux-lighting.com\/es\/#website\"},\"primaryImageOfPage\":{\"@id\":\"https:\/\/sollux-lighting.com\/es\/productos\/cafe-con-leche\/#primaryimage\"},\"image\":{\"@id\":\"https:\/\/sollux-lighting.com\/es\/productos\/cafe-con-leche\/#primaryimage\"},\"thumbnailUrl\":\"https:\/\/test.sollux-lighting.com\/wp-content\/uploads\/2023\/02\/caffe2.jpg\",\"datePublished\":\"2023-02-23T18:30:10+00:00\",\"dateModified\":\"2023-11-28T19:18:18+00:00\",\"breadcrumb\":{\"@id\":\"https:\/\/sollux-lighting.com\/es\/productos\/cafe-con-leche\/#breadcrumb\"},\"inLanguage\":\"es\",\"potentialAction\":[{\"@type\":\"ReadAction\",\"target\":[\"https:\/\/sollux-lighting.com\/es\/productos\/cafe-con-leche\/\"]}]},{\"@type\":\"ImageObject\",\"inLanguage\":\"es\",\"@id\":\"https:\/\/sollux-lighting.com\/es\/productos\/cafe-con-leche\/#primaryimage\",\"url\":\"https:\/\/test.sollux-lighting.com\/wp-content\/uploads\/2023\/02\/caffe2.jpg\",\"contentUrl\":\"https:\/\/test.sollux-lighting.com\/wp-content\/uploads\/2023\/02\/caffe2.jpg\"},{\"@type\":\"BreadcrumbList\",\"@id\":\"https:\/\/sollux-lighting.com\/es\/productos\/cafe-con-leche\/#breadcrumb\",\"itemListElement\":[{\"@type\":\"ListItem\",\"position\":1,\"name\":\"P\u00e1gina principal\",\"item\":\"https:\/\/sollux-lighting.com\/es\/\"},{\"@type\":\"ListItem\",\"position\":2,\"name\":\"Productos\",\"item\":\"https:\/\/sollux-lighting.com\/es\/productos\/\"},{\"@type\":\"ListItem\",\"position\":3,\"name\":\"Caf\u00e9 con leche\"}]},{\"@type\":\"WebSite\",\"@id\":\"https:\/\/sollux-lighting.com\/es\/#website\",\"url\":\"https:\/\/sollux-lighting.com\/es\/\",\"name\":\"Sollux Lighting\",\"description\":\"Brighten up your business\",\"publisher\":{\"@id\":\"https:\/\/sollux-lighting.com\/es\/#organization\"},\"potentialAction\":[{\"@type\":\"SearchAction\",\"target\":{\"@type\":\"EntryPoint\",\"urlTemplate\":\"https:\/\/sollux-lighting.com\/es\/?s={search_term_string}\"},\"query-input\":{\"@type\":\"PropertyValueSpecification\",\"valueRequired\":true,\"valueName\":\"search_term_string\"}}],\"inLanguage\":\"es\"},{\"@type\":\"Organization\",\"@id\":\"https:\/\/sollux-lighting.com\/es\/#organization\",\"name\":\"Sollux Lighting\",\"url\":\"https:\/\/sollux-lighting.com\/es\/\",\"logo\":{\"@type\":\"ImageObject\",\"inLanguage\":\"es\",\"@id\":\"https:\/\/sollux-lighting.com\/es\/#\/schema\/logo\/image\/\",\"url\":\"https:\/\/sollux-lighting.com\/wp-content\/uploads\/2023\/02\/LOGO.svg\",\"contentUrl\":\"https:\/\/sollux-lighting.com\/wp-content\/uploads\/2023\/02\/LOGO.svg\",\"width\":160,\"height\":46,\"caption\":\"Sollux Lighting \"},\"image\":{\"@id\":\"https:\/\/sollux-lighting.com\/es\/#\/schema\/logo\/image\/\"}}]}<\/script>\n<!-- \/ Yoast SEO plugin. -->","yoast_head_json":{"title":"Caf\u00e9 con leche - Sollux Lighting","robots":{"index":"index","follow":"follow","max-snippet":"max-snippet:-1","max-image-preview":"max-image-preview:large","max-video-preview":"max-video-preview:-1"},"canonical":"https:\/\/sollux-lighting.com\/es\/productos\/cafe-con-leche\/","og_locale":"es_ES","og_type":"article","og_title":"Caf\u00e9 con leche - Sollux Lighting","og_description":"Decoraciones de cer\u00e1mica CAFE AU LAIT Los modelos cer\u00e1micos de l\u00e1mparas modernas y apliques con iluminaci\u00f3n bidireccional son soluciones para todo tipo de espacios: desde residenciales hasta oficinas. La suave textura de la carcasa se adentra suavemente en las sombras durante el d\u00eda, pero se convierte en una decoraci\u00f3n interior perfecta cuando la l\u00e1mpara est\u00e1 [&hellip;]","og_url":"https:\/\/sollux-lighting.com\/es\/productos\/cafe-con-leche\/","og_site_name":"Sollux Lighting","article_modified_time":"2023-11-28T19:18:18+00:00","og_image":[{"url":"https:\/\/test.sollux-lighting.com\/wp-content\/uploads\/2023\/02\/caffe2.jpg","type":"","width":"","height":""}],"twitter_card":"summary_large_image","schema":{"@context":"https:\/\/schema.org","@graph":[{"@type":"WebPage","@id":"https:\/\/sollux-lighting.com\/es\/productos\/cafe-con-leche\/","url":"https:\/\/sollux-lighting.com\/es\/productos\/cafe-con-leche\/","name":"Caf\u00e9 con leche - Sollux Lighting","isPartOf":{"@id":"https:\/\/sollux-lighting.com\/es\/#website"},"primaryImageOfPage":{"@id":"https:\/\/sollux-lighting.com\/es\/productos\/cafe-con-leche\/#primaryimage"},"image":{"@id":"https:\/\/sollux-lighting.com\/es\/productos\/cafe-con-leche\/#primaryimage"},"thumbnailUrl":"https:\/\/test.sollux-lighting.com\/wp-content\/uploads\/2023\/02\/caffe2.jpg","datePublished":"2023-02-23T18:30:10+00:00","dateModified":"2023-11-28T19:18:18+00:00","breadcrumb":{"@id":"https:\/\/sollux-lighting.com\/es\/productos\/cafe-con-leche\/#breadcrumb"},"inLanguage":"es","potentialAction":[{"@type":"ReadAction","target":["https:\/\/sollux-lighting.com\/es\/productos\/cafe-con-leche\/"]}]},{"@type":"ImageObject","inLanguage":"es","@id":"https:\/\/sollux-lighting.com\/es\/productos\/cafe-con-leche\/#primaryimage","url":"https:\/\/test.sollux-lighting.com\/wp-content\/uploads\/2023\/02\/caffe2.jpg","contentUrl":"https:\/\/test.sollux-lighting.com\/wp-content\/uploads\/2023\/02\/caffe2.jpg"},{"@type":"BreadcrumbList","@id":"https:\/\/sollux-lighting.com\/es\/productos\/cafe-con-leche\/#breadcrumb","itemListElement":[{"@type":"ListItem","position":1,"name":"P\u00e1gina principal","item":"https:\/\/sollux-lighting.com\/es\/"},{"@type":"ListItem","position":2,"name":"Productos","item":"https:\/\/sollux-lighting.com\/es\/productos\/"},{"@type":"ListItem","position":3,"name":"Caf\u00e9 con leche"}]},{"@type":"WebSite","@id":"https:\/\/sollux-lighting.com\/es\/#website","url":"https:\/\/sollux-lighting.com\/es\/","name":"Sollux Lighting","description":"Brighten up your business","publisher":{"@id":"https:\/\/sollux-lighting.com\/es\/#organization"},"potentialAction":[{"@type":"SearchAction","target":{"@type":"EntryPoint","urlTemplate":"https:\/\/sollux-lighting.com\/es\/?s={search_term_string}"},"query-input":{"@type":"PropertyValueSpecification","valueRequired":true,"valueName":"search_term_string"}}],"inLanguage":"es"},{"@type":"Organization","@id":"https:\/\/sollux-lighting.com\/es\/#organization","name":"Sollux Lighting","url":"https:\/\/sollux-lighting.com\/es\/","logo":{"@type":"ImageObject","inLanguage":"es","@id":"https:\/\/sollux-lighting.com\/es\/#\/schema\/logo\/image\/","url":"https:\/\/sollux-lighting.com\/wp-content\/uploads\/2023\/02\/LOGO.svg","contentUrl":"https:\/\/sollux-lighting.com\/wp-content\/uploads\/2023\/02\/LOGO.svg","width":160,"height":46,"caption":"Sollux Lighting "},"image":{"@id":"https:\/\/sollux-lighting.com\/es\/#\/schema\/logo\/image\/"}}]}},"_links":{"self":[{"href":"https:\/\/sollux-lighting.com\/es\/wp-json\/wp\/v2\/pages\/67000","targetHints":{"allow":["GET"]}}],"collection":[{"href":"https:\/\/sollux-lighting.com\/es\/wp-json\/wp\/v2\/pages"}],"about":[{"href":"https:\/\/sollux-lighting.com\/es\/wp-json\/wp\/v2\/types\/page"}],"author":[{"embeddable":true,"href":"https:\/\/sollux-lighting.com\/es\/wp-json\/wp\/v2\/users\/3"}],"replies":[{"embeddable":true,"href":"https:\/\/sollux-lighting.com\/es\/wp-json\/wp\/v2\/comments?post=67000"}],"version-history":[{"count":0,"href":"https:\/\/sollux-lighting.com\/es\/wp-json\/wp\/v2\/pages\/67000\/revisions"}],"up":[{"embeddable":true,"href":"https:\/\/sollux-lighting.com\/es\/wp-json\/wp\/v2\/pages\/66992"}],"wp:attachment":[{"href":"https:\/\/sollux-lighting.com\/es\/wp-json\/wp\/v2\/media?parent=67000"}],"curies":[{"name":"wp","href":"https:\/\/api.w.org\/{rel}","templated":true}]}}