{"id":76797,"date":"2024-10-22T14:25:58","date_gmt":"2024-10-22T12:25:58","guid":{"rendered":"https:\/\/sollux-lighting.com\/?page_id=76797"},"modified":"2024-10-22T14:36:02","modified_gmt":"2024-10-22T12:36:02","slug":"datenschutzbestimmungen","status":"publish","type":"page","link":"https:\/\/sollux-lighting.com\/de\/datenschutzbestimmungen\/","title":{"rendered":"Datenschutzbestimmungen"},"content":{"rendered":"\t\t<div data-elementor-type=\"wp-page\" data-elementor-id=\"76797\" class=\"elementor elementor-76797 elementor-76795\" data-elementor-post-type=\"page\">\n\t\t\t\t<div class=\"elementor-element elementor-element-b23e725 e-flex e-con-boxed e-con e-parent\" data-id=\"b23e725\" data-element_type=\"container\" data-settings=\"{&quot;jet_parallax_layout_list&quot;:[]}\">\n\t\t\t\t\t<div class=\"e-con-inner\">\n\t\t\t\t<div class=\"elementor-element elementor-element-a697654 elementor-widget elementor-widget-spacer\" data-id=\"a697654\" data-element_type=\"widget\" data-widget_type=\"spacer.default\">\n\t\t\t\t<div class=\"elementor-widget-container\">\n\t\t\t\t\t\t\t<div class=\"elementor-spacer\">\n\t\t\t<div class=\"elementor-spacer-inner\"><\/div>\n\t\t<\/div>\n\t\t\t\t\t\t<\/div>\n\t\t\t\t<\/div>\n\t\t\t\t<div class=\"elementor-element elementor-element-801945f elementor-widget elementor-widget-heading\" data-id=\"801945f\" data-element_type=\"widget\" data-widget_type=\"heading.default\">\n\t\t\t\t<div class=\"elementor-widget-container\">\n\t\t\t\t\t<h2 class=\"elementor-heading-title elementor-size-default\"><b>Verarbeitung personenbezogener Daten zu Marketingzwecken auf der Grundlage einer Einwilligung<\/b><\/h2>\t\t\t\t<\/div>\n\t\t\t\t<\/div>\n\t\t\t\t<div class=\"elementor-element elementor-element-3c3f35a elementor-widget elementor-widget-text-editor\" data-id=\"3c3f35a\" data-element_type=\"widget\" data-widget_type=\"text-editor.default\">\n\t\t\t\t<div class=\"elementor-widget-container\">\n\t\t\t\t\t\t\t\t\t<p><b>1. Datenverantwortlicher<\/b><\/p>\n<p>Sollux Lighting Muzolf sp. j. mit Sitz in Budzyn, ul. \u0141okietka 35 (64-840 Budzyn), eingetragen im Nationalen Gerichtsregister unter der KRS-Nummer 0000591772, NIP 6070082443, ist der Verwalter der zu Marketingzwecken verarbeiteten personenbezogenen Daten. Der f\u00fcr die Verarbeitung Verantwortliche kann kontaktiert werden: 1) unter der Postanschrift: ul. W\u0142adys\u0142awa \u0141okietka 35, 64-840 Budzyn; 2) unter der E-Mail-Adresse: rodo@sollux-lighting.pl.    <\/p>\n<p><b>2. Zweck und Rechtsgrundlage f\u00fcr die Verarbeitung personenbezogener Daten<\/b><\/p>\n<p>Der f\u00fcr die Verarbeitung Verantwortliche verarbeitet die f\u00fcr Marketingzwecke zur Verf\u00fcgung gestellten personenbezogenen Daten auf der Grundlage einer gesonderten, freiwillig erteilten Einwilligung (Artikel 6 Absatz 1 Buchstabe a) RODO).<\/p>\n<p><b>3 Zeitpunkt der Verarbeitung personenbezogener Daten<\/b><\/p>\n<p>Der f\u00fcr die Verarbeitung Verantwortliche wird personenbezogene Daten f\u00fcr Marketingzwecke verarbeiten, bis die erteilte Einwilligung zur\u00fcckgezogen oder ein Widerspruch eingelegt wird. Um jedoch ein hohes Ma\u00df an Sorgfalt f\u00fcr die Rechte der betroffenen Personen zu gew\u00e4hrleisten, wird der f\u00fcr die Verarbeitung Verantwortliche nach einem Zeitraum von etwa 3 Jahren um eine Aktualisierung der Einwilligung bitten, es sei denn, die betroffene Person zieht ihre Einwilligung zur\u00fcck oder erhebt innerhalb dieses Zeitraums einen Widerspruch. <\/p>\n<p><b>4 Empf\u00e4nger von pers\u00f6nlichen Daten<\/b><\/p>\n<p>Der f\u00fcr die Verarbeitung Verantwortliche darf personenbezogene Daten nur an Stellen weitergeben, die mit dem f\u00fcr die Verarbeitung Verantwortlichen auf der Grundlage schriftlicher Vertr\u00e4ge \u00fcber die Beauftragung mit der Verarbeitung personenbezogener Daten zusammenarbeiten, um die im Vertrag festgelegten Aufgaben und Dienstleistungen f\u00fcr den f\u00fcr die Verarbeitung Verantwortlichen zu erbringen, insbesondere in den Bereichen Marketing und PR, E-Mail-Bearbeitung, Hosting, IT, Verwaltung, Recht oder Beratung. Die Daten k\u00f6nnen auch an Postunternehmen und Kuriere weitergegeben werden. <\/p>\n<p><b>5. Rechte der betroffenen Personen<\/b><\/p>\n<p><br>(1) Jede betroffene Person hat das Recht: 1) Auskunft &#8211; von dem f\u00fcr die Verarbeitung Verantwortlichen eine Best\u00e4tigung dar\u00fcber zu erhalten, ob sie betreffende personenbezogene Daten verarbeitet werden oder nicht. Wenn Daten \u00fcber eine Person verarbeitet werden, hat sie das Recht auf Auskunft und auf folgende Informationen: \u00fcber die Zwecke der Verarbeitung, die Kategorien personenbezogener Daten, die Empf\u00e4nger oder Kategorien von Empf\u00e4ngern, an die die Daten weitergegeben wurden oder werden, den Zeitraum, f\u00fcr den die Daten gespeichert wurden oder werden, oder die Kriterien f\u00fcr die Festlegung dieser Zeitr\u00e4ume, das Recht der betroffenen Person, die Berichtigung, L\u00f6schung oder Einschr\u00e4nkung der Verarbeitung personenbezogener Daten zu verlangen und dieser Verarbeitung zu widersprechen (Artikel 15 RODO); <br>2) eine Kopie der Daten zu erhalten &#8211; eine Kopie der verarbeiteten Daten zu erhalten, wobei die erste Kopie kostenlos ist und der f\u00fcr die Verarbeitung Verantwortliche f\u00fcr weitere Kopien eine angemessene Geb\u00fchr auf der Grundlage der Verwaltungskosten erheben kann (Artikel 15(3) RODO);<br>3) auf Berichtigung &#8211; um die Berichtigung der ihn betreffenden personenbezogenen Daten, die unrichtig sind, oder die Vervollst\u00e4ndigung unvollst\u00e4ndiger Daten zu verlangen (Artikel 16 RODO);<br>4) auf L\u00f6schung &#8211; um die L\u00f6schung ihrer personenbezogenen Daten zu verlangen, wenn der f\u00fcr die Verarbeitung Verantwortliche keine Rechtsgrundlage mehr f\u00fcr die Verarbeitung hat oder die Daten f\u00fcr die Zwecke der Verarbeitung nicht mehr erforderlich sind (Artikel 17 RODO);<br>5) die Verarbeitung einzuschr\u00e4nken &#8211; die Einschr\u00e4nkung der Verarbeitung personenbezogener Daten zu verlangen (Artikel 18 RODO), wenn:<br>(a) die betroffene Person die Richtigkeit der personenbezogenen Daten bestreitet, und zwar f\u00fcr einen Zeitraum, der es dem f\u00fcr die Verarbeitung Verantwortlichen erm\u00f6glicht, die Richtigkeit der Daten zu \u00fcberpr\u00fcfen,<br>(b) die Verarbeitung unrechtm\u00e4\u00dfig ist und die betroffene Person gegen die L\u00f6schung Einspruch erhebt, indem sie eine Einschr\u00e4nkung der Nutzung beantragt,<br>(c) der f\u00fcr die Verarbeitung Verantwortliche die Daten nicht mehr ben\u00f6tigt, sie aber von der betroffenen Person zur Feststellung, Geltendmachung oder Verteidigung eines Anspruchs ben\u00f6tigt werden,<br>(d) die betroffene Person Widerspruch gegen die Verarbeitung eingelegt hat &#8211; bis festgestellt wird, ob die berechtigten Gr\u00fcnde des f\u00fcr die Verarbeitung Verantwortlichen gegen\u00fcber den Gr\u00fcnden des Widerspruchs der betroffenen Person \u00fcberwiegen;<br>6) auf Daten\u00fcbertragbarkeit &#8211; die sie betreffenden personenbezogenen Daten, die sie dem f\u00fcr die Verarbeitung Verantwortlichen zur Verf\u00fcgung gestellt hat, in einem strukturierten, g\u00e4ngigen und maschinenlesbaren Format zu erhalten und zu beantragen, dass diese Daten an einen anderen f\u00fcr die Verarbeitung Verantwortlichen \u00fcbermittelt werden, sofern die Daten auf der Grundlage der Einwilligung der betroffenen Person oder eines Vertrags mit ihr verarbeitet werden und sofern die Daten mit automatisierten Mitteln verarbeitet werden (Artikel 20 RODO);<br>7) Widerspruch einlegen &#8211; gegen die Verarbeitung ihrer personenbezogenen Daten f\u00fcr die rechtm\u00e4\u00dfigen Zwecke des f\u00fcr die Verarbeitung Verantwortlichen aus Gr\u00fcnden, die sich auf ihre besondere Situation beziehen, Widerspruch einlegen.<br>Der f\u00fcr die Verarbeitung Verantwortliche pr\u00fcft dann, ob berechtigte Gr\u00fcnde f\u00fcr die Verarbeitung vorliegen, die die Interessen, Rechte und Freiheiten der betroffenen Person \u00fcberwiegen, oder Gr\u00fcnde f\u00fcr die Feststellung, Geltendmachung oder Verteidigung von Anspr\u00fcchen; 8) die Einwilligung jederzeit und ohne Angabe von Gr\u00fcnden zu widerrufen, wobei die Verarbeitung personenbezogener Daten, die vor dem Widerruf der Einwilligung erfolgt ist, weiterhin rechtm\u00e4\u00dfig ist.<br>Der Widerruf der Einwilligung hat zur Folge, dass der f\u00fcr die Verarbeitung Verantwortliche die Verarbeitung der personenbezogenen Daten f\u00fcr den Zweck, f\u00fcr den die Einwilligung erteilt wurde, einstellt. (2) Um die oben genannten Rechte auszu\u00fcben, sollte sich die betroffene Person unter Verwendung der angegebenen Kontaktdaten an den f\u00fcr die Verarbeitung Verantwortlichen wenden und ihn dar\u00fcber informieren, welches Recht und in welchem Umfang sie es aus\u00fcben m\u00f6chte.  <\/p>\n<p><b>6. der Pr\u00e4sident des Amtes f\u00fcr den Schutz personenbezogener Daten<\/b><\/p>\n<p><br><br>Die betroffene Person hat das Recht, eine Beschwerde bei der Aufsichtsbeh\u00f6rde einzureichen, die in Polen der Pr\u00e4sident des Amtes f\u00fcr den Schutz personenbezogener Daten mit Sitz in Warschau, Stawki-Str. 2, ist und die wie folgt kontaktiert werden kann: 1) per Brief: Stawki-Str. 2, 00-193 Warschau; 2) in elektronischer Form: \u00fcber das elektronische Postfach unter https:\/\/www.uodo.gov.pl\/pl\/p\/kontakt;  <\/p>\n<p><b>(7) Handlungen im Sinne der Klausel<\/b><\/p>\n<p>RODO &#8211; Verordnung (EU) 2016\/679 des Europ\u00e4ischen Parlaments und des Rates vom 27. April 2016 zum Schutz nat\u00fcrlicher Personen bei der Verarbeitung personenbezogener Daten, zum freien Datenverkehr und zur Aufhebung der Richtlinie 95\/46\/EG (Amtsblatt der EU L 2016 Nr. 119, S. 1).   <\/p>\t\t\t\t\t\t\t\t<\/div>\n\t\t\t\t<\/div>\n\t\t\t\t<div class=\"elementor-element elementor-element-5d64ac0 elementor-widget elementor-widget-spacer\" data-id=\"5d64ac0\" data-element_type=\"widget\" data-widget_type=\"spacer.default\">\n\t\t\t\t<div class=\"elementor-widget-container\">\n\t\t\t\t\t\t\t<div class=\"elementor-spacer\">\n\t\t\t<div class=\"elementor-spacer-inner\"><\/div>\n\t\t<\/div>\n\t\t\t\t\t\t<\/div>\n\t\t\t\t<\/div>\n\t\t\t\t\t<\/div>\n\t\t\t\t<\/div>\n\t\t\t\t<\/div>\n\t\t","protected":false},"excerpt":{"rendered":"<p>Verarbeitung personenbezogener Daten zu Marketingzwecken auf der Grundlage einer Einwilligung 1. Datenverantwortlicher Sollux Lighting Muzolf sp. j. mit Sitz in Budzyn, ul. \u0141okietka 35 (64-840 Budzyn), eingetragen im Nationalen Gerichtsregister unter der KRS-Nummer 0000591772, NIP 6070082443, ist der Verwalter der zu Marketingzwecken verarbeiteten personenbezogenen Daten. Der f\u00fcr die Verarbeitung Verantwortliche kann kontaktiert werden: 1) unter [&hellip;]<\/p>\n","protected":false},"author":2,"featured_media":0,"parent":0,"menu_order":0,"comment_status":"closed","ping_status":"closed","template":"elementor_header_footer","meta":{"_acf_changed":false,"footnotes":""},"class_list":["post-76797","page","type-page","status-publish","hentry"],"acf":[],"yoast_head":"<!-- This site is optimized with the Yoast SEO plugin v25.4 - https:\/\/yoast.com\/wordpress\/plugins\/seo\/ -->\n<title>Datenschutzbestimmungen - Sollux Lighting<\/title>\n<meta name=\"robots\" content=\"index, follow, max-snippet:-1, max-image-preview:large, max-video-preview:-1\" \/>\n<link rel=\"canonical\" href=\"https:\/\/sollux-lighting.com\/de\/datenschutzbestimmungen\/\" \/>\n<meta property=\"og:locale\" content=\"de_DE\" \/>\n<meta property=\"og:type\" content=\"article\" \/>\n<meta property=\"og:title\" content=\"Datenschutzbestimmungen - Sollux Lighting\" \/>\n<meta property=\"og:description\" content=\"Verarbeitung personenbezogener Daten zu Marketingzwecken auf der Grundlage einer Einwilligung 1. Datenverantwortlicher Sollux Lighting Muzolf sp. j. mit Sitz in Budzyn, ul. \u0141okietka 35 (64-840 Budzyn), eingetragen im Nationalen Gerichtsregister unter der KRS-Nummer 0000591772, NIP 6070082443, ist der Verwalter der zu Marketingzwecken verarbeiteten personenbezogenen Daten. Der f\u00fcr die Verarbeitung Verantwortliche kann kontaktiert werden: 1) unter [&hellip;]\" \/>\n<meta property=\"og:url\" content=\"https:\/\/sollux-lighting.com\/de\/datenschutzbestimmungen\/\" \/>\n<meta property=\"og:site_name\" content=\"Sollux Lighting\" \/>\n<meta property=\"article:modified_time\" content=\"2024-10-22T12:36:02+00:00\" \/>\n<meta name=\"twitter:card\" content=\"summary_large_image\" \/>\n<meta name=\"twitter:label1\" content=\"Gesch\u00e4tzte Lesezeit\" \/>\n\t<meta name=\"twitter:data1\" content=\"6\u00a0Minuten\" \/>\n<script type=\"application\/ld+json\" class=\"yoast-schema-graph\">{\"@context\":\"https:\/\/schema.org\",\"@graph\":[{\"@type\":\"WebPage\",\"@id\":\"https:\/\/sollux-lighting.com\/de\/datenschutzbestimmungen\/\",\"url\":\"https:\/\/sollux-lighting.com\/de\/datenschutzbestimmungen\/\",\"name\":\"Datenschutzbestimmungen - Sollux Lighting\",\"isPartOf\":{\"@id\":\"https:\/\/sollux-lighting.com\/de\/#website\"},\"datePublished\":\"2024-10-22T12:25:58+00:00\",\"dateModified\":\"2024-10-22T12:36:02+00:00\",\"breadcrumb\":{\"@id\":\"https:\/\/sollux-lighting.com\/de\/datenschutzbestimmungen\/#breadcrumb\"},\"inLanguage\":\"de\",\"potentialAction\":[{\"@type\":\"ReadAction\",\"target\":[\"https:\/\/sollux-lighting.com\/de\/datenschutzbestimmungen\/\"]}]},{\"@type\":\"BreadcrumbList\",\"@id\":\"https:\/\/sollux-lighting.com\/de\/datenschutzbestimmungen\/#breadcrumb\",\"itemListElement\":[{\"@type\":\"ListItem\",\"position\":1,\"name\":\"Startseite\",\"item\":\"https:\/\/sollux-lighting.com\/de\/\"},{\"@type\":\"ListItem\",\"position\":2,\"name\":\"Datenschutzbestimmungen\"}]},{\"@type\":\"WebSite\",\"@id\":\"https:\/\/sollux-lighting.com\/de\/#website\",\"url\":\"https:\/\/sollux-lighting.com\/de\/\",\"name\":\"Sollux Lighting\",\"description\":\"Brighten up your business\",\"publisher\":{\"@id\":\"https:\/\/sollux-lighting.com\/de\/#organization\"},\"potentialAction\":[{\"@type\":\"SearchAction\",\"target\":{\"@type\":\"EntryPoint\",\"urlTemplate\":\"https:\/\/sollux-lighting.com\/de\/?s={search_term_string}\"},\"query-input\":{\"@type\":\"PropertyValueSpecification\",\"valueRequired\":true,\"valueName\":\"search_term_string\"}}],\"inLanguage\":\"de\"},{\"@type\":\"Organization\",\"@id\":\"https:\/\/sollux-lighting.com\/de\/#organization\",\"name\":\"Sollux Lighting\",\"url\":\"https:\/\/sollux-lighting.com\/de\/\",\"logo\":{\"@type\":\"ImageObject\",\"inLanguage\":\"de\",\"@id\":\"https:\/\/sollux-lighting.com\/de\/#\/schema\/logo\/image\/\",\"url\":\"https:\/\/sollux-lighting.com\/wp-content\/uploads\/2023\/02\/LOGO.svg\",\"contentUrl\":\"https:\/\/sollux-lighting.com\/wp-content\/uploads\/2023\/02\/LOGO.svg\",\"width\":160,\"height\":46,\"caption\":\"Sollux Lighting \"},\"image\":{\"@id\":\"https:\/\/sollux-lighting.com\/de\/#\/schema\/logo\/image\/\"}}]}<\/script>\n<!-- \/ Yoast SEO plugin. -->","yoast_head_json":{"title":"Datenschutzbestimmungen - Sollux Lighting","robots":{"index":"index","follow":"follow","max-snippet":"max-snippet:-1","max-image-preview":"max-image-preview:large","max-video-preview":"max-video-preview:-1"},"canonical":"https:\/\/sollux-lighting.com\/de\/datenschutzbestimmungen\/","og_locale":"de_DE","og_type":"article","og_title":"Datenschutzbestimmungen - Sollux Lighting","og_description":"Verarbeitung personenbezogener Daten zu Marketingzwecken auf der Grundlage einer Einwilligung 1. Datenverantwortlicher Sollux Lighting Muzolf sp. j. mit Sitz in Budzyn, ul. \u0141okietka 35 (64-840 Budzyn), eingetragen im Nationalen Gerichtsregister unter der KRS-Nummer 0000591772, NIP 6070082443, ist der Verwalter der zu Marketingzwecken verarbeiteten personenbezogenen Daten. Der f\u00fcr die Verarbeitung Verantwortliche kann kontaktiert werden: 1) unter [&hellip;]","og_url":"https:\/\/sollux-lighting.com\/de\/datenschutzbestimmungen\/","og_site_name":"Sollux Lighting","article_modified_time":"2024-10-22T12:36:02+00:00","twitter_card":"summary_large_image","twitter_misc":{"Gesch\u00e4tzte Lesezeit":"6\u00a0Minuten"},"schema":{"@context":"https:\/\/schema.org","@graph":[{"@type":"WebPage","@id":"https:\/\/sollux-lighting.com\/de\/datenschutzbestimmungen\/","url":"https:\/\/sollux-lighting.com\/de\/datenschutzbestimmungen\/","name":"Datenschutzbestimmungen - Sollux Lighting","isPartOf":{"@id":"https:\/\/sollux-lighting.com\/de\/#website"},"datePublished":"2024-10-22T12:25:58+00:00","dateModified":"2024-10-22T12:36:02+00:00","breadcrumb":{"@id":"https:\/\/sollux-lighting.com\/de\/datenschutzbestimmungen\/#breadcrumb"},"inLanguage":"de","potentialAction":[{"@type":"ReadAction","target":["https:\/\/sollux-lighting.com\/de\/datenschutzbestimmungen\/"]}]},{"@type":"BreadcrumbList","@id":"https:\/\/sollux-lighting.com\/de\/datenschutzbestimmungen\/#breadcrumb","itemListElement":[{"@type":"ListItem","position":1,"name":"Startseite","item":"https:\/\/sollux-lighting.com\/de\/"},{"@type":"ListItem","position":2,"name":"Datenschutzbestimmungen"}]},{"@type":"WebSite","@id":"https:\/\/sollux-lighting.com\/de\/#website","url":"https:\/\/sollux-lighting.com\/de\/","name":"Sollux Lighting","description":"Brighten up your business","publisher":{"@id":"https:\/\/sollux-lighting.com\/de\/#organization"},"potentialAction":[{"@type":"SearchAction","target":{"@type":"EntryPoint","urlTemplate":"https:\/\/sollux-lighting.com\/de\/?s={search_term_string}"},"query-input":{"@type":"PropertyValueSpecification","valueRequired":true,"valueName":"search_term_string"}}],"inLanguage":"de"},{"@type":"Organization","@id":"https:\/\/sollux-lighting.com\/de\/#organization","name":"Sollux Lighting","url":"https:\/\/sollux-lighting.com\/de\/","logo":{"@type":"ImageObject","inLanguage":"de","@id":"https:\/\/sollux-lighting.com\/de\/#\/schema\/logo\/image\/","url":"https:\/\/sollux-lighting.com\/wp-content\/uploads\/2023\/02\/LOGO.svg","contentUrl":"https:\/\/sollux-lighting.com\/wp-content\/uploads\/2023\/02\/LOGO.svg","width":160,"height":46,"caption":"Sollux Lighting "},"image":{"@id":"https:\/\/sollux-lighting.com\/de\/#\/schema\/logo\/image\/"}}]}},"_links":{"self":[{"href":"https:\/\/sollux-lighting.com\/de\/wp-json\/wp\/v2\/pages\/76797","targetHints":{"allow":["GET"]}}],"collection":[{"href":"https:\/\/sollux-lighting.com\/de\/wp-json\/wp\/v2\/pages"}],"about":[{"href":"https:\/\/sollux-lighting.com\/de\/wp-json\/wp\/v2\/types\/page"}],"author":[{"embeddable":true,"href":"https:\/\/sollux-lighting.com\/de\/wp-json\/wp\/v2\/users\/2"}],"replies":[{"embeddable":true,"href":"https:\/\/sollux-lighting.com\/de\/wp-json\/wp\/v2\/comments?post=76797"}],"version-history":[{"count":5,"href":"https:\/\/sollux-lighting.com\/de\/wp-json\/wp\/v2\/pages\/76797\/revisions"}],"predecessor-version":[{"id":76824,"href":"https:\/\/sollux-lighting.com\/de\/wp-json\/wp\/v2\/pages\/76797\/revisions\/76824"}],"wp:attachment":[{"href":"https:\/\/sollux-lighting.com\/de\/wp-json\/wp\/v2\/media?parent=76797"}],"curies":[{"name":"wp","href":"https:\/\/api.w.org\/{rel}","templated":true}]}}