{"id":66744,"date":"2023-02-23T19:31:54","date_gmt":"2023-02-23T18:31:54","guid":{"rendered":"https:\/\/test.sollux-lighting.com\/produkte\/spanische-orange\/"},"modified":"2023-11-28T21:02:23","modified_gmt":"2023-11-28T20:02:23","slug":"spanische-orange","status":"publish","type":"page","link":"https:\/\/sollux-lighting.com\/de\/produkte\/spanische-orange\/","title":{"rendered":"Spanische Orange"},"content":{"rendered":"\t\t<div data-elementor-type=\"wp-page\" data-elementor-id=\"66744\" class=\"elementor elementor-66744 elementor-3339\" data-elementor-post-type=\"page\">\n\t\t\t\t<div class=\"elementor-element elementor-element-ec12a01 e-flex e-con-boxed e-con e-parent\" data-id=\"ec12a01\" data-element_type=\"container\" data-settings=\"{&quot;background_background&quot;:&quot;classic&quot;,&quot;jet_parallax_layout_list&quot;:[]}\">\n\t\t\t\t\t<div class=\"e-con-inner\">\n\t\t<div class=\"elementor-element elementor-element-02275af e-flex e-con-boxed e-con e-child\" data-id=\"02275af\" data-element_type=\"container\" data-settings=\"{&quot;jet_parallax_layout_list&quot;:[]}\">\n\t\t\t\t\t<div class=\"e-con-inner\">\n\t\t\t\t<div class=\"elementor-element elementor-element-3f7773a elementor-widget elementor-widget-heading\" data-id=\"3f7773a\" data-element_type=\"widget\" data-widget_type=\"heading.default\">\n\t\t\t\t<div class=\"elementor-widget-container\">\n\t\t\t\t\t<h2 class=\"elementor-heading-title elementor-size-default\">Vielseitigkeit der Anwendungen<\/h2>\t\t\t\t<\/div>\n\t\t\t\t<\/div>\n\t\t\t\t<div class=\"elementor-element elementor-element-8b6c4b6 elementor-widget elementor-widget-heading\" data-id=\"8b6c4b6\" data-element_type=\"widget\" data-widget_type=\"heading.default\">\n\t\t\t\t<div class=\"elementor-widget-container\">\n\t\t\t\t\t<h2 class=\"elementor-heading-title elementor-size-default\">SPANISCH ORANGE<\/h2>\t\t\t\t<\/div>\n\t\t\t\t<\/div>\n\t\t\t\t<div class=\"elementor-element elementor-element-253c912 elementor-widget elementor-widget-text-editor\" data-id=\"253c912\" data-element_type=\"widget\" data-widget_type=\"text-editor.default\">\n\t\t\t\t<div class=\"elementor-widget-container\">\n\t\t\t\t\t\t\t\t\t<p>Elegante Deckenleuchten mit regelm\u00e4\u00dfiger Form, geraden Linien und einer gro\u00dfen Leuchtfl\u00e4che sind eine vielseitige Wahl f\u00fcr Innenr\u00e4ume in verschiedenen Umgebungen. Durch die minimalistische Form k\u00f6nnen auch mehrere St\u00fccke in einem Raum verwendet werden und ein interessantes Muster an der Decke erzeugen.<\/p>\n\t\t\t\t\t\t\t\t<\/div>\n\t\t\t\t<\/div>\n\t\t\t\t\t<\/div>\n\t\t\t\t<\/div>\n\t\t<div class=\"elementor-element elementor-element-ff21eb3 e-flex e-con-boxed e-con e-child\" data-id=\"ff21eb3\" data-element_type=\"container\" data-settings=\"{&quot;jet_parallax_layout_list&quot;:[]}\">\n\t\t\t\t\t<div class=\"e-con-inner\">\n\t\t\t\t<div class=\"elementor-element elementor-element-3181d51 elementor-widget elementor-widget-image\" data-id=\"3181d51\" data-element_type=\"widget\" data-widget_type=\"image.default\">\n\t\t\t\t<div class=\"elementor-widget-container\">\n\t\t\t\t\t\t\t\t\t\t\t\t\t\t\t<img fetchpriority=\"high\" decoding=\"async\" width=\"585\" height=\"390\" src=\"https:\/\/sollux-lighting.com\/wp-content\/uploads\/2023\/02\/spanish.jpg\" class=\"attachment-large size-large wp-image-5667\" alt=\"\" srcset=\"https:\/\/sollux-lighting.com\/wp-content\/uploads\/2023\/02\/spanish.jpg 585w, https:\/\/sollux-lighting.com\/wp-content\/uploads\/2023\/02\/spanish-300x200.jpg 300w\" sizes=\"(max-width: 585px) 100vw, 585px\" \/>\t\t\t\t\t\t\t\t\t\t\t\t\t\t\t<\/div>\n\t\t\t\t<\/div>\n\t\t\t\t\t<\/div>\n\t\t\t\t<\/div>\n\t\t\t\t\t<\/div>\n\t\t\t\t<\/div>\n\t\t<div class=\"elementor-element elementor-element-612466a e-flex e-con-boxed e-con e-parent\" data-id=\"612466a\" data-element_type=\"container\" data-settings=\"{&quot;jet_parallax_layout_list&quot;:[]}\">\n\t\t\t\t\t<div class=\"e-con-inner\">\n\t\t\t\t<div class=\"elementor-element elementor-element-e22692e elementor-widget elementor-widget-jet-listing-grid\" data-id=\"e22692e\" data-element_type=\"widget\" id=\"seria\" data-settings=\"{&quot;columns&quot;:&quot;4&quot;}\" data-widget_type=\"jet-listing-grid.default\">\n\t\t\t\t<div class=\"elementor-widget-container\">\n\t\t\t\t\t<div class=\"jet-listing-grid jet-listing\"><div class=\"jet-listing-grid__items grid-col-desk-4 grid-col-tablet-4 grid-col-mobile-4 jet-listing-grid--1560 woocommerce\" data-queried-id=\"66744|WP_Post\" data-nav=\"{&quot;enabled&quot;:false,&quot;type&quot;:null,&quot;more_el&quot;:null,&quot;query&quot;:[],&quot;widget_settings&quot;:{&quot;lisitng_id&quot;:1560,&quot;posts_num&quot;:120,&quot;columns&quot;:4,&quot;columns_tablet&quot;:4,&quot;columns_mobile&quot;:4,&quot;column_min_width&quot;:240,&quot;column_min_width_tablet&quot;:240,&quot;column_min_width_mobile&quot;:240,&quot;inline_columns_css&quot;:false,&quot;is_archive_template&quot;:&quot;&quot;,&quot;post_status&quot;:[&quot;publish&quot;],&quot;use_random_posts_num&quot;:&quot;&quot;,&quot;max_posts_num&quot;:9,&quot;not_found_message&quot;:&quot;Keine Produkte gefunden&quot;,&quot;is_masonry&quot;:false,&quot;equal_columns_height&quot;:&quot;&quot;,&quot;use_load_more&quot;:&quot;&quot;,&quot;load_more_id&quot;:&quot;&quot;,&quot;load_more_type&quot;:&quot;click&quot;,&quot;load_more_offset&quot;:{&quot;unit&quot;:&quot;px&quot;,&quot;size&quot;:0,&quot;sizes&quot;:[]},&quot;use_custom_post_types&quot;:&quot;&quot;,&quot;custom_post_types&quot;:[],&quot;hide_widget_if&quot;:&quot;&quot;,&quot;carousel_enabled&quot;:&quot;&quot;,&quot;slides_to_scroll&quot;:&quot;1&quot;,&quot;arrows&quot;:&quot;true&quot;,&quot;arrow_icon&quot;:&quot;fa fa-angle-left&quot;,&quot;dots&quot;:&quot;&quot;,&quot;autoplay&quot;:&quot;true&quot;,&quot;pause_on_hover&quot;:&quot;true&quot;,&quot;autoplay_speed&quot;:5000,&quot;infinite&quot;:&quot;true&quot;,&quot;center_mode&quot;:&quot;&quot;,&quot;effect&quot;:&quot;slide&quot;,&quot;speed&quot;:500,&quot;inject_alternative_items&quot;:&quot;&quot;,&quot;injection_items&quot;:[],&quot;scroll_slider_enabled&quot;:&quot;&quot;,&quot;scroll_slider_on&quot;:[&quot;desktop&quot;,&quot;tablet&quot;,&quot;mobile&quot;],&quot;custom_query&quot;:false,&quot;custom_query_id&quot;:&quot;&quot;,&quot;_element_id&quot;:&quot;seria&quot;,&quot;collapse_first_last_gap&quot;:false,&quot;list_tag_selection&quot;:&quot;&quot;,&quot;list_items_wrapper_tag&quot;:&quot;div&quot;,&quot;list_item_tag&quot;:&quot;div&quot;,&quot;empty_items_wrapper_tag&quot;:&quot;div&quot;}}\" data-page=\"1\" data-pages=\"1\" data-listing-source=\"posts\" data-listing-id=\"1560\" data-query-id=\"\"><div class=\"jet-listing-grid__item jet-listing-dynamic-post-70674\" data-post-id=\"70674\"  >\t\t<div data-elementor-type=\"jet-listing-items\" data-elementor-id=\"1560\" class=\"elementor elementor-1560\" data-elementor-post-type=\"jet-engine\">\n\t\t\t\t<div class=\"elementor-element elementor-element-81809e2 e-flex e-con-boxed e-con e-parent\" data-id=\"81809e2\" data-element_type=\"container\" data-settings=\"{&quot;jet_parallax_layout_list&quot;:[]}\">\n\t\t\t\t\t<div class=\"e-con-inner\">\n\t\t\t\t<div class=\"elementor-element elementor-element-5a9dd49 elementor-widget elementor-widget-image\" data-id=\"5a9dd49\" data-element_type=\"widget\" data-widget_type=\"image.default\">\n\t\t\t\t<div class=\"elementor-widget-container\">\n\t\t\t\t\t\t\t\t\t\t\t\t\t\t\t\t<a href=\"https:\/\/sollux-lighting.com\/de\/nasza-oferta\/unkategorisiert\/deckenleuchte-circle-4-weiss\/\">\n\t\t\t\t\t\t\t<img decoding=\"async\" width=\"750\" height=\"750\" src=\"https:\/\/sollux-lighting.com\/wp-content\/uploads\/2023\/03\/1053-1-k.jpg\" class=\"attachment-large size-large wp-image-25228\" alt=\"\" srcset=\"https:\/\/sollux-lighting.com\/wp-content\/uploads\/2023\/03\/1053-1-k.jpg 750w, https:\/\/sollux-lighting.com\/wp-content\/uploads\/2023\/03\/1053-1-k-300x300.jpg 300w, https:\/\/sollux-lighting.com\/wp-content\/uploads\/2023\/03\/1053-1-k-150x150.jpg 150w, https:\/\/sollux-lighting.com\/wp-content\/uploads\/2023\/03\/1053-1-k-600x600.jpg 600w, https:\/\/sollux-lighting.com\/wp-content\/uploads\/2023\/03\/1053-1-k-100x100.jpg 100w\" sizes=\"(max-width: 750px) 100vw, 750px\" \/>\t\t\t\t\t\t\t\t<\/a>\n\t\t\t\t\t\t\t\t\t\t\t\t\t\t\t<\/div>\n\t\t\t\t<\/div>\n\t\t\t\t<div class=\"elementor-element elementor-element-7bade7f elementor-widget elementor-widget-heading\" data-id=\"7bade7f\" data-element_type=\"widget\" data-widget_type=\"heading.default\">\n\t\t\t\t<div class=\"elementor-widget-container\">\n\t\t\t\t\t<h2 class=\"elementor-heading-title elementor-size-default\"><a href=\"https:\/\/sollux-lighting.com\/de\/nasza-oferta\/unkategorisiert\/deckenleuchte-circle-4-weiss\/\">Deckenleuchte CIRCLE 4 wei\u00df<\/a><\/h2>\t\t\t\t<\/div>\n\t\t\t\t<\/div>\n\t\t\t\t\t<\/div>\n\t\t\t\t<\/div>\n\t\t\t\t<\/div>\n\t\t<\/div><div class=\"jet-listing-grid__item jet-listing-dynamic-post-70675\" data-post-id=\"70675\"  >\t\t<div data-elementor-type=\"jet-listing-items\" data-elementor-id=\"1560\" class=\"elementor elementor-1560\" data-elementor-post-type=\"jet-engine\">\n\t\t\t\t<div class=\"elementor-element elementor-element-81809e2 e-flex e-con-boxed e-con e-parent\" data-id=\"81809e2\" data-element_type=\"container\" data-settings=\"{&quot;jet_parallax_layout_list&quot;:[]}\">\n\t\t\t\t\t<div class=\"e-con-inner\">\n\t\t\t\t<div class=\"elementor-element elementor-element-5a9dd49 elementor-widget elementor-widget-image\" data-id=\"5a9dd49\" data-element_type=\"widget\" data-widget_type=\"image.default\">\n\t\t\t\t<div class=\"elementor-widget-container\">\n\t\t\t\t\t\t\t\t\t\t\t\t\t\t\t\t<a href=\"https:\/\/sollux-lighting.com\/de\/nasza-oferta\/unkategorisiert\/deckenleuchte-square-1-weiss\/\">\n\t\t\t\t\t\t\t<img decoding=\"async\" width=\"750\" height=\"750\" src=\"https:\/\/sollux-lighting.com\/wp-content\/uploads\/2023\/03\/1054-1-k.jpg\" class=\"attachment-large size-large wp-image-25253\" alt=\"\" srcset=\"https:\/\/sollux-lighting.com\/wp-content\/uploads\/2023\/03\/1054-1-k.jpg 750w, https:\/\/sollux-lighting.com\/wp-content\/uploads\/2023\/03\/1054-1-k-300x300.jpg 300w, https:\/\/sollux-lighting.com\/wp-content\/uploads\/2023\/03\/1054-1-k-150x150.jpg 150w, https:\/\/sollux-lighting.com\/wp-content\/uploads\/2023\/03\/1054-1-k-600x600.jpg 600w, https:\/\/sollux-lighting.com\/wp-content\/uploads\/2023\/03\/1054-1-k-100x100.jpg 100w\" sizes=\"(max-width: 750px) 100vw, 750px\" \/>\t\t\t\t\t\t\t\t<\/a>\n\t\t\t\t\t\t\t\t\t\t\t\t\t\t\t<\/div>\n\t\t\t\t<\/div>\n\t\t\t\t<div class=\"elementor-element elementor-element-7bade7f elementor-widget elementor-widget-heading\" data-id=\"7bade7f\" data-element_type=\"widget\" data-widget_type=\"heading.default\">\n\t\t\t\t<div class=\"elementor-widget-container\">\n\t\t\t\t\t<h2 class=\"elementor-heading-title elementor-size-default\"><a href=\"https:\/\/sollux-lighting.com\/de\/nasza-oferta\/unkategorisiert\/deckenleuchte-square-1-weiss\/\">Deckenleuchte SQUARE 1 wei\u00df<\/a><\/h2>\t\t\t\t<\/div>\n\t\t\t\t<\/div>\n\t\t\t\t\t<\/div>\n\t\t\t\t<\/div>\n\t\t\t\t<\/div>\n\t\t<\/div><div class=\"jet-listing-grid__item jet-listing-dynamic-post-70676\" data-post-id=\"70676\"  >\t\t<div data-elementor-type=\"jet-listing-items\" data-elementor-id=\"1560\" class=\"elementor elementor-1560\" data-elementor-post-type=\"jet-engine\">\n\t\t\t\t<div class=\"elementor-element elementor-element-81809e2 e-flex e-con-boxed e-con e-parent\" data-id=\"81809e2\" data-element_type=\"container\" data-settings=\"{&quot;jet_parallax_layout_list&quot;:[]}\">\n\t\t\t\t\t<div class=\"e-con-inner\">\n\t\t\t\t<div class=\"elementor-element elementor-element-5a9dd49 elementor-widget elementor-widget-image\" data-id=\"5a9dd49\" data-element_type=\"widget\" data-widget_type=\"image.default\">\n\t\t\t\t<div class=\"elementor-widget-container\">\n\t\t\t\t\t\t\t\t\t\t\t\t\t\t\t\t<a href=\"https:\/\/sollux-lighting.com\/de\/nasza-oferta\/unkategorisiert\/deckenleuchte-square-3-weiss\/\">\n\t\t\t\t\t\t\t<img loading=\"lazy\" decoding=\"async\" width=\"750\" height=\"750\" src=\"https:\/\/sollux-lighting.com\/wp-content\/uploads\/2023\/03\/1055-1-k.jpg\" class=\"attachment-large size-large wp-image-25278\" alt=\"\" srcset=\"https:\/\/sollux-lighting.com\/wp-content\/uploads\/2023\/03\/1055-1-k.jpg 750w, https:\/\/sollux-lighting.com\/wp-content\/uploads\/2023\/03\/1055-1-k-300x300.jpg 300w, https:\/\/sollux-lighting.com\/wp-content\/uploads\/2023\/03\/1055-1-k-150x150.jpg 150w, https:\/\/sollux-lighting.com\/wp-content\/uploads\/2023\/03\/1055-1-k-600x600.jpg 600w, https:\/\/sollux-lighting.com\/wp-content\/uploads\/2023\/03\/1055-1-k-100x100.jpg 100w\" sizes=\"(max-width: 750px) 100vw, 750px\" \/>\t\t\t\t\t\t\t\t<\/a>\n\t\t\t\t\t\t\t\t\t\t\t\t\t\t\t<\/div>\n\t\t\t\t<\/div>\n\t\t\t\t<div class=\"elementor-element elementor-element-7bade7f elementor-widget elementor-widget-heading\" data-id=\"7bade7f\" data-element_type=\"widget\" data-widget_type=\"heading.default\">\n\t\t\t\t<div class=\"elementor-widget-container\">\n\t\t\t\t\t<h2 class=\"elementor-heading-title elementor-size-default\"><a href=\"https:\/\/sollux-lighting.com\/de\/nasza-oferta\/unkategorisiert\/deckenleuchte-square-3-weiss\/\">Deckenleuchte SQUARE 3 wei\u00df<\/a><\/h2>\t\t\t\t<\/div>\n\t\t\t\t<\/div>\n\t\t\t\t\t<\/div>\n\t\t\t\t<\/div>\n\t\t\t\t<\/div>\n\t\t<\/div><div class=\"jet-listing-grid__item jet-listing-dynamic-post-70677\" data-post-id=\"70677\"  >\t\t<div data-elementor-type=\"jet-listing-items\" data-elementor-id=\"1560\" class=\"elementor elementor-1560\" data-elementor-post-type=\"jet-engine\">\n\t\t\t\t<div class=\"elementor-element elementor-element-81809e2 e-flex e-con-boxed e-con e-parent\" data-id=\"81809e2\" data-element_type=\"container\" data-settings=\"{&quot;jet_parallax_layout_list&quot;:[]}\">\n\t\t\t\t\t<div class=\"e-con-inner\">\n\t\t\t\t<div class=\"elementor-element elementor-element-5a9dd49 elementor-widget elementor-widget-image\" data-id=\"5a9dd49\" data-element_type=\"widget\" data-widget_type=\"image.default\">\n\t\t\t\t<div class=\"elementor-widget-container\">\n\t\t\t\t\t\t\t\t\t\t\t\t\t\t\t\t<a href=\"https:\/\/sollux-lighting.com\/de\/nasza-oferta\/unkategorisiert\/deckenleuchte-sunde-11-weiss\/\">\n\t\t\t\t\t\t\t<img loading=\"lazy\" decoding=\"async\" width=\"750\" height=\"750\" src=\"https:\/\/sollux-lighting.com\/wp-content\/uploads\/2023\/03\/1056-1-k.jpg\" class=\"attachment-large size-large wp-image-25312\" alt=\"\" srcset=\"https:\/\/sollux-lighting.com\/wp-content\/uploads\/2023\/03\/1056-1-k.jpg 750w, https:\/\/sollux-lighting.com\/wp-content\/uploads\/2023\/03\/1056-1-k-300x300.jpg 300w, https:\/\/sollux-lighting.com\/wp-content\/uploads\/2023\/03\/1056-1-k-150x150.jpg 150w, https:\/\/sollux-lighting.com\/wp-content\/uploads\/2023\/03\/1056-1-k-600x600.jpg 600w, https:\/\/sollux-lighting.com\/wp-content\/uploads\/2023\/03\/1056-1-k-100x100.jpg 100w\" sizes=\"(max-width: 750px) 100vw, 750px\" \/>\t\t\t\t\t\t\t\t<\/a>\n\t\t\t\t\t\t\t\t\t\t\t\t\t\t\t<\/div>\n\t\t\t\t<\/div>\n\t\t\t\t<div class=\"elementor-element elementor-element-7bade7f elementor-widget elementor-widget-heading\" data-id=\"7bade7f\" data-element_type=\"widget\" data-widget_type=\"heading.default\">\n\t\t\t\t<div class=\"elementor-widget-container\">\n\t\t\t\t\t<h2 class=\"elementor-heading-title elementor-size-default\"><a href=\"https:\/\/sollux-lighting.com\/de\/nasza-oferta\/unkategorisiert\/deckenleuchte-sunde-11-weiss\/\">Deckenleuchte SUNDE 11 wei\u00df<\/a><\/h2>\t\t\t\t<\/div>\n\t\t\t\t<\/div>\n\t\t\t\t\t<\/div>\n\t\t\t\t<\/div>\n\t\t\t\t<\/div>\n\t\t<\/div><div class=\"jet-listing-grid__item jet-listing-dynamic-post-70678\" data-post-id=\"70678\"  >\t\t<div data-elementor-type=\"jet-listing-items\" data-elementor-id=\"1560\" class=\"elementor elementor-1560\" data-elementor-post-type=\"jet-engine\">\n\t\t\t\t<div class=\"elementor-element elementor-element-81809e2 e-flex e-con-boxed e-con e-parent\" data-id=\"81809e2\" data-element_type=\"container\" data-settings=\"{&quot;jet_parallax_layout_list&quot;:[]}\">\n\t\t\t\t\t<div class=\"e-con-inner\">\n\t\t\t\t<div class=\"elementor-element elementor-element-5a9dd49 elementor-widget elementor-widget-image\" data-id=\"5a9dd49\" data-element_type=\"widget\" data-widget_type=\"image.default\">\n\t\t\t\t<div class=\"elementor-widget-container\">\n\t\t\t\t\t\t\t\t\t\t\t\t\t\t\t\t<a href=\"https:\/\/sollux-lighting.com\/de\/nasza-oferta\/unkategorisiert\/deckenleuchte-sunde-13-weiss\/\">\n\t\t\t\t\t\t\t<img loading=\"lazy\" decoding=\"async\" width=\"750\" height=\"750\" src=\"https:\/\/sollux-lighting.com\/wp-content\/uploads\/2023\/03\/1057-1-k.jpg\" class=\"attachment-large size-large wp-image-25346\" alt=\"\" srcset=\"https:\/\/sollux-lighting.com\/wp-content\/uploads\/2023\/03\/1057-1-k.jpg 750w, https:\/\/sollux-lighting.com\/wp-content\/uploads\/2023\/03\/1057-1-k-300x300.jpg 300w, https:\/\/sollux-lighting.com\/wp-content\/uploads\/2023\/03\/1057-1-k-150x150.jpg 150w, https:\/\/sollux-lighting.com\/wp-content\/uploads\/2023\/03\/1057-1-k-600x600.jpg 600w, https:\/\/sollux-lighting.com\/wp-content\/uploads\/2023\/03\/1057-1-k-100x100.jpg 100w\" sizes=\"(max-width: 750px) 100vw, 750px\" \/>\t\t\t\t\t\t\t\t<\/a>\n\t\t\t\t\t\t\t\t\t\t\t\t\t\t\t<\/div>\n\t\t\t\t<\/div>\n\t\t\t\t<div class=\"elementor-element elementor-element-7bade7f elementor-widget elementor-widget-heading\" data-id=\"7bade7f\" data-element_type=\"widget\" data-widget_type=\"heading.default\">\n\t\t\t\t<div class=\"elementor-widget-container\">\n\t\t\t\t\t<h2 class=\"elementor-heading-title elementor-size-default\"><a href=\"https:\/\/sollux-lighting.com\/de\/nasza-oferta\/unkategorisiert\/deckenleuchte-sunde-13-weiss\/\">Deckenleuchte SUNDE 13 wei\u00df<\/a><\/h2>\t\t\t\t<\/div>\n\t\t\t\t<\/div>\n\t\t\t\t\t<\/div>\n\t\t\t\t<\/div>\n\t\t\t\t<\/div>\n\t\t<\/div><div class=\"jet-listing-grid__item jet-listing-dynamic-post-70679\" data-post-id=\"70679\"  >\t\t<div data-elementor-type=\"jet-listing-items\" data-elementor-id=\"1560\" class=\"elementor elementor-1560\" data-elementor-post-type=\"jet-engine\">\n\t\t\t\t<div class=\"elementor-element elementor-element-81809e2 e-flex e-con-boxed e-con e-parent\" data-id=\"81809e2\" data-element_type=\"container\" data-settings=\"{&quot;jet_parallax_layout_list&quot;:[]}\">\n\t\t\t\t\t<div class=\"e-con-inner\">\n\t\t\t\t<div class=\"elementor-element elementor-element-5a9dd49 elementor-widget elementor-widget-image\" data-id=\"5a9dd49\" data-element_type=\"widget\" data-widget_type=\"image.default\">\n\t\t\t\t<div class=\"elementor-widget-container\">\n\t\t\t\t\t\t\t\t\t\t\t\t\t\t\t\t<a href=\"https:\/\/sollux-lighting.com\/de\/nasza-oferta\/unkategorisiert\/deckenleuchte-sunde-15-weiss\/\">\n\t\t\t\t\t\t\t<img loading=\"lazy\" decoding=\"async\" width=\"750\" height=\"750\" src=\"https:\/\/sollux-lighting.com\/wp-content\/uploads\/2023\/03\/1058-1-k.jpg\" class=\"attachment-large size-large wp-image-25380\" alt=\"\" srcset=\"https:\/\/sollux-lighting.com\/wp-content\/uploads\/2023\/03\/1058-1-k.jpg 750w, https:\/\/sollux-lighting.com\/wp-content\/uploads\/2023\/03\/1058-1-k-300x300.jpg 300w, https:\/\/sollux-lighting.com\/wp-content\/uploads\/2023\/03\/1058-1-k-150x150.jpg 150w, https:\/\/sollux-lighting.com\/wp-content\/uploads\/2023\/03\/1058-1-k-600x600.jpg 600w, https:\/\/sollux-lighting.com\/wp-content\/uploads\/2023\/03\/1058-1-k-100x100.jpg 100w\" sizes=\"(max-width: 750px) 100vw, 750px\" \/>\t\t\t\t\t\t\t\t<\/a>\n\t\t\t\t\t\t\t\t\t\t\t\t\t\t\t<\/div>\n\t\t\t\t<\/div>\n\t\t\t\t<div class=\"elementor-element elementor-element-7bade7f elementor-widget elementor-widget-heading\" data-id=\"7bade7f\" data-element_type=\"widget\" data-widget_type=\"heading.default\">\n\t\t\t\t<div class=\"elementor-widget-container\">\n\t\t\t\t\t<h2 class=\"elementor-heading-title elementor-size-default\"><a href=\"https:\/\/sollux-lighting.com\/de\/nasza-oferta\/unkategorisiert\/deckenleuchte-sunde-15-weiss\/\">Deckenleuchte SUNDE 15 wei\u00df<\/a><\/h2>\t\t\t\t<\/div>\n\t\t\t\t<\/div>\n\t\t\t\t\t<\/div>\n\t\t\t\t<\/div>\n\t\t\t\t<\/div>\n\t\t<\/div><div class=\"jet-listing-grid__item jet-listing-dynamic-post-70680\" data-post-id=\"70680\"  >\t\t<div data-elementor-type=\"jet-listing-items\" data-elementor-id=\"1560\" class=\"elementor elementor-1560\" data-elementor-post-type=\"jet-engine\">\n\t\t\t\t<div class=\"elementor-element elementor-element-81809e2 e-flex e-con-boxed e-con e-parent\" data-id=\"81809e2\" data-element_type=\"container\" data-settings=\"{&quot;jet_parallax_layout_list&quot;:[]}\">\n\t\t\t\t\t<div class=\"e-con-inner\">\n\t\t\t\t<div class=\"elementor-element elementor-element-5a9dd49 elementor-widget elementor-widget-image\" data-id=\"5a9dd49\" data-element_type=\"widget\" data-widget_type=\"image.default\">\n\t\t\t\t<div class=\"elementor-widget-container\">\n\t\t\t\t\t\t\t\t\t\t\t\t\t\t\t\t<a href=\"https:\/\/sollux-lighting.com\/de\/nasza-oferta\/unkategorisiert\/deckenleuchte-sunde-11-schwarz\/\">\n\t\t\t\t\t\t\t<img loading=\"lazy\" decoding=\"async\" width=\"750\" height=\"750\" src=\"https:\/\/sollux-lighting.com\/wp-content\/uploads\/2023\/03\/1059-1-k.jpg\" class=\"attachment-large size-large wp-image-25414\" alt=\"\" srcset=\"https:\/\/sollux-lighting.com\/wp-content\/uploads\/2023\/03\/1059-1-k.jpg 750w, https:\/\/sollux-lighting.com\/wp-content\/uploads\/2023\/03\/1059-1-k-300x300.jpg 300w, https:\/\/sollux-lighting.com\/wp-content\/uploads\/2023\/03\/1059-1-k-150x150.jpg 150w, https:\/\/sollux-lighting.com\/wp-content\/uploads\/2023\/03\/1059-1-k-600x600.jpg 600w, https:\/\/sollux-lighting.com\/wp-content\/uploads\/2023\/03\/1059-1-k-100x100.jpg 100w\" sizes=\"(max-width: 750px) 100vw, 750px\" \/>\t\t\t\t\t\t\t\t<\/a>\n\t\t\t\t\t\t\t\t\t\t\t\t\t\t\t<\/div>\n\t\t\t\t<\/div>\n\t\t\t\t<div class=\"elementor-element elementor-element-7bade7f elementor-widget elementor-widget-heading\" data-id=\"7bade7f\" data-element_type=\"widget\" data-widget_type=\"heading.default\">\n\t\t\t\t<div class=\"elementor-widget-container\">\n\t\t\t\t\t<h2 class=\"elementor-heading-title elementor-size-default\"><a href=\"https:\/\/sollux-lighting.com\/de\/nasza-oferta\/unkategorisiert\/deckenleuchte-sunde-11-schwarz\/\">Deckenleuchte SUNDE 11 schwarz<\/a><\/h2>\t\t\t\t<\/div>\n\t\t\t\t<\/div>\n\t\t\t\t\t<\/div>\n\t\t\t\t<\/div>\n\t\t\t\t<\/div>\n\t\t<\/div><div class=\"jet-listing-grid__item jet-listing-dynamic-post-70681\" data-post-id=\"70681\"  >\t\t<div data-elementor-type=\"jet-listing-items\" data-elementor-id=\"1560\" class=\"elementor elementor-1560\" data-elementor-post-type=\"jet-engine\">\n\t\t\t\t<div class=\"elementor-element elementor-element-81809e2 e-flex e-con-boxed e-con e-parent\" data-id=\"81809e2\" data-element_type=\"container\" data-settings=\"{&quot;jet_parallax_layout_list&quot;:[]}\">\n\t\t\t\t\t<div class=\"e-con-inner\">\n\t\t\t\t<div class=\"elementor-element elementor-element-5a9dd49 elementor-widget elementor-widget-image\" data-id=\"5a9dd49\" data-element_type=\"widget\" data-widget_type=\"image.default\">\n\t\t\t\t<div class=\"elementor-widget-container\">\n\t\t\t\t\t\t\t\t\t\t\t\t\t\t\t\t<a href=\"https:\/\/sollux-lighting.com\/de\/nasza-oferta\/unkategorisiert\/deckenleuchte-sunde-13-schwarz\/\">\n\t\t\t\t\t\t\t<img loading=\"lazy\" decoding=\"async\" width=\"750\" height=\"750\" src=\"https:\/\/sollux-lighting.com\/wp-content\/uploads\/2023\/03\/1060-1-k.jpg\" class=\"attachment-large size-large wp-image-25445\" alt=\"\" srcset=\"https:\/\/sollux-lighting.com\/wp-content\/uploads\/2023\/03\/1060-1-k.jpg 750w, https:\/\/sollux-lighting.com\/wp-content\/uploads\/2023\/03\/1060-1-k-300x300.jpg 300w, https:\/\/sollux-lighting.com\/wp-content\/uploads\/2023\/03\/1060-1-k-150x150.jpg 150w, https:\/\/sollux-lighting.com\/wp-content\/uploads\/2023\/03\/1060-1-k-600x600.jpg 600w, https:\/\/sollux-lighting.com\/wp-content\/uploads\/2023\/03\/1060-1-k-100x100.jpg 100w\" sizes=\"(max-width: 750px) 100vw, 750px\" \/>\t\t\t\t\t\t\t\t<\/a>\n\t\t\t\t\t\t\t\t\t\t\t\t\t\t\t<\/div>\n\t\t\t\t<\/div>\n\t\t\t\t<div class=\"elementor-element elementor-element-7bade7f elementor-widget elementor-widget-heading\" data-id=\"7bade7f\" data-element_type=\"widget\" data-widget_type=\"heading.default\">\n\t\t\t\t<div class=\"elementor-widget-container\">\n\t\t\t\t\t<h2 class=\"elementor-heading-title elementor-size-default\"><a href=\"https:\/\/sollux-lighting.com\/de\/nasza-oferta\/unkategorisiert\/deckenleuchte-sunde-13-schwarz\/\">Deckenleuchte SUNDE 13 schwarz<\/a><\/h2>\t\t\t\t<\/div>\n\t\t\t\t<\/div>\n\t\t\t\t\t<\/div>\n\t\t\t\t<\/div>\n\t\t\t\t<\/div>\n\t\t<\/div><div class=\"jet-listing-grid__item jet-listing-dynamic-post-70682\" data-post-id=\"70682\"  >\t\t<div data-elementor-type=\"jet-listing-items\" data-elementor-id=\"1560\" class=\"elementor elementor-1560\" data-elementor-post-type=\"jet-engine\">\n\t\t\t\t<div class=\"elementor-element elementor-element-81809e2 e-flex e-con-boxed e-con e-parent\" data-id=\"81809e2\" data-element_type=\"container\" data-settings=\"{&quot;jet_parallax_layout_list&quot;:[]}\">\n\t\t\t\t\t<div class=\"e-con-inner\">\n\t\t\t\t<div class=\"elementor-element elementor-element-5a9dd49 elementor-widget elementor-widget-image\" data-id=\"5a9dd49\" data-element_type=\"widget\" data-widget_type=\"image.default\">\n\t\t\t\t<div class=\"elementor-widget-container\">\n\t\t\t\t\t\t\t\t\t\t\t\t\t\t\t\t<a href=\"https:\/\/sollux-lighting.com\/de\/nasza-oferta\/unkategorisiert\/deckenleuchte-sunde-15-schwarz\/\">\n\t\t\t\t\t\t\t<img loading=\"lazy\" decoding=\"async\" width=\"750\" height=\"750\" src=\"https:\/\/sollux-lighting.com\/wp-content\/uploads\/2023\/03\/1061-1-k.jpg\" class=\"attachment-large size-large wp-image-25476\" alt=\"\" srcset=\"https:\/\/sollux-lighting.com\/wp-content\/uploads\/2023\/03\/1061-1-k.jpg 750w, https:\/\/sollux-lighting.com\/wp-content\/uploads\/2023\/03\/1061-1-k-300x300.jpg 300w, https:\/\/sollux-lighting.com\/wp-content\/uploads\/2023\/03\/1061-1-k-150x150.jpg 150w, https:\/\/sollux-lighting.com\/wp-content\/uploads\/2023\/03\/1061-1-k-600x600.jpg 600w, https:\/\/sollux-lighting.com\/wp-content\/uploads\/2023\/03\/1061-1-k-100x100.jpg 100w\" sizes=\"(max-width: 750px) 100vw, 750px\" \/>\t\t\t\t\t\t\t\t<\/a>\n\t\t\t\t\t\t\t\t\t\t\t\t\t\t\t<\/div>\n\t\t\t\t<\/div>\n\t\t\t\t<div class=\"elementor-element elementor-element-7bade7f elementor-widget elementor-widget-heading\" data-id=\"7bade7f\" data-element_type=\"widget\" data-widget_type=\"heading.default\">\n\t\t\t\t<div class=\"elementor-widget-container\">\n\t\t\t\t\t<h2 class=\"elementor-heading-title elementor-size-default\"><a href=\"https:\/\/sollux-lighting.com\/de\/nasza-oferta\/unkategorisiert\/deckenleuchte-sunde-15-schwarz\/\">Deckenleuchte SUNDE 15 schwarz<\/a><\/h2>\t\t\t\t<\/div>\n\t\t\t\t<\/div>\n\t\t\t\t\t<\/div>\n\t\t\t\t<\/div>\n\t\t\t\t<\/div>\n\t\t<\/div><div class=\"jet-listing-grid__item jet-listing-dynamic-post-70671\" data-post-id=\"70671\"  >\t\t<div data-elementor-type=\"jet-listing-items\" data-elementor-id=\"1560\" class=\"elementor elementor-1560\" data-elementor-post-type=\"jet-engine\">\n\t\t\t\t<div class=\"elementor-element elementor-element-81809e2 e-flex e-con-boxed e-con e-parent\" data-id=\"81809e2\" data-element_type=\"container\" data-settings=\"{&quot;jet_parallax_layout_list&quot;:[]}\">\n\t\t\t\t\t<div class=\"e-con-inner\">\n\t\t\t\t<div class=\"elementor-element elementor-element-5a9dd49 elementor-widget elementor-widget-image\" data-id=\"5a9dd49\" data-element_type=\"widget\" data-widget_type=\"image.default\">\n\t\t\t\t<div class=\"elementor-widget-container\">\n\t\t\t\t\t\t\t\t\t\t\t\t\t\t\t\t<a href=\"https:\/\/sollux-lighting.com\/de\/nasza-oferta\/unkategorisiert\/deckenleuchte-circle-1-weiss\/\">\n\t\t\t\t\t\t\t<img loading=\"lazy\" decoding=\"async\" width=\"750\" height=\"750\" src=\"https:\/\/sollux-lighting.com\/wp-content\/uploads\/2023\/03\/1050-1-k.jpg\" class=\"attachment-large size-large wp-image-25153\" alt=\"\" srcset=\"https:\/\/sollux-lighting.com\/wp-content\/uploads\/2023\/03\/1050-1-k.jpg 750w, https:\/\/sollux-lighting.com\/wp-content\/uploads\/2023\/03\/1050-1-k-300x300.jpg 300w, https:\/\/sollux-lighting.com\/wp-content\/uploads\/2023\/03\/1050-1-k-150x150.jpg 150w, https:\/\/sollux-lighting.com\/wp-content\/uploads\/2023\/03\/1050-1-k-600x600.jpg 600w, https:\/\/sollux-lighting.com\/wp-content\/uploads\/2023\/03\/1050-1-k-100x100.jpg 100w\" sizes=\"(max-width: 750px) 100vw, 750px\" \/>\t\t\t\t\t\t\t\t<\/a>\n\t\t\t\t\t\t\t\t\t\t\t\t\t\t\t<\/div>\n\t\t\t\t<\/div>\n\t\t\t\t<div class=\"elementor-element elementor-element-7bade7f elementor-widget elementor-widget-heading\" data-id=\"7bade7f\" data-element_type=\"widget\" data-widget_type=\"heading.default\">\n\t\t\t\t<div class=\"elementor-widget-container\">\n\t\t\t\t\t<h2 class=\"elementor-heading-title elementor-size-default\"><a href=\"https:\/\/sollux-lighting.com\/de\/nasza-oferta\/unkategorisiert\/deckenleuchte-circle-1-weiss\/\">Deckenleuchte CIRCLE 1 wei\u00df<\/a><\/h2>\t\t\t\t<\/div>\n\t\t\t\t<\/div>\n\t\t\t\t\t<\/div>\n\t\t\t\t<\/div>\n\t\t\t\t<\/div>\n\t\t<\/div><div class=\"jet-listing-grid__item jet-listing-dynamic-post-70672\" data-post-id=\"70672\"  >\t\t<div data-elementor-type=\"jet-listing-items\" data-elementor-id=\"1560\" class=\"elementor elementor-1560\" data-elementor-post-type=\"jet-engine\">\n\t\t\t\t<div class=\"elementor-element elementor-element-81809e2 e-flex e-con-boxed e-con e-parent\" data-id=\"81809e2\" data-element_type=\"container\" data-settings=\"{&quot;jet_parallax_layout_list&quot;:[]}\">\n\t\t\t\t\t<div class=\"e-con-inner\">\n\t\t\t\t<div class=\"elementor-element elementor-element-5a9dd49 elementor-widget elementor-widget-image\" data-id=\"5a9dd49\" data-element_type=\"widget\" data-widget_type=\"image.default\">\n\t\t\t\t<div class=\"elementor-widget-container\">\n\t\t\t\t\t\t\t\t\t\t\t\t\t\t\t\t<a href=\"https:\/\/sollux-lighting.com\/de\/nasza-oferta\/unkategorisiert\/deckenleuchte-circle-3a-weiss\/\">\n\t\t\t\t\t\t\t<img loading=\"lazy\" decoding=\"async\" width=\"750\" height=\"750\" src=\"https:\/\/sollux-lighting.com\/wp-content\/uploads\/2023\/03\/1051-1-k.jpg\" class=\"attachment-large size-large wp-image-25178\" alt=\"\" srcset=\"https:\/\/sollux-lighting.com\/wp-content\/uploads\/2023\/03\/1051-1-k.jpg 750w, https:\/\/sollux-lighting.com\/wp-content\/uploads\/2023\/03\/1051-1-k-300x300.jpg 300w, https:\/\/sollux-lighting.com\/wp-content\/uploads\/2023\/03\/1051-1-k-150x150.jpg 150w, https:\/\/sollux-lighting.com\/wp-content\/uploads\/2023\/03\/1051-1-k-600x600.jpg 600w, https:\/\/sollux-lighting.com\/wp-content\/uploads\/2023\/03\/1051-1-k-100x100.jpg 100w\" sizes=\"(max-width: 750px) 100vw, 750px\" \/>\t\t\t\t\t\t\t\t<\/a>\n\t\t\t\t\t\t\t\t\t\t\t\t\t\t\t<\/div>\n\t\t\t\t<\/div>\n\t\t\t\t<div class=\"elementor-element elementor-element-7bade7f elementor-widget elementor-widget-heading\" data-id=\"7bade7f\" data-element_type=\"widget\" data-widget_type=\"heading.default\">\n\t\t\t\t<div class=\"elementor-widget-container\">\n\t\t\t\t\t<h2 class=\"elementor-heading-title elementor-size-default\"><a href=\"https:\/\/sollux-lighting.com\/de\/nasza-oferta\/unkategorisiert\/deckenleuchte-circle-3a-weiss\/\">Deckenleuchte CIRCLE 3A wei\u00df<\/a><\/h2>\t\t\t\t<\/div>\n\t\t\t\t<\/div>\n\t\t\t\t\t<\/div>\n\t\t\t\t<\/div>\n\t\t\t\t<\/div>\n\t\t<\/div><div class=\"jet-listing-grid__item jet-listing-dynamic-post-70673\" data-post-id=\"70673\"  >\t\t<div data-elementor-type=\"jet-listing-items\" data-elementor-id=\"1560\" class=\"elementor elementor-1560\" data-elementor-post-type=\"jet-engine\">\n\t\t\t\t<div class=\"elementor-element elementor-element-81809e2 e-flex e-con-boxed e-con e-parent\" data-id=\"81809e2\" data-element_type=\"container\" data-settings=\"{&quot;jet_parallax_layout_list&quot;:[]}\">\n\t\t\t\t\t<div class=\"e-con-inner\">\n\t\t\t\t<div class=\"elementor-element elementor-element-5a9dd49 elementor-widget elementor-widget-image\" data-id=\"5a9dd49\" data-element_type=\"widget\" data-widget_type=\"image.default\">\n\t\t\t\t<div class=\"elementor-widget-container\">\n\t\t\t\t\t\t\t\t\t\t\t\t\t\t\t\t<a href=\"https:\/\/sollux-lighting.com\/de\/nasza-oferta\/unkategorisiert\/deckenleuchte-circle-3b-weiss\/\">\n\t\t\t\t\t\t\t<img loading=\"lazy\" decoding=\"async\" width=\"750\" height=\"750\" src=\"https:\/\/sollux-lighting.com\/wp-content\/uploads\/2023\/03\/1052-1-k.jpg\" class=\"attachment-large size-large wp-image-25203\" alt=\"\" srcset=\"https:\/\/sollux-lighting.com\/wp-content\/uploads\/2023\/03\/1052-1-k.jpg 750w, https:\/\/sollux-lighting.com\/wp-content\/uploads\/2023\/03\/1052-1-k-300x300.jpg 300w, https:\/\/sollux-lighting.com\/wp-content\/uploads\/2023\/03\/1052-1-k-150x150.jpg 150w, https:\/\/sollux-lighting.com\/wp-content\/uploads\/2023\/03\/1052-1-k-600x600.jpg 600w, https:\/\/sollux-lighting.com\/wp-content\/uploads\/2023\/03\/1052-1-k-100x100.jpg 100w\" sizes=\"(max-width: 750px) 100vw, 750px\" \/>\t\t\t\t\t\t\t\t<\/a>\n\t\t\t\t\t\t\t\t\t\t\t\t\t\t\t<\/div>\n\t\t\t\t<\/div>\n\t\t\t\t<div class=\"elementor-element elementor-element-7bade7f elementor-widget elementor-widget-heading\" data-id=\"7bade7f\" data-element_type=\"widget\" data-widget_type=\"heading.default\">\n\t\t\t\t<div class=\"elementor-widget-container\">\n\t\t\t\t\t<h2 class=\"elementor-heading-title elementor-size-default\"><a href=\"https:\/\/sollux-lighting.com\/de\/nasza-oferta\/unkategorisiert\/deckenleuchte-circle-3b-weiss\/\">Deckenleuchte CIRCLE 3B wei\u00df<\/a><\/h2>\t\t\t\t<\/div>\n\t\t\t\t<\/div>\n\t\t\t\t\t<\/div>\n\t\t\t\t<\/div>\n\t\t\t\t<\/div>\n\t\t<\/div><div class=\"jet-listing-grid__item jet-listing-dynamic-post-70547\" data-post-id=\"70547\"  >\t\t<div data-elementor-type=\"jet-listing-items\" data-elementor-id=\"1560\" class=\"elementor elementor-1560\" data-elementor-post-type=\"jet-engine\">\n\t\t\t\t<div class=\"elementor-element elementor-element-81809e2 e-flex e-con-boxed e-con e-parent\" data-id=\"81809e2\" data-element_type=\"container\" data-settings=\"{&quot;jet_parallax_layout_list&quot;:[]}\">\n\t\t\t\t\t<div class=\"e-con-inner\">\n\t\t\t\t<div class=\"elementor-element elementor-element-5a9dd49 elementor-widget elementor-widget-image\" data-id=\"5a9dd49\" data-element_type=\"widget\" data-widget_type=\"image.default\">\n\t\t\t\t<div class=\"elementor-widget-container\">\n\t\t\t\t\t\t\t\t\t\t\t\t\t\t\t\t<a href=\"https:\/\/sollux-lighting.com\/de\/nasza-oferta\/unkategorisiert\/deckenleuchte-arena-55-schwarz\/\">\n\t\t\t\t\t\t\t<img loading=\"lazy\" decoding=\"async\" width=\"750\" height=\"750\" src=\"https:\/\/sollux-lighting.com\/wp-content\/uploads\/2023\/03\/0917-1-k.jpg\" class=\"attachment-large size-large wp-image-22045\" alt=\"\" srcset=\"https:\/\/sollux-lighting.com\/wp-content\/uploads\/2023\/03\/0917-1-k.jpg 750w, https:\/\/sollux-lighting.com\/wp-content\/uploads\/2023\/03\/0917-1-k-300x300.jpg 300w, https:\/\/sollux-lighting.com\/wp-content\/uploads\/2023\/03\/0917-1-k-150x150.jpg 150w, https:\/\/sollux-lighting.com\/wp-content\/uploads\/2023\/03\/0917-1-k-600x600.jpg 600w, https:\/\/sollux-lighting.com\/wp-content\/uploads\/2023\/03\/0917-1-k-100x100.jpg 100w\" sizes=\"(max-width: 750px) 100vw, 750px\" \/>\t\t\t\t\t\t\t\t<\/a>\n\t\t\t\t\t\t\t\t\t\t\t\t\t\t\t<\/div>\n\t\t\t\t<\/div>\n\t\t\t\t<div class=\"elementor-element elementor-element-7bade7f elementor-widget elementor-widget-heading\" data-id=\"7bade7f\" data-element_type=\"widget\" data-widget_type=\"heading.default\">\n\t\t\t\t<div class=\"elementor-widget-container\">\n\t\t\t\t\t<h2 class=\"elementor-heading-title elementor-size-default\"><a href=\"https:\/\/sollux-lighting.com\/de\/nasza-oferta\/unkategorisiert\/deckenleuchte-arena-55-schwarz\/\">Deckenleuchte ARENA 55 schwarz<\/a><\/h2>\t\t\t\t<\/div>\n\t\t\t\t<\/div>\n\t\t\t\t\t<\/div>\n\t\t\t\t<\/div>\n\t\t\t\t<\/div>\n\t\t<\/div><div class=\"jet-listing-grid__item jet-listing-dynamic-post-70548\" data-post-id=\"70548\"  >\t\t<div data-elementor-type=\"jet-listing-items\" data-elementor-id=\"1560\" class=\"elementor elementor-1560\" data-elementor-post-type=\"jet-engine\">\n\t\t\t\t<div class=\"elementor-element elementor-element-81809e2 e-flex e-con-boxed e-con e-parent\" data-id=\"81809e2\" data-element_type=\"container\" data-settings=\"{&quot;jet_parallax_layout_list&quot;:[]}\">\n\t\t\t\t\t<div class=\"e-con-inner\">\n\t\t\t\t<div class=\"elementor-element elementor-element-5a9dd49 elementor-widget elementor-widget-image\" data-id=\"5a9dd49\" data-element_type=\"widget\" data-widget_type=\"image.default\">\n\t\t\t\t<div class=\"elementor-widget-container\">\n\t\t\t\t\t\t\t\t\t\t\t\t\t\t\t\t<a href=\"https:\/\/sollux-lighting.com\/de\/nasza-oferta\/unkategorisiert\/deckenleuchte-arena-55-grau\/\">\n\t\t\t\t\t\t\t<img loading=\"lazy\" decoding=\"async\" width=\"750\" height=\"750\" src=\"https:\/\/sollux-lighting.com\/wp-content\/uploads\/2023\/03\/0918-1-k.jpg\" class=\"attachment-large size-large wp-image-22070\" alt=\"\" srcset=\"https:\/\/sollux-lighting.com\/wp-content\/uploads\/2023\/03\/0918-1-k.jpg 750w, https:\/\/sollux-lighting.com\/wp-content\/uploads\/2023\/03\/0918-1-k-300x300.jpg 300w, https:\/\/sollux-lighting.com\/wp-content\/uploads\/2023\/03\/0918-1-k-150x150.jpg 150w, https:\/\/sollux-lighting.com\/wp-content\/uploads\/2023\/03\/0918-1-k-600x600.jpg 600w, https:\/\/sollux-lighting.com\/wp-content\/uploads\/2023\/03\/0918-1-k-100x100.jpg 100w\" sizes=\"(max-width: 750px) 100vw, 750px\" \/>\t\t\t\t\t\t\t\t<\/a>\n\t\t\t\t\t\t\t\t\t\t\t\t\t\t\t<\/div>\n\t\t\t\t<\/div>\n\t\t\t\t<div class=\"elementor-element elementor-element-7bade7f elementor-widget elementor-widget-heading\" data-id=\"7bade7f\" data-element_type=\"widget\" data-widget_type=\"heading.default\">\n\t\t\t\t<div class=\"elementor-widget-container\">\n\t\t\t\t\t<h2 class=\"elementor-heading-title elementor-size-default\"><a href=\"https:\/\/sollux-lighting.com\/de\/nasza-oferta\/unkategorisiert\/deckenleuchte-arena-55-grau\/\">Deckenleuchte ARENA 55 grau<\/a><\/h2>\t\t\t\t<\/div>\n\t\t\t\t<\/div>\n\t\t\t\t\t<\/div>\n\t\t\t\t<\/div>\n\t\t\t\t<\/div>\n\t\t<\/div><div class=\"jet-listing-grid__item jet-listing-dynamic-post-70549\" data-post-id=\"70549\"  >\t\t<div data-elementor-type=\"jet-listing-items\" data-elementor-id=\"1560\" class=\"elementor elementor-1560\" data-elementor-post-type=\"jet-engine\">\n\t\t\t\t<div class=\"elementor-element elementor-element-81809e2 e-flex e-con-boxed e-con e-parent\" data-id=\"81809e2\" data-element_type=\"container\" data-settings=\"{&quot;jet_parallax_layout_list&quot;:[]}\">\n\t\t\t\t\t<div class=\"e-con-inner\">\n\t\t\t\t<div class=\"elementor-element elementor-element-5a9dd49 elementor-widget elementor-widget-image\" data-id=\"5a9dd49\" data-element_type=\"widget\" data-widget_type=\"image.default\">\n\t\t\t\t<div class=\"elementor-widget-container\">\n\t\t\t\t\t\t\t\t\t\t\t\t\t\t\t\t<a href=\"https:\/\/sollux-lighting.com\/de\/nasza-oferta\/unkategorisiert\/deckenleuchte-arena-55-weiss\/\">\n\t\t\t\t\t\t\t<img loading=\"lazy\" decoding=\"async\" width=\"750\" height=\"750\" src=\"https:\/\/sollux-lighting.com\/wp-content\/uploads\/2023\/03\/0919-1-k.jpg\" class=\"attachment-large size-large wp-image-22095\" alt=\"\" srcset=\"https:\/\/sollux-lighting.com\/wp-content\/uploads\/2023\/03\/0919-1-k.jpg 750w, https:\/\/sollux-lighting.com\/wp-content\/uploads\/2023\/03\/0919-1-k-300x300.jpg 300w, https:\/\/sollux-lighting.com\/wp-content\/uploads\/2023\/03\/0919-1-k-150x150.jpg 150w, https:\/\/sollux-lighting.com\/wp-content\/uploads\/2023\/03\/0919-1-k-600x600.jpg 600w, https:\/\/sollux-lighting.com\/wp-content\/uploads\/2023\/03\/0919-1-k-100x100.jpg 100w\" sizes=\"(max-width: 750px) 100vw, 750px\" \/>\t\t\t\t\t\t\t\t<\/a>\n\t\t\t\t\t\t\t\t\t\t\t\t\t\t\t<\/div>\n\t\t\t\t<\/div>\n\t\t\t\t<div class=\"elementor-element elementor-element-7bade7f elementor-widget elementor-widget-heading\" data-id=\"7bade7f\" data-element_type=\"widget\" data-widget_type=\"heading.default\">\n\t\t\t\t<div class=\"elementor-widget-container\">\n\t\t\t\t\t<h2 class=\"elementor-heading-title elementor-size-default\"><a href=\"https:\/\/sollux-lighting.com\/de\/nasza-oferta\/unkategorisiert\/deckenleuchte-arena-55-weiss\/\">Deckenleuchte ARENA 55 wei\u00df<\/a><\/h2>\t\t\t\t<\/div>\n\t\t\t\t<\/div>\n\t\t\t\t\t<\/div>\n\t\t\t\t<\/div>\n\t\t\t\t<\/div>\n\t\t<\/div><div class=\"jet-listing-grid__item jet-listing-dynamic-post-70550\" data-post-id=\"70550\"  >\t\t<div data-elementor-type=\"jet-listing-items\" data-elementor-id=\"1560\" class=\"elementor elementor-1560\" data-elementor-post-type=\"jet-engine\">\n\t\t\t\t<div class=\"elementor-element elementor-element-81809e2 e-flex e-con-boxed e-con e-parent\" data-id=\"81809e2\" data-element_type=\"container\" data-settings=\"{&quot;jet_parallax_layout_list&quot;:[]}\">\n\t\t\t\t\t<div class=\"e-con-inner\">\n\t\t\t\t<div class=\"elementor-element elementor-element-5a9dd49 elementor-widget elementor-widget-image\" data-id=\"5a9dd49\" data-element_type=\"widget\" data-widget_type=\"image.default\">\n\t\t\t\t<div class=\"elementor-widget-container\">\n\t\t\t\t\t\t\t\t\t\t\t\t\t\t\t\t<a href=\"https:\/\/sollux-lighting.com\/de\/nasza-oferta\/unkategorisiert\/deckenleuchte-horus-55-schwarz\/\">\n\t\t\t\t\t\t\t<img loading=\"lazy\" decoding=\"async\" width=\"750\" height=\"750\" src=\"https:\/\/sollux-lighting.com\/wp-content\/uploads\/2023\/03\/0920-1-k.jpg\" class=\"attachment-large size-large wp-image-22120\" alt=\"\" srcset=\"https:\/\/sollux-lighting.com\/wp-content\/uploads\/2023\/03\/0920-1-k.jpg 750w, https:\/\/sollux-lighting.com\/wp-content\/uploads\/2023\/03\/0920-1-k-300x300.jpg 300w, https:\/\/sollux-lighting.com\/wp-content\/uploads\/2023\/03\/0920-1-k-150x150.jpg 150w, https:\/\/sollux-lighting.com\/wp-content\/uploads\/2023\/03\/0920-1-k-600x600.jpg 600w, https:\/\/sollux-lighting.com\/wp-content\/uploads\/2023\/03\/0920-1-k-100x100.jpg 100w\" sizes=\"(max-width: 750px) 100vw, 750px\" \/>\t\t\t\t\t\t\t\t<\/a>\n\t\t\t\t\t\t\t\t\t\t\t\t\t\t\t<\/div>\n\t\t\t\t<\/div>\n\t\t\t\t<div class=\"elementor-element elementor-element-7bade7f elementor-widget elementor-widget-heading\" data-id=\"7bade7f\" data-element_type=\"widget\" data-widget_type=\"heading.default\">\n\t\t\t\t<div class=\"elementor-widget-container\">\n\t\t\t\t\t<h2 class=\"elementor-heading-title elementor-size-default\"><a href=\"https:\/\/sollux-lighting.com\/de\/nasza-oferta\/unkategorisiert\/deckenleuchte-horus-55-schwarz\/\">Deckenleuchte HORUS 55 schwarz<\/a><\/h2>\t\t\t\t<\/div>\n\t\t\t\t<\/div>\n\t\t\t\t\t<\/div>\n\t\t\t\t<\/div>\n\t\t\t\t<\/div>\n\t\t<\/div><div class=\"jet-listing-grid__item jet-listing-dynamic-post-70551\" data-post-id=\"70551\"  >\t\t<div data-elementor-type=\"jet-listing-items\" data-elementor-id=\"1560\" class=\"elementor elementor-1560\" data-elementor-post-type=\"jet-engine\">\n\t\t\t\t<div class=\"elementor-element elementor-element-81809e2 e-flex e-con-boxed e-con e-parent\" data-id=\"81809e2\" data-element_type=\"container\" data-settings=\"{&quot;jet_parallax_layout_list&quot;:[]}\">\n\t\t\t\t\t<div class=\"e-con-inner\">\n\t\t\t\t<div class=\"elementor-element elementor-element-5a9dd49 elementor-widget elementor-widget-image\" data-id=\"5a9dd49\" data-element_type=\"widget\" data-widget_type=\"image.default\">\n\t\t\t\t<div class=\"elementor-widget-container\">\n\t\t\t\t\t\t\t\t\t\t\t\t\t\t\t\t<a href=\"https:\/\/sollux-lighting.com\/de\/nasza-oferta\/unkategorisiert\/deckenleuchte-horus-55-grau\/\">\n\t\t\t\t\t\t\t<img loading=\"lazy\" decoding=\"async\" width=\"749\" height=\"750\" src=\"https:\/\/sollux-lighting.com\/wp-content\/uploads\/2023\/03\/0921-1-k.jpg\" class=\"attachment-large size-large wp-image-22145\" alt=\"\" srcset=\"https:\/\/sollux-lighting.com\/wp-content\/uploads\/2023\/03\/0921-1-k.jpg 749w, https:\/\/sollux-lighting.com\/wp-content\/uploads\/2023\/03\/0921-1-k-300x300.jpg 300w, https:\/\/sollux-lighting.com\/wp-content\/uploads\/2023\/03\/0921-1-k-150x150.jpg 150w, https:\/\/sollux-lighting.com\/wp-content\/uploads\/2023\/03\/0921-1-k-600x600.jpg 600w, https:\/\/sollux-lighting.com\/wp-content\/uploads\/2023\/03\/0921-1-k-100x100.jpg 100w\" sizes=\"(max-width: 749px) 100vw, 749px\" \/>\t\t\t\t\t\t\t\t<\/a>\n\t\t\t\t\t\t\t\t\t\t\t\t\t\t\t<\/div>\n\t\t\t\t<\/div>\n\t\t\t\t<div class=\"elementor-element elementor-element-7bade7f elementor-widget elementor-widget-heading\" data-id=\"7bade7f\" data-element_type=\"widget\" data-widget_type=\"heading.default\">\n\t\t\t\t<div class=\"elementor-widget-container\">\n\t\t\t\t\t<h2 class=\"elementor-heading-title elementor-size-default\"><a href=\"https:\/\/sollux-lighting.com\/de\/nasza-oferta\/unkategorisiert\/deckenleuchte-horus-55-grau\/\">Deckenleuchte HORUS 55 grau<\/a><\/h2>\t\t\t\t<\/div>\n\t\t\t\t<\/div>\n\t\t\t\t\t<\/div>\n\t\t\t\t<\/div>\n\t\t\t\t<\/div>\n\t\t<\/div><div class=\"jet-listing-grid__item jet-listing-dynamic-post-70552\" data-post-id=\"70552\"  >\t\t<div data-elementor-type=\"jet-listing-items\" data-elementor-id=\"1560\" class=\"elementor elementor-1560\" data-elementor-post-type=\"jet-engine\">\n\t\t\t\t<div class=\"elementor-element elementor-element-81809e2 e-flex e-con-boxed e-con e-parent\" data-id=\"81809e2\" data-element_type=\"container\" data-settings=\"{&quot;jet_parallax_layout_list&quot;:[]}\">\n\t\t\t\t\t<div class=\"e-con-inner\">\n\t\t\t\t<div class=\"elementor-element elementor-element-5a9dd49 elementor-widget elementor-widget-image\" data-id=\"5a9dd49\" data-element_type=\"widget\" data-widget_type=\"image.default\">\n\t\t\t\t<div class=\"elementor-widget-container\">\n\t\t\t\t\t\t\t\t\t\t\t\t\t\t\t\t<a href=\"https:\/\/sollux-lighting.com\/de\/nasza-oferta\/unkategorisiert\/deckenleuchte-horus-45-weiss-2\/\">\n\t\t\t\t\t\t\t<img loading=\"lazy\" decoding=\"async\" width=\"750\" height=\"750\" src=\"https:\/\/sollux-lighting.com\/wp-content\/uploads\/2023\/03\/0922-1-k.jpg\" class=\"attachment-large size-large wp-image-22170\" alt=\"\" srcset=\"https:\/\/sollux-lighting.com\/wp-content\/uploads\/2023\/03\/0922-1-k.jpg 750w, https:\/\/sollux-lighting.com\/wp-content\/uploads\/2023\/03\/0922-1-k-300x300.jpg 300w, https:\/\/sollux-lighting.com\/wp-content\/uploads\/2023\/03\/0922-1-k-150x150.jpg 150w, https:\/\/sollux-lighting.com\/wp-content\/uploads\/2023\/03\/0922-1-k-600x600.jpg 600w, https:\/\/sollux-lighting.com\/wp-content\/uploads\/2023\/03\/0922-1-k-100x100.jpg 100w\" sizes=\"(max-width: 750px) 100vw, 750px\" \/>\t\t\t\t\t\t\t\t<\/a>\n\t\t\t\t\t\t\t\t\t\t\t\t\t\t\t<\/div>\n\t\t\t\t<\/div>\n\t\t\t\t<div class=\"elementor-element elementor-element-7bade7f elementor-widget elementor-widget-heading\" data-id=\"7bade7f\" data-element_type=\"widget\" data-widget_type=\"heading.default\">\n\t\t\t\t<div class=\"elementor-widget-container\">\n\t\t\t\t\t<h2 class=\"elementor-heading-title elementor-size-default\"><a href=\"https:\/\/sollux-lighting.com\/de\/nasza-oferta\/unkategorisiert\/deckenleuchte-horus-45-weiss-2\/\">Deckenleuchte HORUS 45 wei\u00df<\/a><\/h2>\t\t\t\t<\/div>\n\t\t\t\t<\/div>\n\t\t\t\t\t<\/div>\n\t\t\t\t<\/div>\n\t\t\t\t<\/div>\n\t\t<\/div><div class=\"jet-listing-grid__item jet-listing-dynamic-post-70357\" data-post-id=\"70357\"  >\t\t<div data-elementor-type=\"jet-listing-items\" data-elementor-id=\"1560\" class=\"elementor elementor-1560\" data-elementor-post-type=\"jet-engine\">\n\t\t\t\t<div class=\"elementor-element elementor-element-81809e2 e-flex e-con-boxed e-con e-parent\" data-id=\"81809e2\" data-element_type=\"container\" data-settings=\"{&quot;jet_parallax_layout_list&quot;:[]}\">\n\t\t\t\t\t<div class=\"e-con-inner\">\n\t\t\t\t<div class=\"elementor-element elementor-element-5a9dd49 elementor-widget elementor-widget-image\" data-id=\"5a9dd49\" data-element_type=\"widget\" data-widget_type=\"image.default\">\n\t\t\t\t<div class=\"elementor-widget-container\">\n\t\t\t\t\t\t\t\t\t\t\t\t\t\t\t\t<a href=\"https:\/\/sollux-lighting.com\/de\/nasza-oferta\/unkategorisiert\/deckenleuchte-hexa-25-silber\/\">\n\t\t\t\t\t\t\t<img loading=\"lazy\" decoding=\"async\" width=\"750\" height=\"750\" src=\"https:\/\/sollux-lighting.com\/wp-content\/uploads\/2023\/03\/0688-1-k.jpg\" class=\"attachment-large size-large wp-image-17273\" alt=\"\" srcset=\"https:\/\/sollux-lighting.com\/wp-content\/uploads\/2023\/03\/0688-1-k.jpg 750w, https:\/\/sollux-lighting.com\/wp-content\/uploads\/2023\/03\/0688-1-k-300x300.jpg 300w, https:\/\/sollux-lighting.com\/wp-content\/uploads\/2023\/03\/0688-1-k-150x150.jpg 150w, https:\/\/sollux-lighting.com\/wp-content\/uploads\/2023\/03\/0688-1-k-600x600.jpg 600w, https:\/\/sollux-lighting.com\/wp-content\/uploads\/2023\/03\/0688-1-k-100x100.jpg 100w\" sizes=\"(max-width: 750px) 100vw, 750px\" \/>\t\t\t\t\t\t\t\t<\/a>\n\t\t\t\t\t\t\t\t\t\t\t\t\t\t\t<\/div>\n\t\t\t\t<\/div>\n\t\t\t\t<div class=\"elementor-element elementor-element-7bade7f elementor-widget elementor-widget-heading\" data-id=\"7bade7f\" data-element_type=\"widget\" data-widget_type=\"heading.default\">\n\t\t\t\t<div class=\"elementor-widget-container\">\n\t\t\t\t\t<h2 class=\"elementor-heading-title elementor-size-default\"><a href=\"https:\/\/sollux-lighting.com\/de\/nasza-oferta\/unkategorisiert\/deckenleuchte-hexa-25-silber\/\">Deckenleuchte HEXA 25 silber<\/a><\/h2>\t\t\t\t<\/div>\n\t\t\t\t<\/div>\n\t\t\t\t\t<\/div>\n\t\t\t\t<\/div>\n\t\t\t\t<\/div>\n\t\t<\/div><div class=\"jet-listing-grid__item jet-listing-dynamic-post-70358\" data-post-id=\"70358\"  >\t\t<div data-elementor-type=\"jet-listing-items\" data-elementor-id=\"1560\" class=\"elementor elementor-1560\" data-elementor-post-type=\"jet-engine\">\n\t\t\t\t<div class=\"elementor-element elementor-element-81809e2 e-flex e-con-boxed e-con e-parent\" data-id=\"81809e2\" data-element_type=\"container\" data-settings=\"{&quot;jet_parallax_layout_list&quot;:[]}\">\n\t\t\t\t\t<div class=\"e-con-inner\">\n\t\t\t\t<div class=\"elementor-element elementor-element-5a9dd49 elementor-widget elementor-widget-image\" data-id=\"5a9dd49\" data-element_type=\"widget\" data-widget_type=\"image.default\">\n\t\t\t\t<div class=\"elementor-widget-container\">\n\t\t\t\t\t\t\t\t\t\t\t\t\t\t\t\t<a href=\"https:\/\/sollux-lighting.com\/de\/nasza-oferta\/unkategorisiert\/deckenleuchte-hexa-35-weiss\/\">\n\t\t\t\t\t\t\t<img loading=\"lazy\" decoding=\"async\" width=\"750\" height=\"750\" src=\"https:\/\/sollux-lighting.com\/wp-content\/uploads\/2023\/03\/0689-1-k.jpg\" class=\"attachment-large size-large wp-image-17289\" alt=\"\" srcset=\"https:\/\/sollux-lighting.com\/wp-content\/uploads\/2023\/03\/0689-1-k.jpg 750w, https:\/\/sollux-lighting.com\/wp-content\/uploads\/2023\/03\/0689-1-k-300x300.jpg 300w, https:\/\/sollux-lighting.com\/wp-content\/uploads\/2023\/03\/0689-1-k-150x150.jpg 150w, https:\/\/sollux-lighting.com\/wp-content\/uploads\/2023\/03\/0689-1-k-600x600.jpg 600w, https:\/\/sollux-lighting.com\/wp-content\/uploads\/2023\/03\/0689-1-k-100x100.jpg 100w\" sizes=\"(max-width: 750px) 100vw, 750px\" \/>\t\t\t\t\t\t\t\t<\/a>\n\t\t\t\t\t\t\t\t\t\t\t\t\t\t\t<\/div>\n\t\t\t\t<\/div>\n\t\t\t\t<div class=\"elementor-element elementor-element-7bade7f elementor-widget elementor-widget-heading\" data-id=\"7bade7f\" data-element_type=\"widget\" data-widget_type=\"heading.default\">\n\t\t\t\t<div class=\"elementor-widget-container\">\n\t\t\t\t\t<h2 class=\"elementor-heading-title elementor-size-default\"><a href=\"https:\/\/sollux-lighting.com\/de\/nasza-oferta\/unkategorisiert\/deckenleuchte-hexa-35-weiss\/\">Deckenleuchte HEXA 35 wei\u00df<\/a><\/h2>\t\t\t\t<\/div>\n\t\t\t\t<\/div>\n\t\t\t\t\t<\/div>\n\t\t\t\t<\/div>\n\t\t\t\t<\/div>\n\t\t<\/div><div class=\"jet-listing-grid__item jet-listing-dynamic-post-70359\" data-post-id=\"70359\"  >\t\t<div data-elementor-type=\"jet-listing-items\" data-elementor-id=\"1560\" class=\"elementor elementor-1560\" data-elementor-post-type=\"jet-engine\">\n\t\t\t\t<div class=\"elementor-element elementor-element-81809e2 e-flex e-con-boxed e-con e-parent\" data-id=\"81809e2\" data-element_type=\"container\" data-settings=\"{&quot;jet_parallax_layout_list&quot;:[]}\">\n\t\t\t\t\t<div class=\"e-con-inner\">\n\t\t\t\t<div class=\"elementor-element elementor-element-5a9dd49 elementor-widget elementor-widget-image\" data-id=\"5a9dd49\" data-element_type=\"widget\" data-widget_type=\"image.default\">\n\t\t\t\t<div class=\"elementor-widget-container\">\n\t\t\t\t\t\t\t\t\t\t\t\t\t\t\t\t<a href=\"https:\/\/sollux-lighting.com\/de\/nasza-oferta\/unkategorisiert\/deckenleuchte-hexa-35-schwarz\/\">\n\t\t\t\t\t\t\t<img loading=\"lazy\" decoding=\"async\" width=\"750\" height=\"750\" src=\"https:\/\/sollux-lighting.com\/wp-content\/uploads\/2023\/03\/0690-1-k.jpg\" class=\"attachment-large size-large wp-image-17305\" alt=\"\" srcset=\"https:\/\/sollux-lighting.com\/wp-content\/uploads\/2023\/03\/0690-1-k.jpg 750w, https:\/\/sollux-lighting.com\/wp-content\/uploads\/2023\/03\/0690-1-k-300x300.jpg 300w, https:\/\/sollux-lighting.com\/wp-content\/uploads\/2023\/03\/0690-1-k-150x150.jpg 150w, https:\/\/sollux-lighting.com\/wp-content\/uploads\/2023\/03\/0690-1-k-600x600.jpg 600w, https:\/\/sollux-lighting.com\/wp-content\/uploads\/2023\/03\/0690-1-k-100x100.jpg 100w\" sizes=\"(max-width: 750px) 100vw, 750px\" \/>\t\t\t\t\t\t\t\t<\/a>\n\t\t\t\t\t\t\t\t\t\t\t\t\t\t\t<\/div>\n\t\t\t\t<\/div>\n\t\t\t\t<div class=\"elementor-element elementor-element-7bade7f elementor-widget elementor-widget-heading\" data-id=\"7bade7f\" data-element_type=\"widget\" data-widget_type=\"heading.default\">\n\t\t\t\t<div class=\"elementor-widget-container\">\n\t\t\t\t\t<h2 class=\"elementor-heading-title elementor-size-default\"><a href=\"https:\/\/sollux-lighting.com\/de\/nasza-oferta\/unkategorisiert\/deckenleuchte-hexa-35-schwarz\/\">Deckenleuchte HEXA 35 schwarz<\/a><\/h2>\t\t\t\t<\/div>\n\t\t\t\t<\/div>\n\t\t\t\t\t<\/div>\n\t\t\t\t<\/div>\n\t\t\t\t<\/div>\n\t\t<\/div><div class=\"jet-listing-grid__item jet-listing-dynamic-post-70360\" data-post-id=\"70360\"  >\t\t<div data-elementor-type=\"jet-listing-items\" data-elementor-id=\"1560\" class=\"elementor elementor-1560\" data-elementor-post-type=\"jet-engine\">\n\t\t\t\t<div class=\"elementor-element elementor-element-81809e2 e-flex e-con-boxed e-con e-parent\" data-id=\"81809e2\" data-element_type=\"container\" data-settings=\"{&quot;jet_parallax_layout_list&quot;:[]}\">\n\t\t\t\t\t<div class=\"e-con-inner\">\n\t\t\t\t<div class=\"elementor-element elementor-element-5a9dd49 elementor-widget elementor-widget-image\" data-id=\"5a9dd49\" data-element_type=\"widget\" data-widget_type=\"image.default\">\n\t\t\t\t<div class=\"elementor-widget-container\">\n\t\t\t\t\t\t\t\t\t\t\t\t\t\t\t\t<a href=\"https:\/\/sollux-lighting.com\/de\/nasza-oferta\/unkategorisiert\/deckenleuchte-hexa-35-silber\/\">\n\t\t\t\t\t\t\t<img loading=\"lazy\" decoding=\"async\" width=\"750\" height=\"750\" src=\"https:\/\/sollux-lighting.com\/wp-content\/uploads\/2023\/03\/0691-1-k.jpg\" class=\"attachment-large size-large wp-image-17321\" alt=\"\" srcset=\"https:\/\/sollux-lighting.com\/wp-content\/uploads\/2023\/03\/0691-1-k.jpg 750w, https:\/\/sollux-lighting.com\/wp-content\/uploads\/2023\/03\/0691-1-k-300x300.jpg 300w, https:\/\/sollux-lighting.com\/wp-content\/uploads\/2023\/03\/0691-1-k-150x150.jpg 150w, https:\/\/sollux-lighting.com\/wp-content\/uploads\/2023\/03\/0691-1-k-600x600.jpg 600w, https:\/\/sollux-lighting.com\/wp-content\/uploads\/2023\/03\/0691-1-k-100x100.jpg 100w\" sizes=\"(max-width: 750px) 100vw, 750px\" \/>\t\t\t\t\t\t\t\t<\/a>\n\t\t\t\t\t\t\t\t\t\t\t\t\t\t\t<\/div>\n\t\t\t\t<\/div>\n\t\t\t\t<div class=\"elementor-element elementor-element-7bade7f elementor-widget elementor-widget-heading\" data-id=\"7bade7f\" data-element_type=\"widget\" data-widget_type=\"heading.default\">\n\t\t\t\t<div class=\"elementor-widget-container\">\n\t\t\t\t\t<h2 class=\"elementor-heading-title elementor-size-default\"><a href=\"https:\/\/sollux-lighting.com\/de\/nasza-oferta\/unkategorisiert\/deckenleuchte-hexa-35-silber\/\">Deckenleuchte HEXA 35 silber<\/a><\/h2>\t\t\t\t<\/div>\n\t\t\t\t<\/div>\n\t\t\t\t\t<\/div>\n\t\t\t\t<\/div>\n\t\t\t\t<\/div>\n\t\t<\/div><div class=\"jet-listing-grid__item jet-listing-dynamic-post-70361\" data-post-id=\"70361\"  >\t\t<div data-elementor-type=\"jet-listing-items\" data-elementor-id=\"1560\" class=\"elementor elementor-1560\" data-elementor-post-type=\"jet-engine\">\n\t\t\t\t<div class=\"elementor-element elementor-element-81809e2 e-flex e-con-boxed e-con e-parent\" data-id=\"81809e2\" data-element_type=\"container\" data-settings=\"{&quot;jet_parallax_layout_list&quot;:[]}\">\n\t\t\t\t\t<div class=\"e-con-inner\">\n\t\t\t\t<div class=\"elementor-element elementor-element-5a9dd49 elementor-widget elementor-widget-image\" data-id=\"5a9dd49\" data-element_type=\"widget\" data-widget_type=\"image.default\">\n\t\t\t\t<div class=\"elementor-widget-container\">\n\t\t\t\t\t\t\t\t\t\t\t\t\t\t\t\t<a href=\"https:\/\/sollux-lighting.com\/de\/nasza-oferta\/unkategorisiert\/deckenleuchte-hexa-45-weiss\/\">\n\t\t\t\t\t\t\t<img loading=\"lazy\" decoding=\"async\" width=\"750\" height=\"750\" src=\"https:\/\/sollux-lighting.com\/wp-content\/uploads\/2023\/03\/0692-1-k.jpg\" class=\"attachment-large size-large wp-image-17337\" alt=\"\" srcset=\"https:\/\/sollux-lighting.com\/wp-content\/uploads\/2023\/03\/0692-1-k.jpg 750w, https:\/\/sollux-lighting.com\/wp-content\/uploads\/2023\/03\/0692-1-k-300x300.jpg 300w, https:\/\/sollux-lighting.com\/wp-content\/uploads\/2023\/03\/0692-1-k-150x150.jpg 150w, https:\/\/sollux-lighting.com\/wp-content\/uploads\/2023\/03\/0692-1-k-600x600.jpg 600w, https:\/\/sollux-lighting.com\/wp-content\/uploads\/2023\/03\/0692-1-k-100x100.jpg 100w\" sizes=\"(max-width: 750px) 100vw, 750px\" \/>\t\t\t\t\t\t\t\t<\/a>\n\t\t\t\t\t\t\t\t\t\t\t\t\t\t\t<\/div>\n\t\t\t\t<\/div>\n\t\t\t\t<div class=\"elementor-element elementor-element-7bade7f elementor-widget elementor-widget-heading\" data-id=\"7bade7f\" data-element_type=\"widget\" data-widget_type=\"heading.default\">\n\t\t\t\t<div class=\"elementor-widget-container\">\n\t\t\t\t\t<h2 class=\"elementor-heading-title elementor-size-default\"><a href=\"https:\/\/sollux-lighting.com\/de\/nasza-oferta\/unkategorisiert\/deckenleuchte-hexa-45-weiss\/\">Deckenleuchte HEXA 45 wei\u00df<\/a><\/h2>\t\t\t\t<\/div>\n\t\t\t\t<\/div>\n\t\t\t\t\t<\/div>\n\t\t\t\t<\/div>\n\t\t\t\t<\/div>\n\t\t<\/div><div class=\"jet-listing-grid__item jet-listing-dynamic-post-70362\" data-post-id=\"70362\"  >\t\t<div data-elementor-type=\"jet-listing-items\" data-elementor-id=\"1560\" class=\"elementor elementor-1560\" data-elementor-post-type=\"jet-engine\">\n\t\t\t\t<div class=\"elementor-element elementor-element-81809e2 e-flex e-con-boxed e-con e-parent\" data-id=\"81809e2\" data-element_type=\"container\" data-settings=\"{&quot;jet_parallax_layout_list&quot;:[]}\">\n\t\t\t\t\t<div class=\"e-con-inner\">\n\t\t\t\t<div class=\"elementor-element elementor-element-5a9dd49 elementor-widget elementor-widget-image\" data-id=\"5a9dd49\" data-element_type=\"widget\" data-widget_type=\"image.default\">\n\t\t\t\t<div class=\"elementor-widget-container\">\n\t\t\t\t\t\t\t\t\t\t\t\t\t\t\t\t<a href=\"https:\/\/sollux-lighting.com\/de\/nasza-oferta\/unkategorisiert\/deckenleuchte-hexa-45-schwarz\/\">\n\t\t\t\t\t\t\t<img loading=\"lazy\" decoding=\"async\" width=\"750\" height=\"750\" src=\"https:\/\/sollux-lighting.com\/wp-content\/uploads\/2023\/03\/0693-1-k.jpg\" class=\"attachment-large size-large wp-image-17353\" alt=\"\" srcset=\"https:\/\/sollux-lighting.com\/wp-content\/uploads\/2023\/03\/0693-1-k.jpg 750w, https:\/\/sollux-lighting.com\/wp-content\/uploads\/2023\/03\/0693-1-k-300x300.jpg 300w, https:\/\/sollux-lighting.com\/wp-content\/uploads\/2023\/03\/0693-1-k-150x150.jpg 150w, https:\/\/sollux-lighting.com\/wp-content\/uploads\/2023\/03\/0693-1-k-600x600.jpg 600w, https:\/\/sollux-lighting.com\/wp-content\/uploads\/2023\/03\/0693-1-k-100x100.jpg 100w\" sizes=\"(max-width: 750px) 100vw, 750px\" \/>\t\t\t\t\t\t\t\t<\/a>\n\t\t\t\t\t\t\t\t\t\t\t\t\t\t\t<\/div>\n\t\t\t\t<\/div>\n\t\t\t\t<div class=\"elementor-element elementor-element-7bade7f elementor-widget elementor-widget-heading\" data-id=\"7bade7f\" data-element_type=\"widget\" data-widget_type=\"heading.default\">\n\t\t\t\t<div class=\"elementor-widget-container\">\n\t\t\t\t\t<h2 class=\"elementor-heading-title elementor-size-default\"><a href=\"https:\/\/sollux-lighting.com\/de\/nasza-oferta\/unkategorisiert\/deckenleuchte-hexa-45-schwarz\/\">Deckenleuchte HEXA 45 schwarz<\/a><\/h2>\t\t\t\t<\/div>\n\t\t\t\t<\/div>\n\t\t\t\t\t<\/div>\n\t\t\t\t<\/div>\n\t\t\t\t<\/div>\n\t\t<\/div><div class=\"jet-listing-grid__item jet-listing-dynamic-post-70363\" data-post-id=\"70363\"  >\t\t<div data-elementor-type=\"jet-listing-items\" data-elementor-id=\"1560\" class=\"elementor elementor-1560\" data-elementor-post-type=\"jet-engine\">\n\t\t\t\t<div class=\"elementor-element elementor-element-81809e2 e-flex e-con-boxed e-con e-parent\" data-id=\"81809e2\" data-element_type=\"container\" data-settings=\"{&quot;jet_parallax_layout_list&quot;:[]}\">\n\t\t\t\t\t<div class=\"e-con-inner\">\n\t\t\t\t<div class=\"elementor-element elementor-element-5a9dd49 elementor-widget elementor-widget-image\" data-id=\"5a9dd49\" data-element_type=\"widget\" data-widget_type=\"image.default\">\n\t\t\t\t<div class=\"elementor-widget-container\">\n\t\t\t\t\t\t\t\t\t\t\t\t\t\t\t\t<a href=\"https:\/\/sollux-lighting.com\/de\/nasza-oferta\/unkategorisiert\/deckenleuchte-hexa-45-silber\/\">\n\t\t\t\t\t\t\t<img loading=\"lazy\" decoding=\"async\" width=\"750\" height=\"750\" src=\"https:\/\/sollux-lighting.com\/wp-content\/uploads\/2023\/03\/0694-1-k.jpg\" class=\"attachment-large size-large wp-image-17369\" alt=\"\" srcset=\"https:\/\/sollux-lighting.com\/wp-content\/uploads\/2023\/03\/0694-1-k.jpg 750w, https:\/\/sollux-lighting.com\/wp-content\/uploads\/2023\/03\/0694-1-k-300x300.jpg 300w, https:\/\/sollux-lighting.com\/wp-content\/uploads\/2023\/03\/0694-1-k-150x150.jpg 150w, https:\/\/sollux-lighting.com\/wp-content\/uploads\/2023\/03\/0694-1-k-600x600.jpg 600w, https:\/\/sollux-lighting.com\/wp-content\/uploads\/2023\/03\/0694-1-k-100x100.jpg 100w\" sizes=\"(max-width: 750px) 100vw, 750px\" \/>\t\t\t\t\t\t\t\t<\/a>\n\t\t\t\t\t\t\t\t\t\t\t\t\t\t\t<\/div>\n\t\t\t\t<\/div>\n\t\t\t\t<div class=\"elementor-element elementor-element-7bade7f elementor-widget elementor-widget-heading\" data-id=\"7bade7f\" data-element_type=\"widget\" data-widget_type=\"heading.default\">\n\t\t\t\t<div class=\"elementor-widget-container\">\n\t\t\t\t\t<h2 class=\"elementor-heading-title elementor-size-default\"><a href=\"https:\/\/sollux-lighting.com\/de\/nasza-oferta\/unkategorisiert\/deckenleuchte-hexa-45-silber\/\">Deckenleuchte HEXA 45 silber<\/a><\/h2>\t\t\t\t<\/div>\n\t\t\t\t<\/div>\n\t\t\t\t\t<\/div>\n\t\t\t\t<\/div>\n\t\t\t\t<\/div>\n\t\t<\/div><div class=\"jet-listing-grid__item jet-listing-dynamic-post-70355\" data-post-id=\"70355\"  >\t\t<div data-elementor-type=\"jet-listing-items\" data-elementor-id=\"1560\" class=\"elementor elementor-1560\" data-elementor-post-type=\"jet-engine\">\n\t\t\t\t<div class=\"elementor-element elementor-element-81809e2 e-flex e-con-boxed e-con e-parent\" data-id=\"81809e2\" data-element_type=\"container\" data-settings=\"{&quot;jet_parallax_layout_list&quot;:[]}\">\n\t\t\t\t\t<div class=\"e-con-inner\">\n\t\t\t\t<div class=\"elementor-element elementor-element-5a9dd49 elementor-widget elementor-widget-image\" data-id=\"5a9dd49\" data-element_type=\"widget\" data-widget_type=\"image.default\">\n\t\t\t\t<div class=\"elementor-widget-container\">\n\t\t\t\t\t\t\t\t\t\t\t\t\t\t\t\t<a href=\"https:\/\/sollux-lighting.com\/de\/nasza-oferta\/unkategorisiert\/deckenleuchte-hexa-25-weiss\/\">\n\t\t\t\t\t\t\t<img loading=\"lazy\" decoding=\"async\" width=\"750\" height=\"750\" src=\"https:\/\/sollux-lighting.com\/wp-content\/uploads\/2023\/03\/0686-1-k.jpg\" class=\"attachment-large size-large wp-image-17241\" alt=\"\" srcset=\"https:\/\/sollux-lighting.com\/wp-content\/uploads\/2023\/03\/0686-1-k.jpg 750w, https:\/\/sollux-lighting.com\/wp-content\/uploads\/2023\/03\/0686-1-k-300x300.jpg 300w, https:\/\/sollux-lighting.com\/wp-content\/uploads\/2023\/03\/0686-1-k-150x150.jpg 150w, https:\/\/sollux-lighting.com\/wp-content\/uploads\/2023\/03\/0686-1-k-600x600.jpg 600w, https:\/\/sollux-lighting.com\/wp-content\/uploads\/2023\/03\/0686-1-k-100x100.jpg 100w\" sizes=\"(max-width: 750px) 100vw, 750px\" \/>\t\t\t\t\t\t\t\t<\/a>\n\t\t\t\t\t\t\t\t\t\t\t\t\t\t\t<\/div>\n\t\t\t\t<\/div>\n\t\t\t\t<div class=\"elementor-element elementor-element-7bade7f elementor-widget elementor-widget-heading\" data-id=\"7bade7f\" data-element_type=\"widget\" data-widget_type=\"heading.default\">\n\t\t\t\t<div class=\"elementor-widget-container\">\n\t\t\t\t\t<h2 class=\"elementor-heading-title elementor-size-default\"><a href=\"https:\/\/sollux-lighting.com\/de\/nasza-oferta\/unkategorisiert\/deckenleuchte-hexa-25-weiss\/\">Deckenleuchte HEXA 25 wei\u00df<\/a><\/h2>\t\t\t\t<\/div>\n\t\t\t\t<\/div>\n\t\t\t\t\t<\/div>\n\t\t\t\t<\/div>\n\t\t\t\t<\/div>\n\t\t<\/div><div class=\"jet-listing-grid__item jet-listing-dynamic-post-70356\" data-post-id=\"70356\"  >\t\t<div data-elementor-type=\"jet-listing-items\" data-elementor-id=\"1560\" class=\"elementor elementor-1560\" data-elementor-post-type=\"jet-engine\">\n\t\t\t\t<div class=\"elementor-element elementor-element-81809e2 e-flex e-con-boxed e-con e-parent\" data-id=\"81809e2\" data-element_type=\"container\" data-settings=\"{&quot;jet_parallax_layout_list&quot;:[]}\">\n\t\t\t\t\t<div class=\"e-con-inner\">\n\t\t\t\t<div class=\"elementor-element elementor-element-5a9dd49 elementor-widget elementor-widget-image\" data-id=\"5a9dd49\" data-element_type=\"widget\" data-widget_type=\"image.default\">\n\t\t\t\t<div class=\"elementor-widget-container\">\n\t\t\t\t\t\t\t\t\t\t\t\t\t\t\t\t<a href=\"https:\/\/sollux-lighting.com\/de\/nasza-oferta\/unkategorisiert\/deckenleuchte-hexa-25-schwarz\/\">\n\t\t\t\t\t\t\t<img loading=\"lazy\" decoding=\"async\" width=\"750\" height=\"750\" src=\"https:\/\/sollux-lighting.com\/wp-content\/uploads\/2023\/03\/0687-1-k.jpg\" class=\"attachment-large size-large wp-image-17257\" alt=\"\" srcset=\"https:\/\/sollux-lighting.com\/wp-content\/uploads\/2023\/03\/0687-1-k.jpg 750w, https:\/\/sollux-lighting.com\/wp-content\/uploads\/2023\/03\/0687-1-k-300x300.jpg 300w, https:\/\/sollux-lighting.com\/wp-content\/uploads\/2023\/03\/0687-1-k-150x150.jpg 150w, https:\/\/sollux-lighting.com\/wp-content\/uploads\/2023\/03\/0687-1-k-600x600.jpg 600w, https:\/\/sollux-lighting.com\/wp-content\/uploads\/2023\/03\/0687-1-k-100x100.jpg 100w\" sizes=\"(max-width: 750px) 100vw, 750px\" \/>\t\t\t\t\t\t\t\t<\/a>\n\t\t\t\t\t\t\t\t\t\t\t\t\t\t\t<\/div>\n\t\t\t\t<\/div>\n\t\t\t\t<div class=\"elementor-element elementor-element-7bade7f elementor-widget elementor-widget-heading\" data-id=\"7bade7f\" data-element_type=\"widget\" data-widget_type=\"heading.default\">\n\t\t\t\t<div class=\"elementor-widget-container\">\n\t\t\t\t\t<h2 class=\"elementor-heading-title elementor-size-default\"><a href=\"https:\/\/sollux-lighting.com\/de\/nasza-oferta\/unkategorisiert\/deckenleuchte-hexa-25-schwarz\/\">Deckenleuchte HEXA 25 schwarz<\/a><\/h2>\t\t\t\t<\/div>\n\t\t\t\t<\/div>\n\t\t\t\t\t<\/div>\n\t\t\t\t<\/div>\n\t\t\t\t<\/div>\n\t\t<\/div><div class=\"jet-listing-grid__item jet-listing-dynamic-post-70093\" data-post-id=\"70093\"  >\t\t<div data-elementor-type=\"jet-listing-items\" data-elementor-id=\"1560\" class=\"elementor elementor-1560\" data-elementor-post-type=\"jet-engine\">\n\t\t\t\t<div class=\"elementor-element elementor-element-81809e2 e-flex e-con-boxed e-con e-parent\" data-id=\"81809e2\" data-element_type=\"container\" data-settings=\"{&quot;jet_parallax_layout_list&quot;:[]}\">\n\t\t\t\t\t<div class=\"e-con-inner\">\n\t\t\t\t<div class=\"elementor-element elementor-element-5a9dd49 elementor-widget elementor-widget-image\" data-id=\"5a9dd49\" data-element_type=\"widget\" data-widget_type=\"image.default\">\n\t\t\t\t<div class=\"elementor-widget-container\">\n\t\t\t\t\t\t\t\t\t\t\t\t\t\t\t\t<a href=\"https:\/\/sollux-lighting.com\/de\/nasza-oferta\/unkategorisiert\/deckenleuchte-horus-35-schwarz\/\">\n\t\t\t\t\t\t\t<img loading=\"lazy\" decoding=\"async\" width=\"750\" height=\"750\" src=\"https:\/\/sollux-lighting.com\/wp-content\/uploads\/2023\/03\/0136-1-k.jpg\" class=\"attachment-large size-large wp-image-10076\" alt=\"\" srcset=\"https:\/\/sollux-lighting.com\/wp-content\/uploads\/2023\/03\/0136-1-k.jpg 750w, https:\/\/sollux-lighting.com\/wp-content\/uploads\/2023\/03\/0136-1-k-300x300.jpg 300w, https:\/\/sollux-lighting.com\/wp-content\/uploads\/2023\/03\/0136-1-k-150x150.jpg 150w, https:\/\/sollux-lighting.com\/wp-content\/uploads\/2023\/03\/0136-1-k-600x600.jpg 600w, https:\/\/sollux-lighting.com\/wp-content\/uploads\/2023\/03\/0136-1-k-100x100.jpg 100w\" sizes=\"(max-width: 750px) 100vw, 750px\" \/>\t\t\t\t\t\t\t\t<\/a>\n\t\t\t\t\t\t\t\t\t\t\t\t\t\t\t<\/div>\n\t\t\t\t<\/div>\n\t\t\t\t<div class=\"elementor-element elementor-element-7bade7f elementor-widget elementor-widget-heading\" data-id=\"7bade7f\" data-element_type=\"widget\" data-widget_type=\"heading.default\">\n\t\t\t\t<div class=\"elementor-widget-container\">\n\t\t\t\t\t<h2 class=\"elementor-heading-title elementor-size-default\"><a href=\"https:\/\/sollux-lighting.com\/de\/nasza-oferta\/unkategorisiert\/deckenleuchte-horus-35-schwarz\/\">Deckenleuchte HORUS 35 schwarz<\/a><\/h2>\t\t\t\t<\/div>\n\t\t\t\t<\/div>\n\t\t\t\t\t<\/div>\n\t\t\t\t<\/div>\n\t\t\t\t<\/div>\n\t\t<\/div><div class=\"jet-listing-grid__item jet-listing-dynamic-post-70094\" data-post-id=\"70094\"  >\t\t<div data-elementor-type=\"jet-listing-items\" data-elementor-id=\"1560\" class=\"elementor elementor-1560\" data-elementor-post-type=\"jet-engine\">\n\t\t\t\t<div class=\"elementor-element elementor-element-81809e2 e-flex e-con-boxed e-con e-parent\" data-id=\"81809e2\" data-element_type=\"container\" data-settings=\"{&quot;jet_parallax_layout_list&quot;:[]}\">\n\t\t\t\t\t<div class=\"e-con-inner\">\n\t\t\t\t<div class=\"elementor-element elementor-element-5a9dd49 elementor-widget elementor-widget-image\" data-id=\"5a9dd49\" data-element_type=\"widget\" data-widget_type=\"image.default\">\n\t\t\t\t<div class=\"elementor-widget-container\">\n\t\t\t\t\t\t\t\t\t\t\t\t\t\t\t\t<a href=\"https:\/\/sollux-lighting.com\/de\/nasza-oferta\/unkategorisiert\/deckenleuchte-horus-35-grau\/\">\n\t\t\t\t\t\t\t<img loading=\"lazy\" decoding=\"async\" width=\"750\" height=\"750\" src=\"https:\/\/sollux-lighting.com\/wp-content\/uploads\/2023\/03\/0137-1-k.jpg\" class=\"attachment-large size-large wp-image-10101\" alt=\"\" srcset=\"https:\/\/sollux-lighting.com\/wp-content\/uploads\/2023\/03\/0137-1-k.jpg 750w, https:\/\/sollux-lighting.com\/wp-content\/uploads\/2023\/03\/0137-1-k-300x300.jpg 300w, https:\/\/sollux-lighting.com\/wp-content\/uploads\/2023\/03\/0137-1-k-150x150.jpg 150w, https:\/\/sollux-lighting.com\/wp-content\/uploads\/2023\/03\/0137-1-k-600x600.jpg 600w, https:\/\/sollux-lighting.com\/wp-content\/uploads\/2023\/03\/0137-1-k-100x100.jpg 100w\" sizes=\"(max-width: 750px) 100vw, 750px\" \/>\t\t\t\t\t\t\t\t<\/a>\n\t\t\t\t\t\t\t\t\t\t\t\t\t\t\t<\/div>\n\t\t\t\t<\/div>\n\t\t\t\t<div class=\"elementor-element elementor-element-7bade7f elementor-widget elementor-widget-heading\" data-id=\"7bade7f\" data-element_type=\"widget\" data-widget_type=\"heading.default\">\n\t\t\t\t<div class=\"elementor-widget-container\">\n\t\t\t\t\t<h2 class=\"elementor-heading-title elementor-size-default\"><a href=\"https:\/\/sollux-lighting.com\/de\/nasza-oferta\/unkategorisiert\/deckenleuchte-horus-35-grau\/\">Deckenleuchte HORUS 35 grau<\/a><\/h2>\t\t\t\t<\/div>\n\t\t\t\t<\/div>\n\t\t\t\t\t<\/div>\n\t\t\t\t<\/div>\n\t\t\t\t<\/div>\n\t\t<\/div><div class=\"jet-listing-grid__item jet-listing-dynamic-post-70095\" data-post-id=\"70095\"  >\t\t<div data-elementor-type=\"jet-listing-items\" data-elementor-id=\"1560\" class=\"elementor elementor-1560\" data-elementor-post-type=\"jet-engine\">\n\t\t\t\t<div class=\"elementor-element elementor-element-81809e2 e-flex e-con-boxed e-con e-parent\" data-id=\"81809e2\" data-element_type=\"container\" data-settings=\"{&quot;jet_parallax_layout_list&quot;:[]}\">\n\t\t\t\t\t<div class=\"e-con-inner\">\n\t\t\t\t<div class=\"elementor-element elementor-element-5a9dd49 elementor-widget elementor-widget-image\" data-id=\"5a9dd49\" data-element_type=\"widget\" data-widget_type=\"image.default\">\n\t\t\t\t<div class=\"elementor-widget-container\">\n\t\t\t\t\t\t\t\t\t\t\t\t\t\t\t\t<a href=\"https:\/\/sollux-lighting.com\/de\/nasza-oferta\/unkategorisiert\/deckenleuchte-horus-35-weiss\/\">\n\t\t\t\t\t\t\t<img loading=\"lazy\" decoding=\"async\" width=\"750\" height=\"750\" src=\"https:\/\/sollux-lighting.com\/wp-content\/uploads\/2023\/03\/0138-1-k.jpg\" class=\"attachment-large size-large wp-image-10126\" alt=\"\" srcset=\"https:\/\/sollux-lighting.com\/wp-content\/uploads\/2023\/03\/0138-1-k.jpg 750w, https:\/\/sollux-lighting.com\/wp-content\/uploads\/2023\/03\/0138-1-k-300x300.jpg 300w, https:\/\/sollux-lighting.com\/wp-content\/uploads\/2023\/03\/0138-1-k-150x150.jpg 150w, https:\/\/sollux-lighting.com\/wp-content\/uploads\/2023\/03\/0138-1-k-600x600.jpg 600w, https:\/\/sollux-lighting.com\/wp-content\/uploads\/2023\/03\/0138-1-k-100x100.jpg 100w\" sizes=\"(max-width: 750px) 100vw, 750px\" \/>\t\t\t\t\t\t\t\t<\/a>\n\t\t\t\t\t\t\t\t\t\t\t\t\t\t\t<\/div>\n\t\t\t\t<\/div>\n\t\t\t\t<div class=\"elementor-element elementor-element-7bade7f elementor-widget elementor-widget-heading\" data-id=\"7bade7f\" data-element_type=\"widget\" data-widget_type=\"heading.default\">\n\t\t\t\t<div class=\"elementor-widget-container\">\n\t\t\t\t\t<h2 class=\"elementor-heading-title elementor-size-default\"><a href=\"https:\/\/sollux-lighting.com\/de\/nasza-oferta\/unkategorisiert\/deckenleuchte-horus-35-weiss\/\">Deckenleuchte HORUS 35 wei\u00df<\/a><\/h2>\t\t\t\t<\/div>\n\t\t\t\t<\/div>\n\t\t\t\t\t<\/div>\n\t\t\t\t<\/div>\n\t\t\t\t<\/div>\n\t\t<\/div><div class=\"jet-listing-grid__item jet-listing-dynamic-post-70096\" data-post-id=\"70096\"  >\t\t<div data-elementor-type=\"jet-listing-items\" data-elementor-id=\"1560\" class=\"elementor elementor-1560\" data-elementor-post-type=\"jet-engine\">\n\t\t\t\t<div class=\"elementor-element elementor-element-81809e2 e-flex e-con-boxed e-con e-parent\" data-id=\"81809e2\" data-element_type=\"container\" data-settings=\"{&quot;jet_parallax_layout_list&quot;:[]}\">\n\t\t\t\t\t<div class=\"e-con-inner\">\n\t\t\t\t<div class=\"elementor-element elementor-element-5a9dd49 elementor-widget elementor-widget-image\" data-id=\"5a9dd49\" data-element_type=\"widget\" data-widget_type=\"image.default\">\n\t\t\t\t<div class=\"elementor-widget-container\">\n\t\t\t\t\t\t\t\t\t\t\t\t\t\t\t\t<a href=\"https:\/\/sollux-lighting.com\/de\/nasza-oferta\/unkategorisiert\/deckenleuchte-horus-45-schwarz\/\">\n\t\t\t\t\t\t\t<img loading=\"lazy\" decoding=\"async\" width=\"750\" height=\"750\" src=\"https:\/\/sollux-lighting.com\/wp-content\/uploads\/2023\/03\/0139-1-k.jpg\" class=\"attachment-large size-large wp-image-10151\" alt=\"\" srcset=\"https:\/\/sollux-lighting.com\/wp-content\/uploads\/2023\/03\/0139-1-k.jpg 750w, https:\/\/sollux-lighting.com\/wp-content\/uploads\/2023\/03\/0139-1-k-300x300.jpg 300w, https:\/\/sollux-lighting.com\/wp-content\/uploads\/2023\/03\/0139-1-k-150x150.jpg 150w, https:\/\/sollux-lighting.com\/wp-content\/uploads\/2023\/03\/0139-1-k-600x600.jpg 600w, https:\/\/sollux-lighting.com\/wp-content\/uploads\/2023\/03\/0139-1-k-100x100.jpg 100w\" sizes=\"(max-width: 750px) 100vw, 750px\" \/>\t\t\t\t\t\t\t\t<\/a>\n\t\t\t\t\t\t\t\t\t\t\t\t\t\t\t<\/div>\n\t\t\t\t<\/div>\n\t\t\t\t<div class=\"elementor-element elementor-element-7bade7f elementor-widget elementor-widget-heading\" data-id=\"7bade7f\" data-element_type=\"widget\" data-widget_type=\"heading.default\">\n\t\t\t\t<div class=\"elementor-widget-container\">\n\t\t\t\t\t<h2 class=\"elementor-heading-title elementor-size-default\"><a href=\"https:\/\/sollux-lighting.com\/de\/nasza-oferta\/unkategorisiert\/deckenleuchte-horus-45-schwarz\/\">Deckenleuchte HORUS 45 schwarz<\/a><\/h2>\t\t\t\t<\/div>\n\t\t\t\t<\/div>\n\t\t\t\t\t<\/div>\n\t\t\t\t<\/div>\n\t\t\t\t<\/div>\n\t\t<\/div><div class=\"jet-listing-grid__item jet-listing-dynamic-post-70097\" data-post-id=\"70097\"  >\t\t<div data-elementor-type=\"jet-listing-items\" data-elementor-id=\"1560\" class=\"elementor elementor-1560\" data-elementor-post-type=\"jet-engine\">\n\t\t\t\t<div class=\"elementor-element elementor-element-81809e2 e-flex e-con-boxed e-con e-parent\" data-id=\"81809e2\" data-element_type=\"container\" data-settings=\"{&quot;jet_parallax_layout_list&quot;:[]}\">\n\t\t\t\t\t<div class=\"e-con-inner\">\n\t\t\t\t<div class=\"elementor-element elementor-element-5a9dd49 elementor-widget elementor-widget-image\" data-id=\"5a9dd49\" data-element_type=\"widget\" data-widget_type=\"image.default\">\n\t\t\t\t<div class=\"elementor-widget-container\">\n\t\t\t\t\t\t\t\t\t\t\t\t\t\t\t\t<a href=\"https:\/\/sollux-lighting.com\/de\/nasza-oferta\/unkategorisiert\/deckenleuchte-horus-45-grau\/\">\n\t\t\t\t\t\t\t<img loading=\"lazy\" decoding=\"async\" width=\"750\" height=\"750\" src=\"https:\/\/sollux-lighting.com\/wp-content\/uploads\/2023\/03\/0140-1-k.jpg\" class=\"attachment-large size-large wp-image-10176\" alt=\"\" srcset=\"https:\/\/sollux-lighting.com\/wp-content\/uploads\/2023\/03\/0140-1-k.jpg 750w, https:\/\/sollux-lighting.com\/wp-content\/uploads\/2023\/03\/0140-1-k-300x300.jpg 300w, https:\/\/sollux-lighting.com\/wp-content\/uploads\/2023\/03\/0140-1-k-150x150.jpg 150w, https:\/\/sollux-lighting.com\/wp-content\/uploads\/2023\/03\/0140-1-k-600x600.jpg 600w, https:\/\/sollux-lighting.com\/wp-content\/uploads\/2023\/03\/0140-1-k-100x100.jpg 100w\" sizes=\"(max-width: 750px) 100vw, 750px\" \/>\t\t\t\t\t\t\t\t<\/a>\n\t\t\t\t\t\t\t\t\t\t\t\t\t\t\t<\/div>\n\t\t\t\t<\/div>\n\t\t\t\t<div class=\"elementor-element elementor-element-7bade7f elementor-widget elementor-widget-heading\" data-id=\"7bade7f\" data-element_type=\"widget\" data-widget_type=\"heading.default\">\n\t\t\t\t<div class=\"elementor-widget-container\">\n\t\t\t\t\t<h2 class=\"elementor-heading-title elementor-size-default\"><a href=\"https:\/\/sollux-lighting.com\/de\/nasza-oferta\/unkategorisiert\/deckenleuchte-horus-45-grau\/\">Deckenleuchte HORUS 45 grau<\/a><\/h2>\t\t\t\t<\/div>\n\t\t\t\t<\/div>\n\t\t\t\t\t<\/div>\n\t\t\t\t<\/div>\n\t\t\t\t<\/div>\n\t\t<\/div><div class=\"jet-listing-grid__item jet-listing-dynamic-post-70098\" data-post-id=\"70098\"  >\t\t<div data-elementor-type=\"jet-listing-items\" data-elementor-id=\"1560\" class=\"elementor elementor-1560\" data-elementor-post-type=\"jet-engine\">\n\t\t\t\t<div class=\"elementor-element elementor-element-81809e2 e-flex e-con-boxed e-con e-parent\" data-id=\"81809e2\" data-element_type=\"container\" data-settings=\"{&quot;jet_parallax_layout_list&quot;:[]}\">\n\t\t\t\t\t<div class=\"e-con-inner\">\n\t\t\t\t<div class=\"elementor-element elementor-element-5a9dd49 elementor-widget elementor-widget-image\" data-id=\"5a9dd49\" data-element_type=\"widget\" data-widget_type=\"image.default\">\n\t\t\t\t<div class=\"elementor-widget-container\">\n\t\t\t\t\t\t\t\t\t\t\t\t\t\t\t\t<a href=\"https:\/\/sollux-lighting.com\/de\/nasza-oferta\/unkategorisiert\/deckenleuchte-horus-45-weiss\/\">\n\t\t\t\t\t\t\t<img loading=\"lazy\" decoding=\"async\" width=\"750\" height=\"750\" src=\"https:\/\/sollux-lighting.com\/wp-content\/uploads\/2023\/03\/0141-1-k.jpg\" class=\"attachment-large size-large wp-image-10201\" alt=\"\" srcset=\"https:\/\/sollux-lighting.com\/wp-content\/uploads\/2023\/03\/0141-1-k.jpg 750w, https:\/\/sollux-lighting.com\/wp-content\/uploads\/2023\/03\/0141-1-k-300x300.jpg 300w, https:\/\/sollux-lighting.com\/wp-content\/uploads\/2023\/03\/0141-1-k-150x150.jpg 150w, https:\/\/sollux-lighting.com\/wp-content\/uploads\/2023\/03\/0141-1-k-600x600.jpg 600w, https:\/\/sollux-lighting.com\/wp-content\/uploads\/2023\/03\/0141-1-k-100x100.jpg 100w\" sizes=\"(max-width: 750px) 100vw, 750px\" \/>\t\t\t\t\t\t\t\t<\/a>\n\t\t\t\t\t\t\t\t\t\t\t\t\t\t\t<\/div>\n\t\t\t\t<\/div>\n\t\t\t\t<div class=\"elementor-element elementor-element-7bade7f elementor-widget elementor-widget-heading\" data-id=\"7bade7f\" data-element_type=\"widget\" data-widget_type=\"heading.default\">\n\t\t\t\t<div class=\"elementor-widget-container\">\n\t\t\t\t\t<h2 class=\"elementor-heading-title elementor-size-default\"><a href=\"https:\/\/sollux-lighting.com\/de\/nasza-oferta\/unkategorisiert\/deckenleuchte-horus-45-weiss\/\">Deckenleuchte HORUS 45 wei\u00df<\/a><\/h2>\t\t\t\t<\/div>\n\t\t\t\t<\/div>\n\t\t\t\t\t<\/div>\n\t\t\t\t<\/div>\n\t\t\t\t<\/div>\n\t\t<\/div><div class=\"jet-listing-grid__item jet-listing-dynamic-post-70099\" data-post-id=\"70099\"  >\t\t<div data-elementor-type=\"jet-listing-items\" data-elementor-id=\"1560\" class=\"elementor elementor-1560\" data-elementor-post-type=\"jet-engine\">\n\t\t\t\t<div class=\"elementor-element elementor-element-81809e2 e-flex e-con-boxed e-con e-parent\" data-id=\"81809e2\" data-element_type=\"container\" data-settings=\"{&quot;jet_parallax_layout_list&quot;:[]}\">\n\t\t\t\t\t<div class=\"e-con-inner\">\n\t\t\t\t<div class=\"elementor-element elementor-element-5a9dd49 elementor-widget elementor-widget-image\" data-id=\"5a9dd49\" data-element_type=\"widget\" data-widget_type=\"image.default\">\n\t\t\t\t<div class=\"elementor-widget-container\">\n\t\t\t\t\t\t\t\t\t\t\t\t\t\t\t\t<a href=\"https:\/\/sollux-lighting.com\/de\/nasza-oferta\/unkategorisiert\/deckenleuchte-horus-schwarz\/\">\n\t\t\t\t\t\t\t<img loading=\"lazy\" decoding=\"async\" width=\"750\" height=\"750\" src=\"https:\/\/sollux-lighting.com\/wp-content\/uploads\/2023\/03\/0142-1-k.jpg\" class=\"attachment-large size-large wp-image-10226\" alt=\"\" srcset=\"https:\/\/sollux-lighting.com\/wp-content\/uploads\/2023\/03\/0142-1-k.jpg 750w, https:\/\/sollux-lighting.com\/wp-content\/uploads\/2023\/03\/0142-1-k-300x300.jpg 300w, https:\/\/sollux-lighting.com\/wp-content\/uploads\/2023\/03\/0142-1-k-150x150.jpg 150w, https:\/\/sollux-lighting.com\/wp-content\/uploads\/2023\/03\/0142-1-k-600x600.jpg 600w, https:\/\/sollux-lighting.com\/wp-content\/uploads\/2023\/03\/0142-1-k-100x100.jpg 100w\" sizes=\"(max-width: 750px) 100vw, 750px\" \/>\t\t\t\t\t\t\t\t<\/a>\n\t\t\t\t\t\t\t\t\t\t\t\t\t\t\t<\/div>\n\t\t\t\t<\/div>\n\t\t\t\t<div class=\"elementor-element elementor-element-7bade7f elementor-widget elementor-widget-heading\" data-id=\"7bade7f\" data-element_type=\"widget\" data-widget_type=\"heading.default\">\n\t\t\t\t<div class=\"elementor-widget-container\">\n\t\t\t\t\t<h2 class=\"elementor-heading-title elementor-size-default\"><a href=\"https:\/\/sollux-lighting.com\/de\/nasza-oferta\/unkategorisiert\/deckenleuchte-horus-schwarz\/\">Deckenleuchte HORUS schwarz<\/a><\/h2>\t\t\t\t<\/div>\n\t\t\t\t<\/div>\n\t\t\t\t\t<\/div>\n\t\t\t\t<\/div>\n\t\t\t\t<\/div>\n\t\t<\/div><div class=\"jet-listing-grid__item jet-listing-dynamic-post-70100\" data-post-id=\"70100\"  >\t\t<div data-elementor-type=\"jet-listing-items\" data-elementor-id=\"1560\" class=\"elementor elementor-1560\" data-elementor-post-type=\"jet-engine\">\n\t\t\t\t<div class=\"elementor-element elementor-element-81809e2 e-flex e-con-boxed e-con e-parent\" data-id=\"81809e2\" data-element_type=\"container\" data-settings=\"{&quot;jet_parallax_layout_list&quot;:[]}\">\n\t\t\t\t\t<div class=\"e-con-inner\">\n\t\t\t\t<div class=\"elementor-element elementor-element-5a9dd49 elementor-widget elementor-widget-image\" data-id=\"5a9dd49\" data-element_type=\"widget\" data-widget_type=\"image.default\">\n\t\t\t\t<div class=\"elementor-widget-container\">\n\t\t\t\t\t\t\t\t\t\t\t\t\t\t\t\t<a href=\"https:\/\/sollux-lighting.com\/de\/nasza-oferta\/unkategorisiert\/deckenleuchte-horus-grau\/\">\n\t\t\t\t\t\t\t<img loading=\"lazy\" decoding=\"async\" width=\"750\" height=\"750\" src=\"https:\/\/sollux-lighting.com\/wp-content\/uploads\/2023\/03\/0143-1-k.jpg\" class=\"attachment-large size-large wp-image-10260\" alt=\"\" srcset=\"https:\/\/sollux-lighting.com\/wp-content\/uploads\/2023\/03\/0143-1-k.jpg 750w, https:\/\/sollux-lighting.com\/wp-content\/uploads\/2023\/03\/0143-1-k-300x300.jpg 300w, https:\/\/sollux-lighting.com\/wp-content\/uploads\/2023\/03\/0143-1-k-150x150.jpg 150w, https:\/\/sollux-lighting.com\/wp-content\/uploads\/2023\/03\/0143-1-k-600x600.jpg 600w, https:\/\/sollux-lighting.com\/wp-content\/uploads\/2023\/03\/0143-1-k-100x100.jpg 100w\" sizes=\"(max-width: 750px) 100vw, 750px\" \/>\t\t\t\t\t\t\t\t<\/a>\n\t\t\t\t\t\t\t\t\t\t\t\t\t\t\t<\/div>\n\t\t\t\t<\/div>\n\t\t\t\t<div class=\"elementor-element elementor-element-7bade7f elementor-widget elementor-widget-heading\" data-id=\"7bade7f\" data-element_type=\"widget\" data-widget_type=\"heading.default\">\n\t\t\t\t<div class=\"elementor-widget-container\">\n\t\t\t\t\t<h2 class=\"elementor-heading-title elementor-size-default\"><a href=\"https:\/\/sollux-lighting.com\/de\/nasza-oferta\/unkategorisiert\/deckenleuchte-horus-grau\/\">Deckenleuchte HORUS grau<\/a><\/h2>\t\t\t\t<\/div>\n\t\t\t\t<\/div>\n\t\t\t\t\t<\/div>\n\t\t\t\t<\/div>\n\t\t\t\t<\/div>\n\t\t<\/div><div class=\"jet-listing-grid__item jet-listing-dynamic-post-70101\" data-post-id=\"70101\"  >\t\t<div data-elementor-type=\"jet-listing-items\" data-elementor-id=\"1560\" class=\"elementor elementor-1560\" data-elementor-post-type=\"jet-engine\">\n\t\t\t\t<div class=\"elementor-element elementor-element-81809e2 e-flex e-con-boxed e-con e-parent\" data-id=\"81809e2\" data-element_type=\"container\" data-settings=\"{&quot;jet_parallax_layout_list&quot;:[]}\">\n\t\t\t\t\t<div class=\"e-con-inner\">\n\t\t\t\t<div class=\"elementor-element elementor-element-5a9dd49 elementor-widget elementor-widget-image\" data-id=\"5a9dd49\" data-element_type=\"widget\" data-widget_type=\"image.default\">\n\t\t\t\t<div class=\"elementor-widget-container\">\n\t\t\t\t\t\t\t\t\t\t\t\t\t\t\t\t<a href=\"https:\/\/sollux-lighting.com\/de\/nasza-oferta\/unkategorisiert\/deckenleuchte-horus-weiss\/\">\n\t\t\t\t\t\t\t<img loading=\"lazy\" decoding=\"async\" width=\"750\" height=\"750\" src=\"https:\/\/sollux-lighting.com\/wp-content\/uploads\/2023\/03\/0144-1-k.jpg\" class=\"attachment-large size-large wp-image-10294\" alt=\"\" srcset=\"https:\/\/sollux-lighting.com\/wp-content\/uploads\/2023\/03\/0144-1-k.jpg 750w, https:\/\/sollux-lighting.com\/wp-content\/uploads\/2023\/03\/0144-1-k-300x300.jpg 300w, https:\/\/sollux-lighting.com\/wp-content\/uploads\/2023\/03\/0144-1-k-150x150.jpg 150w, https:\/\/sollux-lighting.com\/wp-content\/uploads\/2023\/03\/0144-1-k-600x600.jpg 600w, https:\/\/sollux-lighting.com\/wp-content\/uploads\/2023\/03\/0144-1-k-100x100.jpg 100w\" sizes=\"(max-width: 750px) 100vw, 750px\" \/>\t\t\t\t\t\t\t\t<\/a>\n\t\t\t\t\t\t\t\t\t\t\t\t\t\t\t<\/div>\n\t\t\t\t<\/div>\n\t\t\t\t<div class=\"elementor-element elementor-element-7bade7f elementor-widget elementor-widget-heading\" data-id=\"7bade7f\" data-element_type=\"widget\" data-widget_type=\"heading.default\">\n\t\t\t\t<div class=\"elementor-widget-container\">\n\t\t\t\t\t<h2 class=\"elementor-heading-title elementor-size-default\"><a href=\"https:\/\/sollux-lighting.com\/de\/nasza-oferta\/unkategorisiert\/deckenleuchte-horus-weiss\/\">Deckenleuchte HORUS wei\u00df<\/a><\/h2>\t\t\t\t<\/div>\n\t\t\t\t<\/div>\n\t\t\t\t\t<\/div>\n\t\t\t\t<\/div>\n\t\t\t\t<\/div>\n\t\t<\/div><div class=\"jet-listing-grid__item jet-listing-dynamic-post-70088\" data-post-id=\"70088\"  >\t\t<div data-elementor-type=\"jet-listing-items\" data-elementor-id=\"1560\" class=\"elementor elementor-1560\" data-elementor-post-type=\"jet-engine\">\n\t\t\t\t<div class=\"elementor-element elementor-element-81809e2 e-flex e-con-boxed e-con e-parent\" data-id=\"81809e2\" data-element_type=\"container\" data-settings=\"{&quot;jet_parallax_layout_list&quot;:[]}\">\n\t\t\t\t\t<div class=\"e-con-inner\">\n\t\t\t\t<div class=\"elementor-element elementor-element-5a9dd49 elementor-widget elementor-widget-image\" data-id=\"5a9dd49\" data-element_type=\"widget\" data-widget_type=\"image.default\">\n\t\t\t\t<div class=\"elementor-widget-container\">\n\t\t\t\t\t\t\t\t\t\t\t\t\t\t\t\t<a href=\"https:\/\/sollux-lighting.com\/de\/nasza-oferta\/unkategorisiert\/deckenleuchte-arena-45-grau\/\">\n\t\t\t\t\t\t\t<img loading=\"lazy\" decoding=\"async\" width=\"750\" height=\"750\" src=\"https:\/\/sollux-lighting.com\/wp-content\/uploads\/2023\/03\/0125-1-k.jpg\" class=\"attachment-large size-large wp-image-9924\" alt=\"\" srcset=\"https:\/\/sollux-lighting.com\/wp-content\/uploads\/2023\/03\/0125-1-k.jpg 750w, https:\/\/sollux-lighting.com\/wp-content\/uploads\/2023\/03\/0125-1-k-300x300.jpg 300w, https:\/\/sollux-lighting.com\/wp-content\/uploads\/2023\/03\/0125-1-k-150x150.jpg 150w, https:\/\/sollux-lighting.com\/wp-content\/uploads\/2023\/03\/0125-1-k-600x600.jpg 600w, https:\/\/sollux-lighting.com\/wp-content\/uploads\/2023\/03\/0125-1-k-100x100.jpg 100w\" sizes=\"(max-width: 750px) 100vw, 750px\" \/>\t\t\t\t\t\t\t\t<\/a>\n\t\t\t\t\t\t\t\t\t\t\t\t\t\t\t<\/div>\n\t\t\t\t<\/div>\n\t\t\t\t<div class=\"elementor-element elementor-element-7bade7f elementor-widget elementor-widget-heading\" data-id=\"7bade7f\" data-element_type=\"widget\" data-widget_type=\"heading.default\">\n\t\t\t\t<div class=\"elementor-widget-container\">\n\t\t\t\t\t<h2 class=\"elementor-heading-title elementor-size-default\"><a href=\"https:\/\/sollux-lighting.com\/de\/nasza-oferta\/unkategorisiert\/deckenleuchte-arena-45-grau\/\">Deckenleuchte ARENA 45 grau<\/a><\/h2>\t\t\t\t<\/div>\n\t\t\t\t<\/div>\n\t\t\t\t\t<\/div>\n\t\t\t\t<\/div>\n\t\t\t\t<\/div>\n\t\t<\/div><div class=\"jet-listing-grid__item jet-listing-dynamic-post-70089\" data-post-id=\"70089\"  >\t\t<div data-elementor-type=\"jet-listing-items\" data-elementor-id=\"1560\" class=\"elementor elementor-1560\" data-elementor-post-type=\"jet-engine\">\n\t\t\t\t<div class=\"elementor-element elementor-element-81809e2 e-flex e-con-boxed e-con e-parent\" data-id=\"81809e2\" data-element_type=\"container\" data-settings=\"{&quot;jet_parallax_layout_list&quot;:[]}\">\n\t\t\t\t\t<div class=\"e-con-inner\">\n\t\t\t\t<div class=\"elementor-element elementor-element-5a9dd49 elementor-widget elementor-widget-image\" data-id=\"5a9dd49\" data-element_type=\"widget\" data-widget_type=\"image.default\">\n\t\t\t\t<div class=\"elementor-widget-container\">\n\t\t\t\t\t\t\t\t\t\t\t\t\t\t\t\t<a href=\"https:\/\/sollux-lighting.com\/de\/nasza-oferta\/unkategorisiert\/deckenleuchte-arena-45-weiss\/\">\n\t\t\t\t\t\t\t<img loading=\"lazy\" decoding=\"async\" width=\"750\" height=\"750\" src=\"https:\/\/sollux-lighting.com\/wp-content\/uploads\/2023\/03\/0126-1-k.jpg\" class=\"attachment-large size-large wp-image-9949\" alt=\"\" srcset=\"https:\/\/sollux-lighting.com\/wp-content\/uploads\/2023\/03\/0126-1-k.jpg 750w, https:\/\/sollux-lighting.com\/wp-content\/uploads\/2023\/03\/0126-1-k-300x300.jpg 300w, https:\/\/sollux-lighting.com\/wp-content\/uploads\/2023\/03\/0126-1-k-150x150.jpg 150w, https:\/\/sollux-lighting.com\/wp-content\/uploads\/2023\/03\/0126-1-k-600x600.jpg 600w, https:\/\/sollux-lighting.com\/wp-content\/uploads\/2023\/03\/0126-1-k-100x100.jpg 100w\" sizes=\"(max-width: 750px) 100vw, 750px\" \/>\t\t\t\t\t\t\t\t<\/a>\n\t\t\t\t\t\t\t\t\t\t\t\t\t\t\t<\/div>\n\t\t\t\t<\/div>\n\t\t\t\t<div class=\"elementor-element elementor-element-7bade7f elementor-widget elementor-widget-heading\" data-id=\"7bade7f\" data-element_type=\"widget\" data-widget_type=\"heading.default\">\n\t\t\t\t<div class=\"elementor-widget-container\">\n\t\t\t\t\t<h2 class=\"elementor-heading-title elementor-size-default\"><a href=\"https:\/\/sollux-lighting.com\/de\/nasza-oferta\/unkategorisiert\/deckenleuchte-arena-45-weiss\/\">Deckenleuchte ARENA 45 wei\u00df<\/a><\/h2>\t\t\t\t<\/div>\n\t\t\t\t<\/div>\n\t\t\t\t\t<\/div>\n\t\t\t\t<\/div>\n\t\t\t\t<\/div>\n\t\t<\/div><div class=\"jet-listing-grid__item jet-listing-dynamic-post-70090\" data-post-id=\"70090\"  >\t\t<div data-elementor-type=\"jet-listing-items\" data-elementor-id=\"1560\" class=\"elementor elementor-1560\" data-elementor-post-type=\"jet-engine\">\n\t\t\t\t<div class=\"elementor-element elementor-element-81809e2 e-flex e-con-boxed e-con e-parent\" data-id=\"81809e2\" data-element_type=\"container\" data-settings=\"{&quot;jet_parallax_layout_list&quot;:[]}\">\n\t\t\t\t\t<div class=\"e-con-inner\">\n\t\t\t\t<div class=\"elementor-element elementor-element-5a9dd49 elementor-widget elementor-widget-image\" data-id=\"5a9dd49\" data-element_type=\"widget\" data-widget_type=\"image.default\">\n\t\t\t\t<div class=\"elementor-widget-container\">\n\t\t\t\t\t\t\t\t\t\t\t\t\t\t\t\t<a href=\"https:\/\/sollux-lighting.com\/de\/nasza-oferta\/unkategorisiert\/deckenleuchte-arena-schwarz\/\">\n\t\t\t\t\t\t\t<img loading=\"lazy\" decoding=\"async\" width=\"750\" height=\"750\" src=\"https:\/\/sollux-lighting.com\/wp-content\/uploads\/2023\/03\/0127-1-k.jpg\" class=\"attachment-large size-large wp-image-9974\" alt=\"\" srcset=\"https:\/\/sollux-lighting.com\/wp-content\/uploads\/2023\/03\/0127-1-k.jpg 750w, https:\/\/sollux-lighting.com\/wp-content\/uploads\/2023\/03\/0127-1-k-300x300.jpg 300w, https:\/\/sollux-lighting.com\/wp-content\/uploads\/2023\/03\/0127-1-k-150x150.jpg 150w, https:\/\/sollux-lighting.com\/wp-content\/uploads\/2023\/03\/0127-1-k-600x600.jpg 600w, https:\/\/sollux-lighting.com\/wp-content\/uploads\/2023\/03\/0127-1-k-100x100.jpg 100w\" sizes=\"(max-width: 750px) 100vw, 750px\" \/>\t\t\t\t\t\t\t\t<\/a>\n\t\t\t\t\t\t\t\t\t\t\t\t\t\t\t<\/div>\n\t\t\t\t<\/div>\n\t\t\t\t<div class=\"elementor-element elementor-element-7bade7f elementor-widget elementor-widget-heading\" data-id=\"7bade7f\" data-element_type=\"widget\" data-widget_type=\"heading.default\">\n\t\t\t\t<div class=\"elementor-widget-container\">\n\t\t\t\t\t<h2 class=\"elementor-heading-title elementor-size-default\"><a href=\"https:\/\/sollux-lighting.com\/de\/nasza-oferta\/unkategorisiert\/deckenleuchte-arena-schwarz\/\">Deckenleuchte ARENA schwarz<\/a><\/h2>\t\t\t\t<\/div>\n\t\t\t\t<\/div>\n\t\t\t\t\t<\/div>\n\t\t\t\t<\/div>\n\t\t\t\t<\/div>\n\t\t<\/div><div class=\"jet-listing-grid__item jet-listing-dynamic-post-70091\" data-post-id=\"70091\"  >\t\t<div data-elementor-type=\"jet-listing-items\" data-elementor-id=\"1560\" class=\"elementor elementor-1560\" data-elementor-post-type=\"jet-engine\">\n\t\t\t\t<div class=\"elementor-element elementor-element-81809e2 e-flex e-con-boxed e-con e-parent\" data-id=\"81809e2\" data-element_type=\"container\" data-settings=\"{&quot;jet_parallax_layout_list&quot;:[]}\">\n\t\t\t\t\t<div class=\"e-con-inner\">\n\t\t\t\t<div class=\"elementor-element elementor-element-5a9dd49 elementor-widget elementor-widget-image\" data-id=\"5a9dd49\" data-element_type=\"widget\" data-widget_type=\"image.default\">\n\t\t\t\t<div class=\"elementor-widget-container\">\n\t\t\t\t\t\t\t\t\t\t\t\t\t\t\t\t<a href=\"https:\/\/sollux-lighting.com\/de\/nasza-oferta\/unkategorisiert\/deckenleuchte-arena-grau\/\">\n\t\t\t\t\t\t\t<img loading=\"lazy\" decoding=\"async\" width=\"750\" height=\"750\" src=\"https:\/\/sollux-lighting.com\/wp-content\/uploads\/2023\/03\/0128-1-k.jpg\" class=\"attachment-large size-large wp-image-10008\" alt=\"\" srcset=\"https:\/\/sollux-lighting.com\/wp-content\/uploads\/2023\/03\/0128-1-k.jpg 750w, https:\/\/sollux-lighting.com\/wp-content\/uploads\/2023\/03\/0128-1-k-300x300.jpg 300w, https:\/\/sollux-lighting.com\/wp-content\/uploads\/2023\/03\/0128-1-k-150x150.jpg 150w, https:\/\/sollux-lighting.com\/wp-content\/uploads\/2023\/03\/0128-1-k-600x600.jpg 600w, https:\/\/sollux-lighting.com\/wp-content\/uploads\/2023\/03\/0128-1-k-100x100.jpg 100w\" sizes=\"(max-width: 750px) 100vw, 750px\" \/>\t\t\t\t\t\t\t\t<\/a>\n\t\t\t\t\t\t\t\t\t\t\t\t\t\t\t<\/div>\n\t\t\t\t<\/div>\n\t\t\t\t<div class=\"elementor-element elementor-element-7bade7f elementor-widget elementor-widget-heading\" data-id=\"7bade7f\" data-element_type=\"widget\" data-widget_type=\"heading.default\">\n\t\t\t\t<div class=\"elementor-widget-container\">\n\t\t\t\t\t<h2 class=\"elementor-heading-title elementor-size-default\"><a href=\"https:\/\/sollux-lighting.com\/de\/nasza-oferta\/unkategorisiert\/deckenleuchte-arena-grau\/\">Deckenleuchte ARENA grau<\/a><\/h2>\t\t\t\t<\/div>\n\t\t\t\t<\/div>\n\t\t\t\t\t<\/div>\n\t\t\t\t<\/div>\n\t\t\t\t<\/div>\n\t\t<\/div><div class=\"jet-listing-grid__item jet-listing-dynamic-post-70092\" data-post-id=\"70092\"  >\t\t<div data-elementor-type=\"jet-listing-items\" data-elementor-id=\"1560\" class=\"elementor elementor-1560\" data-elementor-post-type=\"jet-engine\">\n\t\t\t\t<div class=\"elementor-element elementor-element-81809e2 e-flex e-con-boxed e-con e-parent\" data-id=\"81809e2\" data-element_type=\"container\" data-settings=\"{&quot;jet_parallax_layout_list&quot;:[]}\">\n\t\t\t\t\t<div class=\"e-con-inner\">\n\t\t\t\t<div class=\"elementor-element elementor-element-5a9dd49 elementor-widget elementor-widget-image\" data-id=\"5a9dd49\" data-element_type=\"widget\" data-widget_type=\"image.default\">\n\t\t\t\t<div class=\"elementor-widget-container\">\n\t\t\t\t\t\t\t\t\t\t\t\t\t\t\t\t<a href=\"https:\/\/sollux-lighting.com\/de\/nasza-oferta\/unkategorisiert\/deckenleuchte-arena-weiss\/\">\n\t\t\t\t\t\t\t<img loading=\"lazy\" decoding=\"async\" width=\"750\" height=\"750\" src=\"https:\/\/sollux-lighting.com\/wp-content\/uploads\/2023\/03\/0129-1-k.jpg\" class=\"attachment-large size-large wp-image-10042\" alt=\"\" srcset=\"https:\/\/sollux-lighting.com\/wp-content\/uploads\/2023\/03\/0129-1-k.jpg 750w, https:\/\/sollux-lighting.com\/wp-content\/uploads\/2023\/03\/0129-1-k-300x300.jpg 300w, https:\/\/sollux-lighting.com\/wp-content\/uploads\/2023\/03\/0129-1-k-150x150.jpg 150w, https:\/\/sollux-lighting.com\/wp-content\/uploads\/2023\/03\/0129-1-k-600x600.jpg 600w, https:\/\/sollux-lighting.com\/wp-content\/uploads\/2023\/03\/0129-1-k-100x100.jpg 100w\" sizes=\"(max-width: 750px) 100vw, 750px\" \/>\t\t\t\t\t\t\t\t<\/a>\n\t\t\t\t\t\t\t\t\t\t\t\t\t\t\t<\/div>\n\t\t\t\t<\/div>\n\t\t\t\t<div class=\"elementor-element elementor-element-7bade7f elementor-widget elementor-widget-heading\" data-id=\"7bade7f\" data-element_type=\"widget\" data-widget_type=\"heading.default\">\n\t\t\t\t<div class=\"elementor-widget-container\">\n\t\t\t\t\t<h2 class=\"elementor-heading-title elementor-size-default\"><a href=\"https:\/\/sollux-lighting.com\/de\/nasza-oferta\/unkategorisiert\/deckenleuchte-arena-weiss\/\">Deckenleuchte ARENA wei\u00df<\/a><\/h2>\t\t\t\t<\/div>\n\t\t\t\t<\/div>\n\t\t\t\t\t<\/div>\n\t\t\t\t<\/div>\n\t\t\t\t<\/div>\n\t\t<\/div><div class=\"jet-listing-grid__item jet-listing-dynamic-post-70078\" data-post-id=\"70078\"  >\t\t<div data-elementor-type=\"jet-listing-items\" data-elementor-id=\"1560\" class=\"elementor elementor-1560\" data-elementor-post-type=\"jet-engine\">\n\t\t\t\t<div class=\"elementor-element elementor-element-81809e2 e-flex e-con-boxed e-con e-parent\" data-id=\"81809e2\" data-element_type=\"container\" data-settings=\"{&quot;jet_parallax_layout_list&quot;:[]}\">\n\t\t\t\t\t<div class=\"e-con-inner\">\n\t\t\t\t<div class=\"elementor-element elementor-element-5a9dd49 elementor-widget elementor-widget-image\" data-id=\"5a9dd49\" data-element_type=\"widget\" data-widget_type=\"image.default\">\n\t\t\t\t<div class=\"elementor-widget-container\">\n\t\t\t\t\t\t\t\t\t\t\t\t\t\t\t\t<a href=\"https:\/\/sollux-lighting.com\/de\/nasza-oferta\/unkategorisiert\/haengeleuchte-arena-35-schwarz\/\">\n\t\t\t\t\t\t\t<img loading=\"lazy\" decoding=\"async\" width=\"800\" height=\"800\" src=\"https:\/\/sollux-lighting.com\/wp-content\/uploads\/2023\/02\/0115-1-k-1024x1024.jpg\" class=\"attachment-large size-large wp-image-6262\" alt=\"\" srcset=\"https:\/\/sollux-lighting.com\/wp-content\/uploads\/2023\/02\/0115-1-k-1024x1024.jpg 1024w, https:\/\/sollux-lighting.com\/wp-content\/uploads\/2023\/02\/0115-1-k-600x600.jpg 600w, https:\/\/sollux-lighting.com\/wp-content\/uploads\/2023\/02\/0115-1-k-100x100.jpg 100w, https:\/\/sollux-lighting.com\/wp-content\/uploads\/2023\/02\/0115-1-k-300x300.jpg 300w, https:\/\/sollux-lighting.com\/wp-content\/uploads\/2023\/02\/0115-1-k-150x150.jpg 150w, https:\/\/sollux-lighting.com\/wp-content\/uploads\/2023\/02\/0115-1-k-768x768.jpg 768w, https:\/\/sollux-lighting.com\/wp-content\/uploads\/2023\/02\/0115-1-k.jpg 1200w\" sizes=\"(max-width: 800px) 100vw, 800px\" \/>\t\t\t\t\t\t\t\t<\/a>\n\t\t\t\t\t\t\t\t\t\t\t\t\t\t\t<\/div>\n\t\t\t\t<\/div>\n\t\t\t\t<div class=\"elementor-element elementor-element-7bade7f elementor-widget elementor-widget-heading\" data-id=\"7bade7f\" data-element_type=\"widget\" data-widget_type=\"heading.default\">\n\t\t\t\t<div class=\"elementor-widget-container\">\n\t\t\t\t\t<h2 class=\"elementor-heading-title elementor-size-default\"><a href=\"https:\/\/sollux-lighting.com\/de\/nasza-oferta\/unkategorisiert\/haengeleuchte-arena-35-schwarz\/\">H\u00e4ngeleuchte ARENA 35 schwarz<\/a><\/h2>\t\t\t\t<\/div>\n\t\t\t\t<\/div>\n\t\t\t\t\t<\/div>\n\t\t\t\t<\/div>\n\t\t\t\t<\/div>\n\t\t<\/div><div class=\"jet-listing-grid__item jet-listing-dynamic-post-70079\" data-post-id=\"70079\"  >\t\t<div data-elementor-type=\"jet-listing-items\" data-elementor-id=\"1560\" class=\"elementor elementor-1560\" data-elementor-post-type=\"jet-engine\">\n\t\t\t\t<div class=\"elementor-element elementor-element-81809e2 e-flex e-con-boxed e-con e-parent\" data-id=\"81809e2\" data-element_type=\"container\" data-settings=\"{&quot;jet_parallax_layout_list&quot;:[]}\">\n\t\t\t\t\t<div class=\"e-con-inner\">\n\t\t\t\t<div class=\"elementor-element elementor-element-5a9dd49 elementor-widget elementor-widget-image\" data-id=\"5a9dd49\" data-element_type=\"widget\" data-widget_type=\"image.default\">\n\t\t\t\t<div class=\"elementor-widget-container\">\n\t\t\t\t\t\t\t\t\t\t\t\t\t\t\t\t<a href=\"https:\/\/sollux-lighting.com\/de\/nasza-oferta\/unkategorisiert\/haengeleuchte-arena-35-grau\/\">\n\t\t\t\t\t\t\t<img loading=\"lazy\" decoding=\"async\" width=\"800\" height=\"800\" src=\"https:\/\/sollux-lighting.com\/wp-content\/uploads\/2023\/02\/0116-1-k-1024x1024.jpg\" class=\"attachment-large size-large wp-image-6278\" alt=\"\" srcset=\"https:\/\/sollux-lighting.com\/wp-content\/uploads\/2023\/02\/0116-1-k-1024x1024.jpg 1024w, https:\/\/sollux-lighting.com\/wp-content\/uploads\/2023\/02\/0116-1-k-600x600.jpg 600w, https:\/\/sollux-lighting.com\/wp-content\/uploads\/2023\/02\/0116-1-k-100x100.jpg 100w, https:\/\/sollux-lighting.com\/wp-content\/uploads\/2023\/02\/0116-1-k-300x300.jpg 300w, https:\/\/sollux-lighting.com\/wp-content\/uploads\/2023\/02\/0116-1-k-150x150.jpg 150w, https:\/\/sollux-lighting.com\/wp-content\/uploads\/2023\/02\/0116-1-k-768x768.jpg 768w, https:\/\/sollux-lighting.com\/wp-content\/uploads\/2023\/02\/0116-1-k.jpg 1200w\" sizes=\"(max-width: 800px) 100vw, 800px\" \/>\t\t\t\t\t\t\t\t<\/a>\n\t\t\t\t\t\t\t\t\t\t\t\t\t\t\t<\/div>\n\t\t\t\t<\/div>\n\t\t\t\t<div class=\"elementor-element elementor-element-7bade7f elementor-widget elementor-widget-heading\" data-id=\"7bade7f\" data-element_type=\"widget\" data-widget_type=\"heading.default\">\n\t\t\t\t<div class=\"elementor-widget-container\">\n\t\t\t\t\t<h2 class=\"elementor-heading-title elementor-size-default\"><a href=\"https:\/\/sollux-lighting.com\/de\/nasza-oferta\/unkategorisiert\/haengeleuchte-arena-35-grau\/\">H\u00e4ngeleuchte ARENA 35 grau<\/a><\/h2>\t\t\t\t<\/div>\n\t\t\t\t<\/div>\n\t\t\t\t\t<\/div>\n\t\t\t\t<\/div>\n\t\t\t\t<\/div>\n\t\t<\/div><div class=\"jet-listing-grid__item jet-listing-dynamic-post-70080\" data-post-id=\"70080\"  >\t\t<div data-elementor-type=\"jet-listing-items\" data-elementor-id=\"1560\" class=\"elementor elementor-1560\" data-elementor-post-type=\"jet-engine\">\n\t\t\t\t<div class=\"elementor-element elementor-element-81809e2 e-flex e-con-boxed e-con e-parent\" data-id=\"81809e2\" data-element_type=\"container\" data-settings=\"{&quot;jet_parallax_layout_list&quot;:[]}\">\n\t\t\t\t\t<div class=\"e-con-inner\">\n\t\t\t\t<div class=\"elementor-element elementor-element-5a9dd49 elementor-widget elementor-widget-image\" data-id=\"5a9dd49\" data-element_type=\"widget\" data-widget_type=\"image.default\">\n\t\t\t\t<div class=\"elementor-widget-container\">\n\t\t\t\t\t\t\t\t\t\t\t\t\t\t\t\t<a href=\"https:\/\/sollux-lighting.com\/de\/nasza-oferta\/unkategorisiert\/haengeleuchte-arena-35-weiss\/\">\n\t\t\t\t\t\t\t<img loading=\"lazy\" decoding=\"async\" width=\"800\" height=\"800\" src=\"https:\/\/sollux-lighting.com\/wp-content\/uploads\/2023\/02\/0117-1-k-1024x1024.jpg\" class=\"attachment-large size-large wp-image-6294\" alt=\"\" srcset=\"https:\/\/sollux-lighting.com\/wp-content\/uploads\/2023\/02\/0117-1-k-1024x1024.jpg 1024w, https:\/\/sollux-lighting.com\/wp-content\/uploads\/2023\/02\/0117-1-k-600x600.jpg 600w, https:\/\/sollux-lighting.com\/wp-content\/uploads\/2023\/02\/0117-1-k-100x100.jpg 100w, https:\/\/sollux-lighting.com\/wp-content\/uploads\/2023\/02\/0117-1-k-300x300.jpg 300w, https:\/\/sollux-lighting.com\/wp-content\/uploads\/2023\/02\/0117-1-k-150x150.jpg 150w, https:\/\/sollux-lighting.com\/wp-content\/uploads\/2023\/02\/0117-1-k-768x768.jpg 768w, https:\/\/sollux-lighting.com\/wp-content\/uploads\/2023\/02\/0117-1-k.jpg 1200w\" sizes=\"(max-width: 800px) 100vw, 800px\" \/>\t\t\t\t\t\t\t\t<\/a>\n\t\t\t\t\t\t\t\t\t\t\t\t\t\t\t<\/div>\n\t\t\t\t<\/div>\n\t\t\t\t<div class=\"elementor-element elementor-element-7bade7f elementor-widget elementor-widget-heading\" data-id=\"7bade7f\" data-element_type=\"widget\" data-widget_type=\"heading.default\">\n\t\t\t\t<div class=\"elementor-widget-container\">\n\t\t\t\t\t<h2 class=\"elementor-heading-title elementor-size-default\"><a href=\"https:\/\/sollux-lighting.com\/de\/nasza-oferta\/unkategorisiert\/haengeleuchte-arena-35-weiss\/\">H\u00e4ngeleuchte ARENA 35 wei\u00df<\/a><\/h2>\t\t\t\t<\/div>\n\t\t\t\t<\/div>\n\t\t\t\t\t<\/div>\n\t\t\t\t<\/div>\n\t\t\t\t<\/div>\n\t\t<\/div><div class=\"jet-listing-grid__item jet-listing-dynamic-post-70081\" data-post-id=\"70081\"  >\t\t<div data-elementor-type=\"jet-listing-items\" data-elementor-id=\"1560\" class=\"elementor elementor-1560\" data-elementor-post-type=\"jet-engine\">\n\t\t\t\t<div class=\"elementor-element elementor-element-81809e2 e-flex e-con-boxed e-con e-parent\" data-id=\"81809e2\" data-element_type=\"container\" data-settings=\"{&quot;jet_parallax_layout_list&quot;:[]}\">\n\t\t\t\t\t<div class=\"e-con-inner\">\n\t\t\t\t<div class=\"elementor-element elementor-element-5a9dd49 elementor-widget elementor-widget-image\" data-id=\"5a9dd49\" data-element_type=\"widget\" data-widget_type=\"image.default\">\n\t\t\t\t<div class=\"elementor-widget-container\">\n\t\t\t\t\t\t\t\t\t\t\t\t\t\t\t\t<a href=\"https:\/\/sollux-lighting.com\/de\/nasza-oferta\/unkategorisiert\/haengeleuchte-arena-45-schwarz\/\">\n\t\t\t\t\t\t\t<img loading=\"lazy\" decoding=\"async\" width=\"750\" height=\"750\" src=\"https:\/\/sollux-lighting.com\/wp-content\/uploads\/2023\/03\/0118-1-k.jpg\" class=\"attachment-large size-large wp-image-9749\" alt=\"\" srcset=\"https:\/\/sollux-lighting.com\/wp-content\/uploads\/2023\/03\/0118-1-k.jpg 750w, https:\/\/sollux-lighting.com\/wp-content\/uploads\/2023\/03\/0118-1-k-300x300.jpg 300w, https:\/\/sollux-lighting.com\/wp-content\/uploads\/2023\/03\/0118-1-k-150x150.jpg 150w, https:\/\/sollux-lighting.com\/wp-content\/uploads\/2023\/03\/0118-1-k-600x600.jpg 600w, https:\/\/sollux-lighting.com\/wp-content\/uploads\/2023\/03\/0118-1-k-100x100.jpg 100w\" sizes=\"(max-width: 750px) 100vw, 750px\" \/>\t\t\t\t\t\t\t\t<\/a>\n\t\t\t\t\t\t\t\t\t\t\t\t\t\t\t<\/div>\n\t\t\t\t<\/div>\n\t\t\t\t<div class=\"elementor-element elementor-element-7bade7f elementor-widget elementor-widget-heading\" data-id=\"7bade7f\" data-element_type=\"widget\" data-widget_type=\"heading.default\">\n\t\t\t\t<div class=\"elementor-widget-container\">\n\t\t\t\t\t<h2 class=\"elementor-heading-title elementor-size-default\"><a href=\"https:\/\/sollux-lighting.com\/de\/nasza-oferta\/unkategorisiert\/haengeleuchte-arena-45-schwarz\/\">H\u00e4ngeleuchte ARENA 45 schwarz<\/a><\/h2>\t\t\t\t<\/div>\n\t\t\t\t<\/div>\n\t\t\t\t\t<\/div>\n\t\t\t\t<\/div>\n\t\t\t\t<\/div>\n\t\t<\/div><div class=\"jet-listing-grid__item jet-listing-dynamic-post-70082\" data-post-id=\"70082\"  >\t\t<div data-elementor-type=\"jet-listing-items\" data-elementor-id=\"1560\" class=\"elementor elementor-1560\" data-elementor-post-type=\"jet-engine\">\n\t\t\t\t<div class=\"elementor-element elementor-element-81809e2 e-flex e-con-boxed e-con e-parent\" data-id=\"81809e2\" data-element_type=\"container\" data-settings=\"{&quot;jet_parallax_layout_list&quot;:[]}\">\n\t\t\t\t\t<div class=\"e-con-inner\">\n\t\t\t\t<div class=\"elementor-element elementor-element-5a9dd49 elementor-widget elementor-widget-image\" data-id=\"5a9dd49\" data-element_type=\"widget\" data-widget_type=\"image.default\">\n\t\t\t\t<div class=\"elementor-widget-container\">\n\t\t\t\t\t\t\t\t\t\t\t\t\t\t\t\t<a href=\"https:\/\/sollux-lighting.com\/de\/nasza-oferta\/unkategorisiert\/haengeleuchte-arena-45-grau\/\">\n\t\t\t\t\t\t\t<img loading=\"lazy\" decoding=\"async\" width=\"750\" height=\"750\" src=\"https:\/\/sollux-lighting.com\/wp-content\/uploads\/2023\/03\/0119-1-k.jpg\" class=\"attachment-large size-large wp-image-9774\" alt=\"\" srcset=\"https:\/\/sollux-lighting.com\/wp-content\/uploads\/2023\/03\/0119-1-k.jpg 750w, https:\/\/sollux-lighting.com\/wp-content\/uploads\/2023\/03\/0119-1-k-300x300.jpg 300w, https:\/\/sollux-lighting.com\/wp-content\/uploads\/2023\/03\/0119-1-k-150x150.jpg 150w, https:\/\/sollux-lighting.com\/wp-content\/uploads\/2023\/03\/0119-1-k-600x600.jpg 600w, https:\/\/sollux-lighting.com\/wp-content\/uploads\/2023\/03\/0119-1-k-100x100.jpg 100w\" sizes=\"(max-width: 750px) 100vw, 750px\" \/>\t\t\t\t\t\t\t\t<\/a>\n\t\t\t\t\t\t\t\t\t\t\t\t\t\t\t<\/div>\n\t\t\t\t<\/div>\n\t\t\t\t<div class=\"elementor-element elementor-element-7bade7f elementor-widget elementor-widget-heading\" data-id=\"7bade7f\" data-element_type=\"widget\" data-widget_type=\"heading.default\">\n\t\t\t\t<div class=\"elementor-widget-container\">\n\t\t\t\t\t<h2 class=\"elementor-heading-title elementor-size-default\"><a href=\"https:\/\/sollux-lighting.com\/de\/nasza-oferta\/unkategorisiert\/haengeleuchte-arena-45-grau\/\">H\u00e4ngeleuchte ARENA 45 grau<\/a><\/h2>\t\t\t\t<\/div>\n\t\t\t\t<\/div>\n\t\t\t\t\t<\/div>\n\t\t\t\t<\/div>\n\t\t\t\t<\/div>\n\t\t<\/div><div class=\"jet-listing-grid__item jet-listing-dynamic-post-70083\" data-post-id=\"70083\"  >\t\t<div data-elementor-type=\"jet-listing-items\" data-elementor-id=\"1560\" class=\"elementor elementor-1560\" data-elementor-post-type=\"jet-engine\">\n\t\t\t\t<div class=\"elementor-element elementor-element-81809e2 e-flex e-con-boxed e-con e-parent\" data-id=\"81809e2\" data-element_type=\"container\" data-settings=\"{&quot;jet_parallax_layout_list&quot;:[]}\">\n\t\t\t\t\t<div class=\"e-con-inner\">\n\t\t\t\t<div class=\"elementor-element elementor-element-5a9dd49 elementor-widget elementor-widget-image\" data-id=\"5a9dd49\" data-element_type=\"widget\" data-widget_type=\"image.default\">\n\t\t\t\t<div class=\"elementor-widget-container\">\n\t\t\t\t\t\t\t\t\t\t\t\t\t\t\t\t<a href=\"https:\/\/sollux-lighting.com\/de\/nasza-oferta\/unkategorisiert\/haengeleuchte-arena-45-weiss\/\">\n\t\t\t\t\t\t\t<img loading=\"lazy\" decoding=\"async\" width=\"750\" height=\"750\" src=\"https:\/\/sollux-lighting.com\/wp-content\/uploads\/2023\/03\/0120-1-k.jpg\" class=\"attachment-large size-large wp-image-9799\" alt=\"\" srcset=\"https:\/\/sollux-lighting.com\/wp-content\/uploads\/2023\/03\/0120-1-k.jpg 750w, https:\/\/sollux-lighting.com\/wp-content\/uploads\/2023\/03\/0120-1-k-300x300.jpg 300w, https:\/\/sollux-lighting.com\/wp-content\/uploads\/2023\/03\/0120-1-k-150x150.jpg 150w, https:\/\/sollux-lighting.com\/wp-content\/uploads\/2023\/03\/0120-1-k-600x600.jpg 600w, https:\/\/sollux-lighting.com\/wp-content\/uploads\/2023\/03\/0120-1-k-100x100.jpg 100w\" sizes=\"(max-width: 750px) 100vw, 750px\" \/>\t\t\t\t\t\t\t\t<\/a>\n\t\t\t\t\t\t\t\t\t\t\t\t\t\t\t<\/div>\n\t\t\t\t<\/div>\n\t\t\t\t<div class=\"elementor-element elementor-element-7bade7f elementor-widget elementor-widget-heading\" data-id=\"7bade7f\" data-element_type=\"widget\" data-widget_type=\"heading.default\">\n\t\t\t\t<div class=\"elementor-widget-container\">\n\t\t\t\t\t<h2 class=\"elementor-heading-title elementor-size-default\"><a href=\"https:\/\/sollux-lighting.com\/de\/nasza-oferta\/unkategorisiert\/haengeleuchte-arena-45-weiss\/\">H\u00e4ngeleuchte ARENA 45 wei\u00df<\/a><\/h2>\t\t\t\t<\/div>\n\t\t\t\t<\/div>\n\t\t\t\t\t<\/div>\n\t\t\t\t<\/div>\n\t\t\t\t<\/div>\n\t\t<\/div><div class=\"jet-listing-grid__item jet-listing-dynamic-post-70084\" data-post-id=\"70084\"  >\t\t<div data-elementor-type=\"jet-listing-items\" data-elementor-id=\"1560\" class=\"elementor elementor-1560\" data-elementor-post-type=\"jet-engine\">\n\t\t\t\t<div class=\"elementor-element elementor-element-81809e2 e-flex e-con-boxed e-con e-parent\" data-id=\"81809e2\" data-element_type=\"container\" data-settings=\"{&quot;jet_parallax_layout_list&quot;:[]}\">\n\t\t\t\t\t<div class=\"e-con-inner\">\n\t\t\t\t<div class=\"elementor-element elementor-element-5a9dd49 elementor-widget elementor-widget-image\" data-id=\"5a9dd49\" data-element_type=\"widget\" data-widget_type=\"image.default\">\n\t\t\t\t<div class=\"elementor-widget-container\">\n\t\t\t\t\t\t\t\t\t\t\t\t\t\t\t\t<a href=\"https:\/\/sollux-lighting.com\/de\/nasza-oferta\/unkategorisiert\/deckenleuchte-arena-35-schwarz\/\">\n\t\t\t\t\t\t\t<img loading=\"lazy\" decoding=\"async\" width=\"750\" height=\"750\" src=\"https:\/\/sollux-lighting.com\/wp-content\/uploads\/2023\/03\/0121-1-k.jpg\" class=\"attachment-large size-large wp-image-9824\" alt=\"\" srcset=\"https:\/\/sollux-lighting.com\/wp-content\/uploads\/2023\/03\/0121-1-k.jpg 750w, https:\/\/sollux-lighting.com\/wp-content\/uploads\/2023\/03\/0121-1-k-300x300.jpg 300w, https:\/\/sollux-lighting.com\/wp-content\/uploads\/2023\/03\/0121-1-k-150x150.jpg 150w, https:\/\/sollux-lighting.com\/wp-content\/uploads\/2023\/03\/0121-1-k-600x600.jpg 600w, https:\/\/sollux-lighting.com\/wp-content\/uploads\/2023\/03\/0121-1-k-100x100.jpg 100w\" sizes=\"(max-width: 750px) 100vw, 750px\" \/>\t\t\t\t\t\t\t\t<\/a>\n\t\t\t\t\t\t\t\t\t\t\t\t\t\t\t<\/div>\n\t\t\t\t<\/div>\n\t\t\t\t<div class=\"elementor-element elementor-element-7bade7f elementor-widget elementor-widget-heading\" data-id=\"7bade7f\" data-element_type=\"widget\" data-widget_type=\"heading.default\">\n\t\t\t\t<div class=\"elementor-widget-container\">\n\t\t\t\t\t<h2 class=\"elementor-heading-title elementor-size-default\"><a href=\"https:\/\/sollux-lighting.com\/de\/nasza-oferta\/unkategorisiert\/deckenleuchte-arena-35-schwarz\/\">Deckenleuchte ARENA 35 schwarz<\/a><\/h2>\t\t\t\t<\/div>\n\t\t\t\t<\/div>\n\t\t\t\t\t<\/div>\n\t\t\t\t<\/div>\n\t\t\t\t<\/div>\n\t\t<\/div><div class=\"jet-listing-grid__item jet-listing-dynamic-post-70085\" data-post-id=\"70085\"  >\t\t<div data-elementor-type=\"jet-listing-items\" data-elementor-id=\"1560\" class=\"elementor elementor-1560\" data-elementor-post-type=\"jet-engine\">\n\t\t\t\t<div class=\"elementor-element elementor-element-81809e2 e-flex e-con-boxed e-con e-parent\" data-id=\"81809e2\" data-element_type=\"container\" data-settings=\"{&quot;jet_parallax_layout_list&quot;:[]}\">\n\t\t\t\t\t<div class=\"e-con-inner\">\n\t\t\t\t<div class=\"elementor-element elementor-element-5a9dd49 elementor-widget elementor-widget-image\" data-id=\"5a9dd49\" data-element_type=\"widget\" data-widget_type=\"image.default\">\n\t\t\t\t<div class=\"elementor-widget-container\">\n\t\t\t\t\t\t\t\t\t\t\t\t\t\t\t\t<a href=\"https:\/\/sollux-lighting.com\/de\/nasza-oferta\/unkategorisiert\/deckenleuchte-arena-35-grau\/\">\n\t\t\t\t\t\t\t<img loading=\"lazy\" decoding=\"async\" width=\"750\" height=\"750\" src=\"https:\/\/sollux-lighting.com\/wp-content\/uploads\/2023\/03\/0122-1-k.jpg\" class=\"attachment-large size-large wp-image-9849\" alt=\"\" srcset=\"https:\/\/sollux-lighting.com\/wp-content\/uploads\/2023\/03\/0122-1-k.jpg 750w, https:\/\/sollux-lighting.com\/wp-content\/uploads\/2023\/03\/0122-1-k-300x300.jpg 300w, https:\/\/sollux-lighting.com\/wp-content\/uploads\/2023\/03\/0122-1-k-150x150.jpg 150w, https:\/\/sollux-lighting.com\/wp-content\/uploads\/2023\/03\/0122-1-k-600x600.jpg 600w, https:\/\/sollux-lighting.com\/wp-content\/uploads\/2023\/03\/0122-1-k-100x100.jpg 100w\" sizes=\"(max-width: 750px) 100vw, 750px\" \/>\t\t\t\t\t\t\t\t<\/a>\n\t\t\t\t\t\t\t\t\t\t\t\t\t\t\t<\/div>\n\t\t\t\t<\/div>\n\t\t\t\t<div class=\"elementor-element elementor-element-7bade7f elementor-widget elementor-widget-heading\" data-id=\"7bade7f\" data-element_type=\"widget\" data-widget_type=\"heading.default\">\n\t\t\t\t<div class=\"elementor-widget-container\">\n\t\t\t\t\t<h2 class=\"elementor-heading-title elementor-size-default\"><a href=\"https:\/\/sollux-lighting.com\/de\/nasza-oferta\/unkategorisiert\/deckenleuchte-arena-35-grau\/\">Deckenleuchte ARENA 35 grau<\/a><\/h2>\t\t\t\t<\/div>\n\t\t\t\t<\/div>\n\t\t\t\t\t<\/div>\n\t\t\t\t<\/div>\n\t\t\t\t<\/div>\n\t\t<\/div><div class=\"jet-listing-grid__item jet-listing-dynamic-post-70086\" data-post-id=\"70086\"  >\t\t<div data-elementor-type=\"jet-listing-items\" data-elementor-id=\"1560\" class=\"elementor elementor-1560\" data-elementor-post-type=\"jet-engine\">\n\t\t\t\t<div class=\"elementor-element elementor-element-81809e2 e-flex e-con-boxed e-con e-parent\" data-id=\"81809e2\" data-element_type=\"container\" data-settings=\"{&quot;jet_parallax_layout_list&quot;:[]}\">\n\t\t\t\t\t<div class=\"e-con-inner\">\n\t\t\t\t<div class=\"elementor-element elementor-element-5a9dd49 elementor-widget elementor-widget-image\" data-id=\"5a9dd49\" data-element_type=\"widget\" data-widget_type=\"image.default\">\n\t\t\t\t<div class=\"elementor-widget-container\">\n\t\t\t\t\t\t\t\t\t\t\t\t\t\t\t\t<a href=\"https:\/\/sollux-lighting.com\/de\/nasza-oferta\/unkategorisiert\/deckenleuchte-arena-35-weiss\/\">\n\t\t\t\t\t\t\t<img loading=\"lazy\" decoding=\"async\" width=\"750\" height=\"750\" src=\"https:\/\/sollux-lighting.com\/wp-content\/uploads\/2023\/03\/0123-1-k.jpg\" class=\"attachment-large size-large wp-image-9874\" alt=\"\" srcset=\"https:\/\/sollux-lighting.com\/wp-content\/uploads\/2023\/03\/0123-1-k.jpg 750w, https:\/\/sollux-lighting.com\/wp-content\/uploads\/2023\/03\/0123-1-k-300x300.jpg 300w, https:\/\/sollux-lighting.com\/wp-content\/uploads\/2023\/03\/0123-1-k-150x150.jpg 150w, https:\/\/sollux-lighting.com\/wp-content\/uploads\/2023\/03\/0123-1-k-600x600.jpg 600w, https:\/\/sollux-lighting.com\/wp-content\/uploads\/2023\/03\/0123-1-k-100x100.jpg 100w\" sizes=\"(max-width: 750px) 100vw, 750px\" \/>\t\t\t\t\t\t\t\t<\/a>\n\t\t\t\t\t\t\t\t\t\t\t\t\t\t\t<\/div>\n\t\t\t\t<\/div>\n\t\t\t\t<div class=\"elementor-element elementor-element-7bade7f elementor-widget elementor-widget-heading\" data-id=\"7bade7f\" data-element_type=\"widget\" data-widget_type=\"heading.default\">\n\t\t\t\t<div class=\"elementor-widget-container\">\n\t\t\t\t\t<h2 class=\"elementor-heading-title elementor-size-default\"><a href=\"https:\/\/sollux-lighting.com\/de\/nasza-oferta\/unkategorisiert\/deckenleuchte-arena-35-weiss\/\">Deckenleuchte ARENA 35 wei\u00df<\/a><\/h2>\t\t\t\t<\/div>\n\t\t\t\t<\/div>\n\t\t\t\t\t<\/div>\n\t\t\t\t<\/div>\n\t\t\t\t<\/div>\n\t\t<\/div><div class=\"jet-listing-grid__item jet-listing-dynamic-post-70087\" data-post-id=\"70087\"  >\t\t<div data-elementor-type=\"jet-listing-items\" data-elementor-id=\"1560\" class=\"elementor elementor-1560\" data-elementor-post-type=\"jet-engine\">\n\t\t\t\t<div class=\"elementor-element elementor-element-81809e2 e-flex e-con-boxed e-con e-parent\" data-id=\"81809e2\" data-element_type=\"container\" data-settings=\"{&quot;jet_parallax_layout_list&quot;:[]}\">\n\t\t\t\t\t<div class=\"e-con-inner\">\n\t\t\t\t<div class=\"elementor-element elementor-element-5a9dd49 elementor-widget elementor-widget-image\" data-id=\"5a9dd49\" data-element_type=\"widget\" data-widget_type=\"image.default\">\n\t\t\t\t<div class=\"elementor-widget-container\">\n\t\t\t\t\t\t\t\t\t\t\t\t\t\t\t\t<a href=\"https:\/\/sollux-lighting.com\/de\/nasza-oferta\/unkategorisiert\/deckenleuchte-arena-45-schwarz\/\">\n\t\t\t\t\t\t\t<img loading=\"lazy\" decoding=\"async\" width=\"750\" height=\"750\" src=\"https:\/\/sollux-lighting.com\/wp-content\/uploads\/2023\/03\/0124-1-k.jpg\" class=\"attachment-large size-large wp-image-9899\" alt=\"\" srcset=\"https:\/\/sollux-lighting.com\/wp-content\/uploads\/2023\/03\/0124-1-k.jpg 750w, https:\/\/sollux-lighting.com\/wp-content\/uploads\/2023\/03\/0124-1-k-300x300.jpg 300w, https:\/\/sollux-lighting.com\/wp-content\/uploads\/2023\/03\/0124-1-k-150x150.jpg 150w, https:\/\/sollux-lighting.com\/wp-content\/uploads\/2023\/03\/0124-1-k-600x600.jpg 600w, https:\/\/sollux-lighting.com\/wp-content\/uploads\/2023\/03\/0124-1-k-100x100.jpg 100w\" sizes=\"(max-width: 750px) 100vw, 750px\" \/>\t\t\t\t\t\t\t\t<\/a>\n\t\t\t\t\t\t\t\t\t\t\t\t\t\t\t<\/div>\n\t\t\t\t<\/div>\n\t\t\t\t<div class=\"elementor-element elementor-element-7bade7f elementor-widget elementor-widget-heading\" data-id=\"7bade7f\" data-element_type=\"widget\" data-widget_type=\"heading.default\">\n\t\t\t\t<div class=\"elementor-widget-container\">\n\t\t\t\t\t<h2 class=\"elementor-heading-title elementor-size-default\"><a href=\"https:\/\/sollux-lighting.com\/de\/nasza-oferta\/unkategorisiert\/deckenleuchte-arena-45-schwarz\/\">Deckenleuchte ARENA 45 schwarz<\/a><\/h2>\t\t\t\t<\/div>\n\t\t\t\t<\/div>\n\t\t\t\t\t<\/div>\n\t\t\t\t<\/div>\n\t\t\t\t<\/div>\n\t\t<\/div><\/div><\/div>\t\t\t\t<\/div>\n\t\t\t\t<\/div>\n\t\t\t\t<div class=\"elementor-element elementor-element-45286b8 elementor-widget elementor-widget-jet-smart-filters-pagination\" data-id=\"45286b8\" data-element_type=\"widget\" data-widget_type=\"jet-smart-filters-pagination.default\">\n\t\t\t\t<div class=\"elementor-widget-container\">\n\t\t\t\t\t<div\n\t\t\t\tclass=\"jet-smart-filters-pagination jet-filter\"\n\t\t\t\tdata-apply-provider=\"jet-engine\"\n\t\t\t\tdata-content-provider=\"jet-engine\"\n\t\t\t\tdata-query-id=\"seria\"\n\t\t\t\tdata-controls=\"{&quot;items_enabled&quot;:true,&quot;pages_mid_size&quot;:0,&quot;pages_end_size&quot;:0,&quot;nav_enabled&quot;:false,&quot;load_more_enabled&quot;:false,&quot;provider_top_offset&quot;:0}\"\n\t\t\t\tdata-apply-type=\"ajax\"\n\t\t\t><\/div>\t\t\t\t<\/div>\n\t\t\t\t<\/div>\n\t\t\t\t\t<\/div>\n\t\t\t\t<\/div>\n\t\t\t\t<\/div>\n\t\t","protected":false},"excerpt":{"rendered":"<p>Vielseitigkeit der Anwendungen SPANISCH ORANGE Elegante Deckenleuchten mit regelm\u00e4\u00dfiger Form, geraden Linien und einer gro\u00dfen Leuchtfl\u00e4che sind eine vielseitige Wahl f\u00fcr Innenr\u00e4ume in verschiedenen Umgebungen. Durch die minimalistische Form k\u00f6nnen auch mehrere St\u00fccke in einem Raum verwendet werden und ein interessantes Muster an der Decke erzeugen.<\/p>\n","protected":false},"author":3,"featured_media":0,"parent":66716,"menu_order":0,"comment_status":"closed","ping_status":"closed","template":"elementor_header_footer","meta":{"_acf_changed":false,"footnotes":""},"class_list":["post-66744","page","type-page","status-publish","hentry"],"acf":[],"yoast_head":"<!-- This site is optimized with the Yoast SEO plugin v25.4 - https:\/\/yoast.com\/wordpress\/plugins\/seo\/ -->\n<title>Spanische Orange - Sollux Lighting<\/title>\n<meta name=\"robots\" content=\"index, follow, max-snippet:-1, max-image-preview:large, max-video-preview:-1\" \/>\n<link rel=\"canonical\" href=\"https:\/\/sollux-lighting.com\/de\/produkte\/spanische-orange\/\" \/>\n<meta property=\"og:locale\" content=\"de_DE\" \/>\n<meta property=\"og:type\" content=\"article\" \/>\n<meta property=\"og:title\" content=\"Spanische Orange - Sollux Lighting\" \/>\n<meta property=\"og:description\" content=\"Vielseitigkeit der Anwendungen SPANISCH ORANGE Elegante Deckenleuchten mit regelm\u00e4\u00dfiger Form, geraden Linien und einer gro\u00dfen Leuchtfl\u00e4che sind eine vielseitige Wahl f\u00fcr Innenr\u00e4ume in verschiedenen Umgebungen. Durch die minimalistische Form k\u00f6nnen auch mehrere St\u00fccke in einem Raum verwendet werden und ein interessantes Muster an der Decke erzeugen.\" \/>\n<meta property=\"og:url\" content=\"https:\/\/sollux-lighting.com\/de\/produkte\/spanische-orange\/\" \/>\n<meta property=\"og:site_name\" content=\"Sollux Lighting\" \/>\n<meta property=\"article:modified_time\" content=\"2023-11-28T20:02:23+00:00\" \/>\n<meta property=\"og:image\" content=\"https:\/\/test.sollux-lighting.com\/wp-content\/uploads\/2023\/02\/spanish.jpg\" \/>\n<meta name=\"twitter:card\" content=\"summary_large_image\" \/>\n<script type=\"application\/ld+json\" class=\"yoast-schema-graph\">{\"@context\":\"https:\/\/schema.org\",\"@graph\":[{\"@type\":\"WebPage\",\"@id\":\"https:\/\/sollux-lighting.com\/de\/produkte\/spanische-orange\/\",\"url\":\"https:\/\/sollux-lighting.com\/de\/produkte\/spanische-orange\/\",\"name\":\"Spanische Orange - Sollux Lighting\",\"isPartOf\":{\"@id\":\"https:\/\/sollux-lighting.com\/de\/#website\"},\"primaryImageOfPage\":{\"@id\":\"https:\/\/sollux-lighting.com\/de\/produkte\/spanische-orange\/#primaryimage\"},\"image\":{\"@id\":\"https:\/\/sollux-lighting.com\/de\/produkte\/spanische-orange\/#primaryimage\"},\"thumbnailUrl\":\"https:\/\/test.sollux-lighting.com\/wp-content\/uploads\/2023\/02\/spanish.jpg\",\"datePublished\":\"2023-02-23T18:31:54+00:00\",\"dateModified\":\"2023-11-28T20:02:23+00:00\",\"breadcrumb\":{\"@id\":\"https:\/\/sollux-lighting.com\/de\/produkte\/spanische-orange\/#breadcrumb\"},\"inLanguage\":\"de\",\"potentialAction\":[{\"@type\":\"ReadAction\",\"target\":[\"https:\/\/sollux-lighting.com\/de\/produkte\/spanische-orange\/\"]}]},{\"@type\":\"ImageObject\",\"inLanguage\":\"de\",\"@id\":\"https:\/\/sollux-lighting.com\/de\/produkte\/spanische-orange\/#primaryimage\",\"url\":\"https:\/\/test.sollux-lighting.com\/wp-content\/uploads\/2023\/02\/spanish.jpg\",\"contentUrl\":\"https:\/\/test.sollux-lighting.com\/wp-content\/uploads\/2023\/02\/spanish.jpg\"},{\"@type\":\"BreadcrumbList\",\"@id\":\"https:\/\/sollux-lighting.com\/de\/produkte\/spanische-orange\/#breadcrumb\",\"itemListElement\":[{\"@type\":\"ListItem\",\"position\":1,\"name\":\"Startseite\",\"item\":\"https:\/\/sollux-lighting.com\/de\/\"},{\"@type\":\"ListItem\",\"position\":2,\"name\":\"Produkte\",\"item\":\"https:\/\/sollux-lighting.com\/de\/produkte\/\"},{\"@type\":\"ListItem\",\"position\":3,\"name\":\"Spanische Orange\"}]},{\"@type\":\"WebSite\",\"@id\":\"https:\/\/sollux-lighting.com\/de\/#website\",\"url\":\"https:\/\/sollux-lighting.com\/de\/\",\"name\":\"Sollux Lighting\",\"description\":\"Brighten up your business\",\"publisher\":{\"@id\":\"https:\/\/sollux-lighting.com\/de\/#organization\"},\"potentialAction\":[{\"@type\":\"SearchAction\",\"target\":{\"@type\":\"EntryPoint\",\"urlTemplate\":\"https:\/\/sollux-lighting.com\/de\/?s={search_term_string}\"},\"query-input\":{\"@type\":\"PropertyValueSpecification\",\"valueRequired\":true,\"valueName\":\"search_term_string\"}}],\"inLanguage\":\"de\"},{\"@type\":\"Organization\",\"@id\":\"https:\/\/sollux-lighting.com\/de\/#organization\",\"name\":\"Sollux Lighting\",\"url\":\"https:\/\/sollux-lighting.com\/de\/\",\"logo\":{\"@type\":\"ImageObject\",\"inLanguage\":\"de\",\"@id\":\"https:\/\/sollux-lighting.com\/de\/#\/schema\/logo\/image\/\",\"url\":\"https:\/\/sollux-lighting.com\/wp-content\/uploads\/2023\/02\/LOGO.svg\",\"contentUrl\":\"https:\/\/sollux-lighting.com\/wp-content\/uploads\/2023\/02\/LOGO.svg\",\"width\":160,\"height\":46,\"caption\":\"Sollux Lighting \"},\"image\":{\"@id\":\"https:\/\/sollux-lighting.com\/de\/#\/schema\/logo\/image\/\"}}]}<\/script>\n<!-- \/ Yoast SEO plugin. -->","yoast_head_json":{"title":"Spanische Orange - Sollux Lighting","robots":{"index":"index","follow":"follow","max-snippet":"max-snippet:-1","max-image-preview":"max-image-preview:large","max-video-preview":"max-video-preview:-1"},"canonical":"https:\/\/sollux-lighting.com\/de\/produkte\/spanische-orange\/","og_locale":"de_DE","og_type":"article","og_title":"Spanische Orange - Sollux Lighting","og_description":"Vielseitigkeit der Anwendungen SPANISCH ORANGE Elegante Deckenleuchten mit regelm\u00e4\u00dfiger Form, geraden Linien und einer gro\u00dfen Leuchtfl\u00e4che sind eine vielseitige Wahl f\u00fcr Innenr\u00e4ume in verschiedenen Umgebungen. Durch die minimalistische Form k\u00f6nnen auch mehrere St\u00fccke in einem Raum verwendet werden und ein interessantes Muster an der Decke erzeugen.","og_url":"https:\/\/sollux-lighting.com\/de\/produkte\/spanische-orange\/","og_site_name":"Sollux Lighting","article_modified_time":"2023-11-28T20:02:23+00:00","og_image":[{"url":"https:\/\/test.sollux-lighting.com\/wp-content\/uploads\/2023\/02\/spanish.jpg","type":"","width":"","height":""}],"twitter_card":"summary_large_image","schema":{"@context":"https:\/\/schema.org","@graph":[{"@type":"WebPage","@id":"https:\/\/sollux-lighting.com\/de\/produkte\/spanische-orange\/","url":"https:\/\/sollux-lighting.com\/de\/produkte\/spanische-orange\/","name":"Spanische Orange - Sollux Lighting","isPartOf":{"@id":"https:\/\/sollux-lighting.com\/de\/#website"},"primaryImageOfPage":{"@id":"https:\/\/sollux-lighting.com\/de\/produkte\/spanische-orange\/#primaryimage"},"image":{"@id":"https:\/\/sollux-lighting.com\/de\/produkte\/spanische-orange\/#primaryimage"},"thumbnailUrl":"https:\/\/test.sollux-lighting.com\/wp-content\/uploads\/2023\/02\/spanish.jpg","datePublished":"2023-02-23T18:31:54+00:00","dateModified":"2023-11-28T20:02:23+00:00","breadcrumb":{"@id":"https:\/\/sollux-lighting.com\/de\/produkte\/spanische-orange\/#breadcrumb"},"inLanguage":"de","potentialAction":[{"@type":"ReadAction","target":["https:\/\/sollux-lighting.com\/de\/produkte\/spanische-orange\/"]}]},{"@type":"ImageObject","inLanguage":"de","@id":"https:\/\/sollux-lighting.com\/de\/produkte\/spanische-orange\/#primaryimage","url":"https:\/\/test.sollux-lighting.com\/wp-content\/uploads\/2023\/02\/spanish.jpg","contentUrl":"https:\/\/test.sollux-lighting.com\/wp-content\/uploads\/2023\/02\/spanish.jpg"},{"@type":"BreadcrumbList","@id":"https:\/\/sollux-lighting.com\/de\/produkte\/spanische-orange\/#breadcrumb","itemListElement":[{"@type":"ListItem","position":1,"name":"Startseite","item":"https:\/\/sollux-lighting.com\/de\/"},{"@type":"ListItem","position":2,"name":"Produkte","item":"https:\/\/sollux-lighting.com\/de\/produkte\/"},{"@type":"ListItem","position":3,"name":"Spanische Orange"}]},{"@type":"WebSite","@id":"https:\/\/sollux-lighting.com\/de\/#website","url":"https:\/\/sollux-lighting.com\/de\/","name":"Sollux Lighting","description":"Brighten up your business","publisher":{"@id":"https:\/\/sollux-lighting.com\/de\/#organization"},"potentialAction":[{"@type":"SearchAction","target":{"@type":"EntryPoint","urlTemplate":"https:\/\/sollux-lighting.com\/de\/?s={search_term_string}"},"query-input":{"@type":"PropertyValueSpecification","valueRequired":true,"valueName":"search_term_string"}}],"inLanguage":"de"},{"@type":"Organization","@id":"https:\/\/sollux-lighting.com\/de\/#organization","name":"Sollux Lighting","url":"https:\/\/sollux-lighting.com\/de\/","logo":{"@type":"ImageObject","inLanguage":"de","@id":"https:\/\/sollux-lighting.com\/de\/#\/schema\/logo\/image\/","url":"https:\/\/sollux-lighting.com\/wp-content\/uploads\/2023\/02\/LOGO.svg","contentUrl":"https:\/\/sollux-lighting.com\/wp-content\/uploads\/2023\/02\/LOGO.svg","width":160,"height":46,"caption":"Sollux Lighting "},"image":{"@id":"https:\/\/sollux-lighting.com\/de\/#\/schema\/logo\/image\/"}}]}},"_links":{"self":[{"href":"https:\/\/sollux-lighting.com\/de\/wp-json\/wp\/v2\/pages\/66744","targetHints":{"allow":["GET"]}}],"collection":[{"href":"https:\/\/sollux-lighting.com\/de\/wp-json\/wp\/v2\/pages"}],"about":[{"href":"https:\/\/sollux-lighting.com\/de\/wp-json\/wp\/v2\/types\/page"}],"author":[{"embeddable":true,"href":"https:\/\/sollux-lighting.com\/de\/wp-json\/wp\/v2\/users\/3"}],"replies":[{"embeddable":true,"href":"https:\/\/sollux-lighting.com\/de\/wp-json\/wp\/v2\/comments?post=66744"}],"version-history":[{"count":0,"href":"https:\/\/sollux-lighting.com\/de\/wp-json\/wp\/v2\/pages\/66744\/revisions"}],"up":[{"embeddable":true,"href":"https:\/\/sollux-lighting.com\/de\/wp-json\/wp\/v2\/pages\/66716"}],"wp:attachment":[{"href":"https:\/\/sollux-lighting.com\/de\/wp-json\/wp\/v2\/media?parent=66744"}],"curies":[{"name":"wp","href":"https:\/\/api.w.org\/{rel}","templated":true}]}}